{"id":2458,"date":"2017-01-24T14:19:20","date_gmt":"2017-01-24T13:19:20","guid":{"rendered":"http:\/\/localhost:8888\/zen\/?page_id=2458"},"modified":"2024-03-19T14:54:20","modified_gmt":"2024-03-19T13:54:20","slug":"presse","status":"publish","type":"page","link":"http:\/\/www.respirelavie.fr\/poitiers\/presse\/presse\/","title":{"rendered":"Espace presse"},"content":{"rendered":"<p><em><strong>Acc\u00e8s uniquement r\u00e9serv\u00e9 aux journalistes.<\/strong><\/em><\/p>\n<h2>Bienvenue dans l&rsquo;espace presse du salon Respire La Vie Poitiers<\/h2>\n<p>Ici vous pouvez t\u00e9l\u00e9charger les documents presse, logos et visuels en haute d\u00e9finition pour vos usages d\u2019impression et de communication.<\/p>\n<h3><strong>DOCUMENTS PRESSE<\/strong><\/h3>\n<p><span style=\"font-size: 12pt;\"><em><a href=\"http:\/\/www.respirelavie.fr\/poitiers\/archives-presse\/\" target=\"_blank\" rel=\"noopener noreferrer\">Consultez les archives presse<\/a><\/em><\/span><\/p><div id=\"respi-2105570257\" class=\"respi-contenu respi-entity-placement\"><script async src=\"\/\/pagead2.googlesyndication.com\/pagead\/js\/adsbygoogle.js?client=ca-pub-7511070832818284\" crossorigin=\"anonymous\"><\/script><ins class=\"adsbygoogle\" style=\"display:block;\" data-ad-client=\"ca-pub-7511070832818284\" \ndata-ad-slot=\"4196289901\" \ndata-ad-format=\"auto\"><\/ins>\n<script> \n(adsbygoogle = window.adsbygoogle || []).push({}); \n<\/script>\n<\/div>\n<hr \/>\n<h2><strong>Les outils de communication<\/strong><\/h2>\n<h3><strong>Le logo du salon<\/strong><\/h3>\n<table style=\"border-collapse: collapse; width: 100%; height: 127px;\">\n<tbody>\n<tr style=\"height: 28px;\">\n<td style=\"width: 100%; text-align: center; vertical-align: middle; height: 28px;\"><a href=\"https:\/\/www.salon-zenetbio.com\/le-reseau\/wp-content\/uploads\/sites\/6\/2018\/07\/RESPIRELAVIE_baseline.jpg\" target=\"_blank\" rel=\"noopener\">Le logo<\/a><\/td>\n<\/tr>\n<tr style=\"height: 99px;\">\n<td style=\"width: 100%; text-align: center; vertical-align: middle; height: 99px;\"><img decoding=\"async\" class=\"wp-image-4146 aligncenter\" src=\"https:\/\/www.salon-zenetbio.com\/le-reseau\/wp-content\/uploads\/sites\/6\/2018\/07\/RESPIRELAVIE_baseline.jpg\" sizes=\"(max-width: 263px) 100vw, 263px\" srcset=\"https:\/\/www.salon-zenetbio.com\/le-reseau\/wp-content\/uploads\/sites\/6\/2018\/07\/RESPIRELAVIE_baseline.jpg 2161w, https:\/\/www.salon-zenetbio.com\/le-reseau\/wp-content\/uploads\/sites\/6\/2018\/07\/RESPIRELAVIE_baseline-300x88.jpg 300w, https:\/\/www.salon-zenetbio.com\/le-reseau\/wp-content\/uploads\/sites\/6\/2018\/07\/RESPIRELAVIE_baseline-768x225.jpg 768w, https:\/\/www.salon-zenetbio.com\/le-reseau\/wp-content\/uploads\/sites\/6\/2018\/07\/RESPIRELAVIE_baseline-1024x299.jpg 1024w\" alt=\"\" width=\"222\" height=\"65\" \/><\/td>\n<\/tr>\n<\/tbody>\n<\/table>\n<h3><strong>Les affichages du salon<\/strong><\/h3>\n<p>Affiche A4<\/p>\n<p>&nbsp;<\/p>\n<h3><strong>Les banni\u00e8res du salon<\/strong><\/h3>\n<table style=\"border-collapse: collapse; width: 100%; height: 634px;\">\n<tbody>\n<tr>\n<td style=\"width: 100%; text-align: center; vertical-align: middle;\" colspan=\"2\">Banni\u00e8re Respire La Vie Poitiers<\/td>\n<\/tr>\n<tr>\n<td style=\"text-align: center; vertical-align: middle;\" colspan=\"2\"><\/td>\n<\/tr>\n<tr>\n<td style=\"width: 50%; text-align: center; vertical-align: middle;\"><\/td>\n<td style=\"width: 50%; text-align: center; vertical-align: middle;\"><\/td>\n<\/tr>\n<tr style=\"height: 28px;\">\n<td style=\"width: 50%; height: 28px; text-align: center; vertical-align: middle;\">Banni\u00e8re emailing<\/td>\n<td style=\"width: 50%; height: 28px; text-align: center; vertical-align: middle;\">Banni\u00e8re \u00ab\u00a0ici votre entr\u00e9e gratuite\u00a0\u00bb<\/td>\n<\/tr>\n<tr style=\"height: 148px;\">\n<td style=\"width: 50%; height: 148px; text-align: center; vertical-align: middle;\"><\/td>\n<td style=\"width: 50%; height: 148px; text-align: center; vertical-align: middle;\"><\/td>\n<\/tr>\n<tr style=\"height: 28px;\">\n<td style=\"width: 50%; height: 28px; text-align: center; vertical-align: middle;\"><\/td>\n<td style=\"width: 50%; height: 28px; text-align: center; vertical-align: middle;\"><\/td>\n<\/tr>\n<tr style=\"height: 28px;\">\n<td style=\"width: 50%; height: 28px; text-align: center; vertical-align: middle;\">Banni\u00e8re \u00ab\u00a0ici votre entr\u00e9e gratuite\u00a0\u00bb<\/td>\n<td style=\"width: 50%; height: 28px; text-align: center; vertical-align: middle;\">Banni\u00e8re \u00ab\u00a0ici votre entr\u00e9e gratuite\u00a0\u00bb<\/td>\n<\/tr>\n<tr style=\"height: 300px;\">\n<td style=\"width: 50%; height: 300px; text-align: center; vertical-align: middle;\"><\/td>\n<td style=\"width: 50%; height: 300px; text-align: center; vertical-align: middle;\"><\/td>\n<\/tr>\n<tr style=\"height: 28px;\">\n<td style=\"width: 50%; height: 28px; text-align: center; vertical-align: middle;\"><\/td>\n<td style=\"width: 50%; height: 28px; text-align: center; vertical-align: middle;\"><\/td>\n<\/tr>\n<tr style=\"height: 28px;\">\n<td style=\"width: 50%; height: 28px; text-align: center; vertical-align: middle;\">Banni\u00e8re \u00ab\u00a0on y sera et vous\u00a0\u00bb<\/td>\n<td style=\"width: 50%; height: 28px; text-align: center; vertical-align: middle;\">Banni\u00e8re \u00ab\u00a0on y sera et vous\u00a0\u00bb<\/td>\n<\/tr>\n<tr style=\"height: 46px;\">\n<td style=\"width: 50%; height: 46px; text-align: center; vertical-align: middle;\"><\/td>\n<td style=\"width: 50%; height: 46px; text-align: center; vertical-align: middle;\"><\/td>\n<\/tr>\n<\/tbody>\n<\/table>\n<h3><span style=\"font-size: 17px; font-weight: 400;\">Retrouvez un petit tutoriel pour savoir comment les ins\u00e9rer \u00e0 vos supports, <\/span><a style=\"font-size: 17px; font-weight: 400;\" href=\"https:\/\/www.salon-zenetbio.com\/le-reseau\/comment-inserer-le-visuel-et-le-lien-sur-vos-supports\/\" target=\"_blank\" rel=\"noopener\">en cliquant ici<\/a><span style=\"font-size: 17px; font-weight: 400;\">.<\/span><\/h3>\n<h3><strong>Les r\u00e9seaux sociaux<\/strong><\/h3>\n<p>Retrouvez-nous sur <a href=\"https:\/\/www.facebook.com\/SalonsRespire\/\" target=\"_blank\" rel=\"noopener\">Facebook<\/a> et <a href=\"https:\/\/www.linkedin.com\/showcase\/r%C3%A9seau-zen-bio\/?viewAsMember=true\" target=\"_blank\" rel=\"noopener\">Linkedin<\/a> !<br \/>\n#RespireLaVie<br \/>\n#RespireLaViePoitiers<br \/>\n@SalonsRespire<br \/>\n@R\u00e9seau des salons Zen &amp; Bio<\/p>\n<hr \/>\n<h2 style=\"text-align: left;\">CONTACT PRESSE<\/h2>\n<p><strong>H\u00e9lo\u00efse SALGUES<\/strong><br \/>\n01 77 37 63 55<br \/>\nhsalgues@spas-expo.com<\/p>\n<p>&nbsp;<\/p>\n","protected":false},"excerpt":{"rendered":"<p>Acc\u00e8s uniquement r\u00e9serv\u00e9 aux journalistes. Bienvenue dans l&rsquo;espace presse du salon Respire La Vie Poitiers Ici vous pouvez t\u00e9l\u00e9charger les documents presse, logos et visuels en haute d\u00e9finition pour vos usages d\u2019impression et de communication. DOCUMENTS PRESSE Consultez les archives presse Les outils de communication Le logo du salon Le logo Les affichages du salon&hellip; <\/p>\n","protected":false},"author":1,"featured_media":0,"parent":2091,"menu_order":1,"comment_status":"closed","ping_status":"closed","template":"","meta":{"_monsterinsights_skip_tracking":false,"_monsterinsights_sitenote_active":false,"_monsterinsights_sitenote_note":"","_monsterinsights_sitenote_category":0,"footnotes":""},"class_list":["post-2458","page","type-page","status-publish","hentry"],"yoast_head":"<!-- This site is optimized with the Yoast SEO plugin v27.3 - https:\/\/yoast.com\/product\/yoast-seo-wordpress\/ -->\n<title>Espace presse - Salon RESPIRE LA VIE Poitiers<\/title>\n<meta name=\"robots\" content=\"index, follow, max-snippet:-1, max-image-preview:large, max-video-preview:-1\" \/>\n<link rel=\"canonical\" href=\"http:\/\/www.respirelavie.fr\/poitiers\/presse\/presse\/\" \/>\n<meta property=\"og:locale\" content=\"fr_FR\" \/>\n<meta property=\"og:type\" content=\"article\" \/>\n<meta property=\"og:title\" content=\"Espace presse - Salon RESPIRE LA VIE Poitiers\" \/>\n<meta property=\"og:description\" content=\"Acc\u00e8s uniquement r\u00e9serv\u00e9 aux journalistes. Bienvenue dans l&rsquo;espace presse du salon Respire La Vie Poitiers Ici vous pouvez t\u00e9l\u00e9charger les documents presse, logos et visuels en haute d\u00e9finition pour vos usages d\u2019impression et de communication. DOCUMENTS PRESSE Consultez les archives presse Les outils de communication Le logo du salon Le logo Les affichages du salon&hellip;\" \/>\n<meta property=\"og:url\" content=\"http:\/\/www.respirelavie.fr\/poitiers\/presse\/presse\/\" \/>\n<meta property=\"og:site_name\" content=\"Salon RESPIRE LA VIE Poitiers\" \/>\n<meta property=\"article:modified_time\" content=\"2024-03-19T13:54:20+00:00\" \/>\n<meta property=\"og:image\" content=\"https:\/\/www.salon-zenetbio.com\/le-reseau\/wp-content\/uploads\/sites\/6\/2018\/07\/RESPIRELAVIE_baseline.jpg\" \/>\n<meta name=\"twitter:card\" content=\"summary_large_image\" \/>\n<meta name=\"twitter:label1\" content=\"Dur\u00e9e de lecture estim\u00e9e\" \/>\n\t<meta name=\"twitter:data1\" content=\"1 minute\" \/>\n<script type=\"application\/ld+json\" class=\"yoast-schema-graph\">{\"@context\":\"https:\\\/\\\/schema.org\",\"@graph\":[{\"@type\":\"WebPage\",\"@id\":\"http:\\\/\\\/www.respirelavie.fr\\\/poitiers\\\/presse\\\/presse\\\/\",\"url\":\"http:\\\/\\\/www.respirelavie.fr\\\/poitiers\\\/presse\\\/presse\\\/\",\"name\":\"Espace presse - Salon RESPIRE LA VIE Poitiers\",\"isPartOf\":{\"@id\":\"https:\\\/\\\/www.respirelavie.fr\\\/poitiers\\\/#website\"},\"primaryImageOfPage\":{\"@id\":\"http:\\\/\\\/www.respirelavie.fr\\\/poitiers\\\/presse\\\/presse\\\/#primaryimage\"},\"image\":{\"@id\":\"http:\\\/\\\/www.respirelavie.fr\\\/poitiers\\\/presse\\\/presse\\\/#primaryimage\"},\"thumbnailUrl\":\"https:\\\/\\\/www.salon-zenetbio.com\\\/le-reseau\\\/wp-content\\\/uploads\\\/sites\\\/6\\\/2018\\\/07\\\/RESPIRELAVIE_baseline.jpg\",\"datePublished\":\"2017-01-24T13:19:20+00:00\",\"dateModified\":\"2024-03-19T13:54:20+00:00\",\"breadcrumb\":{\"@id\":\"http:\\\/\\\/www.respirelavie.fr\\\/poitiers\\\/presse\\\/presse\\\/#breadcrumb\"},\"inLanguage\":\"fr-FR\",\"potentialAction\":[{\"@type\":\"ReadAction\",\"target\":[\"http:\\\/\\\/www.respirelavie.fr\\\/poitiers\\\/presse\\\/presse\\\/\"]}]},{\"@type\":\"ImageObject\",\"inLanguage\":\"fr-FR\",\"@id\":\"http:\\\/\\\/www.respirelavie.fr\\\/poitiers\\\/presse\\\/presse\\\/#primaryimage\",\"url\":\"https:\\\/\\\/www.salon-zenetbio.com\\\/le-reseau\\\/wp-content\\\/uploads\\\/sites\\\/6\\\/2018\\\/07\\\/RESPIRELAVIE_baseline.jpg\",\"contentUrl\":\"https:\\\/\\\/www.salon-zenetbio.com\\\/le-reseau\\\/wp-content\\\/uploads\\\/sites\\\/6\\\/2018\\\/07\\\/RESPIRELAVIE_baseline.jpg\"},{\"@type\":\"BreadcrumbList\",\"@id\":\"http:\\\/\\\/www.respirelavie.fr\\\/poitiers\\\/presse\\\/presse\\\/#breadcrumb\",\"itemListElement\":[{\"@type\":\"ListItem\",\"position\":1,\"name\":\"Accueil\",\"item\":\"https:\\\/\\\/www.respirelavie.fr\\\/poitiers\\\/\"},{\"@type\":\"ListItem\",\"position\":2,\"name\":\"Presse \\\/ partenaires\",\"item\":\"https:\\\/\\\/www.respirelavie.fr\\\/poitiers\\\/presse\\\/\"},{\"@type\":\"ListItem\",\"position\":3,\"name\":\"Espace presse\"}]},{\"@type\":\"WebSite\",\"@id\":\"https:\\\/\\\/www.respirelavie.fr\\\/poitiers\\\/#website\",\"url\":\"https:\\\/\\\/www.respirelavie.fr\\\/poitiers\\\/\",\"name\":\"Salon RESPIRE LA VIE Poitiers\",\"description\":\"RESPIRE : votre salon bio, bien-\u00eatre et habitat sain \u00e0 Poitiers\",\"publisher\":{\"@id\":\"https:\\\/\\\/www.respirelavie.fr\\\/poitiers\\\/#organization\"},\"potentialAction\":[{\"@type\":\"SearchAction\",\"target\":{\"@type\":\"EntryPoint\",\"urlTemplate\":\"https:\\\/\\\/www.respirelavie.fr\\\/poitiers\\\/?s={search_term_string}\"},\"query-input\":{\"@type\":\"PropertyValueSpecification\",\"valueRequired\":true,\"valueName\":\"search_term_string\"}}],\"inLanguage\":\"fr-FR\"},{\"@type\":\"Organization\",\"@id\":\"https:\\\/\\\/www.respirelavie.fr\\\/poitiers\\\/#organization\",\"name\":\"Salon RESPIRE LA VIE Poitiers\",\"url\":\"https:\\\/\\\/www.respirelavie.fr\\\/poitiers\\\/\",\"logo\":{\"@type\":\"ImageObject\",\"inLanguage\":\"fr-FR\",\"@id\":\"https:\\\/\\\/www.respirelavie.fr\\\/poitiers\\\/#\\\/schema\\\/logo\\\/image\\\/\",\"url\":\"http:\\\/\\\/www.respirelavie.fr\\\/poitiers\\\/wp-content\\\/uploads\\\/sites\\\/3\\\/2024\\\/03\\\/Logo-RESPIRE-LA-VIE-poitiers.jpg\",\"contentUrl\":\"http:\\\/\\\/www.respirelavie.fr\\\/poitiers\\\/wp-content\\\/uploads\\\/sites\\\/3\\\/2024\\\/03\\\/Logo-RESPIRE-LA-VIE-poitiers.jpg\",\"width\":470,\"height\":262,\"caption\":\"Salon RESPIRE LA VIE Poitiers\"},\"image\":{\"@id\":\"https:\\\/\\\/www.respirelavie.fr\\\/poitiers\\\/#\\\/schema\\\/logo\\\/image\\\/\"}}]}<\/script>\n<!-- \/ Yoast SEO plugin. -->","yoast_head_json":{"title":"Espace presse - Salon RESPIRE LA VIE Poitiers","robots":{"index":"index","follow":"follow","max-snippet":"max-snippet:-1","max-image-preview":"max-image-preview:large","max-video-preview":"max-video-preview:-1"},"canonical":"http:\/\/www.respirelavie.fr\/poitiers\/presse\/presse\/","og_locale":"fr_FR","og_type":"article","og_title":"Espace presse - Salon RESPIRE LA VIE Poitiers","og_description":"Acc\u00e8s uniquement r\u00e9serv\u00e9 aux journalistes. Bienvenue dans l&rsquo;espace presse du salon Respire La Vie Poitiers Ici vous pouvez t\u00e9l\u00e9charger les documents presse, logos et visuels en haute d\u00e9finition pour vos usages d\u2019impression et de communication. DOCUMENTS PRESSE Consultez les archives presse Les outils de communication Le logo du salon Le logo Les affichages du salon&hellip;","og_url":"http:\/\/www.respirelavie.fr\/poitiers\/presse\/presse\/","og_site_name":"Salon RESPIRE LA VIE Poitiers","article_modified_time":"2024-03-19T13:54:20+00:00","og_image":[{"url":"https:\/\/www.salon-zenetbio.com\/le-reseau\/wp-content\/uploads\/sites\/6\/2018\/07\/RESPIRELAVIE_baseline.jpg","type":"","width":"","height":""}],"twitter_card":"summary_large_image","twitter_misc":{"Dur\u00e9e de lecture estim\u00e9e":"1 minute"},"schema":{"@context":"https:\/\/schema.org","@graph":[{"@type":"WebPage","@id":"http:\/\/www.respirelavie.fr\/poitiers\/presse\/presse\/","url":"http:\/\/www.respirelavie.fr\/poitiers\/presse\/presse\/","name":"Espace presse - Salon RESPIRE LA VIE Poitiers","isPartOf":{"@id":"https:\/\/www.respirelavie.fr\/poitiers\/#website"},"primaryImageOfPage":{"@id":"http:\/\/www.respirelavie.fr\/poitiers\/presse\/presse\/#primaryimage"},"image":{"@id":"http:\/\/www.respirelavie.fr\/poitiers\/presse\/presse\/#primaryimage"},"thumbnailUrl":"https:\/\/www.salon-zenetbio.com\/le-reseau\/wp-content\/uploads\/sites\/6\/2018\/07\/RESPIRELAVIE_baseline.jpg","datePublished":"2017-01-24T13:19:20+00:00","dateModified":"2024-03-19T13:54:20+00:00","breadcrumb":{"@id":"http:\/\/www.respirelavie.fr\/poitiers\/presse\/presse\/#breadcrumb"},"inLanguage":"fr-FR","potentialAction":[{"@type":"ReadAction","target":["http:\/\/www.respirelavie.fr\/poitiers\/presse\/presse\/"]}]},{"@type":"ImageObject","inLanguage":"fr-FR","@id":"http:\/\/www.respirelavie.fr\/poitiers\/presse\/presse\/#primaryimage","url":"https:\/\/www.salon-zenetbio.com\/le-reseau\/wp-content\/uploads\/sites\/6\/2018\/07\/RESPIRELAVIE_baseline.jpg","contentUrl":"https:\/\/www.salon-zenetbio.com\/le-reseau\/wp-content\/uploads\/sites\/6\/2018\/07\/RESPIRELAVIE_baseline.jpg"},{"@type":"BreadcrumbList","@id":"http:\/\/www.respirelavie.fr\/poitiers\/presse\/presse\/#breadcrumb","itemListElement":[{"@type":"ListItem","position":1,"name":"Accueil","item":"https:\/\/www.respirelavie.fr\/poitiers\/"},{"@type":"ListItem","position":2,"name":"Presse \/ partenaires","item":"https:\/\/www.respirelavie.fr\/poitiers\/presse\/"},{"@type":"ListItem","position":3,"name":"Espace presse"}]},{"@type":"WebSite","@id":"https:\/\/www.respirelavie.fr\/poitiers\/#website","url":"https:\/\/www.respirelavie.fr\/poitiers\/","name":"Salon RESPIRE LA VIE Poitiers","description":"RESPIRE : votre salon bio, bien-\u00eatre et habitat sain \u00e0 Poitiers","publisher":{"@id":"https:\/\/www.respirelavie.fr\/poitiers\/#organization"},"potentialAction":[{"@type":"SearchAction","target":{"@type":"EntryPoint","urlTemplate":"https:\/\/www.respirelavie.fr\/poitiers\/?s={search_term_string}"},"query-input":{"@type":"PropertyValueSpecification","valueRequired":true,"valueName":"search_term_string"}}],"inLanguage":"fr-FR"},{"@type":"Organization","@id":"https:\/\/www.respirelavie.fr\/poitiers\/#organization","name":"Salon RESPIRE LA VIE Poitiers","url":"https:\/\/www.respirelavie.fr\/poitiers\/","logo":{"@type":"ImageObject","inLanguage":"fr-FR","@id":"https:\/\/www.respirelavie.fr\/poitiers\/#\/schema\/logo\/image\/","url":"http:\/\/www.respirelavie.fr\/poitiers\/wp-content\/uploads\/sites\/3\/2024\/03\/Logo-RESPIRE-LA-VIE-poitiers.jpg","contentUrl":"http:\/\/www.respirelavie.fr\/poitiers\/wp-content\/uploads\/sites\/3\/2024\/03\/Logo-RESPIRE-LA-VIE-poitiers.jpg","width":470,"height":262,"caption":"Salon RESPIRE LA VIE Poitiers"},"image":{"@id":"https:\/\/www.respirelavie.fr\/poitiers\/#\/schema\/logo\/image\/"}}]}},"_links":{"self":[{"href":"http:\/\/www.respirelavie.fr\/poitiers\/wp-json\/wp\/v2\/pages\/2458","targetHints":{"allow":["GET"]}}],"collection":[{"href":"http:\/\/www.respirelavie.fr\/poitiers\/wp-json\/wp\/v2\/pages"}],"about":[{"href":"http:\/\/www.respirelavie.fr\/poitiers\/wp-json\/wp\/v2\/types\/page"}],"author":[{"embeddable":true,"href":"http:\/\/www.respirelavie.fr\/poitiers\/wp-json\/wp\/v2\/users\/1"}],"replies":[{"embeddable":true,"href":"http:\/\/www.respirelavie.fr\/poitiers\/wp-json\/wp\/v2\/comments?post=2458"}],"version-history":[{"count":5,"href":"http:\/\/www.respirelavie.fr\/poitiers\/wp-json\/wp\/v2\/pages\/2458\/revisions"}],"predecessor-version":[{"id":10372,"href":"http:\/\/www.respirelavie.fr\/poitiers\/wp-json\/wp\/v2\/pages\/2458\/revisions\/10372"}],"up":[{"embeddable":true,"href":"http:\/\/www.respirelavie.fr\/poitiers\/wp-json\/wp\/v2\/pages\/2091"}],"wp:attachment":[{"href":"http:\/\/www.respirelavie.fr\/poitiers\/wp-json\/wp\/v2\/media?parent=2458"}],"curies":[{"name":"wp","href":"https:\/\/api.w.org\/{rel}","templated":true}]}}