{"id":8233,"date":"2020-12-08T17:17:06","date_gmt":"2020-12-08T16:17:06","guid":{"rendered":"https:\/\/www.respirelavie.fr\/poitiers\/?page_id=8233"},"modified":"2020-12-08T17:17:17","modified_gmt":"2020-12-08T16:17:17","slug":"8233-2","status":"publish","type":"page","link":"https:\/\/www.respirelavie.fr\/poitiers\/8233-2\/","title":{"rendered":"Animations sp\u00e9ciales 2020"},"content":{"rendered":"<ul>\n<li><a href=\"#tiny\"><strong>TINY HOUSE\u00a0<\/strong><\/a><\/li>\n<li><a href=\"#parentalite\"><strong>ESPACE PARENTALIT\u00c9<\/strong><\/a><\/li>\n<li><a href=\"#jardin\"><strong>ESPACE JARDIN ET NATURE<\/strong><\/a><\/li>\n<li><a href=\"#creation\"><strong>ESPACE ART ET CR\u00c9ATION<\/strong><\/a><\/li>\n<li><a href=\"#enfants\"><strong>LE COIN DES ENFANTS<\/strong><\/a><\/li>\n<\/ul>\n<h2><strong>TINY HOUSE<\/strong><\/h2>\n<figure id=\"attachment_7537\" aria-describedby=\"caption-attachment-7537\" style=\"width: 225px\" class=\"wp-caption alignleft\"><img fetchpriority=\"high\" decoding=\"async\" class=\"wp-image-7537 size-medium\" src=\"https:\/\/www.respirelavie.fr\/poitiers\/wp-content\/uploads\/sites\/3\/2020\/07\/image002-225x300.jpg\" alt=\"habitat ecologique et mobile\" width=\"225\" height=\"300\" \/><figcaption id=\"caption-attachment-7537\" class=\"wp-caption-text\">Petite maison en bois construite sur remorque routi\u00e8re<\/figcaption><\/figure>\n<p style=\"text-align: justify;\">La Tiny \u00d4 Clair de Lune by West Wood Tiny command\u00e9 par\u00a0l\u2019association Un Toit en Gatine sur Parthenay qui a d\u00e9velopp\u00e9 une <strong>exp\u00e9rimentation d\u2019habitat \u00e9cologique et mobile<\/strong>, \u00ab la Tiny House Eco Cosy \u00bb qui s\u2019inscrit comme une r\u00e9ponse possible au manque d\u2019offre de logement pour les jeunes notamment dans un milieu rural o\u00f9 les entreprises sont dispers\u00e9es.<\/p>\n<p style=\"text-align: justify;\">Solution \u00e9conomique et \u00e9co responsable, les \u00ab\u00a0tiny houses\u00a0\u00bb, <strong>petites maisons en bois construites sur remorque routi\u00e8re<\/strong> pr\u00e9sentent tous les atouts pour r\u00e9pondre aux besoins exprim\u00e9s (mobile, avec toutes les caract\u00e9ristiques d&rsquo;une maison : un toit, des murs, un syst\u00e8me de chauffage, des espaces de vie)<br \/>\n<strong>Agir pour l&rsquo;environnement<\/strong> est aussi un objectif que s&rsquo;est fix\u00e9 l&rsquo;association ; vivre plus petit, c&rsquo;est aussi limiter son impact sur l&rsquo;environnement.<\/p>\n<p>&nbsp;<\/p><div id=\"respi-2543901350\" class=\"respi-contenu respi-entity-placement\"><script async src=\"\/\/pagead2.googlesyndication.com\/pagead\/js\/adsbygoogle.js?client=ca-pub-7511070832818284\" crossorigin=\"anonymous\"><\/script><ins class=\"adsbygoogle\" style=\"display:block;\" data-ad-client=\"ca-pub-7511070832818284\" \ndata-ad-slot=\"4196289901\" \ndata-ad-format=\"auto\"><\/ins>\n<script> \n(adsbygoogle = window.adsbygoogle || []).push({}); \n<\/script>\n<\/div>\n<p>&nbsp;<\/p>\n<p><img decoding=\"async\" class=\"wp-image-7538 size-medium alignleft\" src=\"https:\/\/www.respirelavie.fr\/poitiers\/wp-content\/uploads\/sites\/3\/2020\/07\/Tiny-O\u0302-Clair-de-Lune-by-West-Wood-Tiny-en-nouvelle-Aquitaine-6-300x225.jpg\" alt=\"Interieur tiny house\" width=\"300\" height=\"225\" srcset=\"https:\/\/www.respirelavie.fr\/poitiers\/wp-content\/uploads\/sites\/3\/2020\/07\/Tiny-O\u0302-Clair-de-Lune-by-West-Wood-Tiny-en-nouvelle-Aquitaine-6-300x225.jpg 300w, https:\/\/www.respirelavie.fr\/poitiers\/wp-content\/uploads\/sites\/3\/2020\/07\/Tiny-O\u0302-Clair-de-Lune-by-West-Wood-Tiny-en-nouvelle-Aquitaine-6-1024x768.jpg 1024w, https:\/\/www.respirelavie.fr\/poitiers\/wp-content\/uploads\/sites\/3\/2020\/07\/Tiny-O\u0302-Clair-de-Lune-by-West-Wood-Tiny-en-nouvelle-Aquitaine-6-768x576.jpg 768w, https:\/\/www.respirelavie.fr\/poitiers\/wp-content\/uploads\/sites\/3\/2020\/07\/Tiny-O\u0302-Clair-de-Lune-by-West-Wood-Tiny-en-nouvelle-Aquitaine-6-1536x1152.jpg 1536w, https:\/\/www.respirelavie.fr\/poitiers\/wp-content\/uploads\/sites\/3\/2020\/07\/Tiny-O\u0302-Clair-de-Lune-by-West-Wood-Tiny-en-nouvelle-Aquitaine-6-2048x1536.jpg 2048w, https:\/\/www.respirelavie.fr\/poitiers\/wp-content\/uploads\/sites\/3\/2020\/07\/Tiny-O\u0302-Clair-de-Lune-by-West-Wood-Tiny-en-nouvelle-Aquitaine-6-150x113.jpg 150w, https:\/\/www.respirelavie.fr\/poitiers\/wp-content\/uploads\/sites\/3\/2020\/07\/Tiny-O\u0302-Clair-de-Lune-by-West-Wood-Tiny-en-nouvelle-Aquitaine-6-500x375.jpg 500w\" sizes=\"(max-width: 300px) 100vw, 300px\" \/><\/p>\n<p style=\"text-align: justify;\">Pour autant, il ne s\u2019agit pas d\u2019un habitat pr\u00e9caire. La tiny house est compos\u00e9e exactement des m\u00eames mat\u00e9riaux qu\u2019une maison en ossature bois moderne (except\u00e9e la remorque bien s\u00fbr !).<br \/>\nCeux-ci garantissent \u00e0 la maison une bonne isolation thermique et phonique ; en \u00e9t\u00e9 comme en hiver, ainsi qu\u2019une excellente durabilit\u00e9. Les mat\u00e9riaux utilis\u00e9s sont \u00e9co responsables en tr\u00e8s grande partie et les fournisseurs locaux sont privil\u00e9gi\u00e9s.<a id=\"parentalite\"><\/a><\/p>\n<p>Vous l\u2019aurez compris, les seuls points communs avec la caravane sont finalement\u2026 les roues.<br \/>\n<em>Organis\u00e9 par Bois et Paille<\/em><\/p>\n<p>&nbsp;<\/p>\n<h2><strong>ESPACE PARENTALIT\u00c9\u00a0<\/strong><\/h2>\n<p><img decoding=\"async\" class=\"alignleft wp-image-6048 size-medium\" src=\"https:\/\/www.respirelavie.fr\/poitiers\/wp-content\/uploads\/sites\/3\/2019\/09\/Fotolia_133632099_Subscription_Monthly_M-300x212.jpg\" alt=\"b\u00e9b\u00e9 et maman\" width=\"300\" height=\"212\" srcset=\"https:\/\/www.respirelavie.fr\/poitiers\/wp-content\/uploads\/sites\/3\/2019\/09\/Fotolia_133632099_Subscription_Monthly_M-300x212.jpg 300w, https:\/\/www.respirelavie.fr\/poitiers\/wp-content\/uploads\/sites\/3\/2019\/09\/Fotolia_133632099_Subscription_Monthly_M-768x543.jpg 768w, https:\/\/www.respirelavie.fr\/poitiers\/wp-content\/uploads\/sites\/3\/2019\/09\/Fotolia_133632099_Subscription_Monthly_M-1024x724.jpg 1024w, https:\/\/www.respirelavie.fr\/poitiers\/wp-content\/uploads\/sites\/3\/2019\/09\/Fotolia_133632099_Subscription_Monthly_M-500x354.jpg 500w, https:\/\/www.respirelavie.fr\/poitiers\/wp-content\/uploads\/sites\/3\/2019\/09\/Fotolia_133632099_Subscription_Monthly_M-150x106.jpg 150w, https:\/\/www.respirelavie.fr\/poitiers\/wp-content\/uploads\/sites\/3\/2019\/09\/Fotolia_133632099_Subscription_Monthly_M.jpg 1639w\" sizes=\"(max-width: 300px) 100vw, 300px\" \/><\/p>\n<p>Conseils en accompagnement \u00e0 la grossesse, la naissance, la parentalit\u00e9 et la petite enfance.<\/p>\n<p>Allaitement, hygi\u00e8ne naturelle infantile, portage, langue de signes pour b\u00e9b\u00e9, journal cr\u00e9atif, chant pr\u00e9natal, sophrologie et hypnose pour la femme enceinte, couches lavables, accouchement etc.<\/p>\n<p>&nbsp;<\/p>\n<p>&nbsp;<\/p>\n<p><strong>Vendredi 25 septembre 2020<\/strong><\/p>\n<p><strong>11:00<\/strong> Atelier sur les couches lavables<br \/>\n<strong>14:00<\/strong> Discussion sur l&rsquo;allaitement maternel &#8211; Association Info Allaitement 86<br \/>\n<strong>15:00<\/strong> Qu&rsquo;est-ce que l&rsquo;hygi\u00e8ne naturelle infantile (HNI)? La motricit\u00e9 libre<\/p>\n<p><strong>Samedi 26 septembre 2020<\/strong><\/p>\n<p><strong>14:00<\/strong> Initiation au portage physiologique b\u00e9b\u00e9<br \/>\n<strong>16:00<\/strong> Pr\u00e9sentation des ateliers Faber et Mazlish<br \/>\n<strong>17:00<\/strong> D\u00e9couverte ateliers b\u00e9b\u00e9s signes<\/p>\n<p><strong>Dimanche 27 septembre 2020<\/strong><\/p>\n<p><strong>11:00<\/strong> Atelier sur les couches lavables<\/p>\n<p><em>Anim\u00e9 par Naitre et Grandir<a id=\"jardin\"><\/a><\/em><\/p>\n<p>&nbsp;<\/p>\n<h2><strong>ESPACE JARDIN ET NATURE<\/strong><\/h2>\n<p>Un espace pour d\u00e9couvrir le jardinage \u00e9cologique, pour favoriser la biodiversit\u00e9, pour valoriser nos d\u00e9chets, pour se reconnecter avec la nature et renforcer son lien avec le vivant. Un espace pour \u00e9changer, apprendre, s\u2019informer\u2026<br \/>\n<em>Organis\u00e9 par <strong>Les croqueurs de pommes de la Vienne<\/strong><\/em><\/p>\n<p>Compost&rsquo;\u00c2ge est une association qui accompagne, informe et sensibilise \u00e0 la gestion de proximit\u00e9 des biod\u00e9chets. Compostage individuel, de quartier, en \u00e9tablissement, jardinage 0 d\u00e9chet vert, paillage&#8230; notre sp\u00e9cialit\u00e9 est de permettre la valorisation des biod\u00e9chets directement sur le lieu de production !<br \/>\n<em>Organis\u00e9 par <strong>Compost&rsquo;\u00c2ge<\/strong><a id=\"creation\"><\/a>\u00a0<\/em><\/p>\n<p>&nbsp;<\/p>\n<h2><strong>ESPACE ART &amp; CR\u00c9ATION<\/strong><\/h2>\n<p style=\"text-align: justify;\">Un espace d\u2019art th\u00e9rapie pour <strong>stimuler sa cr\u00e9ativit\u00e9<\/strong> et <strong>se lib\u00e9rer des \u00e9motions n\u00e9gatives<\/strong>, situations douloureuses. Une activit\u00e9 pour <strong>se reconnecter \u00e0 soi<\/strong> et vivre sa vie en conscience et de fa\u00e7on positive au quotidien.<br \/>\nOrganis\u00e9 par Jo\u00eblle Pallier, art th\u00e9rapeute dipl\u00f4m\u00e9e de la facult\u00e9 de m\u00e9decine et pharmacie de Poitiers.<\/p>\n<p style=\"text-align: justify;\"><img loading=\"lazy\" decoding=\"async\" class=\"wp-image-6012 size-medium alignleft\" src=\"https:\/\/www.respirelavie.fr\/poitiers\/wp-content\/uploads\/sites\/3\/2019\/09\/IMG_20171103_115149-e1568212217199-294x300.jpg\" alt=\"peinture, crayon, art therapie\" width=\"294\" height=\"300\" srcset=\"https:\/\/www.respirelavie.fr\/poitiers\/wp-content\/uploads\/sites\/3\/2019\/09\/IMG_20171103_115149-e1568212217199-294x300.jpg 294w, https:\/\/www.respirelavie.fr\/poitiers\/wp-content\/uploads\/sites\/3\/2019\/09\/IMG_20171103_115149-e1568212217199-768x783.jpg 768w, https:\/\/www.respirelavie.fr\/poitiers\/wp-content\/uploads\/sites\/3\/2019\/09\/IMG_20171103_115149-e1568212217199-1004x1024.jpg 1004w, https:\/\/www.respirelavie.fr\/poitiers\/wp-content\/uploads\/sites\/3\/2019\/09\/IMG_20171103_115149-e1568212217199-500x510.jpg 500w, https:\/\/www.respirelavie.fr\/poitiers\/wp-content\/uploads\/sites\/3\/2019\/09\/IMG_20171103_115149-e1568212217199-50x50.jpg 50w, https:\/\/www.respirelavie.fr\/poitiers\/wp-content\/uploads\/sites\/3\/2019\/09\/IMG_20171103_115149-e1568212217199-150x153.jpg 150w, https:\/\/www.respirelavie.fr\/poitiers\/wp-content\/uploads\/sites\/3\/2019\/09\/IMG_20171103_115149-e1568212217199-490x500.jpg 490w, https:\/\/www.respirelavie.fr\/poitiers\/wp-content\/uploads\/sites\/3\/2019\/09\/IMG_20171103_115149-e1568212217199-45x45.jpg 45w, https:\/\/www.respirelavie.fr\/poitiers\/wp-content\/uploads\/sites\/3\/2019\/09\/IMG_20171103_115149-e1568212217199.jpg 1894w\" sizes=\"(max-width: 294px) 100vw, 294px\" \/>L&rsquo;art-th\u00e9rapie utilise la cr\u00e9ation artistique (dessin, peinture, collage, modelage&#8230;) pour prendre contact avec sa vie int\u00e9rieure (sentiments, r\u00eaves, inconscient, etc.), l&rsquo;exprimer et se transformer.<br \/>\nLa d\u00e9marche th\u00e9rapeutique consiste \u00e0 laisser progressivement surgir ses images int\u00e9rieures, sans se pr\u00e9occuper de la qualit\u00e9 ou de l&rsquo;apparence de l\u2019\u0153uvre finale. Il n\u2019est donc pas besoin d\u2018avoir des connaissances musicales, artistiques, pour cr\u00e9er.<\/p>\n<p style=\"text-align: justify;\">Le geste cr\u00e9ateur fait appel au corps qui se met en mouvement pour cr\u00e9er une \u0153uvre concr\u00e8te. Dans le m\u00eame \u00e9lan, il sollicite l&rsquo;imagination, l&rsquo;intuition, la pens\u00e9e et les \u00e9motions. La cr\u00e9ativit\u00e9 artistique permet \u00e0 chacun de se retrouver avec lui-m\u00eame.<br \/>\nC\u2019est un mouvement qui va de l\u2019int\u00e9rieur vers l\u2019ext\u00e9rieur et qui accepte de mettre en vie ses \u00e9motions.<a id=\"enfants\"><\/a><\/p>\n<p style=\"text-align: justify;\">L\u2019art-th\u00e9rapeute est une personne bienveillante qui vous accompagne dans un mieux-\u00eatre. L&rsquo;art-th\u00e9rapeute est tenu au secret professionnel et vous guide \u00e0 votre rythme.<\/p>\n<p>&nbsp;<\/p>\n<h2><strong>LE COIN DES ENFANTS<\/strong><\/h2>\n<p><img loading=\"lazy\" decoding=\"async\" class=\"alignright wp-image-6027 size-medium\" src=\"https:\/\/www.respirelavie.fr\/poitiers\/wp-content\/uploads\/sites\/3\/2019\/09\/le-coin-des-enfants-300x200.jpg\" alt=\"petits gar\u00e7ons qui jouent\" width=\"300\" height=\"200\" srcset=\"https:\/\/www.respirelavie.fr\/poitiers\/wp-content\/uploads\/sites\/3\/2019\/09\/le-coin-des-enfants-300x200.jpg 300w, https:\/\/www.respirelavie.fr\/poitiers\/wp-content\/uploads\/sites\/3\/2019\/09\/le-coin-des-enfants-768x512.jpg 768w, https:\/\/www.respirelavie.fr\/poitiers\/wp-content\/uploads\/sites\/3\/2019\/09\/le-coin-des-enfants-1024x683.jpg 1024w, https:\/\/www.respirelavie.fr\/poitiers\/wp-content\/uploads\/sites\/3\/2019\/09\/le-coin-des-enfants-500x334.jpg 500w, https:\/\/www.respirelavie.fr\/poitiers\/wp-content\/uploads\/sites\/3\/2019\/09\/le-coin-des-enfants-150x100.jpg 150w, https:\/\/www.respirelavie.fr\/poitiers\/wp-content\/uploads\/sites\/3\/2019\/09\/le-coin-des-enfants.jpg 1688w\" sizes=\"(max-width: 300px) 100vw, 300px\" \/><\/p>\n<p style=\"text-align: justify;\"><strong>Espace enfants<br \/>\n<\/strong>Animations cr\u00e9atives et bricolages nature \u00e0 base de mat\u00e9riaux de r\u00e9cup\u00e9ration. Samedi et Dimanche, \u00e0 partir de 3 ans.<\/p>\n<p style=\"text-align: justify;\"><strong>Espace b\u00e9b\u00e9s<\/strong><br \/>\nEspace am\u00e9nag\u00e9 et d\u00e9di\u00e9 aux b\u00e9b\u00e9s et \u00e0 leurs parents pour une pause biberon, allaitement, change et c\u00e2lins.<\/p>\n<h2><\/h2>\n","protected":false},"excerpt":{"rendered":"<p>TINY HOUSE\u00a0 ESPACE PARENTALIT\u00c9 ESPACE JARDIN ET NATURE ESPACE ART ET CR\u00c9ATION LE COIN DES ENFANTS TINY HOUSE La Tiny \u00d4 Clair de Lune by West Wood Tiny command\u00e9 par\u00a0l\u2019association Un Toit en Gatine sur Parthenay qui a d\u00e9velopp\u00e9 une exp\u00e9rimentation d\u2019habitat \u00e9cologique et mobile, \u00ab la Tiny House Eco Cosy \u00bb qui s\u2019inscrit comme&hellip; <\/p>\n","protected":false},"author":4,"featured_media":0,"parent":0,"menu_order":0,"comment_status":"closed","ping_status":"closed","template":"","meta":{"_monsterinsights_skip_tracking":false,"_monsterinsights_sitenote_active":false,"_monsterinsights_sitenote_note":"","_monsterinsights_sitenote_category":0,"footnotes":""},"class_list":["post-8233","page","type-page","status-publish","hentry"],"yoast_head":"<!-- This site is optimized with the Yoast SEO plugin v27.3 - https:\/\/yoast.com\/product\/yoast-seo-wordpress\/ -->\n<title>Animations sp\u00e9ciales 2020 - Salon RESPIRE LA VIE Poitiers<\/title>\n<meta name=\"robots\" content=\"index, follow, max-snippet:-1, max-image-preview:large, max-video-preview:-1\" \/>\n<link rel=\"canonical\" href=\"https:\/\/www.respirelavie.fr\/poitiers\/8233-2\/\" \/>\n<meta property=\"og:locale\" content=\"fr_FR\" \/>\n<meta property=\"og:type\" content=\"article\" \/>\n<meta property=\"og:title\" content=\"Animations sp\u00e9ciales 2020 - Salon RESPIRE LA VIE Poitiers\" \/>\n<meta property=\"og:description\" content=\"TINY HOUSE\u00a0 ESPACE PARENTALIT\u00c9 ESPACE JARDIN ET NATURE ESPACE ART ET CR\u00c9ATION LE COIN DES ENFANTS TINY HOUSE La Tiny \u00d4 Clair de Lune by West Wood Tiny command\u00e9 par\u00a0l\u2019association Un Toit en Gatine sur Parthenay qui a d\u00e9velopp\u00e9 une exp\u00e9rimentation d\u2019habitat \u00e9cologique et mobile, \u00ab la Tiny House Eco Cosy \u00bb qui s\u2019inscrit comme&hellip;\" \/>\n<meta property=\"og:url\" content=\"https:\/\/www.respirelavie.fr\/poitiers\/8233-2\/\" \/>\n<meta property=\"og:site_name\" content=\"Salon RESPIRE LA VIE Poitiers\" \/>\n<meta property=\"article:modified_time\" content=\"2020-12-08T16:17:17+00:00\" \/>\n<meta property=\"og:image\" content=\"https:\/\/www.respirelavie.fr\/poitiers\/wp-content\/uploads\/sites\/3\/2020\/07\/image002-225x300.jpg\" \/>\n<meta name=\"twitter:card\" content=\"summary_large_image\" \/>\n<meta name=\"twitter:label1\" content=\"Dur\u00e9e de lecture estim\u00e9e\" \/>\n\t<meta name=\"twitter:data1\" content=\"4 minutes\" \/>\n<script type=\"application\/ld+json\" class=\"yoast-schema-graph\">{\"@context\":\"https:\\\/\\\/schema.org\",\"@graph\":[{\"@type\":\"WebPage\",\"@id\":\"https:\\\/\\\/www.respirelavie.fr\\\/poitiers\\\/8233-2\\\/\",\"url\":\"https:\\\/\\\/www.respirelavie.fr\\\/poitiers\\\/8233-2\\\/\",\"name\":\"Animations sp\u00e9ciales 2020 - Salon RESPIRE LA VIE Poitiers\",\"isPartOf\":{\"@id\":\"https:\\\/\\\/www.respirelavie.fr\\\/poitiers\\\/#website\"},\"primaryImageOfPage\":{\"@id\":\"https:\\\/\\\/www.respirelavie.fr\\\/poitiers\\\/8233-2\\\/#primaryimage\"},\"image\":{\"@id\":\"https:\\\/\\\/www.respirelavie.fr\\\/poitiers\\\/8233-2\\\/#primaryimage\"},\"thumbnailUrl\":\"https:\\\/\\\/www.respirelavie.fr\\\/poitiers\\\/wp-content\\\/uploads\\\/sites\\\/3\\\/2020\\\/07\\\/image002-225x300.jpg\",\"datePublished\":\"2020-12-08T16:17:06+00:00\",\"dateModified\":\"2020-12-08T16:17:17+00:00\",\"breadcrumb\":{\"@id\":\"https:\\\/\\\/www.respirelavie.fr\\\/poitiers\\\/8233-2\\\/#breadcrumb\"},\"inLanguage\":\"fr-FR\",\"potentialAction\":[{\"@type\":\"ReadAction\",\"target\":[\"https:\\\/\\\/www.respirelavie.fr\\\/poitiers\\\/8233-2\\\/\"]}]},{\"@type\":\"ImageObject\",\"inLanguage\":\"fr-FR\",\"@id\":\"https:\\\/\\\/www.respirelavie.fr\\\/poitiers\\\/8233-2\\\/#primaryimage\",\"url\":\"https:\\\/\\\/www.respirelavie.fr\\\/poitiers\\\/wp-content\\\/uploads\\\/sites\\\/3\\\/2020\\\/07\\\/image002-225x300.jpg\",\"contentUrl\":\"https:\\\/\\\/www.respirelavie.fr\\\/poitiers\\\/wp-content\\\/uploads\\\/sites\\\/3\\\/2020\\\/07\\\/image002-225x300.jpg\"},{\"@type\":\"BreadcrumbList\",\"@id\":\"https:\\\/\\\/www.respirelavie.fr\\\/poitiers\\\/8233-2\\\/#breadcrumb\",\"itemListElement\":[{\"@type\":\"ListItem\",\"position\":1,\"name\":\"Accueil\",\"item\":\"https:\\\/\\\/www.respirelavie.fr\\\/poitiers\\\/\"},{\"@type\":\"ListItem\",\"position\":2,\"name\":\"Animations sp\u00e9ciales 2020\"}]},{\"@type\":\"WebSite\",\"@id\":\"https:\\\/\\\/www.respirelavie.fr\\\/poitiers\\\/#website\",\"url\":\"https:\\\/\\\/www.respirelavie.fr\\\/poitiers\\\/\",\"name\":\"Salon RESPIRE LA VIE Poitiers\",\"description\":\"RESPIRE : votre salon bio, bien-\u00eatre et habitat sain \u00e0 Poitiers\",\"publisher\":{\"@id\":\"https:\\\/\\\/www.respirelavie.fr\\\/poitiers\\\/#organization\"},\"potentialAction\":[{\"@type\":\"SearchAction\",\"target\":{\"@type\":\"EntryPoint\",\"urlTemplate\":\"https:\\\/\\\/www.respirelavie.fr\\\/poitiers\\\/?s={search_term_string}\"},\"query-input\":{\"@type\":\"PropertyValueSpecification\",\"valueRequired\":true,\"valueName\":\"search_term_string\"}}],\"inLanguage\":\"fr-FR\"},{\"@type\":\"Organization\",\"@id\":\"https:\\\/\\\/www.respirelavie.fr\\\/poitiers\\\/#organization\",\"name\":\"Salon RESPIRE LA VIE Poitiers\",\"url\":\"https:\\\/\\\/www.respirelavie.fr\\\/poitiers\\\/\",\"logo\":{\"@type\":\"ImageObject\",\"inLanguage\":\"fr-FR\",\"@id\":\"https:\\\/\\\/www.respirelavie.fr\\\/poitiers\\\/#\\\/schema\\\/logo\\\/image\\\/\",\"url\":\"https:\\\/\\\/www.respirelavie.fr\\\/poitiers\\\/wp-content\\\/uploads\\\/sites\\\/3\\\/2024\\\/03\\\/Logo-RESPIRE-LA-VIE-poitiers.jpg\",\"contentUrl\":\"https:\\\/\\\/www.respirelavie.fr\\\/poitiers\\\/wp-content\\\/uploads\\\/sites\\\/3\\\/2024\\\/03\\\/Logo-RESPIRE-LA-VIE-poitiers.jpg\",\"width\":470,\"height\":262,\"caption\":\"Salon RESPIRE LA VIE Poitiers\"},\"image\":{\"@id\":\"https:\\\/\\\/www.respirelavie.fr\\\/poitiers\\\/#\\\/schema\\\/logo\\\/image\\\/\"}}]}<\/script>\n<!-- \/ Yoast SEO plugin. -->","yoast_head_json":{"title":"Animations sp\u00e9ciales 2020 - Salon RESPIRE LA VIE Poitiers","robots":{"index":"index","follow":"follow","max-snippet":"max-snippet:-1","max-image-preview":"max-image-preview:large","max-video-preview":"max-video-preview:-1"},"canonical":"https:\/\/www.respirelavie.fr\/poitiers\/8233-2\/","og_locale":"fr_FR","og_type":"article","og_title":"Animations sp\u00e9ciales 2020 - Salon RESPIRE LA VIE Poitiers","og_description":"TINY HOUSE\u00a0 ESPACE PARENTALIT\u00c9 ESPACE JARDIN ET NATURE ESPACE ART ET CR\u00c9ATION LE COIN DES ENFANTS TINY HOUSE La Tiny \u00d4 Clair de Lune by West Wood Tiny command\u00e9 par\u00a0l\u2019association Un Toit en Gatine sur Parthenay qui a d\u00e9velopp\u00e9 une exp\u00e9rimentation d\u2019habitat \u00e9cologique et mobile, \u00ab la Tiny House Eco Cosy \u00bb qui s\u2019inscrit comme&hellip;","og_url":"https:\/\/www.respirelavie.fr\/poitiers\/8233-2\/","og_site_name":"Salon RESPIRE LA VIE Poitiers","article_modified_time":"2020-12-08T16:17:17+00:00","og_image":[{"url":"https:\/\/www.respirelavie.fr\/poitiers\/wp-content\/uploads\/sites\/3\/2020\/07\/image002-225x300.jpg","type":"","width":"","height":""}],"twitter_card":"summary_large_image","twitter_misc":{"Dur\u00e9e de lecture estim\u00e9e":"4 minutes"},"schema":{"@context":"https:\/\/schema.org","@graph":[{"@type":"WebPage","@id":"https:\/\/www.respirelavie.fr\/poitiers\/8233-2\/","url":"https:\/\/www.respirelavie.fr\/poitiers\/8233-2\/","name":"Animations sp\u00e9ciales 2020 - Salon RESPIRE LA VIE Poitiers","isPartOf":{"@id":"https:\/\/www.respirelavie.fr\/poitiers\/#website"},"primaryImageOfPage":{"@id":"https:\/\/www.respirelavie.fr\/poitiers\/8233-2\/#primaryimage"},"image":{"@id":"https:\/\/www.respirelavie.fr\/poitiers\/8233-2\/#primaryimage"},"thumbnailUrl":"https:\/\/www.respirelavie.fr\/poitiers\/wp-content\/uploads\/sites\/3\/2020\/07\/image002-225x300.jpg","datePublished":"2020-12-08T16:17:06+00:00","dateModified":"2020-12-08T16:17:17+00:00","breadcrumb":{"@id":"https:\/\/www.respirelavie.fr\/poitiers\/8233-2\/#breadcrumb"},"inLanguage":"fr-FR","potentialAction":[{"@type":"ReadAction","target":["https:\/\/www.respirelavie.fr\/poitiers\/8233-2\/"]}]},{"@type":"ImageObject","inLanguage":"fr-FR","@id":"https:\/\/www.respirelavie.fr\/poitiers\/8233-2\/#primaryimage","url":"https:\/\/www.respirelavie.fr\/poitiers\/wp-content\/uploads\/sites\/3\/2020\/07\/image002-225x300.jpg","contentUrl":"https:\/\/www.respirelavie.fr\/poitiers\/wp-content\/uploads\/sites\/3\/2020\/07\/image002-225x300.jpg"},{"@type":"BreadcrumbList","@id":"https:\/\/www.respirelavie.fr\/poitiers\/8233-2\/#breadcrumb","itemListElement":[{"@type":"ListItem","position":1,"name":"Accueil","item":"https:\/\/www.respirelavie.fr\/poitiers\/"},{"@type":"ListItem","position":2,"name":"Animations sp\u00e9ciales 2020"}]},{"@type":"WebSite","@id":"https:\/\/www.respirelavie.fr\/poitiers\/#website","url":"https:\/\/www.respirelavie.fr\/poitiers\/","name":"Salon RESPIRE LA VIE Poitiers","description":"RESPIRE : votre salon bio, bien-\u00eatre et habitat sain \u00e0 Poitiers","publisher":{"@id":"https:\/\/www.respirelavie.fr\/poitiers\/#organization"},"potentialAction":[{"@type":"SearchAction","target":{"@type":"EntryPoint","urlTemplate":"https:\/\/www.respirelavie.fr\/poitiers\/?s={search_term_string}"},"query-input":{"@type":"PropertyValueSpecification","valueRequired":true,"valueName":"search_term_string"}}],"inLanguage":"fr-FR"},{"@type":"Organization","@id":"https:\/\/www.respirelavie.fr\/poitiers\/#organization","name":"Salon RESPIRE LA VIE Poitiers","url":"https:\/\/www.respirelavie.fr\/poitiers\/","logo":{"@type":"ImageObject","inLanguage":"fr-FR","@id":"https:\/\/www.respirelavie.fr\/poitiers\/#\/schema\/logo\/image\/","url":"https:\/\/www.respirelavie.fr\/poitiers\/wp-content\/uploads\/sites\/3\/2024\/03\/Logo-RESPIRE-LA-VIE-poitiers.jpg","contentUrl":"https:\/\/www.respirelavie.fr\/poitiers\/wp-content\/uploads\/sites\/3\/2024\/03\/Logo-RESPIRE-LA-VIE-poitiers.jpg","width":470,"height":262,"caption":"Salon RESPIRE LA VIE Poitiers"},"image":{"@id":"https:\/\/www.respirelavie.fr\/poitiers\/#\/schema\/logo\/image\/"}}]}},"_links":{"self":[{"href":"https:\/\/www.respirelavie.fr\/poitiers\/wp-json\/wp\/v2\/pages\/8233","targetHints":{"allow":["GET"]}}],"collection":[{"href":"https:\/\/www.respirelavie.fr\/poitiers\/wp-json\/wp\/v2\/pages"}],"about":[{"href":"https:\/\/www.respirelavie.fr\/poitiers\/wp-json\/wp\/v2\/types\/page"}],"author":[{"embeddable":true,"href":"https:\/\/www.respirelavie.fr\/poitiers\/wp-json\/wp\/v2\/users\/4"}],"replies":[{"embeddable":true,"href":"https:\/\/www.respirelavie.fr\/poitiers\/wp-json\/wp\/v2\/comments?post=8233"}],"version-history":[{"count":0,"href":"https:\/\/www.respirelavie.fr\/poitiers\/wp-json\/wp\/v2\/pages\/8233\/revisions"}],"wp:attachment":[{"href":"https:\/\/www.respirelavie.fr\/poitiers\/wp-json\/wp\/v2\/media?parent=8233"}],"curies":[{"name":"wp","href":"https:\/\/api.w.org\/{rel}","templated":true}]}}