{"id":9357,"date":"2023-03-13T15:11:43","date_gmt":"2023-03-13T14:11:43","guid":{"rendered":"https:\/\/www.respirelavie.fr\/poitiers\/?page_id=9357"},"modified":"2023-03-13T15:22:43","modified_gmt":"2023-03-13T14:22:43","slug":"animations-creatives-2022","status":"publish","type":"page","link":"https:\/\/www.respirelavie.fr\/poitiers\/animations-creatives-2022\/","title":{"rendered":"Animations cr\u00e9atives 2022"},"content":{"rendered":"<p><img fetchpriority=\"high\" decoding=\"async\" class=\"size-full wp-image-7426\" src=\"https:\/\/www.respirelavie.fr\/poitiers\/wp-content\/uploads\/sites\/3\/2020\/03\/Fotolia_100644043_Subscription_Monthly_M.jpg\" alt=\"\" width=\"1686\" height=\"584\" srcset=\"https:\/\/www.respirelavie.fr\/poitiers\/wp-content\/uploads\/sites\/3\/2020\/03\/Fotolia_100644043_Subscription_Monthly_M.jpg 1686w, https:\/\/www.respirelavie.fr\/poitiers\/wp-content\/uploads\/sites\/3\/2020\/03\/Fotolia_100644043_Subscription_Monthly_M-300x104.jpg 300w, https:\/\/www.respirelavie.fr\/poitiers\/wp-content\/uploads\/sites\/3\/2020\/03\/Fotolia_100644043_Subscription_Monthly_M-1024x355.jpg 1024w, https:\/\/www.respirelavie.fr\/poitiers\/wp-content\/uploads\/sites\/3\/2020\/03\/Fotolia_100644043_Subscription_Monthly_M-768x266.jpg 768w, https:\/\/www.respirelavie.fr\/poitiers\/wp-content\/uploads\/sites\/3\/2020\/03\/Fotolia_100644043_Subscription_Monthly_M-1536x532.jpg 1536w, https:\/\/www.respirelavie.fr\/poitiers\/wp-content\/uploads\/sites\/3\/2020\/03\/Fotolia_100644043_Subscription_Monthly_M-150x52.jpg 150w, https:\/\/www.respirelavie.fr\/poitiers\/wp-content\/uploads\/sites\/3\/2020\/03\/Fotolia_100644043_Subscription_Monthly_M-500x173.jpg 500w\" sizes=\"(max-width: 1686px) 100vw, 1686px\" \/><\/p>\n<p style=\"text-align: justify;\">Venez profiter des animations cr\u00e9atives avec des d\u00e9monstrations ou de la mise en pratique : cuisine saine, z\u00e9ro d\u00e9chet, cosm\u00e9tiques naturelles, produits d\u2019entretien \u00e9cologiques, trucs et astuces \u00e9colo, ateliers recyclage, jardinage au naturel\u2026<\/p>\n<p><strong><span style=\"color: #93268f;\">Espace CHABICHOU<\/span><\/strong><\/p>\n<h2><strong>Vendredi 23 septembre 2022<\/strong><\/h2>\n<p><strong><span style=\"color: #93268f;\">11:00<\/span><\/strong> D\u00e9couverte des super-aliments &#8211; <strong><em>Leatitia Guern<\/em><\/strong><br \/>\n<strong><span style=\"color: #93268f;\">12:30 <\/span><\/strong>Feutre au savon &#8211;<strong><em>\u00a0Val\u00e9rie Texier<\/em><br \/>\n<\/strong><strong><span style=\"color: #93268f;\">14:00 <\/span><\/strong>Utilisation du bicarbonate, du percarbonate et les bienfaits de grenade concentr\u00e9e &#8211; <strong><em>Gagik Saakian<br \/>\n<\/em><span style=\"color: #93268f;\">15:30 <\/span><\/strong>Comment reconna\u00eetre un bon pain ? &#8211; <em><strong>Jean-Claude Berton<\/strong><\/em><br \/>\n<strong><span style=\"color: #93268f;\">17:00 <\/span><\/strong>Fabrication de son livre cartonero &#8211; <strong><em>Alicia Cuerva<br \/>\n<\/em><\/strong><\/p><div id=\"respi-1168528499\" class=\"respi-contenu respi-entity-placement\"><script async src=\"\/\/pagead2.googlesyndication.com\/pagead\/js\/adsbygoogle.js?client=ca-pub-7511070832818284\" crossorigin=\"anonymous\"><\/script><ins class=\"adsbygoogle\" style=\"display:block;\" data-ad-client=\"ca-pub-7511070832818284\" \ndata-ad-slot=\"4196289901\" \ndata-ad-format=\"auto\"><\/ins>\n<script> \n(adsbygoogle = window.adsbygoogle || []).push({}); \n<\/script>\n<\/div>\n<p>&nbsp;<\/p>\n<h2><strong>Samedi 24 septembre 2022<br \/>\n<\/strong><\/h2>\n<p><strong><span style=\"color: #93268f;\">11:00 <\/span><\/strong>D\u00e9couverte de vins de terroir &#8211; <em><strong>Vanlancker Ambroise<\/strong><\/em><strong><span style=\"color: #93268f;\"><br \/>\n12:30 <\/span><\/strong>D\u00e9couverte des super-aliments &#8211; <strong><em>Leatitia Guern<\/em><\/strong><strong><span style=\"color: #93268f;\"><br \/>\n14:00 <\/span><\/strong>Feutre \u00e0 l&rsquo;aiguille &#8211;<strong><em>\u00a0Val\u00e9rie Texier<\/em><\/strong><strong><span style=\"color: #93268f;\"><em><br \/>\n<\/em>15:30 <\/span><\/strong>La coloration 100% v\u00e9g\u00e9tale &#8211; ligne K coiffure\u00a0&#8211; <strong><em>Karine Garnier<\/em><span style=\"color: #93268f;\"><br \/>\n17:00 <\/span><\/strong>Utilisation du bicarbonate, du percarbonate et les bienfaits de grenade concentr\u00e9e &#8211; <strong><em>Gagik Saakian<br \/>\n<\/em><span style=\"color: #93268f;\">18:00 <\/span><\/strong>Comment reconna\u00eetre un bon chocolat ? &#8211; <em><strong>Jean-Claude Berton<\/strong><br \/>\n<\/em><\/p>\n<p>&nbsp;<\/p>\n<h2><strong>Dimanche 25 septembre 2022<\/strong><\/h2>\n<p><strong><span style=\"color: #93268f;\">11:00<\/span> <\/strong>Feutre au savon <strong>&#8211;<em>\u00a0Val\u00e9rie Texier<\/em><\/strong><br \/>\n<strong><span style=\"color: #93268f;\">12:30<\/span><\/strong> D\u00e9couverte des super-aliments &#8211; <strong><em>Leatitia Guern<\/em><\/strong><strong><br \/>\n<\/strong><strong><span style=\"color: #93268f;\">14:00 <\/span><\/strong>Utilisation du bicarbonate, du percarbonate et les bienfaits de grenade concentr\u00e9e <strong><em>&#8211; Gagik Saakian<br \/>\n<\/em><\/strong><strong><span style=\"color: #93268f;\">15:00 <\/span><\/strong>Initiation \u00e0 l&rsquo;aquarelle &#8211;<strong><em> Alicia Cuerva<\/em><\/strong><br \/>\n<strong><span style=\"color: #93268f;\">16:00 <\/span><\/strong>Feutre au savon &#8211;<strong><em>\u00a0Val\u00e9rie Texier<br \/>\n<\/em><span style=\"color: #93268f;\">17:00<\/span><\/strong> La coloration 100% v\u00e9g\u00e9tale &#8211; ligne K coiffure &#8211; <strong><em>Karine Garnier<\/em><em><br \/>\n<\/em><\/strong><\/p>\n<p>&nbsp;<\/p>\n","protected":false},"excerpt":{"rendered":"<p>Venez profiter des animations cr\u00e9atives avec des d\u00e9monstrations ou de la mise en pratique : cuisine saine, z\u00e9ro d\u00e9chet, cosm\u00e9tiques naturelles, produits d\u2019entretien \u00e9cologiques, trucs et astuces \u00e9colo, ateliers recyclage, jardinage au naturel\u2026 Espace CHABICHOU Vendredi 23 septembre 2022 11:00 D\u00e9couverte des super-aliments &#8211; Leatitia Guern 12:30 Feutre au savon &#8211;\u00a0Val\u00e9rie Texier 14:00 Utilisation du&hellip; <\/p>\n","protected":false},"author":7,"featured_media":0,"parent":0,"menu_order":0,"comment_status":"closed","ping_status":"closed","template":"","meta":{"_monsterinsights_skip_tracking":false,"_monsterinsights_sitenote_active":false,"_monsterinsights_sitenote_note":"","_monsterinsights_sitenote_category":0,"footnotes":""},"class_list":["post-9357","page","type-page","status-publish","hentry"],"yoast_head":"<!-- This site is optimized with the Yoast SEO plugin v27.3 - https:\/\/yoast.com\/product\/yoast-seo-wordpress\/ -->\n<title>Animations cr\u00e9atives 2022 - Salon RESPIRE LA VIE Poitiers<\/title>\n<meta name=\"robots\" content=\"index, follow, max-snippet:-1, max-image-preview:large, max-video-preview:-1\" \/>\n<link rel=\"canonical\" href=\"http:\/\/www.respirelavie.fr\/poitiers\/animations-creatives-2022\/\" \/>\n<meta property=\"og:locale\" content=\"fr_FR\" \/>\n<meta property=\"og:type\" content=\"article\" \/>\n<meta property=\"og:title\" content=\"Animations cr\u00e9atives 2022 - Salon RESPIRE LA VIE Poitiers\" \/>\n<meta property=\"og:description\" content=\"Venez profiter des animations cr\u00e9atives avec des d\u00e9monstrations ou de la mise en pratique : cuisine saine, z\u00e9ro d\u00e9chet, cosm\u00e9tiques naturelles, produits d\u2019entretien \u00e9cologiques, trucs et astuces \u00e9colo, ateliers recyclage, jardinage au naturel\u2026 Espace CHABICHOU Vendredi 23 septembre 2022 11:00 D\u00e9couverte des super-aliments &#8211; Leatitia Guern 12:30 Feutre au savon &#8211;\u00a0Val\u00e9rie Texier 14:00 Utilisation du&hellip;\" \/>\n<meta property=\"og:url\" content=\"http:\/\/www.respirelavie.fr\/poitiers\/animations-creatives-2022\/\" \/>\n<meta property=\"og:site_name\" content=\"Salon RESPIRE LA VIE Poitiers\" \/>\n<meta property=\"article:modified_time\" content=\"2023-03-13T14:22:43+00:00\" \/>\n<meta property=\"og:image\" content=\"https:\/\/www.respirelavie.fr\/poitiers\/wp-content\/uploads\/sites\/3\/2020\/03\/Fotolia_100644043_Subscription_Monthly_M.jpg\" \/>\n<meta name=\"twitter:card\" content=\"summary_large_image\" \/>\n<meta name=\"twitter:label1\" content=\"Dur\u00e9e de lecture estim\u00e9e\" \/>\n\t<meta name=\"twitter:data1\" content=\"1 minute\" \/>\n<script type=\"application\/ld+json\" class=\"yoast-schema-graph\">{\"@context\":\"https:\\\/\\\/schema.org\",\"@graph\":[{\"@type\":\"WebPage\",\"@id\":\"http:\\\/\\\/www.respirelavie.fr\\\/poitiers\\\/animations-creatives-2022\\\/\",\"url\":\"http:\\\/\\\/www.respirelavie.fr\\\/poitiers\\\/animations-creatives-2022\\\/\",\"name\":\"Animations cr\u00e9atives 2022 - Salon RESPIRE LA VIE Poitiers\",\"isPartOf\":{\"@id\":\"https:\\\/\\\/www.respirelavie.fr\\\/poitiers\\\/#website\"},\"primaryImageOfPage\":{\"@id\":\"http:\\\/\\\/www.respirelavie.fr\\\/poitiers\\\/animations-creatives-2022\\\/#primaryimage\"},\"image\":{\"@id\":\"http:\\\/\\\/www.respirelavie.fr\\\/poitiers\\\/animations-creatives-2022\\\/#primaryimage\"},\"thumbnailUrl\":\"https:\\\/\\\/www.respirelavie.fr\\\/poitiers\\\/wp-content\\\/uploads\\\/sites\\\/3\\\/2020\\\/03\\\/Fotolia_100644043_Subscription_Monthly_M.jpg\",\"datePublished\":\"2023-03-13T14:11:43+00:00\",\"dateModified\":\"2023-03-13T14:22:43+00:00\",\"breadcrumb\":{\"@id\":\"http:\\\/\\\/www.respirelavie.fr\\\/poitiers\\\/animations-creatives-2022\\\/#breadcrumb\"},\"inLanguage\":\"fr-FR\",\"potentialAction\":[{\"@type\":\"ReadAction\",\"target\":[\"http:\\\/\\\/www.respirelavie.fr\\\/poitiers\\\/animations-creatives-2022\\\/\"]}]},{\"@type\":\"ImageObject\",\"inLanguage\":\"fr-FR\",\"@id\":\"http:\\\/\\\/www.respirelavie.fr\\\/poitiers\\\/animations-creatives-2022\\\/#primaryimage\",\"url\":\"https:\\\/\\\/www.respirelavie.fr\\\/poitiers\\\/wp-content\\\/uploads\\\/sites\\\/3\\\/2020\\\/03\\\/Fotolia_100644043_Subscription_Monthly_M.jpg\",\"contentUrl\":\"https:\\\/\\\/www.respirelavie.fr\\\/poitiers\\\/wp-content\\\/uploads\\\/sites\\\/3\\\/2020\\\/03\\\/Fotolia_100644043_Subscription_Monthly_M.jpg\",\"width\":1686,\"height\":584,\"caption\":\"beauty, spa, therapy, natural cosmetics and wellness concept - close up of body care cosmetic products on wood\"},{\"@type\":\"BreadcrumbList\",\"@id\":\"http:\\\/\\\/www.respirelavie.fr\\\/poitiers\\\/animations-creatives-2022\\\/#breadcrumb\",\"itemListElement\":[{\"@type\":\"ListItem\",\"position\":1,\"name\":\"Accueil\",\"item\":\"https:\\\/\\\/www.respirelavie.fr\\\/poitiers\\\/\"},{\"@type\":\"ListItem\",\"position\":2,\"name\":\"Animations cr\u00e9atives 2022\"}]},{\"@type\":\"WebSite\",\"@id\":\"https:\\\/\\\/www.respirelavie.fr\\\/poitiers\\\/#website\",\"url\":\"https:\\\/\\\/www.respirelavie.fr\\\/poitiers\\\/\",\"name\":\"Salon RESPIRE LA VIE Poitiers\",\"description\":\"RESPIRE : votre salon bio, bien-\u00eatre et habitat sain \u00e0 Poitiers\",\"publisher\":{\"@id\":\"https:\\\/\\\/www.respirelavie.fr\\\/poitiers\\\/#organization\"},\"potentialAction\":[{\"@type\":\"SearchAction\",\"target\":{\"@type\":\"EntryPoint\",\"urlTemplate\":\"https:\\\/\\\/www.respirelavie.fr\\\/poitiers\\\/?s={search_term_string}\"},\"query-input\":{\"@type\":\"PropertyValueSpecification\",\"valueRequired\":true,\"valueName\":\"search_term_string\"}}],\"inLanguage\":\"fr-FR\"},{\"@type\":\"Organization\",\"@id\":\"https:\\\/\\\/www.respirelavie.fr\\\/poitiers\\\/#organization\",\"name\":\"Salon RESPIRE LA VIE Poitiers\",\"url\":\"https:\\\/\\\/www.respirelavie.fr\\\/poitiers\\\/\",\"logo\":{\"@type\":\"ImageObject\",\"inLanguage\":\"fr-FR\",\"@id\":\"https:\\\/\\\/www.respirelavie.fr\\\/poitiers\\\/#\\\/schema\\\/logo\\\/image\\\/\",\"url\":\"https:\\\/\\\/www.respirelavie.fr\\\/poitiers\\\/wp-content\\\/uploads\\\/sites\\\/3\\\/2024\\\/03\\\/Logo-RESPIRE-LA-VIE-poitiers.jpg\",\"contentUrl\":\"https:\\\/\\\/www.respirelavie.fr\\\/poitiers\\\/wp-content\\\/uploads\\\/sites\\\/3\\\/2024\\\/03\\\/Logo-RESPIRE-LA-VIE-poitiers.jpg\",\"width\":470,\"height\":262,\"caption\":\"Salon RESPIRE LA VIE Poitiers\"},\"image\":{\"@id\":\"https:\\\/\\\/www.respirelavie.fr\\\/poitiers\\\/#\\\/schema\\\/logo\\\/image\\\/\"}}]}<\/script>\n<!-- \/ Yoast SEO plugin. -->","yoast_head_json":{"title":"Animations cr\u00e9atives 2022 - Salon RESPIRE LA VIE Poitiers","robots":{"index":"index","follow":"follow","max-snippet":"max-snippet:-1","max-image-preview":"max-image-preview:large","max-video-preview":"max-video-preview:-1"},"canonical":"http:\/\/www.respirelavie.fr\/poitiers\/animations-creatives-2022\/","og_locale":"fr_FR","og_type":"article","og_title":"Animations cr\u00e9atives 2022 - Salon RESPIRE LA VIE Poitiers","og_description":"Venez profiter des animations cr\u00e9atives avec des d\u00e9monstrations ou de la mise en pratique : cuisine saine, z\u00e9ro d\u00e9chet, cosm\u00e9tiques naturelles, produits d\u2019entretien \u00e9cologiques, trucs et astuces \u00e9colo, ateliers recyclage, jardinage au naturel\u2026 Espace CHABICHOU Vendredi 23 septembre 2022 11:00 D\u00e9couverte des super-aliments &#8211; Leatitia Guern 12:30 Feutre au savon &#8211;\u00a0Val\u00e9rie Texier 14:00 Utilisation du&hellip;","og_url":"http:\/\/www.respirelavie.fr\/poitiers\/animations-creatives-2022\/","og_site_name":"Salon RESPIRE LA VIE Poitiers","article_modified_time":"2023-03-13T14:22:43+00:00","og_image":[{"url":"https:\/\/www.respirelavie.fr\/poitiers\/wp-content\/uploads\/sites\/3\/2020\/03\/Fotolia_100644043_Subscription_Monthly_M.jpg","type":"","width":"","height":""}],"twitter_card":"summary_large_image","twitter_misc":{"Dur\u00e9e de lecture estim\u00e9e":"1 minute"},"schema":{"@context":"https:\/\/schema.org","@graph":[{"@type":"WebPage","@id":"http:\/\/www.respirelavie.fr\/poitiers\/animations-creatives-2022\/","url":"http:\/\/www.respirelavie.fr\/poitiers\/animations-creatives-2022\/","name":"Animations cr\u00e9atives 2022 - Salon RESPIRE LA VIE Poitiers","isPartOf":{"@id":"https:\/\/www.respirelavie.fr\/poitiers\/#website"},"primaryImageOfPage":{"@id":"http:\/\/www.respirelavie.fr\/poitiers\/animations-creatives-2022\/#primaryimage"},"image":{"@id":"http:\/\/www.respirelavie.fr\/poitiers\/animations-creatives-2022\/#primaryimage"},"thumbnailUrl":"https:\/\/www.respirelavie.fr\/poitiers\/wp-content\/uploads\/sites\/3\/2020\/03\/Fotolia_100644043_Subscription_Monthly_M.jpg","datePublished":"2023-03-13T14:11:43+00:00","dateModified":"2023-03-13T14:22:43+00:00","breadcrumb":{"@id":"http:\/\/www.respirelavie.fr\/poitiers\/animations-creatives-2022\/#breadcrumb"},"inLanguage":"fr-FR","potentialAction":[{"@type":"ReadAction","target":["http:\/\/www.respirelavie.fr\/poitiers\/animations-creatives-2022\/"]}]},{"@type":"ImageObject","inLanguage":"fr-FR","@id":"http:\/\/www.respirelavie.fr\/poitiers\/animations-creatives-2022\/#primaryimage","url":"https:\/\/www.respirelavie.fr\/poitiers\/wp-content\/uploads\/sites\/3\/2020\/03\/Fotolia_100644043_Subscription_Monthly_M.jpg","contentUrl":"https:\/\/www.respirelavie.fr\/poitiers\/wp-content\/uploads\/sites\/3\/2020\/03\/Fotolia_100644043_Subscription_Monthly_M.jpg","width":1686,"height":584,"caption":"beauty, spa, therapy, natural cosmetics and wellness concept - close up of body care cosmetic products on wood"},{"@type":"BreadcrumbList","@id":"http:\/\/www.respirelavie.fr\/poitiers\/animations-creatives-2022\/#breadcrumb","itemListElement":[{"@type":"ListItem","position":1,"name":"Accueil","item":"https:\/\/www.respirelavie.fr\/poitiers\/"},{"@type":"ListItem","position":2,"name":"Animations cr\u00e9atives 2022"}]},{"@type":"WebSite","@id":"https:\/\/www.respirelavie.fr\/poitiers\/#website","url":"https:\/\/www.respirelavie.fr\/poitiers\/","name":"Salon RESPIRE LA VIE Poitiers","description":"RESPIRE : votre salon bio, bien-\u00eatre et habitat sain \u00e0 Poitiers","publisher":{"@id":"https:\/\/www.respirelavie.fr\/poitiers\/#organization"},"potentialAction":[{"@type":"SearchAction","target":{"@type":"EntryPoint","urlTemplate":"https:\/\/www.respirelavie.fr\/poitiers\/?s={search_term_string}"},"query-input":{"@type":"PropertyValueSpecification","valueRequired":true,"valueName":"search_term_string"}}],"inLanguage":"fr-FR"},{"@type":"Organization","@id":"https:\/\/www.respirelavie.fr\/poitiers\/#organization","name":"Salon RESPIRE LA VIE Poitiers","url":"https:\/\/www.respirelavie.fr\/poitiers\/","logo":{"@type":"ImageObject","inLanguage":"fr-FR","@id":"https:\/\/www.respirelavie.fr\/poitiers\/#\/schema\/logo\/image\/","url":"https:\/\/www.respirelavie.fr\/poitiers\/wp-content\/uploads\/sites\/3\/2024\/03\/Logo-RESPIRE-LA-VIE-poitiers.jpg","contentUrl":"https:\/\/www.respirelavie.fr\/poitiers\/wp-content\/uploads\/sites\/3\/2024\/03\/Logo-RESPIRE-LA-VIE-poitiers.jpg","width":470,"height":262,"caption":"Salon RESPIRE LA VIE Poitiers"},"image":{"@id":"https:\/\/www.respirelavie.fr\/poitiers\/#\/schema\/logo\/image\/"}}]}},"_links":{"self":[{"href":"https:\/\/www.respirelavie.fr\/poitiers\/wp-json\/wp\/v2\/pages\/9357","targetHints":{"allow":["GET"]}}],"collection":[{"href":"https:\/\/www.respirelavie.fr\/poitiers\/wp-json\/wp\/v2\/pages"}],"about":[{"href":"https:\/\/www.respirelavie.fr\/poitiers\/wp-json\/wp\/v2\/types\/page"}],"author":[{"embeddable":true,"href":"https:\/\/www.respirelavie.fr\/poitiers\/wp-json\/wp\/v2\/users\/7"}],"replies":[{"embeddable":true,"href":"https:\/\/www.respirelavie.fr\/poitiers\/wp-json\/wp\/v2\/comments?post=9357"}],"version-history":[{"count":0,"href":"https:\/\/www.respirelavie.fr\/poitiers\/wp-json\/wp\/v2\/pages\/9357\/revisions"}],"wp:attachment":[{"href":"https:\/\/www.respirelavie.fr\/poitiers\/wp-json\/wp\/v2\/media?parent=9357"}],"curies":[{"name":"wp","href":"https:\/\/api.w.org\/{rel}","templated":true}]}}