{"id":10098,"date":"2023-09-14T12:38:55","date_gmt":"2023-09-14T10:38:55","guid":{"rendered":"https:\/\/www.respirelavie.fr\/poitiers\/?post_type=wpbdp_listing&p=10098"},"modified":"2023-09-14T12:38:55","modified_gmt":"2023-09-14T10:38:55","slug":"naitre-et-grandir","status":"publish","type":"wpbdp_listing","link":"https:\/\/www.respirelavie.fr\/poitiers\/visiter\/liste-des-exposants\/naitre-et-grandir\/","title":{"rendered":"NA\u00ceTRE ET GRANDIR"},"content":{"rendered":"<p>L&rsquo;association \u00ab\u00a0Na\u00eetre et Grandir 86\u00a0\u00bb est un collectif autour de la grossesse, la naissance, la parentalit\u00e9 et la petite enfance. Vous pourrez trouver des ateliers de transmission, de partage, de discussion sur les th\u00e8mes la naissance physiologique, l\u2019allaitement, portage en \u00e9charpe, etc. Vous pourrez \u00e9galement trouver des r\u00e9f\u00e9rences de professionnelles qui oeuvrent pour le bien-\u00eatre des parents et b\u00e9b\u00e9s.<\/p>\n","protected":false},"excerpt":{"rendered":"<p>L&rsquo;association \u00ab\u00a0Na\u00eetre et Grandir 86\u00a0\u00bb est un collectif autour de la grossesse, la naissance, la parentalit\u00e9 et la petite enfance. Vous pourrez trouver des ateliers de transmission, de partage, de discussion sur les th\u00e8mes la naissance physiologique, l\u2019allaitement, portage en \u00e9charpe, etc. Vous pourrez \u00e9galement trouver des r\u00e9f\u00e9rences de professionnelles qui oeuvrent pour le bien-\u00eatre&hellip; <\/p>\n","protected":false},"author":1,"featured_media":0,"comment_status":"closed","ping_status":"closed","template":"","meta":{"_monsterinsights_skip_tracking":false,"_monsterinsights_sitenote_active":false,"_monsterinsights_sitenote_note":"","_monsterinsights_sitenote_category":0},"wpbdp_category":[348],"wpbdp_tag":[],"class_list":["post-10098","wpbdp_listing","type-wpbdp_listing","status-publish","hentry","wpbdp_category-developpement-personnel-medecines-douces-therapeutes-formations-massages"],"yoast_head":"<!-- This site is optimized with the Yoast SEO plugin v27.3 - https:\/\/yoast.com\/product\/yoast-seo-wordpress\/ -->\n<title>NA\u00ceTRE ET GRANDIR - Salon RESPIRE LA VIE Poitiers<\/title>\n<meta name=\"robots\" content=\"index, follow, max-snippet:-1, max-image-preview:large, max-video-preview:-1\" \/>\n<link rel=\"canonical\" href=\"https:\/\/www.respirelavie.fr\/poitiers\/visiter\/liste-des-exposants\/naitre-et-grandir\/\" \/>\n<meta property=\"og:locale\" content=\"fr_FR\" \/>\n<meta property=\"og:type\" content=\"article\" \/>\n<meta property=\"og:title\" content=\"NA\u00ceTRE ET GRANDIR - Salon RESPIRE LA VIE Poitiers\" \/>\n<meta property=\"og:description\" content=\"L&rsquo;association \u00ab\u00a0Na\u00eetre et Grandir 86\u00a0\u00bb est un collectif autour de la grossesse, la naissance, la parentalit\u00e9 et la petite enfance. Vous pourrez trouver des ateliers de transmission, de partage, de discussion sur les th\u00e8mes la naissance physiologique, l\u2019allaitement, portage en \u00e9charpe, etc. Vous pourrez \u00e9galement trouver des r\u00e9f\u00e9rences de professionnelles qui oeuvrent pour le bien-\u00eatre&hellip;\" \/>\n<meta property=\"og:url\" content=\"https:\/\/www.respirelavie.fr\/poitiers\/visiter\/liste-des-exposants\/naitre-et-grandir\/\" \/>\n<meta property=\"og:site_name\" content=\"Salon RESPIRE LA VIE Poitiers\" \/>\n<meta name=\"twitter:card\" content=\"summary_large_image\" \/>\n<script type=\"application\/ld+json\" class=\"yoast-schema-graph\">{\"@context\":\"https:\\\/\\\/schema.org\",\"@graph\":[{\"@type\":\"WebPage\",\"@id\":\"https:\\\/\\\/www.respirelavie.fr\\\/poitiers\\\/visiter\\\/liste-des-exposants\\\/naitre-et-grandir\\\/\",\"url\":\"https:\\\/\\\/www.respirelavie.fr\\\/poitiers\\\/visiter\\\/liste-des-exposants\\\/naitre-et-grandir\\\/\",\"name\":\"NA\u00ceTRE ET GRANDIR - Salon RESPIRE LA VIE Poitiers\",\"isPartOf\":{\"@id\":\"https:\\\/\\\/www.respirelavie.fr\\\/poitiers\\\/#website\"},\"datePublished\":\"2023-09-14T10:38:55+00:00\",\"breadcrumb\":{\"@id\":\"https:\\\/\\\/www.respirelavie.fr\\\/poitiers\\\/visiter\\\/liste-des-exposants\\\/naitre-et-grandir\\\/#breadcrumb\"},\"inLanguage\":\"fr-FR\",\"potentialAction\":[{\"@type\":\"ReadAction\",\"target\":[\"https:\\\/\\\/www.respirelavie.fr\\\/poitiers\\\/visiter\\\/liste-des-exposants\\\/naitre-et-grandir\\\/\"]}]},{\"@type\":\"BreadcrumbList\",\"@id\":\"https:\\\/\\\/www.respirelavie.fr\\\/poitiers\\\/visiter\\\/liste-des-exposants\\\/naitre-et-grandir\\\/#breadcrumb\",\"itemListElement\":[{\"@type\":\"ListItem\",\"position\":1,\"name\":\"Accueil\",\"item\":\"https:\\\/\\\/www.respirelavie.fr\\\/poitiers\\\/\"},{\"@type\":\"ListItem\",\"position\":2,\"name\":\"NA\u00ceTRE ET GRANDIR\"}]},{\"@type\":\"WebSite\",\"@id\":\"https:\\\/\\\/www.respirelavie.fr\\\/poitiers\\\/#website\",\"url\":\"https:\\\/\\\/www.respirelavie.fr\\\/poitiers\\\/\",\"name\":\"Salon RESPIRE LA VIE Poitiers\",\"description\":\"RESPIRE : votre salon bio, bien-\u00eatre et habitat sain \u00e0 Poitiers\",\"publisher\":{\"@id\":\"https:\\\/\\\/www.respirelavie.fr\\\/poitiers\\\/#organization\"},\"potentialAction\":[{\"@type\":\"SearchAction\",\"target\":{\"@type\":\"EntryPoint\",\"urlTemplate\":\"https:\\\/\\\/www.respirelavie.fr\\\/poitiers\\\/?s={search_term_string}\"},\"query-input\":{\"@type\":\"PropertyValueSpecification\",\"valueRequired\":true,\"valueName\":\"search_term_string\"}}],\"inLanguage\":\"fr-FR\"},{\"@type\":\"Organization\",\"@id\":\"https:\\\/\\\/www.respirelavie.fr\\\/poitiers\\\/#organization\",\"name\":\"Salon RESPIRE LA VIE Poitiers\",\"url\":\"https:\\\/\\\/www.respirelavie.fr\\\/poitiers\\\/\",\"logo\":{\"@type\":\"ImageObject\",\"inLanguage\":\"fr-FR\",\"@id\":\"https:\\\/\\\/www.respirelavie.fr\\\/poitiers\\\/#\\\/schema\\\/logo\\\/image\\\/\",\"url\":\"https:\\\/\\\/www.respirelavie.fr\\\/poitiers\\\/wp-content\\\/uploads\\\/sites\\\/3\\\/2024\\\/03\\\/Logo-RESPIRE-LA-VIE-poitiers.jpg\",\"contentUrl\":\"https:\\\/\\\/www.respirelavie.fr\\\/poitiers\\\/wp-content\\\/uploads\\\/sites\\\/3\\\/2024\\\/03\\\/Logo-RESPIRE-LA-VIE-poitiers.jpg\",\"width\":470,\"height\":262,\"caption\":\"Salon RESPIRE LA VIE Poitiers\"},\"image\":{\"@id\":\"https:\\\/\\\/www.respirelavie.fr\\\/poitiers\\\/#\\\/schema\\\/logo\\\/image\\\/\"}}]}<\/script>\n<!-- \/ Yoast SEO plugin. -->","yoast_head_json":{"title":"NA\u00ceTRE ET GRANDIR - Salon RESPIRE LA VIE Poitiers","robots":{"index":"index","follow":"follow","max-snippet":"max-snippet:-1","max-image-preview":"max-image-preview:large","max-video-preview":"max-video-preview:-1"},"canonical":"https:\/\/www.respirelavie.fr\/poitiers\/visiter\/liste-des-exposants\/naitre-et-grandir\/","og_locale":"fr_FR","og_type":"article","og_title":"NA\u00ceTRE ET GRANDIR - Salon RESPIRE LA VIE Poitiers","og_description":"L&rsquo;association \u00ab\u00a0Na\u00eetre et Grandir 86\u00a0\u00bb est un collectif autour de la grossesse, la naissance, la parentalit\u00e9 et la petite enfance. Vous pourrez trouver des ateliers de transmission, de partage, de discussion sur les th\u00e8mes la naissance physiologique, l\u2019allaitement, portage en \u00e9charpe, etc. Vous pourrez \u00e9galement trouver des r\u00e9f\u00e9rences de professionnelles qui oeuvrent pour le bien-\u00eatre&hellip;","og_url":"https:\/\/www.respirelavie.fr\/poitiers\/visiter\/liste-des-exposants\/naitre-et-grandir\/","og_site_name":"Salon RESPIRE LA VIE Poitiers","twitter_card":"summary_large_image","schema":{"@context":"https:\/\/schema.org","@graph":[{"@type":"WebPage","@id":"https:\/\/www.respirelavie.fr\/poitiers\/visiter\/liste-des-exposants\/naitre-et-grandir\/","url":"https:\/\/www.respirelavie.fr\/poitiers\/visiter\/liste-des-exposants\/naitre-et-grandir\/","name":"NA\u00ceTRE ET GRANDIR - Salon RESPIRE LA VIE Poitiers","isPartOf":{"@id":"https:\/\/www.respirelavie.fr\/poitiers\/#website"},"datePublished":"2023-09-14T10:38:55+00:00","breadcrumb":{"@id":"https:\/\/www.respirelavie.fr\/poitiers\/visiter\/liste-des-exposants\/naitre-et-grandir\/#breadcrumb"},"inLanguage":"fr-FR","potentialAction":[{"@type":"ReadAction","target":["https:\/\/www.respirelavie.fr\/poitiers\/visiter\/liste-des-exposants\/naitre-et-grandir\/"]}]},{"@type":"BreadcrumbList","@id":"https:\/\/www.respirelavie.fr\/poitiers\/visiter\/liste-des-exposants\/naitre-et-grandir\/#breadcrumb","itemListElement":[{"@type":"ListItem","position":1,"name":"Accueil","item":"https:\/\/www.respirelavie.fr\/poitiers\/"},{"@type":"ListItem","position":2,"name":"NA\u00ceTRE ET GRANDIR"}]},{"@type":"WebSite","@id":"https:\/\/www.respirelavie.fr\/poitiers\/#website","url":"https:\/\/www.respirelavie.fr\/poitiers\/","name":"Salon RESPIRE LA VIE Poitiers","description":"RESPIRE : votre salon bio, bien-\u00eatre et habitat sain \u00e0 Poitiers","publisher":{"@id":"https:\/\/www.respirelavie.fr\/poitiers\/#organization"},"potentialAction":[{"@type":"SearchAction","target":{"@type":"EntryPoint","urlTemplate":"https:\/\/www.respirelavie.fr\/poitiers\/?s={search_term_string}"},"query-input":{"@type":"PropertyValueSpecification","valueRequired":true,"valueName":"search_term_string"}}],"inLanguage":"fr-FR"},{"@type":"Organization","@id":"https:\/\/www.respirelavie.fr\/poitiers\/#organization","name":"Salon RESPIRE LA VIE Poitiers","url":"https:\/\/www.respirelavie.fr\/poitiers\/","logo":{"@type":"ImageObject","inLanguage":"fr-FR","@id":"https:\/\/www.respirelavie.fr\/poitiers\/#\/schema\/logo\/image\/","url":"https:\/\/www.respirelavie.fr\/poitiers\/wp-content\/uploads\/sites\/3\/2024\/03\/Logo-RESPIRE-LA-VIE-poitiers.jpg","contentUrl":"https:\/\/www.respirelavie.fr\/poitiers\/wp-content\/uploads\/sites\/3\/2024\/03\/Logo-RESPIRE-LA-VIE-poitiers.jpg","width":470,"height":262,"caption":"Salon RESPIRE LA VIE Poitiers"},"image":{"@id":"https:\/\/www.respirelavie.fr\/poitiers\/#\/schema\/logo\/image\/"}}]}},"_links":{"self":[{"href":"https:\/\/www.respirelavie.fr\/poitiers\/wp-json\/wp\/v2\/wpbdp_listing\/10098","targetHints":{"allow":["GET"]}}],"collection":[{"href":"https:\/\/www.respirelavie.fr\/poitiers\/wp-json\/wp\/v2\/wpbdp_listing"}],"about":[{"href":"https:\/\/www.respirelavie.fr\/poitiers\/wp-json\/wp\/v2\/types\/wpbdp_listing"}],"author":[{"embeddable":true,"href":"https:\/\/www.respirelavie.fr\/poitiers\/wp-json\/wp\/v2\/users\/1"}],"replies":[{"embeddable":true,"href":"https:\/\/www.respirelavie.fr\/poitiers\/wp-json\/wp\/v2\/comments?post=10098"}],"wp:attachment":[{"href":"https:\/\/www.respirelavie.fr\/poitiers\/wp-json\/wp\/v2\/media?parent=10098"}],"wp:term":[{"taxonomy":"wpbdp_category","embeddable":true,"href":"https:\/\/www.respirelavie.fr\/poitiers\/wp-json\/wp\/v2\/wpbdp_category?post=10098"},{"taxonomy":"wpbdp_tag","embeddable":true,"href":"https:\/\/www.respirelavie.fr\/poitiers\/wp-json\/wp\/v2\/wpbdp_tag?post=10098"}],"curies":[{"name":"wp","href":"https:\/\/api.w.org\/{rel}","templated":true}]}}