{"id":11050,"date":"2024-11-12T10:44:26","date_gmt":"2024-11-12T09:44:26","guid":{"rendered":"https:\/\/www.respirelavie.fr\/rennes\/?page_id=11050"},"modified":"2024-11-12T10:44:26","modified_gmt":"2024-11-12T09:44:26","slug":"conferences-2024","status":"publish","type":"page","link":"https:\/\/www.respirelavie.fr\/rennes\/conferences-2024\/","title":{"rendered":"Conf\u00e9rences 2024"},"content":{"rendered":"<p>Des conf\u00e9rences sont organis\u00e9es pour permettre au public de d\u00e9couvrir et mieux comprendre les m\u00e9thodes et les produits pr\u00e9sent\u00e9s sur le salon.<\/p>\n<p><strong><span style=\"color: #4fad5b;\">Salle VILAINE<\/span>\u00a0<\/strong><br \/>\n<strong><span style=\"color: #2f6ebb;\">Salle SAINT-ANNE<\/span>\u00a0<\/strong><br \/>\n<span style=\"color: #dd8343;\"><strong>Salle THABOR<\/strong><\/span><br \/>\n<span style=\"color: #68349b;\"><strong>Salle LES LICES<\/strong><\/span><\/p>\n<h2>Vendredi 16 f\u00e9vrier<\/h2>\n<p><span style=\"color: #68349b;\"><strong>11:00<\/strong><\/span> Les piliers d&#8217;une alimentation haute vitalit\u00e9 <em><strong>&#8211; Rozenn Dubreil<\/strong><\/em><br \/>\n<span style=\"color: #4fad5b;\"><strong>11:30<\/strong><\/span> Sophrologie &amp; m\u00e9ditation : votre bo\u00eete \u00e0 outils mieux-\u00eatre <em><strong>&#8211; Caroline Mangiaracina<\/strong><\/em><br \/>\n<span style=\"color: #2f6ebb;\"><strong>12:00<\/strong><\/span> La Num\u00e9rologie pour d\u00e9couvrir son chemin de vie<em><strong> &#8211; Marie Wecxsteen<br \/>\n<\/strong><\/em><span style=\"color: #dd8343;\"><strong>12:00<\/strong><\/span> 5 jours pour aller mieux <em><strong>&#8211; Pascal Bertrand et Dominique Bourdin<br \/>\n<\/strong><\/em><strong><span style=\"color: #68349b;\">12:00<\/span><\/strong> Stress, d\u00e9prime, burn out\u00a0: quelles solutions naturelles\u00a0? <em><strong>&#8211; Pauline Le Dreff<\/strong><\/em><br \/>\n<span style=\"color: #4fad5b;\"><strong>13:00<\/strong><\/span> Bienfaits, utilisation des min\u00e9raux <em><strong>&#8211; Jean-Claude Kennedec<br \/>\n<\/strong><\/em><strong><span style=\"color: #dd8343;\">13:00<\/span><\/strong> Les m\u00e9taux lourds : origines, incidences, les mesurer, les solutions <em><strong>&#8211; Armand Bensemhoun<\/strong><\/em><br \/>\n<span style=\"color: #4fad5b;\"><strong>14:00<\/strong> <\/span>Equilibre Acido-basique, le conna\u00eetre et le maintenir pour une sant\u00e9 optimale<em><strong> &#8211; Patricia Paisant<\/strong><\/em><br \/>\n<span style=\"color: #2f6ebb;\"><strong>14:00<\/strong><\/span> Notre ADN est intouchable! Comment, selon Antoine B\u00e9champ et avec la m\u00e9thode France Guillain, il se r\u00e9g\u00e9n\u00e8re ?<em><strong> &#8211; Antoine B\u00e9champ et France Guillain<\/strong><\/em><br \/>\n<span style=\"color: #dd8343;\"><strong>14:00<\/strong><\/span> Retrouver et gu\u00e9rir son enfant int\u00e9rieur : La R\u00e9silience. Gu\u00e9rir le pass\u00e9 pour vivre pleinement l\u2019instant pr\u00e9sent<em><strong> &#8211; H\u00e9l\u00e8ne Girardin<\/strong><\/em><br \/>\n<span style=\"color: #68349b;\"><strong>14:00<\/strong><\/span> Les plantes sauvages au secours de nos articulations et de notre sant\u00e9. Les bons conseils du P\u00e8re Jean<em> <strong>&#8211; Jean-p\u00f4l Clesse<\/strong><\/em><br \/>\n<span style=\"color: #4fad5b;\"><strong>15:00<\/strong><\/span> L\u2019art du yoga, un voyage du corps physique aux dimensions subtiles<em><strong> &#8211; Sreemati<\/strong><\/em><br \/>\n<span style=\"color: #2f6ebb;\"><strong>15:00<\/strong><\/span> Comment circule l&#8217;\u00e9nergie dans nos lieux de vie et en nous au quotidien ?<em> <strong>&#8211; Serge Moinet<\/strong><\/em><br \/>\n<span style=\"color: #dd8343;\"><strong>15:00<\/strong><\/span> Incroyable pouvoir de l&#8217;acupuncture ! Quelle acupuncture pour am\u00e9liorer la sant\u00e9 au quotidien ? <em><strong>&#8211; Hwang Chang<\/strong><\/em><br \/>\n<span style=\"color: #68349b;\"><strong>15:00<\/strong><\/span> Orgonites, protection des ondes \u00e9lectromagn\u00e9tiques et g\u00e9obiologie<em> <strong>&#8211; Thierry Hermann<\/strong><\/em><br \/>\n<span style=\"color: #2f6ebb;\"><strong>16:00<\/strong><\/span> Comment agir contre les tensions musculaires de la t\u00eate, de la nuque et du dos<em><strong> &#8211; Alfred Pfennig<\/strong><\/em><br \/>\n<span style=\"color: #dd8343;\"><strong>16:00<\/strong><\/span> Plasma marin, eau de mer \/ S\u00e8ve de bouleau \/ Argile : 3 solutions naturelles fondamentales <em><strong>&#8211; Gr\u00e9goire Cadeau<\/strong><\/em><br \/>\n<span style=\"color: #4fad5b;\"><strong>16:30<\/strong><\/span> La sophro-analyse Conscienc\u00e9a : union de la psychologie, la spiritualit\u00e9 et les neurosciences pour une lib\u00e9ration compl\u00e8te<em><strong> &#8211; Edwige Machelard<br \/>\n<\/strong><\/em><strong><span style=\"color: #2f6ebb;\">17:00 <\/span><\/strong>Et si vous preniez enfin soin de vous ! <em><strong>&#8211; Catherine Gruner<\/strong><\/em><br \/>\n<span style=\"color: #dd8343;\"><strong>17:00<\/strong> <\/span>Le voyage int\u00e9rieur initiatique : r\u00e9veillez le h\u00e9ros qui sommeille en vous <em><strong>&#8211; H\u00e9l\u00e8ne Girardin<br \/>\n<\/strong><\/em><strong><span style=\"color: #2f6ebb;\">18:00 <\/span><\/strong>D\u00e9couverte de la sophrologie (atelier bien-\u00eatre) <em><strong>&#8211; Charlotte Debest<br \/>\n<\/strong><\/em><\/p>\n<h2>Samedi 17 f\u00e9vrier<\/h2>\n<p><span style=\"color: #4fad5b;\"><strong>10:30<\/strong><\/span> Les piliers d&#8217;une alimentation haute vitalit\u00e9 <em><strong>&#8211; Rozenn Dubreil<\/strong><\/em><em><strong><br \/>\n<\/strong><\/em><strong><span style=\"color: #dd8343;\">11<\/span><\/strong><strong><span style=\"color: #dd8343;\">:00<\/span><\/strong> Voyager autour du monde pour se retrouver soi<strong>\u00a0<\/strong><em><strong>&#8211; Oowake Voyages<br \/>\n<\/strong><\/em><strong><span style=\"color: #68349b;\">11:00<\/span><\/strong> Linequartz : comment restaurer sa sant\u00e9 par la r\u00e9harmonisation de son champs vibratoire <em><strong>&#8211; Hel\u00e8ne Leroy et Herv\u00e9 Fortin<\/strong><\/em><br \/>\n<span style=\"color: #4fad5b;\"><strong>11:30<\/strong><\/span> La sophrologie avec les enfants et les adolescents &#8211; Une aide pr\u00e9cieuse au quotidien<em> <strong>&#8211; Laurence Le Henry<\/strong><\/em><br \/>\n<span style=\"color: #2f6ebb;\"><strong>12:00<\/strong><\/span> La Num\u00e9rologie pour conna\u00eetre nos cycles de vie<em> <strong>&#8211; Marie Wecxsteen<br \/>\n<\/strong><\/em><span style=\"color: #dd8343;\"><strong>12:00<\/strong><\/span> Et si vous deveniez enfin qui vous \u00eates ! <em><strong>&#8211; Catherine Gruner<\/strong><\/em><br \/>\n<span style=\"color: #68349b;\"><strong>12:00<\/strong><\/span> G\u00e9rer son stress par la m\u00e9ditation de pleine conscience <em><strong>&#8211; Val\u00e9rie Vaissaire<\/strong><\/em><br \/>\n<span style=\"color: #4fad5b;\"><strong>13:00<\/strong><\/span> Bienfaits, utilisation des min\u00e9raux <em><strong>&#8211; Jean-Claude Kennedec<\/strong><\/em><br \/>\n<span style=\"color: #2f6ebb;\"><strong>13:00<\/strong><\/span> S&#8217;imaginer vieillir tout en \u00e9tant \u00e9panoui<em><strong> &#8211; Sylvie Hurel<\/strong><\/em><br \/>\n<span style=\"color: #dd8343;\"><strong>13:00<\/strong><\/span> Notre peau, nos cheveux sont nos ambassadeurs ! Comment les r\u00e9parer, les maintenir ? <em><strong>&#8211; France Guillain<\/strong><\/em><br \/>\n<span style=\"color: #68349b;\"><strong>13:00<\/strong><\/span> Retrouver et gu\u00e9rir son enfant int\u00e9rieur : La R\u00e9silience. Gu\u00e9rir le pass\u00e9 pour vivre pleinement l\u2019instant pr\u00e9sent<em><strong> &#8211; H\u00e9l\u00e8ne Girardin<\/strong><\/em><br \/>\n<span style=\"color: #4fad5b;\"><strong>14:00<\/strong><\/span> Intestin et microbiote au centre de la sant\u00e9 et des \u00e9motions <em><strong>&#8211; Patricia Paisant<\/strong><\/em><br \/>\n<span style=\"color: #2f6ebb;\"><strong>14:00<\/strong><\/span> Qu&#8217;est-ce que la kin\u00e9siologie ? <em><strong>&#8211; Emmanuelle Hermen<\/strong><\/em><br \/>\n<span style=\"color: #dd8343;\"><strong>14:00<\/strong> <\/span>S&#8217;aligner avec sa mission de vie <em><strong>&#8211; Laurence Thievin<\/strong><\/em><br \/>\n<span style=\"color: #68349b;\"><strong>14:00<\/strong><\/span> L&#8217;hypnose Ericksonni\u00e8nne, une approche respectueuse de l&#8217;humain <em><strong>&#8211; Olivier Thevenin<\/strong><\/em><br \/>\n<span style=\"color: #4fad5b;\"><strong>15:00<\/strong><\/span> Vos 4 dimensions \u00e9nerg\u00e9tiques et leur implication dans votre vie quotidienne<em><strong> &#8211; Mary-Laure Teyssedre<\/strong><\/em><br \/>\n<span style=\"color: #2f6ebb;\"><strong>15:00<\/strong><\/span> Comment circule l&#8217;\u00e9nergie dans nos lieux de vie et en nous au quotidien ?<em> <strong>&#8211; Serge Moinet<\/strong><\/em><br \/>\n<span style=\"color: #dd8343;\"><strong>15:00<\/strong><\/span> Vertus de l&#8217;algue de lac Klamath <em><strong>&#8211; Jacques Prunier<\/strong><\/em><br \/>\n<span style=\"color: #68349b;\"><strong>15:00<\/strong><\/span> Les plantes sauvages au secours de nos articulations et de notre sant\u00e9. Les bons conseils du P\u00e8re Jean<em> <strong>&#8211; Jean-p\u00f4l Clesse<\/strong><\/em><br \/>\n<span style=\"color: #2f6ebb;\"><strong>16:00<\/strong><\/span> Plasma marin, eau de mer \/ S\u00e8ve de bouleau \/ Argile : 3 solutions naturelles fondamentales <em><strong>&#8211; Gr\u00e9goire Cadeau<\/strong><\/em><br \/>\n<span style=\"color: #dd8343;\"><strong>16:00<\/strong><\/span> Orgonites, protection des ondes \u00e9lectromagn\u00e9tiques et g\u00e9obiologie <em><strong>&#8211; Thierry Hermann<\/strong><\/em><br \/>\n<span style=\"color: #68349b;\"><strong>16:00<\/strong><\/span> Le voyage int\u00e9rieur initiatique : r\u00e9veillez le h\u00e9ros qui sommeille en vous <em><strong>&#8211; H\u00e9l\u00e8ne Girardin<\/strong><\/em><br \/>\n<span style=\"color: #4fad5b;\"><strong>16:30<\/strong><\/span> Comment agir contre les tensions musculaires de la t\u00eate, de la nuque et du dos<em><strong> &#8211; Alfred Pfennig<\/strong><\/em><br \/>\n<span style=\"color: #2f6ebb;\"><strong>17:00<\/strong><\/span> Le voyage int\u00e9rieur initiatique : r\u00e9veillez le h\u00e9ros qui sommeille en vous<em><strong> &#8211; H\u00e9l\u00e8ne Girardin<\/strong><\/em><br \/>\n<span style=\"color: #dd8343;\"><strong>17:00<\/strong><\/span> La sophro-analyse Conscienc\u00e9a : union de la psychologie, la spiritualit\u00e9 et les neurosciences pour une lib\u00e9ration compl\u00e8te<em><strong>\u00a0&#8211; Edwige Machelard<\/strong><\/em><br \/>\n<span style=\"color: #68349b;\"><strong>17:00<\/strong><\/span> La g\u00e9om\u00e9trie sacr\u00e9e au service de l&#8217;\u00e9veil <em><strong>&#8211; J\u00e9r\u00f4me Boujon<br \/>\n<\/strong><\/em><span style=\"color: #4fad5b;\"><strong>17:30<\/strong><\/span> Les m\u00e9taux lourds : origines, incidences, les mesurer, les solutions<em><strong> &#8211; Armand Bensemhoun<\/strong><\/em><br \/>\n<span style=\"color: #2f6ebb;\"><strong>18:00<\/strong><\/span> Retrouver et gu\u00e9rir son enfant int\u00e9rieur : La R\u00e9silience. Gu\u00e9rir le pass\u00e9 pour vivre pleinement l\u2019instant pr\u00e9sent <em><strong>&#8211; H\u00e9l\u00e8ne Girardin<\/strong><\/em><\/p>\n<h2>Dimanche 18 f\u00e9vrier<\/h2>\n<p><span style=\"color: #4fad5b;\"><strong>10:30<\/strong><\/span> Num\u00e9rologie : que r\u00e9v\u00e8le votre date de naissance ? <em><strong>&#8211; Marie Wecxsteen<\/strong><\/em><br \/>\n<span style=\"color: #2f6ebb;\"><strong>11:00<\/strong><\/span> Comment agir contre les tensions musculaires de la t\u00eate, de la nuque et du dos<em> <strong>&#8211; Alfred Pfennig<\/strong><\/em><br \/>\n<span style=\"color: #dd8343;\"><strong>11:00<\/strong><\/span> Fleurs de bach, un chemin vers la s\u00e9r\u00e9nit\u00e9 <em><strong>&#8211; Catherine Foulonneau<br \/>\n<\/strong><\/em><span style=\"color: #68349b;\"><strong>11:00<\/strong><\/span> D\u00e9couverte de la sophrologie (atelier bien-\u00eatre) <em><strong>&#8211; Charlotte Debest<\/strong><\/em><br \/>\n<span style=\"color: #4fad5b;\"><strong>11:30<\/strong><\/span> Voyage personnel \u00e0 travers l\u2019autohypnose<em><strong> &#8211; Isabelle Robineau et Julien Lachaume<br \/>\n<\/strong><\/em><strong><span style=\"color: #2f6ebb;\">12:00<\/span><\/strong> Linequartz : comment restaurer sa sant\u00e9 par la r\u00e9harmonisation de son champs vibratoire<strong>\u00a0<\/strong><em><strong>&#8211; Hel\u00e8ne Leroy et Herv\u00e9 Fortin<br \/>\n<\/strong><\/em><span style=\"color: #dd8343;\"><strong>12:00<\/strong><\/span> Bienfaits, utilisation des min\u00e9raux<em><strong> &#8211; Jean-Claude Kennedec<br \/>\n<\/strong><\/em><span style=\"color: #4fad5b;\"><strong>13:00<\/strong> <\/span>Le r\u00f4le du chamane aujourd&#8217;hui <em><strong>&#8211; Karine Laillier<br \/>\n<\/strong><\/em><strong><span style=\"color: #2f6ebb;\">13:00<\/span><\/strong> Les m\u00e9taux lourds : origines, incidences, les mesurer, les solutions<strong>\u00a0<\/strong><em><strong>&#8211; Armand Bensemhoun<\/strong><\/em><br \/>\n<span style=\"color: #dd8343;\"><strong>13:00<\/strong><\/span> Intestin et microbiote au centre de la sant\u00e9 et des \u00e9motions <em><strong>&#8211; Patricia Paisant<\/strong><\/em><br \/>\n<span style=\"color: #4fad5b;\"><strong>14:00<\/strong> <\/span>Croyances, blocages et blessures, lib\u00e9rez-vous et atteignez un mieux-\u00eatre avec l&#8217;Epikinergy <em><strong>&#8211; Elise Dragon\u00a0<\/strong><\/em><br \/>\n<span style=\"color: #2f6ebb;\"><strong>14:00<\/strong><\/span> Perte osseuse, perte de cartilages : oui cela se r\u00e9pare ! Comment : avec la m\u00e9thode France Guillain <em><strong>&#8211; France Guillain<\/strong><\/em><br \/>\n<span style=\"color: #dd8343;\"><strong>14:00<\/strong><\/span> Retrouver et gu\u00e9rir son enfant int\u00e9rieur : La R\u00e9silience. Gu\u00e9rir le pass\u00e9 pour vivre pleinement l\u2019instant pr\u00e9sent <em><strong>&#8211; H\u00e9l\u00e8ne Girardin<\/strong><\/em><br \/>\n<span style=\"color: #68349b;\"><strong>14:00<\/strong><\/span> Les plantes sauvages au secours de nos articulations et de notre sant\u00e9. Les bons conseils du P\u00e8re Jean <em><strong>&#8211; Jean-p\u00f4l Clesse<\/strong><\/em><br \/>\n<span style=\"color: #4fad5b;\"><strong>15:00<\/strong><\/span> Vivre avec l\u2019\u00e9co lucidit\u00e9 <em><strong>&#8211; Or\u00e9gane Plailly et Tanguy Descamps<\/strong><\/em><br \/>\n<span style=\"color: #2f6ebb;\"><strong>15:00<\/strong><\/span> Vertus de l&#8217;algue de lac Klamath<em> <strong>&#8211; Jacques Prunier<\/strong><\/em><br \/>\n<span style=\"color: #dd8343;\"><strong>15:00<\/strong><\/span> Plasma marin, eau de mer \/ S\u00e8ve de bouleau \/ Argile : 3 solutions naturelles fondamentales <em><strong>&#8211; Gr\u00e9goire Cadeau<\/strong><\/em><br \/>\n<span style=\"color: #68349b;\"><strong>15:00<\/strong><\/span> Orgonites, protection des ondes \u00e9lectromagn\u00e9tiques et g\u00e9obiologie <em><strong>&#8211; Thierry Hermann<\/strong><\/em><br \/>\n<span style=\"color: #2f6ebb;\"><strong>16:00<\/strong><\/span> La sophro-analyse Conscienc\u00e9a : union de la psychologie, la spiritualit\u00e9 et les neurosciences pour une lib\u00e9ration compl\u00e8te <em><strong>&#8211; Edwige Machelard<br \/>\n<\/strong><\/em><span style=\"color: #dd8343;\"><strong>16:00<\/strong><\/span> Sophrologie, r\u00e9alit\u00e9 et id\u00e9es re\u00e7ues <em><strong>&#8211; B\u00e9n\u00e9dicte Pescio<br \/>\n<\/strong><\/em><span style=\"color: #68349b;\"><strong>16:00<\/strong><\/span> Comment \u00eatre et vivre dans la joie ? <em><strong>&#8211; Francine Foinet <\/strong><\/em><br \/>\n<span style=\"color: #4fad5b;\"><strong>16:30<\/strong><\/span> Le voyage int\u00e9rieur initiatique : r\u00e9veillez le h\u00e9ros qui sommeille en vous <em><strong>&#8211; H\u00e9l\u00e8ne Girardin<\/strong><\/em><\/p>\n","protected":false},"excerpt":{"rendered":"<p>Des conf\u00e9rences sont organis\u00e9es pour permettre au public de d\u00e9couvrir et mieux comprendre les m\u00e9thodes et les produits pr\u00e9sent\u00e9s sur le salon. Salle VILAINE\u00a0 Salle SAINT-ANNE\u00a0 Salle THABOR Salle LES LICES Vendredi 16 f\u00e9vrier 11:00 Les piliers d&#8217;une alimentation haute vitalit\u00e9 &#8211; Rozenn Dubreil 11:30 Sophrologie &amp; m\u00e9ditation : votre bo\u00eete \u00e0 outils mieux-\u00eatre &#8211;&hellip; <\/p>\n","protected":false},"author":7,"featured_media":0,"parent":0,"menu_order":0,"comment_status":"closed","ping_status":"closed","template":"","meta":{"_monsterinsights_skip_tracking":false,"_monsterinsights_sitenote_active":false,"_monsterinsights_sitenote_note":"","_monsterinsights_sitenote_category":0,"footnotes":""},"class_list":["post-11050","page","type-page","status-publish","hentry"],"yoast_head":"<!-- This site is optimized with the Yoast SEO plugin v27.3 - https:\/\/yoast.com\/product\/yoast-seo-wordpress\/ -->\n<title>Conf\u00e9rences 2024 - Respire La Vie Rennes<\/title>\n<meta name=\"robots\" content=\"index, follow, max-snippet:-1, max-image-preview:large, max-video-preview:-1\" \/>\n<link rel=\"canonical\" href=\"https:\/\/www.respirelavie.fr\/rennes\/conferences-2024\/\" \/>\n<meta property=\"og:locale\" content=\"fr_FR\" \/>\n<meta property=\"og:type\" content=\"article\" \/>\n<meta property=\"og:title\" content=\"Conf\u00e9rences 2024 - Respire La Vie Rennes\" \/>\n<meta property=\"og:description\" content=\"Des conf\u00e9rences sont organis\u00e9es pour permettre au public de d\u00e9couvrir et mieux comprendre les m\u00e9thodes et les produits pr\u00e9sent\u00e9s sur le salon. Salle VILAINE\u00a0 Salle SAINT-ANNE\u00a0 Salle THABOR Salle LES LICES Vendredi 16 f\u00e9vrier 11:00 Les piliers d&#8217;une alimentation haute vitalit\u00e9 &#8211; Rozenn Dubreil 11:30 Sophrologie &amp; m\u00e9ditation : votre bo\u00eete \u00e0 outils mieux-\u00eatre &#8211;&hellip;\" \/>\n<meta property=\"og:url\" content=\"https:\/\/www.respirelavie.fr\/rennes\/conferences-2024\/\" \/>\n<meta property=\"og:site_name\" content=\"Respire La Vie Rennes\" \/>\n<meta name=\"twitter:card\" content=\"summary_large_image\" \/>\n<meta name=\"twitter:label1\" content=\"Dur\u00e9e de lecture estim\u00e9e\" \/>\n\t<meta name=\"twitter:data1\" content=\"6 minutes\" \/>\n<script type=\"application\/ld+json\" class=\"yoast-schema-graph\">{\"@context\":\"https:\\\/\\\/schema.org\",\"@graph\":[{\"@type\":\"WebPage\",\"@id\":\"https:\\\/\\\/www.respirelavie.fr\\\/rennes\\\/conferences-2024\\\/\",\"url\":\"https:\\\/\\\/www.respirelavie.fr\\\/rennes\\\/conferences-2024\\\/\",\"name\":\"Conf\u00e9rences 2024 - Respire La Vie Rennes\",\"isPartOf\":{\"@id\":\"https:\\\/\\\/www.respirelavie.fr\\\/rennes\\\/#website\"},\"datePublished\":\"2024-11-12T09:44:26+00:00\",\"breadcrumb\":{\"@id\":\"https:\\\/\\\/www.respirelavie.fr\\\/rennes\\\/conferences-2024\\\/#breadcrumb\"},\"inLanguage\":\"fr-FR\",\"potentialAction\":[{\"@type\":\"ReadAction\",\"target\":[\"https:\\\/\\\/www.respirelavie.fr\\\/rennes\\\/conferences-2024\\\/\"]}]},{\"@type\":\"BreadcrumbList\",\"@id\":\"https:\\\/\\\/www.respirelavie.fr\\\/rennes\\\/conferences-2024\\\/#breadcrumb\",\"itemListElement\":[{\"@type\":\"ListItem\",\"position\":1,\"name\":\"Accueil\",\"item\":\"https:\\\/\\\/www.respirelavie.fr\\\/rennes\\\/\"},{\"@type\":\"ListItem\",\"position\":2,\"name\":\"Conf\u00e9rences 2024\"}]},{\"@type\":\"WebSite\",\"@id\":\"https:\\\/\\\/www.respirelavie.fr\\\/rennes\\\/#website\",\"url\":\"https:\\\/\\\/www.respirelavie.fr\\\/rennes\\\/\",\"name\":\"Respire La Vie Rennes\",\"description\":\"Respire La Vie Rennes : votre salon \u00e9colo, bio, bien-\u00eatre et habitat sain \u00e0 Rennes\",\"publisher\":{\"@id\":\"https:\\\/\\\/www.respirelavie.fr\\\/rennes\\\/#organization\"},\"potentialAction\":[{\"@type\":\"SearchAction\",\"target\":{\"@type\":\"EntryPoint\",\"urlTemplate\":\"https:\\\/\\\/www.respirelavie.fr\\\/rennes\\\/?s={search_term_string}\"},\"query-input\":{\"@type\":\"PropertyValueSpecification\",\"valueRequired\":true,\"valueName\":\"search_term_string\"}}],\"inLanguage\":\"fr-FR\"},{\"@type\":\"Organization\",\"@id\":\"https:\\\/\\\/www.respirelavie.fr\\\/rennes\\\/#organization\",\"name\":\"Respire La Vie Rennes\",\"url\":\"https:\\\/\\\/www.respirelavie.fr\\\/rennes\\\/\",\"logo\":{\"@type\":\"ImageObject\",\"inLanguage\":\"fr-FR\",\"@id\":\"https:\\\/\\\/www.respirelavie.fr\\\/rennes\\\/#\\\/schema\\\/logo\\\/image\\\/\",\"url\":\"https:\\\/\\\/www.respirelavie.fr\\\/rennes\\\/wp-content\\\/uploads\\\/sites\\\/5\\\/2025\\\/11\\\/cropped-Logo-RESPIRE-rennes-2026.png\",\"contentUrl\":\"https:\\\/\\\/www.respirelavie.fr\\\/rennes\\\/wp-content\\\/uploads\\\/sites\\\/5\\\/2025\\\/11\\\/cropped-Logo-RESPIRE-rennes-2026.png\",\"width\":921,\"height\":255,\"caption\":\"Respire La Vie Rennes\"},\"image\":{\"@id\":\"https:\\\/\\\/www.respirelavie.fr\\\/rennes\\\/#\\\/schema\\\/logo\\\/image\\\/\"}}]}<\/script>\n<!-- \/ Yoast SEO plugin. -->","yoast_head_json":{"title":"Conf\u00e9rences 2024 - Respire La Vie Rennes","robots":{"index":"index","follow":"follow","max-snippet":"max-snippet:-1","max-image-preview":"max-image-preview:large","max-video-preview":"max-video-preview:-1"},"canonical":"https:\/\/www.respirelavie.fr\/rennes\/conferences-2024\/","og_locale":"fr_FR","og_type":"article","og_title":"Conf\u00e9rences 2024 - Respire La Vie Rennes","og_description":"Des conf\u00e9rences sont organis\u00e9es pour permettre au public de d\u00e9couvrir et mieux comprendre les m\u00e9thodes et les produits pr\u00e9sent\u00e9s sur le salon. Salle VILAINE\u00a0 Salle SAINT-ANNE\u00a0 Salle THABOR Salle LES LICES Vendredi 16 f\u00e9vrier 11:00 Les piliers d&#8217;une alimentation haute vitalit\u00e9 &#8211; Rozenn Dubreil 11:30 Sophrologie &amp; m\u00e9ditation : votre bo\u00eete \u00e0 outils mieux-\u00eatre &#8211;&hellip;","og_url":"https:\/\/www.respirelavie.fr\/rennes\/conferences-2024\/","og_site_name":"Respire La Vie Rennes","twitter_card":"summary_large_image","twitter_misc":{"Dur\u00e9e de lecture estim\u00e9e":"6 minutes"},"schema":{"@context":"https:\/\/schema.org","@graph":[{"@type":"WebPage","@id":"https:\/\/www.respirelavie.fr\/rennes\/conferences-2024\/","url":"https:\/\/www.respirelavie.fr\/rennes\/conferences-2024\/","name":"Conf\u00e9rences 2024 - Respire La Vie Rennes","isPartOf":{"@id":"https:\/\/www.respirelavie.fr\/rennes\/#website"},"datePublished":"2024-11-12T09:44:26+00:00","breadcrumb":{"@id":"https:\/\/www.respirelavie.fr\/rennes\/conferences-2024\/#breadcrumb"},"inLanguage":"fr-FR","potentialAction":[{"@type":"ReadAction","target":["https:\/\/www.respirelavie.fr\/rennes\/conferences-2024\/"]}]},{"@type":"BreadcrumbList","@id":"https:\/\/www.respirelavie.fr\/rennes\/conferences-2024\/#breadcrumb","itemListElement":[{"@type":"ListItem","position":1,"name":"Accueil","item":"https:\/\/www.respirelavie.fr\/rennes\/"},{"@type":"ListItem","position":2,"name":"Conf\u00e9rences 2024"}]},{"@type":"WebSite","@id":"https:\/\/www.respirelavie.fr\/rennes\/#website","url":"https:\/\/www.respirelavie.fr\/rennes\/","name":"Respire La Vie Rennes","description":"Respire La Vie Rennes : votre salon \u00e9colo, bio, bien-\u00eatre et habitat sain \u00e0 Rennes","publisher":{"@id":"https:\/\/www.respirelavie.fr\/rennes\/#organization"},"potentialAction":[{"@type":"SearchAction","target":{"@type":"EntryPoint","urlTemplate":"https:\/\/www.respirelavie.fr\/rennes\/?s={search_term_string}"},"query-input":{"@type":"PropertyValueSpecification","valueRequired":true,"valueName":"search_term_string"}}],"inLanguage":"fr-FR"},{"@type":"Organization","@id":"https:\/\/www.respirelavie.fr\/rennes\/#organization","name":"Respire La Vie Rennes","url":"https:\/\/www.respirelavie.fr\/rennes\/","logo":{"@type":"ImageObject","inLanguage":"fr-FR","@id":"https:\/\/www.respirelavie.fr\/rennes\/#\/schema\/logo\/image\/","url":"https:\/\/www.respirelavie.fr\/rennes\/wp-content\/uploads\/sites\/5\/2025\/11\/cropped-Logo-RESPIRE-rennes-2026.png","contentUrl":"https:\/\/www.respirelavie.fr\/rennes\/wp-content\/uploads\/sites\/5\/2025\/11\/cropped-Logo-RESPIRE-rennes-2026.png","width":921,"height":255,"caption":"Respire La Vie Rennes"},"image":{"@id":"https:\/\/www.respirelavie.fr\/rennes\/#\/schema\/logo\/image\/"}}]}},"_links":{"self":[{"href":"https:\/\/www.respirelavie.fr\/rennes\/wp-json\/wp\/v2\/pages\/11050","targetHints":{"allow":["GET"]}}],"collection":[{"href":"https:\/\/www.respirelavie.fr\/rennes\/wp-json\/wp\/v2\/pages"}],"about":[{"href":"https:\/\/www.respirelavie.fr\/rennes\/wp-json\/wp\/v2\/types\/page"}],"author":[{"embeddable":true,"href":"https:\/\/www.respirelavie.fr\/rennes\/wp-json\/wp\/v2\/users\/7"}],"replies":[{"embeddable":true,"href":"https:\/\/www.respirelavie.fr\/rennes\/wp-json\/wp\/v2\/comments?post=11050"}],"version-history":[{"count":1,"href":"https:\/\/www.respirelavie.fr\/rennes\/wp-json\/wp\/v2\/pages\/11050\/revisions"}],"predecessor-version":[{"id":11051,"href":"https:\/\/www.respirelavie.fr\/rennes\/wp-json\/wp\/v2\/pages\/11050\/revisions\/11051"}],"wp:attachment":[{"href":"https:\/\/www.respirelavie.fr\/rennes\/wp-json\/wp\/v2\/media?parent=11050"}],"curies":[{"name":"wp","href":"https:\/\/api.w.org\/{rel}","templated":true}]}}