{"id":2458,"date":"2017-01-24T14:19:20","date_gmt":"2017-01-24T13:19:20","guid":{"rendered":"http:\/\/localhost:8888\/zen\/?page_id=2458"},"modified":"2026-02-05T09:34:05","modified_gmt":"2026-02-05T08:34:05","slug":"presse","status":"publish","type":"page","link":"https:\/\/www.respirelavie.fr\/rennes\/presse\/presse\/","title":{"rendered":"Espace communication\/presse"},"content":{"rendered":"<h1>Bienvenue dans l&#8217;espace presse du salon Respire La Vie Rennes<\/h1>\n<p>Ici vous pouvez t\u00e9l\u00e9charger les documents presse, logos et visuels en haute d\u00e9finition pour vos usages d\u2019impression et de communication.<\/p>\n<p><a href=\"https:\/\/www.salon-zenetbio.com\/le-reseau\/comment-inserer-le-visuel-et-le-lien-sur-vos-supports\/\" target=\"_blank\" rel=\"noopener\">Cliquez ici<\/a> pour savoir comment ajouter le visuel et le lien de l\u2019entr\u00e9e gratuite du salon \u00e0 vos supports gr\u00e2ce \u00e0 l&#8217;exemple du salon Zen &amp; Bio Angers.<\/p>\n<hr \/>\n<h2><strong>Documents presse<\/strong><\/h2>\n<ul>\n<li>CP R\u00e9seau Zen&amp;Bio : <a href=\"http:\/\/www.respirelavie.fr\/rennes\/wp-content\/uploads\/sites\/5\/2026\/01\/Zenbio-reseau-2026-E4.pdf\" target=\"_blank\" rel=\"noopener\">Les salons du R\u00e9seau Zen&amp;Bio reviennent partout en France en 2026<\/a><\/li>\n<li>CP1 Rennes : <a href=\"http:\/\/www.respirelavie.fr\/rennes\/wp-content\/uploads\/sites\/5\/2026\/01\/RespireLaVie-fev26-CP1-E21.pdf\" target=\"_blank\" rel=\"noopener\">3 jours pour se r\u00e9\u00e9quilibrer&#8230; et mieux consommer<\/a><\/li>\n<li>CP2 Rennes : <a href=\"http:\/\/www.respirelavie.fr\/rennes\/wp-content\/uploads\/sites\/5\/2026\/02\/RespireLaVie-fev26-CP2-E4.pdf\" target=\"_blank\" rel=\"noopener\">3 jours pour se reconnecter \u00e0 l\u2019essentiel, retrouver son \u00e9quilibre et d\u00e9couvrir le meilleur du bio et du bien-\u00eatre<\/a><\/li>\n<\/ul>\n<p><span style=\"color: #808080;\"><em><a style=\"color: #808080;\" href=\"http:\/\/www.respirelavie.fr\/rennes\/archives-presse\/\" target=\"_blank\" rel=\"noopener noreferrer\">Consultez les archives presse du salon<\/a><\/em><\/span><\/p>\n<hr \/>\n<h2><strong>Les outils de communication<\/strong><\/h2>\n<h3><strong>Le logo du salon<\/strong><\/h3>\n<p style=\"text-align: left;\">\u00a0 \u00a0 \u00a0 \u00a0 \u00a0 \u00a0 \u00a0 \u00a0 \u00a0<a href=\"http:\/\/www.respirelavie.fr\/rennes\/wp-content\/uploads\/sites\/5\/2024\/12\/logo-respirelavie.png\" target=\"_blank\" rel=\"noopener\">Le logo<\/a><\/p>\n<p><span style=\"text-decoration: underline;\"><img decoding=\"async\" class=\"alignnone wp-image-11244 size-medium\" src=\"http:\/\/www.respirelavie.fr\/rennes\/wp-content\/uploads\/sites\/5\/2024\/12\/logo-respirelavie-300x46.png\" alt=\"\" width=\"300\" height=\"46\" srcset=\"https:\/\/www.respirelavie.fr\/rennes\/wp-content\/uploads\/sites\/5\/2024\/12\/logo-respirelavie-300x46.png 300w, https:\/\/www.respirelavie.fr\/rennes\/wp-content\/uploads\/sites\/5\/2024\/12\/logo-respirelavie-1024x157.png 1024w, https:\/\/www.respirelavie.fr\/rennes\/wp-content\/uploads\/sites\/5\/2024\/12\/logo-respirelavie-768x118.png 768w, https:\/\/www.respirelavie.fr\/rennes\/wp-content\/uploads\/sites\/5\/2024\/12\/logo-respirelavie-1536x236.png 1536w, https:\/\/www.respirelavie.fr\/rennes\/wp-content\/uploads\/sites\/5\/2024\/12\/logo-respirelavie-2048x315.png 2048w, https:\/\/www.respirelavie.fr\/rennes\/wp-content\/uploads\/sites\/5\/2024\/12\/logo-respirelavie-150x23.png 150w, https:\/\/www.respirelavie.fr\/rennes\/wp-content\/uploads\/sites\/5\/2024\/12\/logo-respirelavie-500x77.png 500w\" sizes=\"(max-width: 300px) 100vw, 300px\" \/><\/span><\/p>\n<p>&nbsp;<\/p>\n<h3><strong>L&#8217;affiche du salon<\/strong><\/h3>\n<p><a href=\"http:\/\/www.respirelavie.fr\/rennes\/wp-content\/uploads\/sites\/5\/2025\/12\/HD-RLV-RENNES26-AFF-A3-scaled.png\" target=\"_blank\" rel=\"noopener\">Affiche A3<\/a><\/p>\n<p><img fetchpriority=\"high\" decoding=\"async\" class=\"alignnone size-medium wp-image-12729\" src=\"http:\/\/www.respirelavie.fr\/rennes\/wp-content\/uploads\/sites\/5\/2025\/12\/HD-RLV-RENNES26-AFF-A3-216x300.png\" alt=\"\" width=\"216\" height=\"300\" srcset=\"https:\/\/www.respirelavie.fr\/rennes\/wp-content\/uploads\/sites\/5\/2025\/12\/HD-RLV-RENNES26-AFF-A3-216x300.png 216w, https:\/\/www.respirelavie.fr\/rennes\/wp-content\/uploads\/sites\/5\/2025\/12\/HD-RLV-RENNES26-AFF-A3-738x1024.png 738w, https:\/\/www.respirelavie.fr\/rennes\/wp-content\/uploads\/sites\/5\/2025\/12\/HD-RLV-RENNES26-AFF-A3-768x1066.png 768w, https:\/\/www.respirelavie.fr\/rennes\/wp-content\/uploads\/sites\/5\/2025\/12\/HD-RLV-RENNES26-AFF-A3-1107x1536.png 1107w, https:\/\/www.respirelavie.fr\/rennes\/wp-content\/uploads\/sites\/5\/2025\/12\/HD-RLV-RENNES26-AFF-A3-1476x2048.png 1476w, https:\/\/www.respirelavie.fr\/rennes\/wp-content\/uploads\/sites\/5\/2025\/12\/HD-RLV-RENNES26-AFF-A3-150x208.png 150w, https:\/\/www.respirelavie.fr\/rennes\/wp-content\/uploads\/sites\/5\/2025\/12\/HD-RLV-RENNES26-AFF-A3-360x500.png 360w, https:\/\/www.respirelavie.fr\/rennes\/wp-content\/uploads\/sites\/5\/2025\/12\/HD-RLV-RENNES26-AFF-A3-scaled.png 1845w\" sizes=\"(max-width: 216px) 100vw, 216px\" \/><\/p>\n<p>&nbsp;<\/p>\n<p>&nbsp;<\/p>\n<h3><strong>Les banni\u00e8res du salon<\/strong><\/h3>\n<table style=\"border-collapse: collapse; width: 100%; height: 918px;\">\n<tbody>\n<tr style=\"height: 28px;\">\n<td style=\"width: 50%; height: 28px; text-align: center;\"><a href=\"http:\/\/www.respirelavie.fr\/rennes\/wp-content\/uploads\/sites\/5\/2025\/12\/JPG-RENNES26-BAN-580x250-mobile.jpg\" target=\"_blank\" rel=\"noopener\">Banni\u00e8re emailing<\/a><\/td>\n<td style=\"width: 50%; height: 28px; text-align: center;\"><a href=\"http:\/\/www.respirelavie.fr\/rennes\/wp-content\/uploads\/sites\/5\/2025\/12\/JPG-RENNES26-BAN-580x250-1.jpg\" target=\"_blank\" rel=\"noopener\">Banni\u00e8re emailing<\/a><\/td>\n<\/tr>\n<tr style=\"height: 148px;\">\n<td style=\"width: 50%; height: 148px; text-align: center;\"><img decoding=\"async\" class=\"alignnone size-medium wp-image-12731\" src=\"http:\/\/www.respirelavie.fr\/rennes\/wp-content\/uploads\/sites\/5\/2025\/12\/JPG-RENNES26-BAN-580x250-mobile-300x129.jpg\" alt=\"\" width=\"300\" height=\"129\" srcset=\"https:\/\/www.respirelavie.fr\/rennes\/wp-content\/uploads\/sites\/5\/2025\/12\/JPG-RENNES26-BAN-580x250-mobile-300x129.jpg 300w, https:\/\/www.respirelavie.fr\/rennes\/wp-content\/uploads\/sites\/5\/2025\/12\/JPG-RENNES26-BAN-580x250-mobile-150x65.jpg 150w, https:\/\/www.respirelavie.fr\/rennes\/wp-content\/uploads\/sites\/5\/2025\/12\/JPG-RENNES26-BAN-580x250-mobile-500x216.jpg 500w, https:\/\/www.respirelavie.fr\/rennes\/wp-content\/uploads\/sites\/5\/2025\/12\/JPG-RENNES26-BAN-580x250-mobile.jpg 580w\" sizes=\"(max-width: 300px) 100vw, 300px\" \/><\/td>\n<td style=\"width: 50%; height: 148px; text-align: center;\"><img loading=\"lazy\" decoding=\"async\" class=\"alignnone size-medium wp-image-12732\" src=\"http:\/\/www.respirelavie.fr\/rennes\/wp-content\/uploads\/sites\/5\/2025\/12\/JPG-RENNES26-BAN-580x250-1-300x129.jpg\" alt=\"\" width=\"300\" height=\"129\" srcset=\"https:\/\/www.respirelavie.fr\/rennes\/wp-content\/uploads\/sites\/5\/2025\/12\/JPG-RENNES26-BAN-580x250-1-300x129.jpg 300w, https:\/\/www.respirelavie.fr\/rennes\/wp-content\/uploads\/sites\/5\/2025\/12\/JPG-RENNES26-BAN-580x250-1-150x65.jpg 150w, https:\/\/www.respirelavie.fr\/rennes\/wp-content\/uploads\/sites\/5\/2025\/12\/JPG-RENNES26-BAN-580x250-1-500x216.jpg 500w, https:\/\/www.respirelavie.fr\/rennes\/wp-content\/uploads\/sites\/5\/2025\/12\/JPG-RENNES26-BAN-580x250-1.jpg 580w\" sizes=\"(max-width: 300px) 100vw, 300px\" \/><\/td>\n<\/tr>\n<tr style=\"height: 28px;\">\n<td style=\"width: 50%; text-align: center; height: 28px;\"><\/td>\n<td style=\"width: 50%; text-align: center; height: 28px;\"><\/td>\n<\/tr>\n<tr style=\"height: 28px;\">\n<td style=\"width: 50%; height: 28px; text-align: center;\"><a href=\"http:\/\/www.respirelavie.fr\/rennes\/wp-content\/uploads\/sites\/5\/2025\/12\/JPG-RENNES26-BAN-580x300-1.jpg\" target=\"_blank\" rel=\"noopener\">Banni\u00e8re emailing<\/a><\/td>\n<td style=\"width: 50%; height: 28px; text-align: center;\"><a href=\"http:\/\/www.respirelavie.fr\/rennes\/wp-content\/uploads\/sites\/5\/2025\/12\/JPG-RENNES26-BAN-580x750-1.jpg\" target=\"_blank\" rel=\"noopener\">Banni\u00e8re emailing<\/a><\/td>\n<\/tr>\n<tr style=\"height: 300px;\">\n<td style=\"width: 50%; text-align: center; height: 300px;\"><img loading=\"lazy\" decoding=\"async\" class=\"alignnone size-medium wp-image-12733\" src=\"http:\/\/www.respirelavie.fr\/rennes\/wp-content\/uploads\/sites\/5\/2025\/12\/JPG-RENNES26-BAN-580x300-1-300x155.jpg\" alt=\"\" width=\"300\" height=\"155\" srcset=\"https:\/\/www.respirelavie.fr\/rennes\/wp-content\/uploads\/sites\/5\/2025\/12\/JPG-RENNES26-BAN-580x300-1-300x155.jpg 300w, https:\/\/www.respirelavie.fr\/rennes\/wp-content\/uploads\/sites\/5\/2025\/12\/JPG-RENNES26-BAN-580x300-1-150x78.jpg 150w, https:\/\/www.respirelavie.fr\/rennes\/wp-content\/uploads\/sites\/5\/2025\/12\/JPG-RENNES26-BAN-580x300-1-500x259.jpg 500w, https:\/\/www.respirelavie.fr\/rennes\/wp-content\/uploads\/sites\/5\/2025\/12\/JPG-RENNES26-BAN-580x300-1.jpg 580w\" sizes=\"(max-width: 300px) 100vw, 300px\" \/><\/td>\n<td style=\"width: 50%; text-align: center; height: 300px;\"><img loading=\"lazy\" decoding=\"async\" class=\"alignnone size-medium wp-image-12734\" src=\"http:\/\/www.respirelavie.fr\/rennes\/wp-content\/uploads\/sites\/5\/2025\/12\/JPG-RENNES26-BAN-580x750-1-232x300.jpg\" alt=\"\" width=\"232\" height=\"300\" srcset=\"https:\/\/www.respirelavie.fr\/rennes\/wp-content\/uploads\/sites\/5\/2025\/12\/JPG-RENNES26-BAN-580x750-1-232x300.jpg 232w, https:\/\/www.respirelavie.fr\/rennes\/wp-content\/uploads\/sites\/5\/2025\/12\/JPG-RENNES26-BAN-580x750-1-150x194.jpg 150w, https:\/\/www.respirelavie.fr\/rennes\/wp-content\/uploads\/sites\/5\/2025\/12\/JPG-RENNES26-BAN-580x750-1-387x500.jpg 387w, https:\/\/www.respirelavie.fr\/rennes\/wp-content\/uploads\/sites\/5\/2025\/12\/JPG-RENNES26-BAN-580x750-1.jpg 580w\" sizes=\"(max-width: 232px) 100vw, 232px\" \/><\/td>\n<\/tr>\n<tr style=\"height: 28px;\">\n<td style=\"width: 50%; text-align: center; height: 28px;\"><\/td>\n<td style=\"width: 50%; text-align: center; height: 28px;\"><\/td>\n<\/tr>\n<tr style=\"height: 28px;\">\n<td style=\"width: 50%; text-align: center; height: 28px;\"><a href=\"http:\/\/www.respirelavie.fr\/rennes\/wp-content\/uploads\/sites\/5\/2025\/12\/JPG-RENNES26-BAN-820X312.jpg\" target=\"_blank\" rel=\"noopener\">Banni\u00e8re r\u00e9seaux sociaux<\/a><\/td>\n<td style=\"width: 50%; text-align: center; height: 28px;\"><\/td>\n<\/tr>\n<tr style=\"height: 114px;\">\n<td style=\"width: 50%; text-align: center; height: 114px;\"><img loading=\"lazy\" decoding=\"async\" class=\"alignnone size-medium wp-image-12735\" src=\"http:\/\/www.respirelavie.fr\/rennes\/wp-content\/uploads\/sites\/5\/2025\/12\/JPG-RENNES26-BAN-820X312-300x114.jpg\" alt=\"\" width=\"300\" height=\"114\" srcset=\"https:\/\/www.respirelavie.fr\/rennes\/wp-content\/uploads\/sites\/5\/2025\/12\/JPG-RENNES26-BAN-820X312-300x114.jpg 300w, https:\/\/www.respirelavie.fr\/rennes\/wp-content\/uploads\/sites\/5\/2025\/12\/JPG-RENNES26-BAN-820X312-768x292.jpg 768w, https:\/\/www.respirelavie.fr\/rennes\/wp-content\/uploads\/sites\/5\/2025\/12\/JPG-RENNES26-BAN-820X312-150x57.jpg 150w, https:\/\/www.respirelavie.fr\/rennes\/wp-content\/uploads\/sites\/5\/2025\/12\/JPG-RENNES26-BAN-820X312-500x190.jpg 500w, https:\/\/www.respirelavie.fr\/rennes\/wp-content\/uploads\/sites\/5\/2025\/12\/JPG-RENNES26-BAN-820X312.jpg 820w\" sizes=\"(max-width: 300px) 100vw, 300px\" \/><\/td>\n<td style=\"width: 50%; text-align: center; height: 114px;\"><\/td>\n<\/tr>\n<tr style=\"height: 28px;\">\n<td style=\"width: 50%; text-align: center; height: 28px;\"><\/td>\n<td style=\"width: 50%; text-align: center; height: 28px;\"><\/td>\n<\/tr>\n<tr>\n<td style=\"width: 50%; text-align: center;\"><a href=\"http:\/\/www.respirelavie.fr\/rennes\/wp-content\/uploads\/sites\/5\/2025\/12\/JPG-RENNES-26-BAN-300x250-1.jpg\" target=\"_blank\" rel=\"noopener\">Banni\u00e8re site internet<\/a><\/td>\n<td style=\"width: 50%; text-align: center;\"><a href=\"http:\/\/www.respirelavie.fr\/rennes\/wp-content\/uploads\/sites\/5\/2025\/12\/JPG-RENNES26-BAN-72890-CTA.jpg\" target=\"_blank\" rel=\"noopener\">Banni\u00e8re site internet<\/a><\/td>\n<\/tr>\n<tr>\n<td style=\"width: 50%; text-align: center;\"><img loading=\"lazy\" decoding=\"async\" class=\"alignnone size-full wp-image-12736\" src=\"http:\/\/www.respirelavie.fr\/rennes\/wp-content\/uploads\/sites\/5\/2025\/12\/JPG-RENNES-26-BAN-300x250-1.jpg\" alt=\"\" width=\"300\" height=\"250\" srcset=\"https:\/\/www.respirelavie.fr\/rennes\/wp-content\/uploads\/sites\/5\/2025\/12\/JPG-RENNES-26-BAN-300x250-1.jpg 300w, https:\/\/www.respirelavie.fr\/rennes\/wp-content\/uploads\/sites\/5\/2025\/12\/JPG-RENNES-26-BAN-300x250-1-150x125.jpg 150w\" sizes=\"(max-width: 300px) 100vw, 300px\" \/><\/td>\n<td style=\"width: 50%; text-align: center;\"><img loading=\"lazy\" decoding=\"async\" class=\"alignnone size-medium wp-image-12737\" src=\"http:\/\/www.respirelavie.fr\/rennes\/wp-content\/uploads\/sites\/5\/2025\/12\/JPG-RENNES26-BAN-72890-CTA-300x37.jpg\" alt=\"\" width=\"300\" height=\"37\" srcset=\"https:\/\/www.respirelavie.fr\/rennes\/wp-content\/uploads\/sites\/5\/2025\/12\/JPG-RENNES26-BAN-72890-CTA-300x37.jpg 300w, https:\/\/www.respirelavie.fr\/rennes\/wp-content\/uploads\/sites\/5\/2025\/12\/JPG-RENNES26-BAN-72890-CTA-150x19.jpg 150w, https:\/\/www.respirelavie.fr\/rennes\/wp-content\/uploads\/sites\/5\/2025\/12\/JPG-RENNES26-BAN-72890-CTA-500x62.jpg 500w, https:\/\/www.respirelavie.fr\/rennes\/wp-content\/uploads\/sites\/5\/2025\/12\/JPG-RENNES26-BAN-72890-CTA.jpg 728w\" sizes=\"(max-width: 300px) 100vw, 300px\" \/><\/td>\n<\/tr>\n<tr style=\"height: 28px;\">\n<td style=\"width: 50%; height: 28px; text-align: center;\"><a href=\"http:\/\/www.respirelavie.fr\/rennes\/wp-content\/uploads\/sites\/5\/2025\/12\/JPG-RENNES26-BAN-300x600-CTA.jpg\" target=\"_blank\" rel=\"noopener\">Banni\u00e8re site internet<\/a><\/td>\n<td style=\"width: 50%; height: 28px; text-align: center;\"><\/td>\n<\/tr>\n<tr style=\"height: 46px;\">\n<td style=\"width: 50%; height: 10px; text-align: center;\"><img loading=\"lazy\" decoding=\"async\" class=\"alignnone size-medium wp-image-12738\" src=\"http:\/\/www.respirelavie.fr\/rennes\/wp-content\/uploads\/sites\/5\/2025\/12\/JPG-RENNES26-BAN-300x600-CTA-150x300.jpg\" alt=\"\" width=\"150\" height=\"300\" srcset=\"https:\/\/www.respirelavie.fr\/rennes\/wp-content\/uploads\/sites\/5\/2025\/12\/JPG-RENNES26-BAN-300x600-CTA-150x300.jpg 150w, https:\/\/www.respirelavie.fr\/rennes\/wp-content\/uploads\/sites\/5\/2025\/12\/JPG-RENNES26-BAN-300x600-CTA-250x500.jpg 250w, https:\/\/www.respirelavie.fr\/rennes\/wp-content\/uploads\/sites\/5\/2025\/12\/JPG-RENNES26-BAN-300x600-CTA.jpg 300w\" sizes=\"(max-width: 150px) 100vw, 150px\" \/><\/td>\n<td style=\"width: 50%; height: 10px; text-align: center;\"><\/td>\n<\/tr>\n<\/tbody>\n<\/table>\n<p>&nbsp;<\/p>\n<h3><strong>Les r\u00e9seaux sociaux<\/strong><\/h3>\n<p>Retrouvez-nous sur <a href=\"https:\/\/www.facebook.com\/SalonsRespire\/\" target=\"_blank\" rel=\"noopener\">Facebook<\/a>, <a href=\"https:\/\/www.instagram.com\/reseauzenetbio\/\" target=\"_blank\" rel=\"noopener\">Instagram<\/a> et <a href=\"https:\/\/www.linkedin.com\/showcase\/r%C3%A9seau-zen-bio\/?viewAsMember=true\" target=\"_blank\" rel=\"noopener\">Linkedin<\/a> !<br \/>\n#RespireLaVie<br \/>\n#RespireLaVieRennes<br \/>\n@SalonsRespire<br \/>\n@reseauzenetbio<br \/>\n@R\u00e9seau des salons Zen &amp; Bio<\/p>\n<hr \/>\n<h2 style=\"text-align: left;\">CONTACT PRESSE<\/h2>\n<p><strong>H\u00e9lo\u00efse SALGUES<\/strong><br \/>\n01 77 37 63 55<br \/>\nhsalgues@spas-expo.com<\/p>\n","protected":false},"excerpt":{"rendered":"<p>Bienvenue dans l&#8217;espace presse du salon Respire La Vie Rennes Ici vous pouvez t\u00e9l\u00e9charger les documents presse, logos et visuels en haute d\u00e9finition pour vos usages d\u2019impression et de communication. Cliquez ici pour savoir comment ajouter le visuel et le lien de l\u2019entr\u00e9e gratuite du salon \u00e0 vos supports gr\u00e2ce \u00e0 l&#8217;exemple du salon Zen&hellip; <\/p>\n","protected":false},"author":1,"featured_media":0,"parent":2091,"menu_order":1,"comment_status":"closed","ping_status":"closed","template":"","meta":{"_monsterinsights_skip_tracking":false,"_monsterinsights_sitenote_active":false,"_monsterinsights_sitenote_note":"","_monsterinsights_sitenote_category":0,"footnotes":""},"class_list":["post-2458","page","type-page","status-publish","hentry"],"yoast_head":"<!-- This site is optimized with the Yoast SEO plugin v27.3 - https:\/\/yoast.com\/product\/yoast-seo-wordpress\/ -->\n<title>Espace communication\/presse - Respire La Vie Rennes<\/title>\n<meta name=\"robots\" content=\"index, follow, max-snippet:-1, max-image-preview:large, max-video-preview:-1\" \/>\n<link rel=\"canonical\" href=\"https:\/\/www.respirelavie.fr\/rennes\/presse\/presse\/\" \/>\n<meta property=\"og:locale\" content=\"fr_FR\" \/>\n<meta property=\"og:type\" content=\"article\" \/>\n<meta property=\"og:title\" content=\"Espace communication\/presse - Respire La Vie Rennes\" \/>\n<meta property=\"og:description\" content=\"Bienvenue dans l&#8217;espace presse du salon Respire La Vie Rennes Ici vous pouvez t\u00e9l\u00e9charger les documents presse, logos et visuels en haute d\u00e9finition pour vos usages d\u2019impression et de communication. Cliquez ici pour savoir comment ajouter le visuel et le lien de l\u2019entr\u00e9e gratuite du salon \u00e0 vos supports gr\u00e2ce \u00e0 l&#8217;exemple du salon Zen&hellip;\" \/>\n<meta property=\"og:url\" content=\"https:\/\/www.respirelavie.fr\/rennes\/presse\/presse\/\" \/>\n<meta property=\"og:site_name\" content=\"Respire La Vie Rennes\" \/>\n<meta property=\"article:modified_time\" content=\"2026-02-05T08:34:05+00:00\" \/>\n<meta property=\"og:image\" content=\"http:\/\/www.respirelavie.fr\/rennes\/wp-content\/uploads\/sites\/5\/2024\/12\/logo-respirelavie-300x46.png\" \/>\n<meta name=\"twitter:card\" content=\"summary_large_image\" \/>\n<meta name=\"twitter:label1\" content=\"Dur\u00e9e de lecture estim\u00e9e\" \/>\n\t<meta name=\"twitter:data1\" content=\"3 minutes\" \/>\n<script type=\"application\/ld+json\" class=\"yoast-schema-graph\">{\"@context\":\"https:\\\/\\\/schema.org\",\"@graph\":[{\"@type\":\"WebPage\",\"@id\":\"https:\\\/\\\/www.respirelavie.fr\\\/rennes\\\/presse\\\/presse\\\/\",\"url\":\"https:\\\/\\\/www.respirelavie.fr\\\/rennes\\\/presse\\\/presse\\\/\",\"name\":\"Espace communication\\\/presse - Respire La Vie Rennes\",\"isPartOf\":{\"@id\":\"https:\\\/\\\/www.respirelavie.fr\\\/rennes\\\/#website\"},\"primaryImageOfPage\":{\"@id\":\"https:\\\/\\\/www.respirelavie.fr\\\/rennes\\\/presse\\\/presse\\\/#primaryimage\"},\"image\":{\"@id\":\"https:\\\/\\\/www.respirelavie.fr\\\/rennes\\\/presse\\\/presse\\\/#primaryimage\"},\"thumbnailUrl\":\"http:\\\/\\\/www.respirelavie.fr\\\/rennes\\\/wp-content\\\/uploads\\\/sites\\\/5\\\/2024\\\/12\\\/logo-respirelavie-300x46.png\",\"datePublished\":\"2017-01-24T13:19:20+00:00\",\"dateModified\":\"2026-02-05T08:34:05+00:00\",\"breadcrumb\":{\"@id\":\"https:\\\/\\\/www.respirelavie.fr\\\/rennes\\\/presse\\\/presse\\\/#breadcrumb\"},\"inLanguage\":\"fr-FR\",\"potentialAction\":[{\"@type\":\"ReadAction\",\"target\":[\"https:\\\/\\\/www.respirelavie.fr\\\/rennes\\\/presse\\\/presse\\\/\"]}]},{\"@type\":\"ImageObject\",\"inLanguage\":\"fr-FR\",\"@id\":\"https:\\\/\\\/www.respirelavie.fr\\\/rennes\\\/presse\\\/presse\\\/#primaryimage\",\"url\":\"https:\\\/\\\/www.respirelavie.fr\\\/rennes\\\/wp-content\\\/uploads\\\/sites\\\/5\\\/2024\\\/12\\\/logo-respirelavie.png\",\"contentUrl\":\"https:\\\/\\\/www.respirelavie.fr\\\/rennes\\\/wp-content\\\/uploads\\\/sites\\\/5\\\/2024\\\/12\\\/logo-respirelavie.png\",\"width\":2401,\"height\":369},{\"@type\":\"BreadcrumbList\",\"@id\":\"https:\\\/\\\/www.respirelavie.fr\\\/rennes\\\/presse\\\/presse\\\/#breadcrumb\",\"itemListElement\":[{\"@type\":\"ListItem\",\"position\":1,\"name\":\"Accueil\",\"item\":\"https:\\\/\\\/www.respirelavie.fr\\\/rennes\\\/\"},{\"@type\":\"ListItem\",\"position\":2,\"name\":\"Communication\\\/presse et partenaires\",\"item\":\"https:\\\/\\\/www.respirelavie.fr\\\/rennes\\\/presse\\\/\"},{\"@type\":\"ListItem\",\"position\":3,\"name\":\"Espace communication\\\/presse\"}]},{\"@type\":\"WebSite\",\"@id\":\"https:\\\/\\\/www.respirelavie.fr\\\/rennes\\\/#website\",\"url\":\"https:\\\/\\\/www.respirelavie.fr\\\/rennes\\\/\",\"name\":\"Respire La Vie Rennes\",\"description\":\"Respire La Vie Rennes : votre salon \u00e9colo, bio, bien-\u00eatre et habitat sain \u00e0 Rennes\",\"publisher\":{\"@id\":\"https:\\\/\\\/www.respirelavie.fr\\\/rennes\\\/#organization\"},\"potentialAction\":[{\"@type\":\"SearchAction\",\"target\":{\"@type\":\"EntryPoint\",\"urlTemplate\":\"https:\\\/\\\/www.respirelavie.fr\\\/rennes\\\/?s={search_term_string}\"},\"query-input\":{\"@type\":\"PropertyValueSpecification\",\"valueRequired\":true,\"valueName\":\"search_term_string\"}}],\"inLanguage\":\"fr-FR\"},{\"@type\":\"Organization\",\"@id\":\"https:\\\/\\\/www.respirelavie.fr\\\/rennes\\\/#organization\",\"name\":\"Respire La Vie Rennes\",\"url\":\"https:\\\/\\\/www.respirelavie.fr\\\/rennes\\\/\",\"logo\":{\"@type\":\"ImageObject\",\"inLanguage\":\"fr-FR\",\"@id\":\"https:\\\/\\\/www.respirelavie.fr\\\/rennes\\\/#\\\/schema\\\/logo\\\/image\\\/\",\"url\":\"https:\\\/\\\/www.respirelavie.fr\\\/rennes\\\/wp-content\\\/uploads\\\/sites\\\/5\\\/2025\\\/11\\\/cropped-Logo-RESPIRE-rennes-2026.png\",\"contentUrl\":\"https:\\\/\\\/www.respirelavie.fr\\\/rennes\\\/wp-content\\\/uploads\\\/sites\\\/5\\\/2025\\\/11\\\/cropped-Logo-RESPIRE-rennes-2026.png\",\"width\":921,\"height\":255,\"caption\":\"Respire La Vie Rennes\"},\"image\":{\"@id\":\"https:\\\/\\\/www.respirelavie.fr\\\/rennes\\\/#\\\/schema\\\/logo\\\/image\\\/\"}}]}<\/script>\n<!-- \/ Yoast SEO plugin. -->","yoast_head_json":{"title":"Espace communication\/presse - Respire La Vie Rennes","robots":{"index":"index","follow":"follow","max-snippet":"max-snippet:-1","max-image-preview":"max-image-preview:large","max-video-preview":"max-video-preview:-1"},"canonical":"https:\/\/www.respirelavie.fr\/rennes\/presse\/presse\/","og_locale":"fr_FR","og_type":"article","og_title":"Espace communication\/presse - Respire La Vie Rennes","og_description":"Bienvenue dans l&#8217;espace presse du salon Respire La Vie Rennes Ici vous pouvez t\u00e9l\u00e9charger les documents presse, logos et visuels en haute d\u00e9finition pour vos usages d\u2019impression et de communication. Cliquez ici pour savoir comment ajouter le visuel et le lien de l\u2019entr\u00e9e gratuite du salon \u00e0 vos supports gr\u00e2ce \u00e0 l&#8217;exemple du salon Zen&hellip;","og_url":"https:\/\/www.respirelavie.fr\/rennes\/presse\/presse\/","og_site_name":"Respire La Vie Rennes","article_modified_time":"2026-02-05T08:34:05+00:00","og_image":[{"url":"http:\/\/www.respirelavie.fr\/rennes\/wp-content\/uploads\/sites\/5\/2024\/12\/logo-respirelavie-300x46.png","type":"","width":"","height":""}],"twitter_card":"summary_large_image","twitter_misc":{"Dur\u00e9e de lecture estim\u00e9e":"3 minutes"},"schema":{"@context":"https:\/\/schema.org","@graph":[{"@type":"WebPage","@id":"https:\/\/www.respirelavie.fr\/rennes\/presse\/presse\/","url":"https:\/\/www.respirelavie.fr\/rennes\/presse\/presse\/","name":"Espace communication\/presse - Respire La Vie Rennes","isPartOf":{"@id":"https:\/\/www.respirelavie.fr\/rennes\/#website"},"primaryImageOfPage":{"@id":"https:\/\/www.respirelavie.fr\/rennes\/presse\/presse\/#primaryimage"},"image":{"@id":"https:\/\/www.respirelavie.fr\/rennes\/presse\/presse\/#primaryimage"},"thumbnailUrl":"http:\/\/www.respirelavie.fr\/rennes\/wp-content\/uploads\/sites\/5\/2024\/12\/logo-respirelavie-300x46.png","datePublished":"2017-01-24T13:19:20+00:00","dateModified":"2026-02-05T08:34:05+00:00","breadcrumb":{"@id":"https:\/\/www.respirelavie.fr\/rennes\/presse\/presse\/#breadcrumb"},"inLanguage":"fr-FR","potentialAction":[{"@type":"ReadAction","target":["https:\/\/www.respirelavie.fr\/rennes\/presse\/presse\/"]}]},{"@type":"ImageObject","inLanguage":"fr-FR","@id":"https:\/\/www.respirelavie.fr\/rennes\/presse\/presse\/#primaryimage","url":"https:\/\/www.respirelavie.fr\/rennes\/wp-content\/uploads\/sites\/5\/2024\/12\/logo-respirelavie.png","contentUrl":"https:\/\/www.respirelavie.fr\/rennes\/wp-content\/uploads\/sites\/5\/2024\/12\/logo-respirelavie.png","width":2401,"height":369},{"@type":"BreadcrumbList","@id":"https:\/\/www.respirelavie.fr\/rennes\/presse\/presse\/#breadcrumb","itemListElement":[{"@type":"ListItem","position":1,"name":"Accueil","item":"https:\/\/www.respirelavie.fr\/rennes\/"},{"@type":"ListItem","position":2,"name":"Communication\/presse et partenaires","item":"https:\/\/www.respirelavie.fr\/rennes\/presse\/"},{"@type":"ListItem","position":3,"name":"Espace communication\/presse"}]},{"@type":"WebSite","@id":"https:\/\/www.respirelavie.fr\/rennes\/#website","url":"https:\/\/www.respirelavie.fr\/rennes\/","name":"Respire La Vie Rennes","description":"Respire La Vie Rennes : votre salon \u00e9colo, bio, bien-\u00eatre et habitat sain \u00e0 Rennes","publisher":{"@id":"https:\/\/www.respirelavie.fr\/rennes\/#organization"},"potentialAction":[{"@type":"SearchAction","target":{"@type":"EntryPoint","urlTemplate":"https:\/\/www.respirelavie.fr\/rennes\/?s={search_term_string}"},"query-input":{"@type":"PropertyValueSpecification","valueRequired":true,"valueName":"search_term_string"}}],"inLanguage":"fr-FR"},{"@type":"Organization","@id":"https:\/\/www.respirelavie.fr\/rennes\/#organization","name":"Respire La Vie Rennes","url":"https:\/\/www.respirelavie.fr\/rennes\/","logo":{"@type":"ImageObject","inLanguage":"fr-FR","@id":"https:\/\/www.respirelavie.fr\/rennes\/#\/schema\/logo\/image\/","url":"https:\/\/www.respirelavie.fr\/rennes\/wp-content\/uploads\/sites\/5\/2025\/11\/cropped-Logo-RESPIRE-rennes-2026.png","contentUrl":"https:\/\/www.respirelavie.fr\/rennes\/wp-content\/uploads\/sites\/5\/2025\/11\/cropped-Logo-RESPIRE-rennes-2026.png","width":921,"height":255,"caption":"Respire La Vie Rennes"},"image":{"@id":"https:\/\/www.respirelavie.fr\/rennes\/#\/schema\/logo\/image\/"}}]}},"_links":{"self":[{"href":"https:\/\/www.respirelavie.fr\/rennes\/wp-json\/wp\/v2\/pages\/2458","targetHints":{"allow":["GET"]}}],"collection":[{"href":"https:\/\/www.respirelavie.fr\/rennes\/wp-json\/wp\/v2\/pages"}],"about":[{"href":"https:\/\/www.respirelavie.fr\/rennes\/wp-json\/wp\/v2\/types\/page"}],"author":[{"embeddable":true,"href":"https:\/\/www.respirelavie.fr\/rennes\/wp-json\/wp\/v2\/users\/1"}],"replies":[{"embeddable":true,"href":"https:\/\/www.respirelavie.fr\/rennes\/wp-json\/wp\/v2\/comments?post=2458"}],"version-history":[{"count":78,"href":"https:\/\/www.respirelavie.fr\/rennes\/wp-json\/wp\/v2\/pages\/2458\/revisions"}],"predecessor-version":[{"id":13408,"href":"https:\/\/www.respirelavie.fr\/rennes\/wp-json\/wp\/v2\/pages\/2458\/revisions\/13408"}],"up":[{"embeddable":true,"href":"https:\/\/www.respirelavie.fr\/rennes\/wp-json\/wp\/v2\/pages\/2091"}],"wp:attachment":[{"href":"https:\/\/www.respirelavie.fr\/rennes\/wp-json\/wp\/v2\/media?parent=2458"}],"curies":[{"name":"wp","href":"https:\/\/api.w.org\/{rel}","templated":true}]}}