{"id":5418,"date":"2019-01-16T17:16:23","date_gmt":"2019-01-16T16:16:23","guid":{"rendered":"https:\/\/www.respirelavie.fr\/rennes\/?page_id=5418"},"modified":"2026-01-06T11:15:23","modified_gmt":"2026-01-06T10:15:23","slug":"espace-art-et-creation","status":"publish","type":"page","link":"https:\/\/www.respirelavie.fr\/rennes\/programme-du-salon\/espace-art-et-creation\/","title":{"rendered":"Espace d&#8217;animations"},"content":{"rendered":"<p>Le salon Respire La Vie Rennes met en place des animations sp\u00e9ciales pour \u00e9veiller l\u2019int\u00e9r\u00eat et pour une exp\u00e9rience visiteurs riche et in\u00e9dite.<\/p>\n<p>D\u00e9couvrez le programme d&#8217;animations \u00e0 ne pas manquer cette ann\u00e9e !<\/p>\n<p><span style=\"font-size: 10pt;\"><a href=\"#recup\">Recup&#8217;art &amp; mandala<\/a> &#8211; <a href=\"#energie\">La pause \u00e9nergisante<\/a> &#8211; <a href=\"#chamane\">Exp\u00e9rience chamanique<\/a> &#8211; <a href=\"#PTNV\">Le village les P&#8217;tits Nouveaux<\/a> &#8211; <a href=\"#producteur\">Le village des Producteurs Locaux<\/a> &#8211; <a href=\"#gourmand\">La pause bio et gourmande<\/a><\/span><\/p>\n<p>&nbsp;<\/p>\n<p><span style=\"color: #ffffff;\">a<a id=\"recup\"><\/a><\/span><\/p>\n<h2><img decoding=\"async\" class=\"alignnone wp-image-11542\" src=\"http:\/\/www.respirelavie.fr\/rennes\/wp-content\/uploads\/sites\/5\/2025\/01\/Capture_decran_2025-01-24_a_14.20.31-6-e1737728632794.png\" alt=\"\" width=\"20\" height=\"31\" \/> Recup\u2019art &amp; Mandala<\/h2>\n<p>Luc Legu\u00e9rinel, artiste plasticien en art \u00e9ph\u00e9m\u00e8re, vous attend sur le salon pour des moments cr\u00e9atifs, ludiques, conviviaux et artistiques, en famille.<br \/>\n<em>Animations Nature &#8220;Mandalas v\u00e9g\u00e9taux, LandArt, R\u00e9cupArt et nichoirs, h\u00f4tel \u00e0 insectes&#8221;<\/em><\/p>\n<p><span style=\"color: #ffffff;\">a<a id=\"energie\"><\/a><\/span><\/p>\n<h2 style=\"text-align: left;\"><img decoding=\"async\" class=\"alignnone wp-image-11540\" src=\"http:\/\/www.respirelavie.fr\/rennes\/wp-content\/uploads\/sites\/5\/2025\/01\/Capture_decran_2025-01-24_a_14.20.31-4-e1737728881243.png\" alt=\"\" width=\"28\" height=\"31\" \/> La pause \u00e9nergisante<\/h2>\n<p style=\"text-align: left;\">Formez-vous aux bienfaits de la coh\u00e9rence cardiaque et apprenez \u00e0 mieux respirer.<\/p>\n<p><span style=\"color: #ffffff;\">a<a id=\"chamane\"><\/a><\/span><\/p>\n<h2><img decoding=\"async\" class=\"alignnone wp-image-11539\" src=\"http:\/\/www.respirelavie.fr\/rennes\/wp-content\/uploads\/sites\/5\/2025\/01\/Capture_decran_2025-01-24_a_14.20.31-3-e1737728680171.png\" alt=\"\" width=\"24\" height=\"31\" \/> Exp\u00e9rience chamanique<\/h2>\n<p style=\"text-align: right;\">samedi 16h00 \u2013 Espace restauration &#8211; Exp\u00e9rience interactive<\/p>\n<p>Le r\u00e9veil d&#8217;Avalon<br \/>\nNous vous emmenons vers les recettes de la magie ancienne. Celle qui porte en son \u00e2me profonde, la simplicit\u00e9 puissante de l\u2019amour inconditionnel de tout ce qui nous entoure.<br \/>\nQue le voyage commence.<br \/>\n<em>Anim\u00e9 par Oowake Chamanisme<\/em><\/p>\n<p><span style=\"color: #ffffff;\">a<a id=\"PTNV\"><\/a><\/span><\/p>\n<h2 style=\"text-align: left;\"><img loading=\"lazy\" decoding=\"async\" class=\"alignnone wp-image-11545\" src=\"http:\/\/www.respirelavie.fr\/rennes\/wp-content\/uploads\/sites\/5\/2025\/01\/Capture_decran_2025-01-24_a_14.20.31-e1737728923521.png\" alt=\"\" width=\"34\" height=\"31\" srcset=\"https:\/\/www.respirelavie.fr\/rennes\/wp-content\/uploads\/sites\/5\/2025\/01\/Capture_decran_2025-01-24_a_14.20.31-e1737728923521.png 169w, https:\/\/www.respirelavie.fr\/rennes\/wp-content\/uploads\/sites\/5\/2025\/01\/Capture_decran_2025-01-24_a_14.20.31-e1737728923521-150x138.png 150w\" sizes=\"(max-width: 34px) 100vw, 34px\" \/> Le village Les P\u2019tits Nouveaux<\/h2>\n<p style=\"text-align: left;\">Situ\u00e9 en plein c\u0153ur du salon, vous y trouverez des nouveaux produits cr\u00e9\u00e9s par de jeunes marques, toutes plus engag\u00e9es les unes que les autres\u00a0!<\/p>\n<p><span style=\"color: #ffffff;\">a<a id=\"producteur\"><\/a><\/span><\/p>\n<h2 style=\"text-align: left;\"><img loading=\"lazy\" decoding=\"async\" class=\"alignnone wp-image-12969\" src=\"http:\/\/www.respirelavie.fr\/rennes\/wp-content\/uploads\/sites\/5\/2026\/01\/Capture-decran-2026-01-06-a-11.00.10.png\" alt=\"\" width=\"31\" height=\"31\" srcset=\"https:\/\/www.respirelavie.fr\/rennes\/wp-content\/uploads\/sites\/5\/2026\/01\/Capture-decran-2026-01-06-a-11.00.10.png 102w, https:\/\/www.respirelavie.fr\/rennes\/wp-content\/uploads\/sites\/5\/2026\/01\/Capture-decran-2026-01-06-a-11.00.10-45x45.png 45w\" sizes=\"(max-width: 31px) 100vw, 31px\" \/> Le village des producteurs locaux<\/h2>\n<p style=\"text-align: left;\">Un march\u00e9 bio des producteurs locaux !<br \/>\nRetrouvez les producteurs de votre r\u00e9gion qui valorisent et proposent des produits locaux. Saveurs et d\u00e9couvertes garanties\u00a0!<\/p>\n<p><span style=\"color: #ffffff;\">a<a id=\"gourmand\"><\/a><\/span><\/p>\n<h2 style=\"text-align: left;\"><img loading=\"lazy\" decoding=\"async\" class=\"alignnone wp-image-12970\" src=\"http:\/\/www.respirelavie.fr\/rennes\/wp-content\/uploads\/sites\/5\/2026\/01\/picto-espace-bio-e1767694113969.png\" alt=\"\" width=\"31\" height=\"26\" srcset=\"https:\/\/www.respirelavie.fr\/rennes\/wp-content\/uploads\/sites\/5\/2026\/01\/picto-espace-bio-e1767694113969.png 262w, https:\/\/www.respirelavie.fr\/rennes\/wp-content\/uploads\/sites\/5\/2026\/01\/picto-espace-bio-e1767694113969-150x125.png 150w\" sizes=\"(max-width: 31px) 100vw, 31px\" \/> La pause bio et gourmande<\/h2>\n<p>Des saveurs, du bouquet, des d\u00e9couvertes&#8230; il y en a pour tous les go\u00fbts ! Retrouvez les menus et gourmandises bio, concoct\u00e9s avec amour par nos restaurateurs engag\u00e9s : pakora, gaufres, cr\u00eapes&#8230;<\/p>\n<p>&nbsp;<\/p>\n<hr \/>\n<p><a href=\"https:\/\/www.respirelavie.fr\/rennes\/espace-danimations-en-continu-2024\/\" target=\"_blank\" rel=\"noopener\"><span style=\"font-size: 10pt;\"><em>Consultez les animations de l\u2019\u00e9dition 2024<\/em><\/span><\/a><br \/>\n<a href=\"https:\/\/www.respirelavie.fr\/rennes\/espace-danimations-en-continu-2023\/\" target=\"_blank\" rel=\"noopener\"><span style=\"font-size: 10pt;\"><em>Consultez les animations de l\u2019\u00e9dition 2023<\/em><\/span><\/a><br \/>\n<a href=\"https:\/\/www.respirelavie.fr\/rennes\/animations-speciales-2022\/\"><span style=\"font-size: 10pt;\"><em>Consultez les animations de l\u2019\u00e9dition 2022<\/em><\/span><\/a><br \/>\n<a href=\"https:\/\/www.respirelavie.fr\/rennes\/?p=7791\"><span style=\"font-size: 10pt;\"><em>Consultez les animations de l\u2019\u00e9dition 2020<\/em><\/span><\/a><br \/>\n<span style=\"font-size: 10pt;\"><a href=\"https:\/\/www.respirelavie.fr\/rennes\/animations-2019\/\" target=\"_blank\" rel=\"noopener noreferrer\"><em>Consultez les animations de l&#8217;\u00e9dition 2019<\/em><\/a><\/span><\/p>\n","protected":false},"excerpt":{"rendered":"<p>Le salon Respire La Vie Rennes met en place des animations sp\u00e9ciales pour \u00e9veiller l\u2019int\u00e9r\u00eat et pour une exp\u00e9rience visiteurs riche et in\u00e9dite. D\u00e9couvrez le programme d&#8217;animations \u00e0 ne pas manquer cette ann\u00e9e ! Recup&#8217;art &amp; mandala &#8211; La pause \u00e9nergisante &#8211; Exp\u00e9rience chamanique &#8211; Le village les P&#8217;tits Nouveaux &#8211; Le village des Producteurs&hellip; <\/p>\n","protected":false},"author":1,"featured_media":0,"parent":3853,"menu_order":5,"comment_status":"closed","ping_status":"closed","template":"","meta":{"_monsterinsights_skip_tracking":false,"_monsterinsights_sitenote_active":false,"_monsterinsights_sitenote_note":"","_monsterinsights_sitenote_category":0,"footnotes":""},"class_list":["post-5418","page","type-page","status-publish","hentry"],"yoast_head":"<!-- This site is optimized with the Yoast SEO plugin v27.3 - https:\/\/yoast.com\/product\/yoast-seo-wordpress\/ -->\n<title>Espace d&#039;animations - Respire La Vie Rennes<\/title>\n<meta name=\"robots\" content=\"index, follow, max-snippet:-1, max-image-preview:large, max-video-preview:-1\" \/>\n<link rel=\"canonical\" href=\"https:\/\/www.respirelavie.fr\/rennes\/programme-du-salon\/espace-art-et-creation\/\" \/>\n<meta property=\"og:locale\" content=\"fr_FR\" \/>\n<meta property=\"og:type\" content=\"article\" \/>\n<meta property=\"og:title\" content=\"Espace d&#039;animations - Respire La Vie Rennes\" \/>\n<meta property=\"og:description\" content=\"Le salon Respire La Vie Rennes met en place des animations sp\u00e9ciales pour \u00e9veiller l\u2019int\u00e9r\u00eat et pour une exp\u00e9rience visiteurs riche et in\u00e9dite. D\u00e9couvrez le programme d&#8217;animations \u00e0 ne pas manquer cette ann\u00e9e ! Recup&#8217;art &amp; mandala &#8211; La pause \u00e9nergisante &#8211; Exp\u00e9rience chamanique &#8211; Le village les P&#8217;tits Nouveaux &#8211; Le village des Producteurs&hellip;\" \/>\n<meta property=\"og:url\" content=\"https:\/\/www.respirelavie.fr\/rennes\/programme-du-salon\/espace-art-et-creation\/\" \/>\n<meta property=\"og:site_name\" content=\"Respire La Vie Rennes\" \/>\n<meta property=\"article:modified_time\" content=\"2026-01-06T10:15:23+00:00\" \/>\n<meta property=\"og:image\" content=\"http:\/\/www.respirelavie.fr\/rennes\/wp-content\/uploads\/sites\/5\/2025\/01\/Capture_decran_2025-01-24_a_14.20.31-6-e1737728632794.png\" \/>\n<meta name=\"twitter:card\" content=\"summary_large_image\" \/>\n<meta name=\"twitter:label1\" content=\"Dur\u00e9e de lecture estim\u00e9e\" \/>\n\t<meta name=\"twitter:data1\" content=\"3 minutes\" \/>\n<script type=\"application\/ld+json\" class=\"yoast-schema-graph\">{\"@context\":\"https:\\\/\\\/schema.org\",\"@graph\":[{\"@type\":\"WebPage\",\"@id\":\"https:\\\/\\\/www.respirelavie.fr\\\/rennes\\\/programme-du-salon\\\/espace-art-et-creation\\\/\",\"url\":\"https:\\\/\\\/www.respirelavie.fr\\\/rennes\\\/programme-du-salon\\\/espace-art-et-creation\\\/\",\"name\":\"Espace d'animations - Respire La Vie Rennes\",\"isPartOf\":{\"@id\":\"https:\\\/\\\/www.respirelavie.fr\\\/rennes\\\/#website\"},\"primaryImageOfPage\":{\"@id\":\"https:\\\/\\\/www.respirelavie.fr\\\/rennes\\\/programme-du-salon\\\/espace-art-et-creation\\\/#primaryimage\"},\"image\":{\"@id\":\"https:\\\/\\\/www.respirelavie.fr\\\/rennes\\\/programme-du-salon\\\/espace-art-et-creation\\\/#primaryimage\"},\"thumbnailUrl\":\"http:\\\/\\\/www.respirelavie.fr\\\/rennes\\\/wp-content\\\/uploads\\\/sites\\\/5\\\/2025\\\/01\\\/Capture_decran_2025-01-24_a_14.20.31-6-e1737728632794.png\",\"datePublished\":\"2019-01-16T16:16:23+00:00\",\"dateModified\":\"2026-01-06T10:15:23+00:00\",\"breadcrumb\":{\"@id\":\"https:\\\/\\\/www.respirelavie.fr\\\/rennes\\\/programme-du-salon\\\/espace-art-et-creation\\\/#breadcrumb\"},\"inLanguage\":\"fr-FR\",\"potentialAction\":[{\"@type\":\"ReadAction\",\"target\":[\"https:\\\/\\\/www.respirelavie.fr\\\/rennes\\\/programme-du-salon\\\/espace-art-et-creation\\\/\"]}]},{\"@type\":\"ImageObject\",\"inLanguage\":\"fr-FR\",\"@id\":\"https:\\\/\\\/www.respirelavie.fr\\\/rennes\\\/programme-du-salon\\\/espace-art-et-creation\\\/#primaryimage\",\"url\":\"https:\\\/\\\/www.respirelavie.fr\\\/rennes\\\/wp-content\\\/uploads\\\/sites\\\/5\\\/2025\\\/01\\\/Capture_decran_2025-01-24_a_14.20.31-6-e1737728632794.png\",\"contentUrl\":\"https:\\\/\\\/www.respirelavie.fr\\\/rennes\\\/wp-content\\\/uploads\\\/sites\\\/5\\\/2025\\\/01\\\/Capture_decran_2025-01-24_a_14.20.31-6-e1737728632794.png\",\"width\":109,\"height\":168},{\"@type\":\"BreadcrumbList\",\"@id\":\"https:\\\/\\\/www.respirelavie.fr\\\/rennes\\\/programme-du-salon\\\/espace-art-et-creation\\\/#breadcrumb\",\"itemListElement\":[{\"@type\":\"ListItem\",\"position\":1,\"name\":\"Accueil\",\"item\":\"https:\\\/\\\/www.respirelavie.fr\\\/rennes\\\/\"},{\"@type\":\"ListItem\",\"position\":2,\"name\":\"Programme du salon\",\"item\":\"https:\\\/\\\/www.respirelavie.fr\\\/rennes\\\/programme-du-salon\\\/\"},{\"@type\":\"ListItem\",\"position\":3,\"name\":\"Espace d&#8217;animations\"}]},{\"@type\":\"WebSite\",\"@id\":\"https:\\\/\\\/www.respirelavie.fr\\\/rennes\\\/#website\",\"url\":\"https:\\\/\\\/www.respirelavie.fr\\\/rennes\\\/\",\"name\":\"Respire La Vie Rennes\",\"description\":\"Respire La Vie Rennes : votre salon \u00e9colo, bio, bien-\u00eatre et habitat sain \u00e0 Rennes\",\"publisher\":{\"@id\":\"https:\\\/\\\/www.respirelavie.fr\\\/rennes\\\/#organization\"},\"potentialAction\":[{\"@type\":\"SearchAction\",\"target\":{\"@type\":\"EntryPoint\",\"urlTemplate\":\"https:\\\/\\\/www.respirelavie.fr\\\/rennes\\\/?s={search_term_string}\"},\"query-input\":{\"@type\":\"PropertyValueSpecification\",\"valueRequired\":true,\"valueName\":\"search_term_string\"}}],\"inLanguage\":\"fr-FR\"},{\"@type\":\"Organization\",\"@id\":\"https:\\\/\\\/www.respirelavie.fr\\\/rennes\\\/#organization\",\"name\":\"Respire La Vie Rennes\",\"url\":\"https:\\\/\\\/www.respirelavie.fr\\\/rennes\\\/\",\"logo\":{\"@type\":\"ImageObject\",\"inLanguage\":\"fr-FR\",\"@id\":\"https:\\\/\\\/www.respirelavie.fr\\\/rennes\\\/#\\\/schema\\\/logo\\\/image\\\/\",\"url\":\"https:\\\/\\\/www.respirelavie.fr\\\/rennes\\\/wp-content\\\/uploads\\\/sites\\\/5\\\/2025\\\/11\\\/cropped-Logo-RESPIRE-rennes-2026.png\",\"contentUrl\":\"https:\\\/\\\/www.respirelavie.fr\\\/rennes\\\/wp-content\\\/uploads\\\/sites\\\/5\\\/2025\\\/11\\\/cropped-Logo-RESPIRE-rennes-2026.png\",\"width\":921,\"height\":255,\"caption\":\"Respire La Vie Rennes\"},\"image\":{\"@id\":\"https:\\\/\\\/www.respirelavie.fr\\\/rennes\\\/#\\\/schema\\\/logo\\\/image\\\/\"}}]}<\/script>\n<!-- \/ Yoast SEO plugin. -->","yoast_head_json":{"title":"Espace d'animations - Respire La Vie Rennes","robots":{"index":"index","follow":"follow","max-snippet":"max-snippet:-1","max-image-preview":"max-image-preview:large","max-video-preview":"max-video-preview:-1"},"canonical":"https:\/\/www.respirelavie.fr\/rennes\/programme-du-salon\/espace-art-et-creation\/","og_locale":"fr_FR","og_type":"article","og_title":"Espace d'animations - Respire La Vie Rennes","og_description":"Le salon Respire La Vie Rennes met en place des animations sp\u00e9ciales pour \u00e9veiller l\u2019int\u00e9r\u00eat et pour une exp\u00e9rience visiteurs riche et in\u00e9dite. D\u00e9couvrez le programme d&#8217;animations \u00e0 ne pas manquer cette ann\u00e9e ! Recup&#8217;art &amp; mandala &#8211; La pause \u00e9nergisante &#8211; Exp\u00e9rience chamanique &#8211; Le village les P&#8217;tits Nouveaux &#8211; Le village des Producteurs&hellip;","og_url":"https:\/\/www.respirelavie.fr\/rennes\/programme-du-salon\/espace-art-et-creation\/","og_site_name":"Respire La Vie Rennes","article_modified_time":"2026-01-06T10:15:23+00:00","og_image":[{"url":"http:\/\/www.respirelavie.fr\/rennes\/wp-content\/uploads\/sites\/5\/2025\/01\/Capture_decran_2025-01-24_a_14.20.31-6-e1737728632794.png","type":"","width":"","height":""}],"twitter_card":"summary_large_image","twitter_misc":{"Dur\u00e9e de lecture estim\u00e9e":"3 minutes"},"schema":{"@context":"https:\/\/schema.org","@graph":[{"@type":"WebPage","@id":"https:\/\/www.respirelavie.fr\/rennes\/programme-du-salon\/espace-art-et-creation\/","url":"https:\/\/www.respirelavie.fr\/rennes\/programme-du-salon\/espace-art-et-creation\/","name":"Espace d'animations - Respire La Vie Rennes","isPartOf":{"@id":"https:\/\/www.respirelavie.fr\/rennes\/#website"},"primaryImageOfPage":{"@id":"https:\/\/www.respirelavie.fr\/rennes\/programme-du-salon\/espace-art-et-creation\/#primaryimage"},"image":{"@id":"https:\/\/www.respirelavie.fr\/rennes\/programme-du-salon\/espace-art-et-creation\/#primaryimage"},"thumbnailUrl":"http:\/\/www.respirelavie.fr\/rennes\/wp-content\/uploads\/sites\/5\/2025\/01\/Capture_decran_2025-01-24_a_14.20.31-6-e1737728632794.png","datePublished":"2019-01-16T16:16:23+00:00","dateModified":"2026-01-06T10:15:23+00:00","breadcrumb":{"@id":"https:\/\/www.respirelavie.fr\/rennes\/programme-du-salon\/espace-art-et-creation\/#breadcrumb"},"inLanguage":"fr-FR","potentialAction":[{"@type":"ReadAction","target":["https:\/\/www.respirelavie.fr\/rennes\/programme-du-salon\/espace-art-et-creation\/"]}]},{"@type":"ImageObject","inLanguage":"fr-FR","@id":"https:\/\/www.respirelavie.fr\/rennes\/programme-du-salon\/espace-art-et-creation\/#primaryimage","url":"https:\/\/www.respirelavie.fr\/rennes\/wp-content\/uploads\/sites\/5\/2025\/01\/Capture_decran_2025-01-24_a_14.20.31-6-e1737728632794.png","contentUrl":"https:\/\/www.respirelavie.fr\/rennes\/wp-content\/uploads\/sites\/5\/2025\/01\/Capture_decran_2025-01-24_a_14.20.31-6-e1737728632794.png","width":109,"height":168},{"@type":"BreadcrumbList","@id":"https:\/\/www.respirelavie.fr\/rennes\/programme-du-salon\/espace-art-et-creation\/#breadcrumb","itemListElement":[{"@type":"ListItem","position":1,"name":"Accueil","item":"https:\/\/www.respirelavie.fr\/rennes\/"},{"@type":"ListItem","position":2,"name":"Programme du salon","item":"https:\/\/www.respirelavie.fr\/rennes\/programme-du-salon\/"},{"@type":"ListItem","position":3,"name":"Espace d&#8217;animations"}]},{"@type":"WebSite","@id":"https:\/\/www.respirelavie.fr\/rennes\/#website","url":"https:\/\/www.respirelavie.fr\/rennes\/","name":"Respire La Vie Rennes","description":"Respire La Vie Rennes : votre salon \u00e9colo, bio, bien-\u00eatre et habitat sain \u00e0 Rennes","publisher":{"@id":"https:\/\/www.respirelavie.fr\/rennes\/#organization"},"potentialAction":[{"@type":"SearchAction","target":{"@type":"EntryPoint","urlTemplate":"https:\/\/www.respirelavie.fr\/rennes\/?s={search_term_string}"},"query-input":{"@type":"PropertyValueSpecification","valueRequired":true,"valueName":"search_term_string"}}],"inLanguage":"fr-FR"},{"@type":"Organization","@id":"https:\/\/www.respirelavie.fr\/rennes\/#organization","name":"Respire La Vie Rennes","url":"https:\/\/www.respirelavie.fr\/rennes\/","logo":{"@type":"ImageObject","inLanguage":"fr-FR","@id":"https:\/\/www.respirelavie.fr\/rennes\/#\/schema\/logo\/image\/","url":"https:\/\/www.respirelavie.fr\/rennes\/wp-content\/uploads\/sites\/5\/2025\/11\/cropped-Logo-RESPIRE-rennes-2026.png","contentUrl":"https:\/\/www.respirelavie.fr\/rennes\/wp-content\/uploads\/sites\/5\/2025\/11\/cropped-Logo-RESPIRE-rennes-2026.png","width":921,"height":255,"caption":"Respire La Vie Rennes"},"image":{"@id":"https:\/\/www.respirelavie.fr\/rennes\/#\/schema\/logo\/image\/"}}]}},"_links":{"self":[{"href":"https:\/\/www.respirelavie.fr\/rennes\/wp-json\/wp\/v2\/pages\/5418","targetHints":{"allow":["GET"]}}],"collection":[{"href":"https:\/\/www.respirelavie.fr\/rennes\/wp-json\/wp\/v2\/pages"}],"about":[{"href":"https:\/\/www.respirelavie.fr\/rennes\/wp-json\/wp\/v2\/types\/page"}],"author":[{"embeddable":true,"href":"https:\/\/www.respirelavie.fr\/rennes\/wp-json\/wp\/v2\/users\/1"}],"replies":[{"embeddable":true,"href":"https:\/\/www.respirelavie.fr\/rennes\/wp-json\/wp\/v2\/comments?post=5418"}],"version-history":[{"count":56,"href":"https:\/\/www.respirelavie.fr\/rennes\/wp-json\/wp\/v2\/pages\/5418\/revisions"}],"predecessor-version":[{"id":12971,"href":"https:\/\/www.respirelavie.fr\/rennes\/wp-json\/wp\/v2\/pages\/5418\/revisions\/12971"}],"up":[{"embeddable":true,"href":"https:\/\/www.respirelavie.fr\/rennes\/wp-json\/wp\/v2\/pages\/3853"}],"wp:attachment":[{"href":"https:\/\/www.respirelavie.fr\/rennes\/wp-json\/wp\/v2\/media?parent=5418"}],"curies":[{"name":"wp","href":"https:\/\/api.w.org\/{rel}","templated":true}]}}