{"id":6608,"date":"2019-11-26T10:04:20","date_gmt":"2019-11-26T09:04:20","guid":{"rendered":"https:\/\/www.respirelavie.fr\/rennes\/?page_id=6608"},"modified":"2019-11-26T10:04:20","modified_gmt":"2019-11-26T09:04:20","slug":"animations-creatives-2019","status":"publish","type":"page","link":"https:\/\/www.respirelavie.fr\/rennes\/animations-creatives-2019\/","title":{"rendered":"Animations cr\u00e9atives 2019"},"content":{"rendered":"<h2>Vendredi 15 f\u00e9vrier 2019<\/h2>\n<p><span style=\"color: #800080;\"><strong>11:00<\/strong><\/span> Cuisson basse temp\u00e9rature : de l&#8217;entr\u00e9e au dessert en une seule cuisson &#8211; <span style=\"color: #808080;\"><em>L&#8217;Omnicuiseur Vitalit\u00e9<br \/>\n<\/em><\/span><strong><span style=\"color: #800080;\">12:15<\/span>\u00a0<\/strong>Pr\u00e9paration d&#8217;un savon maison par saponification \u00e0 froid &#8211;\u00a0<span style=\"color: #808080;\"><em>Jeff Renault, Savondou<\/em><\/span><br \/>\n<span style=\"color: #800080;\"><strong>13:30<\/strong><\/span> L&#8217;alo\u00e9 v\u00e9ra et arborescens : vertus et usages des feuilles fra\u00eeches &#8211;<span style=\"color: #808080;\"><em>Anne Roche, Esprit Safran<\/em><\/span><br \/>\n<span style=\"color: #800080;\"><strong>14:45<\/strong><\/span> D\u00e9couvrez les vertus du bicarbonate et de la grenade concentr\u00e9 &#8211;\u00a0Jean Claude Berton &#8211;\u00a0<span style=\"color: #808080;\"><em>Gagik Saakian<\/em><br \/>\n<\/span><span style=\"color: #800080;\"><strong>16:00<\/strong>\u00a0<\/span>BOMO\u00cf &#8220;CosmEthiques vous invite \u00e0 devenir consomm&#8217;Acteur pour votre peau !\u00a0<span style=\"color: #808080;\"><em>Julien Brault<\/em><\/span><br \/>\n<span style=\"color: #800080;\"><strong>17:15<\/strong><\/span> Maison nette sans salir ma plan\u00e8te &#8211; fabrication de produits m\u00e9nagers naturels &#8211; <span style=\"color: #808080;\"><em>CLCV Rennes<\/em><\/span><\/p>\n<h2>Samedi 16 f\u00e9vrier 2019<\/h2>\n<p><span style=\"color: #800080;\"><strong>11:00<\/strong><\/span> Cuisson basse temp\u00e9rature : de l&#8217;entr\u00e9e au dessert en une seule cuisson &#8211; <span style=\"color: #808080;\"><em>L&#8217;Omnicuiseur Vitalit\u00e9<br \/>\n<\/em><\/span><strong><span style=\"color: #800080;\">12:15<\/span>\u00a0<\/strong>Fabrication de lessive au naturel &#8211; <span style=\"color: #808080;\"><em>Les Ateliers Eco<br \/>\n<\/em><\/span><strong><span style=\"color: #800080;\">13:30<\/span>\u00a0<\/strong>Pr\u00e9paration d&#8217;un savon maison par saponification \u00e0 froid &#8211; <span style=\"color: #808080;\"><em>Jeff Renault, Savondou<br \/>\n<\/em><\/span><span style=\"color: #800080;\"><strong>14:45<\/strong><\/span> Cours de cuisine veggie &#8211;\u00a0<span style=\"color: #808080;\"><em>Les Ateliers Eco<br \/>\n<\/em><\/span><span style=\"color: #800080;\"><strong>16:00<\/strong><\/span> Vinibio : d\u00e9gustation comment\u00e9e des vins du salon &#8211; <span style=\"color: #808080;\"><em>Guide du vin bio \u00e9dition Utovie<\/em><em><br \/>\n<\/em><\/span><span style=\"color: #800080;\"><strong>17:15<\/strong><\/span> D\u00e9couvrez les vertus du bicarbonate et de la grenade concentr\u00e9 &#8211;\u00a0Jean Claude Berton &#8211;\u00a0<span style=\"color: #808080;\"><em>Gagik Saakian<br \/>\n<\/em><span style=\"color: #800080;\"><strong>18:15\u00a0<\/strong><\/span><span style=\"color: #333333;\">L&#8217;alo\u00e9 v\u00e9ra et arborescens : vertus et usages des feuilles fra\u00eeches <\/span><em>&#8211; Anne Roche, Esprit Safran<br \/>\n<\/em><\/span><\/p>\n<h2>Dimanche 17 f\u00e9vrier 2019<\/h2>\n<p><span style=\"color: #800080;\"><strong>11:00<\/strong><\/span> Cuisson basse temp\u00e9rature : de l&#8217;entr\u00e9e au dessert en une seule cuisson &#8211; <span style=\"color: #808080;\"><em>L&#8217;Omnicuiseur Vitalit\u00e9<br \/>\n<\/em><\/span><strong><span style=\"color: #800080;\">12:15<\/span>\u00a0<\/strong>Fabrication de lessive au naturel &#8211; <span style=\"color: #808080;\"><em>Les Ateliers Eco<br \/>\n<\/em><\/span><span style=\"color: #808080;\"><span style=\"color: #800080;\"><strong>13:30\u00a0<\/strong><\/span><span style=\"color: #333333;\">L&#8217;alo\u00e9 v\u00e9ra et arborescens : vertus et usages des feuilles fra\u00eeches<\/span><em> &#8211; Anne Roche, Esprit Safran<br \/>\n<\/em><\/span><span style=\"color: #808080;\"><span style=\"color: #800080;\"><strong>14:45<\/strong><\/span> <span style=\"color: #333333;\">Cours de cuisine veggie<\/span><em> &#8211; Les Ateliers Eco<br \/>\n<\/em><\/span><strong><span style=\"color: #800080;\">16:00<\/span><\/strong> BOMO\u00cf &#8220;CosmEthiques vous invite \u00e0 devenir consomm&#8217;Acteur pour votre peau !\u00a0<span style=\"color: #808080;\"><em>Julien Brault<br \/>\n<\/em><\/span><span style=\"color: #800080;\"><strong>17:15<\/strong> <\/span>Atelier Brico-Recup&#8217; &#8211;\u00a0<span style=\"color: #808080;\"><em>Les Ateliers Eco<\/em><\/span><\/p>\n<p>&nbsp;<\/p>\n","protected":false},"excerpt":{"rendered":"<p>Vendredi 15 f\u00e9vrier 2019 11:00 Cuisson basse temp\u00e9rature : de l&#8217;entr\u00e9e au dessert en une seule cuisson &#8211; L&#8217;Omnicuiseur Vitalit\u00e9 12:15\u00a0Pr\u00e9paration d&#8217;un savon maison par saponification \u00e0 froid &#8211;\u00a0Jeff Renault, Savondou 13:30 L&#8217;alo\u00e9 v\u00e9ra et arborescens : vertus et usages des feuilles fra\u00eeches &#8211;Anne Roche, Esprit Safran 14:45 D\u00e9couvrez les vertus du bicarbonate et de&hellip; <\/p>\n","protected":false},"author":1,"featured_media":0,"parent":0,"menu_order":0,"comment_status":"closed","ping_status":"closed","template":"","meta":{"_monsterinsights_skip_tracking":false,"_monsterinsights_sitenote_active":false,"_monsterinsights_sitenote_note":"","_monsterinsights_sitenote_category":0,"footnotes":""},"class_list":["post-6608","page","type-page","status-publish","hentry"],"yoast_head":"<!-- This site is optimized with the Yoast SEO plugin v27.3 - https:\/\/yoast.com\/product\/yoast-seo-wordpress\/ -->\n<title>Animations cr\u00e9atives 2019 - Respire La Vie Rennes<\/title>\n<meta name=\"robots\" content=\"index, follow, max-snippet:-1, max-image-preview:large, max-video-preview:-1\" \/>\n<link rel=\"canonical\" href=\"https:\/\/www.respirelavie.fr\/rennes\/animations-creatives-2019\/\" \/>\n<meta property=\"og:locale\" content=\"fr_FR\" \/>\n<meta property=\"og:type\" content=\"article\" \/>\n<meta property=\"og:title\" content=\"Animations cr\u00e9atives 2019 - Respire La Vie Rennes\" \/>\n<meta property=\"og:description\" content=\"Vendredi 15 f\u00e9vrier 2019 11:00 Cuisson basse temp\u00e9rature : de l&#8217;entr\u00e9e au dessert en une seule cuisson &#8211; L&#8217;Omnicuiseur Vitalit\u00e9 12:15\u00a0Pr\u00e9paration d&#8217;un savon maison par saponification \u00e0 froid &#8211;\u00a0Jeff Renault, Savondou 13:30 L&#8217;alo\u00e9 v\u00e9ra et arborescens : vertus et usages des feuilles fra\u00eeches &#8211;Anne Roche, Esprit Safran 14:45 D\u00e9couvrez les vertus du bicarbonate et de&hellip;\" \/>\n<meta property=\"og:url\" content=\"https:\/\/www.respirelavie.fr\/rennes\/animations-creatives-2019\/\" \/>\n<meta property=\"og:site_name\" content=\"Respire La Vie Rennes\" \/>\n<meta name=\"twitter:card\" content=\"summary_large_image\" \/>\n<meta name=\"twitter:label1\" content=\"Dur\u00e9e de lecture estim\u00e9e\" \/>\n\t<meta name=\"twitter:data1\" content=\"1 minute\" \/>\n<script type=\"application\/ld+json\" class=\"yoast-schema-graph\">{\"@context\":\"https:\\\/\\\/schema.org\",\"@graph\":[{\"@type\":\"WebPage\",\"@id\":\"https:\\\/\\\/www.respirelavie.fr\\\/rennes\\\/animations-creatives-2019\\\/\",\"url\":\"https:\\\/\\\/www.respirelavie.fr\\\/rennes\\\/animations-creatives-2019\\\/\",\"name\":\"Animations cr\u00e9atives 2019 - Respire La Vie Rennes\",\"isPartOf\":{\"@id\":\"https:\\\/\\\/www.respirelavie.fr\\\/rennes\\\/#website\"},\"datePublished\":\"2019-11-26T09:04:20+00:00\",\"breadcrumb\":{\"@id\":\"https:\\\/\\\/www.respirelavie.fr\\\/rennes\\\/animations-creatives-2019\\\/#breadcrumb\"},\"inLanguage\":\"fr-FR\",\"potentialAction\":[{\"@type\":\"ReadAction\",\"target\":[\"https:\\\/\\\/www.respirelavie.fr\\\/rennes\\\/animations-creatives-2019\\\/\"]}]},{\"@type\":\"BreadcrumbList\",\"@id\":\"https:\\\/\\\/www.respirelavie.fr\\\/rennes\\\/animations-creatives-2019\\\/#breadcrumb\",\"itemListElement\":[{\"@type\":\"ListItem\",\"position\":1,\"name\":\"Accueil\",\"item\":\"https:\\\/\\\/www.respirelavie.fr\\\/rennes\\\/\"},{\"@type\":\"ListItem\",\"position\":2,\"name\":\"Animations cr\u00e9atives 2019\"}]},{\"@type\":\"WebSite\",\"@id\":\"https:\\\/\\\/www.respirelavie.fr\\\/rennes\\\/#website\",\"url\":\"https:\\\/\\\/www.respirelavie.fr\\\/rennes\\\/\",\"name\":\"Respire La Vie Rennes\",\"description\":\"Respire La Vie Rennes : votre salon \u00e9colo, bio, bien-\u00eatre et habitat sain \u00e0 Rennes\",\"publisher\":{\"@id\":\"https:\\\/\\\/www.respirelavie.fr\\\/rennes\\\/#organization\"},\"potentialAction\":[{\"@type\":\"SearchAction\",\"target\":{\"@type\":\"EntryPoint\",\"urlTemplate\":\"https:\\\/\\\/www.respirelavie.fr\\\/rennes\\\/?s={search_term_string}\"},\"query-input\":{\"@type\":\"PropertyValueSpecification\",\"valueRequired\":true,\"valueName\":\"search_term_string\"}}],\"inLanguage\":\"fr-FR\"},{\"@type\":\"Organization\",\"@id\":\"https:\\\/\\\/www.respirelavie.fr\\\/rennes\\\/#organization\",\"name\":\"Respire La Vie Rennes\",\"url\":\"https:\\\/\\\/www.respirelavie.fr\\\/rennes\\\/\",\"logo\":{\"@type\":\"ImageObject\",\"inLanguage\":\"fr-FR\",\"@id\":\"https:\\\/\\\/www.respirelavie.fr\\\/rennes\\\/#\\\/schema\\\/logo\\\/image\\\/\",\"url\":\"https:\\\/\\\/www.respirelavie.fr\\\/rennes\\\/wp-content\\\/uploads\\\/sites\\\/5\\\/2025\\\/11\\\/cropped-Logo-RESPIRE-rennes-2026.png\",\"contentUrl\":\"https:\\\/\\\/www.respirelavie.fr\\\/rennes\\\/wp-content\\\/uploads\\\/sites\\\/5\\\/2025\\\/11\\\/cropped-Logo-RESPIRE-rennes-2026.png\",\"width\":921,\"height\":255,\"caption\":\"Respire La Vie Rennes\"},\"image\":{\"@id\":\"https:\\\/\\\/www.respirelavie.fr\\\/rennes\\\/#\\\/schema\\\/logo\\\/image\\\/\"}}]}<\/script>\n<!-- \/ Yoast SEO plugin. -->","yoast_head_json":{"title":"Animations cr\u00e9atives 2019 - Respire La Vie Rennes","robots":{"index":"index","follow":"follow","max-snippet":"max-snippet:-1","max-image-preview":"max-image-preview:large","max-video-preview":"max-video-preview:-1"},"canonical":"https:\/\/www.respirelavie.fr\/rennes\/animations-creatives-2019\/","og_locale":"fr_FR","og_type":"article","og_title":"Animations cr\u00e9atives 2019 - Respire La Vie Rennes","og_description":"Vendredi 15 f\u00e9vrier 2019 11:00 Cuisson basse temp\u00e9rature : de l&#8217;entr\u00e9e au dessert en une seule cuisson &#8211; L&#8217;Omnicuiseur Vitalit\u00e9 12:15\u00a0Pr\u00e9paration d&#8217;un savon maison par saponification \u00e0 froid &#8211;\u00a0Jeff Renault, Savondou 13:30 L&#8217;alo\u00e9 v\u00e9ra et arborescens : vertus et usages des feuilles fra\u00eeches &#8211;Anne Roche, Esprit Safran 14:45 D\u00e9couvrez les vertus du bicarbonate et de&hellip;","og_url":"https:\/\/www.respirelavie.fr\/rennes\/animations-creatives-2019\/","og_site_name":"Respire La Vie Rennes","twitter_card":"summary_large_image","twitter_misc":{"Dur\u00e9e de lecture estim\u00e9e":"1 minute"},"schema":{"@context":"https:\/\/schema.org","@graph":[{"@type":"WebPage","@id":"https:\/\/www.respirelavie.fr\/rennes\/animations-creatives-2019\/","url":"https:\/\/www.respirelavie.fr\/rennes\/animations-creatives-2019\/","name":"Animations cr\u00e9atives 2019 - Respire La Vie Rennes","isPartOf":{"@id":"https:\/\/www.respirelavie.fr\/rennes\/#website"},"datePublished":"2019-11-26T09:04:20+00:00","breadcrumb":{"@id":"https:\/\/www.respirelavie.fr\/rennes\/animations-creatives-2019\/#breadcrumb"},"inLanguage":"fr-FR","potentialAction":[{"@type":"ReadAction","target":["https:\/\/www.respirelavie.fr\/rennes\/animations-creatives-2019\/"]}]},{"@type":"BreadcrumbList","@id":"https:\/\/www.respirelavie.fr\/rennes\/animations-creatives-2019\/#breadcrumb","itemListElement":[{"@type":"ListItem","position":1,"name":"Accueil","item":"https:\/\/www.respirelavie.fr\/rennes\/"},{"@type":"ListItem","position":2,"name":"Animations cr\u00e9atives 2019"}]},{"@type":"WebSite","@id":"https:\/\/www.respirelavie.fr\/rennes\/#website","url":"https:\/\/www.respirelavie.fr\/rennes\/","name":"Respire La Vie Rennes","description":"Respire La Vie Rennes : votre salon \u00e9colo, bio, bien-\u00eatre et habitat sain \u00e0 Rennes","publisher":{"@id":"https:\/\/www.respirelavie.fr\/rennes\/#organization"},"potentialAction":[{"@type":"SearchAction","target":{"@type":"EntryPoint","urlTemplate":"https:\/\/www.respirelavie.fr\/rennes\/?s={search_term_string}"},"query-input":{"@type":"PropertyValueSpecification","valueRequired":true,"valueName":"search_term_string"}}],"inLanguage":"fr-FR"},{"@type":"Organization","@id":"https:\/\/www.respirelavie.fr\/rennes\/#organization","name":"Respire La Vie Rennes","url":"https:\/\/www.respirelavie.fr\/rennes\/","logo":{"@type":"ImageObject","inLanguage":"fr-FR","@id":"https:\/\/www.respirelavie.fr\/rennes\/#\/schema\/logo\/image\/","url":"https:\/\/www.respirelavie.fr\/rennes\/wp-content\/uploads\/sites\/5\/2025\/11\/cropped-Logo-RESPIRE-rennes-2026.png","contentUrl":"https:\/\/www.respirelavie.fr\/rennes\/wp-content\/uploads\/sites\/5\/2025\/11\/cropped-Logo-RESPIRE-rennes-2026.png","width":921,"height":255,"caption":"Respire La Vie Rennes"},"image":{"@id":"https:\/\/www.respirelavie.fr\/rennes\/#\/schema\/logo\/image\/"}}]}},"_links":{"self":[{"href":"https:\/\/www.respirelavie.fr\/rennes\/wp-json\/wp\/v2\/pages\/6608","targetHints":{"allow":["GET"]}}],"collection":[{"href":"https:\/\/www.respirelavie.fr\/rennes\/wp-json\/wp\/v2\/pages"}],"about":[{"href":"https:\/\/www.respirelavie.fr\/rennes\/wp-json\/wp\/v2\/types\/page"}],"author":[{"embeddable":true,"href":"https:\/\/www.respirelavie.fr\/rennes\/wp-json\/wp\/v2\/users\/1"}],"replies":[{"embeddable":true,"href":"https:\/\/www.respirelavie.fr\/rennes\/wp-json\/wp\/v2\/comments?post=6608"}],"version-history":[{"count":1,"href":"https:\/\/www.respirelavie.fr\/rennes\/wp-json\/wp\/v2\/pages\/6608\/revisions"}],"predecessor-version":[{"id":6609,"href":"https:\/\/www.respirelavie.fr\/rennes\/wp-json\/wp\/v2\/pages\/6608\/revisions\/6609"}],"wp:attachment":[{"href":"https:\/\/www.respirelavie.fr\/rennes\/wp-json\/wp\/v2\/media?parent=6608"}],"curies":[{"name":"wp","href":"https:\/\/api.w.org\/{rel}","templated":true}]}}