{"id":6614,"date":"2019-11-26T10:09:53","date_gmt":"2019-11-26T09:09:53","guid":{"rendered":"https:\/\/www.respirelavie.fr\/rennes\/?page_id=6614"},"modified":"2019-11-26T10:19:01","modified_gmt":"2019-11-26T09:19:01","slug":"animations-2019","status":"publish","type":"page","link":"https:\/\/www.respirelavie.fr\/rennes\/animations-2019\/","title":{"rendered":"Animations 2019"},"content":{"rendered":"<h3><strong>ESPACE ART &amp; CREATION<\/strong><\/h3>\n<p style=\"text-align: justify;\">Une activit\u00e9 de cr\u00e9ativit\u00e9 libre, pour se reconnecter \u00e0 soi en pleine conscience le temps d\u2019une peinture. Pour se connecter \u00e0 sa joie de vivre, \u00e0 ses ressources et \u00e0 ses r\u00eaves afin de les incarner au quotidien avec toujours plus de bonheur.<\/p>\n<p style=\"text-align: justify;\">Le temps d\u2019un atelier venez d\u00e9couvrir avec plaisir un aper\u00e7u de ce qu\u2019est r\u00e9ellement l\u2019Art-Th\u00e9rapie Evolutive \u00ae avec\u00a0<strong><em>Sophie Latron Gruel<\/em><\/strong><\/p>\n<p style=\"text-align: justify;\"><img fetchpriority=\"high\" decoding=\"async\" class=\"alignleft wp-image-5424\" src=\"https:\/\/www.respirelavie.fr\/rennes\/wp-content\/uploads\/sites\/5\/2019\/01\/Fotolia_115216313_Subscription_Monthly_M-300x200.jpg\" alt=\"\" width=\"380\" height=\"253\" \/><\/p>\n<p style=\"text-align: justify;\">En plus du plaisir de la cr\u00e9ation artistique,\u00a0 l&#8217;Art-Th\u00e9rapie Evolutive\u00ae consiste \u00e0 comprendre le message exprim\u00e9 par l\u2019inconscient : en analysant le dessin, de fa\u00e7on \u00a0\u00e0 la fois intuitive et rigoureuse, on peut saisir la nature des conflits exprim\u00e9s. Le dessin appara\u00eet comme un document r\u00e9v\u00e9lateur de ce qui entrave l&#8217;\u00e9panouissement de la personne ou freine sa dynamique de vie. Le sujet de la s\u00e9ance est centr\u00e9\u00a0sur la compr\u00e9hension du message\u00a0propos\u00e9\u00a0par l&#8217;inconscient.<\/p>\n<p style=\"text-align: justify;\">Etre capable d\u2019analyser ces dessins, et pouvoir transformer l\u2019\u0153uvre me semble tr\u00e8s novateur. C\u2019est en cela que l\u2019expression \u00ab \u00e9volutive \u00bb de ce travail d&#8217;art-th\u00e9rapie prend tout son sens : il s\u2019agit de l\u2019\u00e9volution progressive du dessin &#8211; qui passe par l\u2019analyse symbolique et intuitive, puis par la transformation ou le br\u00fblage \u2013 mais \u00a0il s\u2019agit du coup et surtout d\u2019une transformation dans la psych\u00e9 de la personne, qui fait \u00e9voluer de cette mani\u00e8re ses peurs et ses croyances limitantes.<\/p>\n<p style=\"text-align: justify;\">\u200bL&#8217;objectif sera d&#8217;accompagner la personne dans l&#8217;analyse et la transformation de la\u00a0cr\u00e9ation jusqu&#8217;\u00e0 ce qu&#8217;elle envoie \u00e0 la psych\u00e9 un message r\u00e9g\u00e9n\u00e9rant et \u00e9l\u00e9vateur.\u00a0Compris, analys\u00e9, il est pour le patient un formidable outil de progr\u00e8s et de lib\u00e9ration.<\/p>\n<p style=\"text-align: justify;\"><em>Rendez-vous sur le <a href=\"http:\/\/www.sophielatrongruel-therapeute.com\" target=\"_blank\" rel=\"noopener noreferrer\">site internet<\/a> pour plus d&#8217;informations !<\/em><\/p>\n<p>&nbsp;<\/p>\n<h3><strong>ESPACE PARENTALITE<\/strong><\/h3>\n<p style=\"text-align: justify;\">Espace anim\u00e9 par <strong>BieN\u2019Etre Parent B\u00e9b\u00e9<\/strong> en partenariat avec d\u2019autres acteurs de la Petite Enfance et du Bien-\u00eatre en famille du territoire\u00a0: <strong>La Maison de l\u2019Ange<\/strong>, Boutique alternative en pu\u00e9riculture (<a href=\"http:\/\/www.lamaisondelange.com\">www.lamaisondelange.com<\/a>), la <strong>F\u00e9e des signes<\/strong>, ateliers de communication gestuelle associ\u00e9e \u00e0 la parole (<a href=\"http:\/\/www.feedessignes.fr\">www.feedessignes.fr<\/a>), <strong>H\u00e9l\u00e8ne Leflaive<\/strong>, di\u00e9t\u00e9ticienne nutritionniste (<a href=\"http:\/\/www.dietetiquenutritiondurable.fr\">www.dietetiquenutritiondurable.fr<\/a>), et <b>Sandra Jouenne<\/b> de l\u2019association A ta Port\u00e9e (<a href=\"http:\/\/assoataportee.wixsite.com\/ataportee\" target=\"_blank\" rel=\"noopener noreferrer\">assoataportee.wixsite.com\/ataportee<\/a>)<span class=\"apple-converted-space\">\u00a0<\/span><\/p>\n<p style=\"text-align: justify;\">Diff\u00e9rentes animations et ateliers seront propos\u00e9s chaque jour (pr\u00e9-programme ci-dessous). L\u2019espace Parentalit\u00e9 sera aussi un lieu o\u00f9 vous serez accueillis \u00e0 tout moment tout au long de ces 3 jours pour \u00e9changer, partager autour des questions qui vous pr\u00e9occupent en tant que futurs parents, parents, grands-parents, professionnels, \u2026<br \/>\nUn espace cocooning vous permettra de vous installer confortablement pour un petit moment de pause avec votre b\u00e9b\u00e9 ou jeune enfant, des temps de jeux libres parents-b\u00e9b\u00e9s pourront \u00e9galement \u00eatre propos\u00e9s en dehors des temps d\u2019ateliers.<\/p>\n<p><img decoding=\"async\" class=\"wp-image-5388 size-full alignleft\" src=\"https:\/\/www.respirelavie.fr\/rennes\/wp-content\/uploads\/sites\/5\/2019\/01\/parentalite.png\" alt=\"\" width=\"814\" height=\"187\" \/><\/p>\n<p style=\"text-align: justify;\">Anne Marie, infirmi\u00e8re-pu\u00e9ricultrice, a cr\u00e9\u00e9 <strong>BieN\u2019Etre Parent B\u00e9b\u00e9 <\/strong>pour r\u00e9pondre aux besoins des parents dans la p\u00e9riode autour de l\u2019arriv\u00e9e d\u2019un b\u00e9b\u00e9 et de ces moments o\u00f9 se tissent les premiers liens. Devenir parent, accueillir ce nouveau petit \u00eatre est un chemin parsem\u00e9 de moments d\u2019\u00e9merveillement et de bonheur mais aussi de moments de doute, de questions, de difficult\u00e9s parfois.<\/p>\n<p style=\"text-align: justify;\"><strong>BieN\u2019Etre parent b\u00e9b\u00e9<\/strong> accueille et accompagne chacune et chacun avec les \u00e9motions et les questions qui l\u2019habitent \u00e0 ce moment particulier. <strong>BieN\u2019Etre Parent B\u00e9b\u00e9<\/strong> propose un accompagnement en s\u00e9ance individuelle et en petits groupe dans ses locaux situ\u00e9s \u00e0 Rennes Sud ou au domicile des parents.<\/p>\n<p style=\"text-align: justify;\">Les diff\u00e9rents ateliers (massage b\u00e9b\u00e9, portage en \u00e9charpe, \u2026) et consultations permettent d\u2019\u00e9changer, de partager autour de diff\u00e9rents th\u00e8mes (rythme du b\u00e9b\u00e9, alimentation, soins, pleurs, motricit\u00e9 libre, \u2026), d\u2019\u00eatre \u00e9cout\u00e9s et de mieux comprendre les besoins de son b\u00e9b\u00e9.<\/p>\n<p style=\"text-align: justify;\">Pour plus d\u2019informations, rendez-vous sur le site internet\u00a0<a href=\"http:\/\/bienetreparentbebe.com\">BieN&#8217;Etre Parent B\u00e9b\u00e9<\/a><\/p>\n<p style=\"text-align: justify;\">Les animations et ateliers ont une dur\u00e9e de 30 \u00e0 45 mn. Les enfants qui participent sont accompagn\u00e9s de leurs parents (ou d\u2019un autre adulte r\u00e9f\u00e9rent).<\/p>\n<p style=\"text-align: justify;\"><strong><u>Vendredi 15 f\u00e9vrier<\/u><\/strong><\/p>\n<p style=\"text-align: justify;\"><strong>11h00<\/strong>\u00a0Atelier d\u00e9couverte Massage B\u00e9b\u00e9 (b\u00e9b\u00e9s de 0 \u00e0 5 mois) &#8211; <span style=\"color: #808080;\"><em>BieN&#8217;Etre Parent B\u00e9b\u00e9<\/em><\/span><br \/>\n<strong>12h30<\/strong>\u00a0Atelier d\u2019information sur les couches lavables &#8211; <span style=\"color: #808080;\"><em>La Maison de l&#8217;Ange<\/em><\/span><br \/>\n<strong>14h00<\/strong>\u00a0\u00c9changes autour de la naissance (sous r\u00e9serve)<br \/>\n<strong>15h30<\/strong>\u00a0Atelier b\u00e9b\u00e9 signe (enfants de 0 \u00e0 5 ans) &#8211; <em><span style=\"color: #808080;\">La F\u00e9e des Signes<\/span><\/em><br \/>\n<strong>17h00<\/strong>\u00a0Atelier \u00ab\u00a0Le portage physiologique\u00a0: principes de base et r\u00e8gles de s\u00e9curit\u00e9\u00a0\u00bb &#8211;\u00a0<span style=\"color: #808080;\"><em>BieN&#8217;Etre Parent B\u00e9b\u00e9<\/em><\/span><\/p>\n<p><strong><u>Samedi 16 f\u00e9vrier<\/u><\/strong><\/p>\n<p style=\"text-align: justify;\"><strong>10h30<\/strong>\u00a0Atelier exp\u00e9rimentation &#8220;Jeux coop\u00e9ratifs&#8221; parents et enfants de 4 \u00e0 10 ans &#8211; <em><span style=\"color: #808080;\">La Maison de l&#8217;Ange<\/span><\/em><br \/>\n<strong>12h00<\/strong>\u00a0Bien manger pour retrouver vitalit\u00e9, silhouette et \u00e9nergie une fois que b\u00e9b\u00e9 est l\u00e0 &#8211; Conseils et recettes pour prendre soin de soi apr\u00e8s la grossesse &#8211; <em><span style=\"color: #808080;\">H\u00e9l\u00e8ne Leflaive<\/span><\/em><br \/>\n<strong>13h30<\/strong>\u00a0Atelier d\u00e9couverte Massage B\u00e9b\u00e9 (b\u00e9b\u00e9s de 0 \u00e0 5 mois) &#8211;\u00a0<em><span style=\"color: #808080;\">BieN&#8217;Etre Parent B\u00e9b\u00e9<\/span><\/em><br \/>\n<strong>15h00<\/strong>\u00a0Atelier b\u00e9b\u00e9 signe (enfants de 0 \u00e0 5 ans) &#8211; <em><span style=\"color: #808080;\">La F\u00e9e des Signes<\/span><\/em><br \/>\n<strong>16h30<\/strong>\u00a0Go\u00fbter, collation, pause-caf\u00e9\u00a0: qu\u2019est-ce qu\u2019on mange\u00a0? Discussion gourmande (d\u00e9gustation) autour d\u2019un temps qui concerne petits et grands\u00a0&#8211; <em><span style=\"color: #808080;\">H\u00e9l\u00e8ne Leflaive<\/span><\/em><\/p>\n<p style=\"text-align: justify;\"><strong><u>Dimanche 17 f\u00e9vrier<\/u><\/strong><\/p>\n<p style=\"text-align: justify;\"><strong>10h30<\/strong>\u00a0Toucher, porter, bercer, c\u00e2liner\u00a0: comment r\u00e9pondre aux besoins du b\u00e9b\u00e9\u00a0? Le maternage proximal, une r\u00e9ponse aux pleurs du b\u00e9b\u00e9\u00a0? <em><span style=\"color: #808080;\">BieN&#8217;Etre Parent B\u00e9b\u00e9<\/span><\/em><br \/>\n<strong>12h00<\/strong>\u00a0Porter b\u00e9b\u00e9 d\u00e8s la naissance\u00a0: d\u00e9monstration et exp\u00e9rimentation d\u2019un nouage simple pour r\u00e9pondre aux besoins du nouveau-n\u00e9\u00a0&#8211;\u00a0<em><span style=\"color: #808080;\">BieN&#8217;Etre Parent B\u00e9b\u00e9<\/span><\/em><br \/>\n<strong>13h30<\/strong> B\u00e9b\u00e9 Fais-moi signe (b\u00e9b\u00e9s de la naissance \u00e0 2 ans) &#8211; <em><span style=\"color: #808080;\">A ta Port\u00e9e<\/span><\/em><br \/>\n<strong>15h00<\/strong> Atelier d\u00e9monstration \u00ab\u00a0Z\u2019H\u00e9ros d\u00e9chets avec b\u00e9b\u00e9 et enfant\u00a0\u00bb &#8211; <em><span style=\"color: #808080;\">La Maison de l&#8217;Ange<\/span><\/em><br \/>\n<strong>16h30<\/strong> B\u00e9b\u00e9 Fais-moi signe (b\u00e9b\u00e9s de la naissance \u00e0 2 ans) &#8211; <span style=\"color: #808080;\"><em>A ta Port\u00e9e<\/em><\/span><\/p>\n<p style=\"text-align: justify;\">Ce programme est donn\u00e9 \u00e0 titre indicatif, d\u2019autres animations sont susceptibles d\u2019\u00eatre propos\u00e9es.<\/p>\n<p>&nbsp;<\/p>\n<h3><strong>ESPACE JEUX EN BOIS<\/strong><\/h3>\n<p style=\"text-align: justify;\"><img decoding=\"async\" class=\"alignnone wp-image-5392 size-full\" src=\"https:\/\/www.respirelavie.fr\/rennes\/wp-content\/uploads\/sites\/5\/2019\/01\/espace-jeux.png\" alt=\"\" width=\"943\" height=\"212\" \/><\/p>\n<p style=\"text-align: justify;\">Pour un moment convivial et ludique en famille, venez tester les jeux de <strong>Truc en Bois<\/strong>, fabriqu\u00e9s de mani\u00e8re artisanale.<\/p>\n<p style=\"text-align: justify;\">Un jeu qui repose sur 3 principes : embo\u00eetement, \u00e9quilibre et gravit\u00e9.<br \/>\nUn jeu id\u00e9al pour d\u00e9velopper la cr\u00e9ativit\u00e9, l\u2019ing\u00e9nierie et les \u00e9changes.<\/p>\n<p style=\"text-align: justify;\">C&#8217;est en connaisseur du bois et de ses propri\u00e9t\u00e9s m\u00e9caniques que Thomas Blanchard a con\u00e7u un jeu robuste, durable, \u00e9cologique et enti\u00e8rement fabriqu\u00e9 en France dans la menuiserie normande, avec du h\u00eatre non trait\u00e9 provenant des for\u00eats locales et g\u00e9r\u00e9es durablement.<\/p>\n<p style=\"text-align: justify;\">Un jeu de construction pour que les enfants de plus de 36 mois imaginent, construisent, assemblent, d\u00e9montent, modifient au gr\u00e9 de leurs envies et de leur cr\u00e9ativit\u00e9.<\/p>\n<p style=\"text-align: justify;\">R\u00e9alis\u00e9 en cette mati\u00e8re vivante et recyclable, chaque pi\u00e8ce est unique par sa veinure et sa couleur. L&#8217;ensemble subtil de pi\u00e8ces ing\u00e9nieuses permet des possibilit\u00e9s de cr\u00e9ations sans limites. Les b\u00fbchettes (propos\u00e9es en trois dimensions s&#8217;assemblent gr\u00e2ce aux engrenages (5 formes diff\u00e9rentes) ou aux maxi engrenages (triangle, carr\u00e9, octogone), selon le principe de gravit\u00e9.<\/p>\n<p style=\"text-align: justify;\">Des cr\u00e9ations sont propos\u00e9es comme suggestion mais Truc en Bois peut se d\u00e9cliner \u00e0 l&#8217;infini n&#8217;ayant que la cr\u00e9ativit\u00e9 pour seule limite.<\/p>\n<p>&nbsp;<\/p>\n<h3><strong>ANIMATIONS ART &amp; NATURE<\/strong><\/h3>\n<p style=\"text-align: justify;\">Luc Legu\u00e9rinel, \u00e9copaysagiste &amp; artiste plasticien en art \u00e9ph\u00e9m\u00e8re (<a href=\"https:\/\/lucleguerinel35.wixsite.com\/landart\">https:\/\/lucleguerinel35.wixsite.com\/landart<\/a>), vous attend sur le Salon pour des moments en famille, ludiques &amp; p\u00e9dagogiques: construction d\u2019h\u00f4tels \u00e0 insectes, conviviaux &amp; artistiques: mandalas v\u00e9g\u00e9taux.<\/p>\n<p><img loading=\"lazy\" decoding=\"async\" class=\"size-full wp-image-5394 alignleft\" src=\"https:\/\/www.respirelavie.fr\/rennes\/wp-content\/uploads\/sites\/5\/2019\/01\/image.png\" alt=\"\" width=\"143\" height=\"212\" \/><\/p>\n<p style=\"text-align: justify;\">A l\u2019heure de la baisse de la biodiversit\u00e9 ordinaire, il est possible \u00e0 l\u2019\u00e9chelle de chacun d\u2019\u0153uvrer pour pr\u00e9server les insectes auxiliaires en les accueillant l\u2019hiver dans son jardin, sur sa terrasse ou balcon.<\/p>\n<p style=\"text-align: justify;\">Pour cela Luc Legu\u00e9rinel vous conseillera sur l\u2019utilit\u00e9 des h\u00f4tels \u00e0 insectes et proposera \u00e0 chacun d\u2019en construire un, uniquement avec des mat\u00e9riaux naturels et de r\u00e9cup\u00e9ration.<\/p>\n<p style=\"text-align: justify;\"><img loading=\"lazy\" decoding=\"async\" class=\"size-full wp-image-5395 alignright\" src=\"https:\/\/www.respirelavie.fr\/rennes\/wp-content\/uploads\/sites\/5\/2019\/01\/mandala.png\" sizes=\"(max-width: 291px) 100vw, 291px\" srcset=\"https:\/\/www.respirelavie.fr\/rennes\/wp-content\/uploads\/sites\/5\/2019\/01\/mandala.png 291w, https:\/\/www.respirelavie.fr\/rennes\/wp-content\/uploads\/sites\/5\/2019\/01\/mandala-150x91.png 150w\" alt=\"\" width=\"291\" height=\"177\" \/>D\u2019inspiration tib\u00e9taine et suivant le principe de la sym\u00e9trie axiale, vous serez initi\u00e9s \u00e0 l\u2019art du mandala v\u00e9g\u00e9tal, une \u0153uvre collective o\u00f9 petits &amp; grands seront invit\u00e9s \u00e0 sa cr\u00e9ation.<\/p>\n<p style=\"text-align: justify;\">A partir de mat\u00e9riaux frais et secs amen\u00e9s par l\u2019artiste, vous serez initi\u00e9s \u00e0 l\u2019assemblage harmonieux de ces \u00e9l\u00e9ments en fonction de leurs couleurs, leurs formes pour jouer au maximum avec les contrastes.<\/p>\n<p>&nbsp;<\/p>\n<h3><strong>LE COIN DES ENFANTS<\/strong><\/h3>\n<p style=\"text-align: justify;\">Animations cr\u00e9atives et bricolages nature \u00e0 base de mat\u00e9riaux de r\u00e9cup\u00e9ration.<br \/>\nAnim\u00e9s par la T\u00eate et les Mains<br \/>\nTous les jours, \u00e0 partir de 3 ans<\/p>\n<p>&nbsp;<\/p>\n<h3><strong>ATELIERS YOGA ENFANTS<\/strong><\/h3>\n<p style=\"text-align: justify;\"><img loading=\"lazy\" decoding=\"async\" class=\"wp-image-5634 alignleft\" src=\"https:\/\/www.respirelavie.fr\/rennes\/wp-content\/uploads\/sites\/5\/2019\/01\/YOGA-_HD_Fotolia_81882118_Subscription_Monthly_M-1024x683.jpg\" sizes=\"(max-width: 374px) 100vw, 374px\" srcset=\"https:\/\/www.respirelavie.fr\/rennes\/wp-content\/uploads\/sites\/5\/2019\/01\/YOGA-_HD_Fotolia_81882118_Subscription_Monthly_M-1024x683.jpg 1024w, https:\/\/www.respirelavie.fr\/rennes\/wp-content\/uploads\/sites\/5\/2019\/01\/YOGA-_HD_Fotolia_81882118_Subscription_Monthly_M-300x200.jpg 300w, https:\/\/www.respirelavie.fr\/rennes\/wp-content\/uploads\/sites\/5\/2019\/01\/YOGA-_HD_Fotolia_81882118_Subscription_Monthly_M-768x513.jpg 768w, https:\/\/www.respirelavie.fr\/rennes\/wp-content\/uploads\/sites\/5\/2019\/01\/YOGA-_HD_Fotolia_81882118_Subscription_Monthly_M-500x334.jpg 500w, https:\/\/www.respirelavie.fr\/rennes\/wp-content\/uploads\/sites\/5\/2019\/01\/YOGA-_HD_Fotolia_81882118_Subscription_Monthly_M-150x100.jpg 150w\" alt=\"\" width=\"330\" height=\"226\" \/>L\u2019atelier yoga est un espace d\u2019accueil qui invite l\u2019enfant, \u00e0 d\u00e9velopper l\u2019expression de soi, le calme int\u00e9rieur, tout en favorisant l\u2019apprentissage de la concentration et de la confiance en soi. Le yoga enfant permet de partager un moment ludique, tendre et serein dans un esprit de joie, de douceur et de bienveillance dans une ambiance non- comp\u00e9titive.<\/p>\n<p style=\"text-align: justify;\">Pour permettre cet apprentissage, M\u00e9lanie Riollier utilise :<\/p>\n<ul style=\"text-align: justify;\">\n<li>les histoires<\/li>\n<li>les postures<\/li>\n<li>la respiration<\/li>\n<li>l\u2019\u00e9veil sensoriel<\/li>\n<li>les jeux de souffle<\/li>\n<li>la d\u00e9tente<\/li>\n<li>la relaxation<\/li>\n<\/ul>\n<p style=\"text-align: justify;\">Dans cet atelier, l\u2019enfant d\u00e9couvre de v\u00e9ritables outils de bien-\u00eatre et de calme.<\/p>\n<p style=\"text-align: justify;\">Il apprend \u00e0 \u00eatre attentif au ressenti du corps et \u00e0 mieux se concentrer. Cet atelier est accessible \u00e0 tous puisque chaque posture est propos\u00e9e de fa\u00e7on ludique tout en permettant d\u2019apprendre \u00e0 bien respirer et se familiariser avec la relaxation.<\/p>\n<p style=\"text-align: justify;\">M\u00e9lanie Riollier pratique le Yoga depuis une dizaine d\u2019ann\u00e9es et je suis form\u00e9e au RYE Recherche sur le Yoga dans l\u2019\u00c9ducation, agr\u00e9e par le minist\u00e8re de l\u2019\u00e9ducation nationale.<\/p>\n<p style=\"text-align: justify;\">Elle est donc intervenante en yoga enfants, form\u00e9e aux techniques de yoga, relaxation et m\u00e9ditation dans l\u2019\u00e9ducation.<\/p>\n<p style=\"text-align: justify;\">3 cr\u00e9neaux de yoga ax\u00e9s sur les enfants\u00a0sur l\u2019<strong>ESPACE BOUGEZ ZEN DES LICES<\/strong>\u00a0:<\/p>\n<p style=\"text-align: justify;\"><strong><u>VENDREDI 15 F\u00c9VRIER<\/u><\/strong><\/p>\n<p style=\"text-align: justify;\"><strong>16:00\u00a0<\/strong>Yoga parents-enfants (6 duos\u00a0 parents-enfants) \u2013\u00a0<em><strong>M\u00e9lanie Riollier<\/strong><\/em><\/p>\n<p style=\"text-align: justify;\"><strong><u>SAMEDI 16 F\u00c9VRIER<\/u><\/strong><\/p>\n<p style=\"text-align: justify;\"><strong>12:30\u00a0<\/strong>Yoga enfants (4-7ans) (10 enfants) \u2013\u00a0<em><strong>M\u00e9lanie Riollier<\/strong><\/em><\/p>\n<p style=\"text-align: justify;\"><strong><u>DIMANCHE 17 F\u00c9VRIER<\/u><\/strong><\/p>\n<p style=\"text-align: justify;\"><strong>12:30\u00a0<\/strong>Yoga enfants (8-12 ans) \u2013\u00a0<em><strong>M\u00e9lanie Riollier<\/strong><\/em><\/p>\n<p style=\"text-align: justify;\">M\u00e9lanie Riollier<br \/>\n06 12 66 07 84<br \/>\nmelanie.riollier @gmail.com<br \/>\nFB : melayogi<\/p>\n<p style=\"text-align: justify;\">\n","protected":false},"excerpt":{"rendered":"<p>ESPACE ART &amp; CREATION Une activit\u00e9 de cr\u00e9ativit\u00e9 libre, pour se reconnecter \u00e0 soi en pleine conscience le temps d\u2019une peinture. Pour se connecter \u00e0 sa joie de vivre, \u00e0 ses ressources et \u00e0 ses r\u00eaves afin de les incarner au quotidien avec toujours plus de bonheur. Le temps d\u2019un atelier venez d\u00e9couvrir avec plaisir&hellip; <\/p>\n","protected":false},"author":1,"featured_media":0,"parent":0,"menu_order":0,"comment_status":"closed","ping_status":"closed","template":"","meta":{"_monsterinsights_skip_tracking":false,"_monsterinsights_sitenote_active":false,"_monsterinsights_sitenote_note":"","_monsterinsights_sitenote_category":0,"footnotes":""},"class_list":["post-6614","page","type-page","status-publish","hentry"],"yoast_head":"<!-- This site is optimized with the Yoast SEO plugin v27.3 - https:\/\/yoast.com\/product\/yoast-seo-wordpress\/ -->\n<title>Animations 2019 - Respire La Vie Rennes<\/title>\n<meta name=\"robots\" content=\"index, follow, max-snippet:-1, max-image-preview:large, max-video-preview:-1\" \/>\n<link rel=\"canonical\" href=\"https:\/\/www.respirelavie.fr\/rennes\/animations-2019\/\" \/>\n<meta property=\"og:locale\" content=\"fr_FR\" \/>\n<meta property=\"og:type\" content=\"article\" \/>\n<meta property=\"og:title\" content=\"Animations 2019 - Respire La Vie Rennes\" \/>\n<meta property=\"og:description\" content=\"ESPACE ART &amp; CREATION Une activit\u00e9 de cr\u00e9ativit\u00e9 libre, pour se reconnecter \u00e0 soi en pleine conscience le temps d\u2019une peinture. Pour se connecter \u00e0 sa joie de vivre, \u00e0 ses ressources et \u00e0 ses r\u00eaves afin de les incarner au quotidien avec toujours plus de bonheur. Le temps d\u2019un atelier venez d\u00e9couvrir avec plaisir&hellip;\" \/>\n<meta property=\"og:url\" content=\"https:\/\/www.respirelavie.fr\/rennes\/animations-2019\/\" \/>\n<meta property=\"og:site_name\" content=\"Respire La Vie Rennes\" \/>\n<meta property=\"article:modified_time\" content=\"2019-11-26T09:19:01+00:00\" \/>\n<meta property=\"og:image\" content=\"https:\/\/www.respirelavie.fr\/rennes\/wp-content\/uploads\/sites\/5\/2019\/01\/Fotolia_115216313_Subscription_Monthly_M-300x200.jpg\" \/>\n<meta name=\"twitter:card\" content=\"summary_large_image\" \/>\n<meta name=\"twitter:label1\" content=\"Dur\u00e9e de lecture estim\u00e9e\" \/>\n\t<meta name=\"twitter:data1\" content=\"9 minutes\" \/>\n<script type=\"application\/ld+json\" class=\"yoast-schema-graph\">{\"@context\":\"https:\\\/\\\/schema.org\",\"@graph\":[{\"@type\":\"WebPage\",\"@id\":\"https:\\\/\\\/www.respirelavie.fr\\\/rennes\\\/animations-2019\\\/\",\"url\":\"https:\\\/\\\/www.respirelavie.fr\\\/rennes\\\/animations-2019\\\/\",\"name\":\"Animations 2019 - Respire La Vie Rennes\",\"isPartOf\":{\"@id\":\"https:\\\/\\\/www.respirelavie.fr\\\/rennes\\\/#website\"},\"primaryImageOfPage\":{\"@id\":\"https:\\\/\\\/www.respirelavie.fr\\\/rennes\\\/animations-2019\\\/#primaryimage\"},\"image\":{\"@id\":\"https:\\\/\\\/www.respirelavie.fr\\\/rennes\\\/animations-2019\\\/#primaryimage\"},\"thumbnailUrl\":\"https:\\\/\\\/www.respirelavie.fr\\\/rennes\\\/wp-content\\\/uploads\\\/sites\\\/5\\\/2019\\\/01\\\/Fotolia_115216313_Subscription_Monthly_M-300x200.jpg\",\"datePublished\":\"2019-11-26T09:09:53+00:00\",\"dateModified\":\"2019-11-26T09:19:01+00:00\",\"breadcrumb\":{\"@id\":\"https:\\\/\\\/www.respirelavie.fr\\\/rennes\\\/animations-2019\\\/#breadcrumb\"},\"inLanguage\":\"fr-FR\",\"potentialAction\":[{\"@type\":\"ReadAction\",\"target\":[\"https:\\\/\\\/www.respirelavie.fr\\\/rennes\\\/animations-2019\\\/\"]}]},{\"@type\":\"ImageObject\",\"inLanguage\":\"fr-FR\",\"@id\":\"https:\\\/\\\/www.respirelavie.fr\\\/rennes\\\/animations-2019\\\/#primaryimage\",\"url\":\"https:\\\/\\\/www.respirelavie.fr\\\/rennes\\\/wp-content\\\/uploads\\\/sites\\\/5\\\/2019\\\/01\\\/Fotolia_115216313_Subscription_Monthly_M-300x200.jpg\",\"contentUrl\":\"https:\\\/\\\/www.respirelavie.fr\\\/rennes\\\/wp-content\\\/uploads\\\/sites\\\/5\\\/2019\\\/01\\\/Fotolia_115216313_Subscription_Monthly_M-300x200.jpg\"},{\"@type\":\"BreadcrumbList\",\"@id\":\"https:\\\/\\\/www.respirelavie.fr\\\/rennes\\\/animations-2019\\\/#breadcrumb\",\"itemListElement\":[{\"@type\":\"ListItem\",\"position\":1,\"name\":\"Accueil\",\"item\":\"https:\\\/\\\/www.respirelavie.fr\\\/rennes\\\/\"},{\"@type\":\"ListItem\",\"position\":2,\"name\":\"Animations 2019\"}]},{\"@type\":\"WebSite\",\"@id\":\"https:\\\/\\\/www.respirelavie.fr\\\/rennes\\\/#website\",\"url\":\"https:\\\/\\\/www.respirelavie.fr\\\/rennes\\\/\",\"name\":\"Respire La Vie Rennes\",\"description\":\"Respire La Vie Rennes : votre salon \u00e9colo, bio, bien-\u00eatre et habitat sain \u00e0 Rennes\",\"publisher\":{\"@id\":\"https:\\\/\\\/www.respirelavie.fr\\\/rennes\\\/#organization\"},\"potentialAction\":[{\"@type\":\"SearchAction\",\"target\":{\"@type\":\"EntryPoint\",\"urlTemplate\":\"https:\\\/\\\/www.respirelavie.fr\\\/rennes\\\/?s={search_term_string}\"},\"query-input\":{\"@type\":\"PropertyValueSpecification\",\"valueRequired\":true,\"valueName\":\"search_term_string\"}}],\"inLanguage\":\"fr-FR\"},{\"@type\":\"Organization\",\"@id\":\"https:\\\/\\\/www.respirelavie.fr\\\/rennes\\\/#organization\",\"name\":\"Respire La Vie Rennes\",\"url\":\"https:\\\/\\\/www.respirelavie.fr\\\/rennes\\\/\",\"logo\":{\"@type\":\"ImageObject\",\"inLanguage\":\"fr-FR\",\"@id\":\"https:\\\/\\\/www.respirelavie.fr\\\/rennes\\\/#\\\/schema\\\/logo\\\/image\\\/\",\"url\":\"https:\\\/\\\/www.respirelavie.fr\\\/rennes\\\/wp-content\\\/uploads\\\/sites\\\/5\\\/2025\\\/11\\\/cropped-Logo-RESPIRE-rennes-2026.png\",\"contentUrl\":\"https:\\\/\\\/www.respirelavie.fr\\\/rennes\\\/wp-content\\\/uploads\\\/sites\\\/5\\\/2025\\\/11\\\/cropped-Logo-RESPIRE-rennes-2026.png\",\"width\":921,\"height\":255,\"caption\":\"Respire La Vie Rennes\"},\"image\":{\"@id\":\"https:\\\/\\\/www.respirelavie.fr\\\/rennes\\\/#\\\/schema\\\/logo\\\/image\\\/\"}}]}<\/script>\n<!-- \/ Yoast SEO plugin. -->","yoast_head_json":{"title":"Animations 2019 - Respire La Vie Rennes","robots":{"index":"index","follow":"follow","max-snippet":"max-snippet:-1","max-image-preview":"max-image-preview:large","max-video-preview":"max-video-preview:-1"},"canonical":"https:\/\/www.respirelavie.fr\/rennes\/animations-2019\/","og_locale":"fr_FR","og_type":"article","og_title":"Animations 2019 - Respire La Vie Rennes","og_description":"ESPACE ART &amp; CREATION Une activit\u00e9 de cr\u00e9ativit\u00e9 libre, pour se reconnecter \u00e0 soi en pleine conscience le temps d\u2019une peinture. Pour se connecter \u00e0 sa joie de vivre, \u00e0 ses ressources et \u00e0 ses r\u00eaves afin de les incarner au quotidien avec toujours plus de bonheur. Le temps d\u2019un atelier venez d\u00e9couvrir avec plaisir&hellip;","og_url":"https:\/\/www.respirelavie.fr\/rennes\/animations-2019\/","og_site_name":"Respire La Vie Rennes","article_modified_time":"2019-11-26T09:19:01+00:00","og_image":[{"url":"https:\/\/www.respirelavie.fr\/rennes\/wp-content\/uploads\/sites\/5\/2019\/01\/Fotolia_115216313_Subscription_Monthly_M-300x200.jpg","type":"","width":"","height":""}],"twitter_card":"summary_large_image","twitter_misc":{"Dur\u00e9e de lecture estim\u00e9e":"9 minutes"},"schema":{"@context":"https:\/\/schema.org","@graph":[{"@type":"WebPage","@id":"https:\/\/www.respirelavie.fr\/rennes\/animations-2019\/","url":"https:\/\/www.respirelavie.fr\/rennes\/animations-2019\/","name":"Animations 2019 - Respire La Vie Rennes","isPartOf":{"@id":"https:\/\/www.respirelavie.fr\/rennes\/#website"},"primaryImageOfPage":{"@id":"https:\/\/www.respirelavie.fr\/rennes\/animations-2019\/#primaryimage"},"image":{"@id":"https:\/\/www.respirelavie.fr\/rennes\/animations-2019\/#primaryimage"},"thumbnailUrl":"https:\/\/www.respirelavie.fr\/rennes\/wp-content\/uploads\/sites\/5\/2019\/01\/Fotolia_115216313_Subscription_Monthly_M-300x200.jpg","datePublished":"2019-11-26T09:09:53+00:00","dateModified":"2019-11-26T09:19:01+00:00","breadcrumb":{"@id":"https:\/\/www.respirelavie.fr\/rennes\/animations-2019\/#breadcrumb"},"inLanguage":"fr-FR","potentialAction":[{"@type":"ReadAction","target":["https:\/\/www.respirelavie.fr\/rennes\/animations-2019\/"]}]},{"@type":"ImageObject","inLanguage":"fr-FR","@id":"https:\/\/www.respirelavie.fr\/rennes\/animations-2019\/#primaryimage","url":"https:\/\/www.respirelavie.fr\/rennes\/wp-content\/uploads\/sites\/5\/2019\/01\/Fotolia_115216313_Subscription_Monthly_M-300x200.jpg","contentUrl":"https:\/\/www.respirelavie.fr\/rennes\/wp-content\/uploads\/sites\/5\/2019\/01\/Fotolia_115216313_Subscription_Monthly_M-300x200.jpg"},{"@type":"BreadcrumbList","@id":"https:\/\/www.respirelavie.fr\/rennes\/animations-2019\/#breadcrumb","itemListElement":[{"@type":"ListItem","position":1,"name":"Accueil","item":"https:\/\/www.respirelavie.fr\/rennes\/"},{"@type":"ListItem","position":2,"name":"Animations 2019"}]},{"@type":"WebSite","@id":"https:\/\/www.respirelavie.fr\/rennes\/#website","url":"https:\/\/www.respirelavie.fr\/rennes\/","name":"Respire La Vie Rennes","description":"Respire La Vie Rennes : votre salon \u00e9colo, bio, bien-\u00eatre et habitat sain \u00e0 Rennes","publisher":{"@id":"https:\/\/www.respirelavie.fr\/rennes\/#organization"},"potentialAction":[{"@type":"SearchAction","target":{"@type":"EntryPoint","urlTemplate":"https:\/\/www.respirelavie.fr\/rennes\/?s={search_term_string}"},"query-input":{"@type":"PropertyValueSpecification","valueRequired":true,"valueName":"search_term_string"}}],"inLanguage":"fr-FR"},{"@type":"Organization","@id":"https:\/\/www.respirelavie.fr\/rennes\/#organization","name":"Respire La Vie Rennes","url":"https:\/\/www.respirelavie.fr\/rennes\/","logo":{"@type":"ImageObject","inLanguage":"fr-FR","@id":"https:\/\/www.respirelavie.fr\/rennes\/#\/schema\/logo\/image\/","url":"https:\/\/www.respirelavie.fr\/rennes\/wp-content\/uploads\/sites\/5\/2025\/11\/cropped-Logo-RESPIRE-rennes-2026.png","contentUrl":"https:\/\/www.respirelavie.fr\/rennes\/wp-content\/uploads\/sites\/5\/2025\/11\/cropped-Logo-RESPIRE-rennes-2026.png","width":921,"height":255,"caption":"Respire La Vie Rennes"},"image":{"@id":"https:\/\/www.respirelavie.fr\/rennes\/#\/schema\/logo\/image\/"}}]}},"_links":{"self":[{"href":"https:\/\/www.respirelavie.fr\/rennes\/wp-json\/wp\/v2\/pages\/6614","targetHints":{"allow":["GET"]}}],"collection":[{"href":"https:\/\/www.respirelavie.fr\/rennes\/wp-json\/wp\/v2\/pages"}],"about":[{"href":"https:\/\/www.respirelavie.fr\/rennes\/wp-json\/wp\/v2\/types\/page"}],"author":[{"embeddable":true,"href":"https:\/\/www.respirelavie.fr\/rennes\/wp-json\/wp\/v2\/users\/1"}],"replies":[{"embeddable":true,"href":"https:\/\/www.respirelavie.fr\/rennes\/wp-json\/wp\/v2\/comments?post=6614"}],"version-history":[{"count":4,"href":"https:\/\/www.respirelavie.fr\/rennes\/wp-json\/wp\/v2\/pages\/6614\/revisions"}],"predecessor-version":[{"id":6619,"href":"https:\/\/www.respirelavie.fr\/rennes\/wp-json\/wp\/v2\/pages\/6614\/revisions\/6619"}],"wp:attachment":[{"href":"https:\/\/www.respirelavie.fr\/rennes\/wp-json\/wp\/v2\/media?parent=6614"}],"curies":[{"name":"wp","href":"https:\/\/api.w.org\/{rel}","templated":true}]}}