{"id":7773,"date":"2020-04-30T10:17:43","date_gmt":"2020-04-30T08:17:43","guid":{"rendered":"https:\/\/www.respirelavie.fr\/rennes\/?page_id=7773"},"modified":"2020-04-30T10:17:43","modified_gmt":"2020-04-30T08:17:43","slug":"conferences-2020","status":"publish","type":"page","link":"https:\/\/www.respirelavie.fr\/rennes\/conferences-2020\/","title":{"rendered":"Conf\u00e9rences 2020"},"content":{"rendered":"<p style=\"text-align: justify;\">Les conf\u00e9rences se tiennent dans les salles suivantes<br \/>\n<span style=\"color: #55a932;\"><strong>Salle VILAINE<\/strong><\/span><br \/>\n<span style=\"color: #00a6e2;\"><strong>Salle SAINTE-ANNE<\/strong><\/span><br \/>\n<span style=\"color: #f56f0b;\"><strong>Salle THABOR<br \/>\n<\/strong><\/span><strong><span style=\"color: #d82f89;\">Salle LIBERT\u00c9<br \/>\n<\/span><\/strong><span style=\"color: #d82f89;\"><span style=\"color: #333333;\"><em>Rep\u00e9rez votre salle avec la couleur de l&#8217;horaire<\/em><\/span><\/span><\/p>\n<h2 class=\"p1\"><strong>VENDREDI 21 F\u00c9VRIER 2020<\/strong><\/h2>\n<p class=\"p1\"><span style=\"color: #55a932;\"><strong><span class=\"s1\">10:30 <\/span><\/strong><\/span>P\u00e9rin\u00e9e et Mouvement\u00ae<span class=\"Apple-converted-space\"> &#8211;\u00a0<\/span><span style=\"color: #999999;\"><em>Marie-No\u00eblle Vansteene<br \/>\n<\/em><\/span><span style=\"color: #00a6e2;\"><strong><span class=\"s3\"><span style=\"color: #f56f0b;\">11:00<\/span> <\/span><\/strong><\/span>Les Bols de cristal<span class=\"Apple-converted-space\"> &#8211;\u00a0<\/span><span style=\"color: #999999;\"><em>Alain M\u00e9traux<br \/>\n<\/em><\/span><span class=\"s4\" style=\"color: #00a6e2;\"><strong>11:00<\/strong> <\/span>De l&#8217;art, de l&#8217;art pour se refaire une sant\u00e9<span class=\"Apple-converted-space\">\u00a0&#8211;\u00a0<\/span><span style=\"color: #999999;\"><em>Claire Nicolas<br \/>\n<\/em><\/span><span class=\"s4\" style=\"color: #00a6e2;\"><strong>12:00<\/strong> <\/span>La jungle de la compl\u00e9mentation, nos choix \u00e9thiques et strat\u00e9giques pour une haute assimilation et restauration de nos cellules<span class=\"Apple-converted-space\"> &#8211;\u00a0<\/span><span style=\"color: #999999;\"><em>Nathalie Marty-Glasse<br \/>\n<\/em><\/span><strong><span class=\"s3\"><span style=\"color: #f56f0b;\">12:00<\/span> <\/span><\/strong>Les min\u00e9raux : origines &#8211; vertus &#8211; utilisations<span class=\"Apple-converted-space\"> &#8211; <\/span><span style=\"color: #999999;\"><em>Jean-Claude Kennedec<br \/>\n<\/em><\/span><strong><span class=\"s1\" style=\"color: #55a932;\">13:00 <\/span><\/strong>L&#8217;incoh\u00e9rence nutritionnelle et les fl\u00e9aux alimentaires \u00e0 la base de la d\u00e9g\u00e9n\u00e9rescence cellulaire : explications et solutions<span class=\"Apple-converted-space\"> &#8211; <span style=\"color: #999999;\"><em>Dr <\/em><\/span><\/span><span style=\"color: #999999;\"><em>Luc Le M\u00e9tayer Landr\u00e9<br \/>\n<\/em><\/span><strong><span class=\"s4\" style=\"color: #00a6e2;\">13:00 <\/span><\/strong>G\u00e9obiologie \u00e9nerg\u00e9tique<span class=\"Apple-converted-space\"> &#8211;\u00a0<\/span><span style=\"color: #999999;\"><em>Herv\u00e9 Rouch\u00e9<br \/>\n<\/em><\/span><strong><span class=\"s3\" style=\"color: #f56f0b;\">13:00 <\/span><\/strong>La num\u00e9rologie pour bien conna\u00eetre votre chemin de vie<span class=\"Apple-converted-space\"> &#8211;\u00a0<\/span><span style=\"color: #999999;\"><em>Marie Wecxsteen<br \/>\n<\/em><\/span><span style=\"color: #55a932;\"><strong><span class=\"s1\">14:00 <\/span><\/strong><\/span>Les 3 cl\u00e9s du succ\u00e8s pour cr\u00e9er la vie que vous d\u00e9sirez vraiment<span class=\"Apple-converted-space\"> &#8211;\u00a0<\/span><span style=\"color: #999999;\"><em>Laurence Arpi<br \/>\n<\/em><\/span><span style=\"color: #00a6e2;\"><strong><span class=\"s4\">14:00 <\/span><\/strong><\/span>Retrouver une bonne vue<span class=\"Apple-converted-space\"> &#8211;\u00a0<\/span><em><span style=\"color: #999999;\">Danielle Cesbron<\/span><br \/>\n<\/em><strong><span class=\"s3\" style=\"color: #f56f0b;\">14:00 <\/span><\/strong>Le th\u00e8me de cristal: notre carte d&#8217;identit\u00e9 min\u00e9rale<span class=\"Apple-converted-space\"> &#8211;\u00a0<\/span><span style=\"color: #999999;\"><em>Wydiane Khaoua<br \/>\n<\/em><\/span><strong><span class=\"s5\" style=\"color: #d82f89;\">14:00 <\/span><\/strong>Incroyable pouvoir de l&#8217;acupuncture ! Quelle acupuncture pour am\u00e9liorer la sant\u00e9 au quotidien ? <span style=\"color: #999999;\"><em>Lee Chang<br \/>\n<\/em><\/span><span style=\"color: #00a6e2;\"><strong><span class=\"s4\">15:00 <\/span><\/strong><\/span>Orgonites, protection des ondes \u00e9lectromagn\u00e9tiques et g\u00e9obiologie<span class=\"Apple-converted-space\"> &#8211; <\/span><span style=\"color: #999999;\"><em>Thiery Hermann<br \/>\n<\/em><\/span><strong><span class=\"s3\" style=\"color: #f56f0b;\">15:00 <\/span><\/strong>Le yoga des yeux: une approche holistique de la vision<span class=\"Apple-converted-space\"> &#8211;\u00a0<\/span><span style=\"color: #999999;\"><em>Philippe Cleyet Merle<br \/>\n<\/em><\/span><strong><span class=\"s5\" style=\"color: #d82f89;\">15:00 <\/span><\/strong>Intestin et microbiote au centre de la sant\u00e9<span class=\"Apple-converted-space\"> &#8211;\u00a0<\/span><span style=\"color: #999999;\"><em>Patricia Paisant<br \/>\n<\/em><\/span><strong><span class=\"s4\" style=\"color: #00a6e2;\">16:00 <\/span><\/strong>R\u00e9ussir ses projets avec la Num\u00e9rologie Cr\u00e9ative\u00ae<span class=\"Apple-converted-space\">\u00a0&#8211;\u00a0<\/span><span style=\"color: #999999;\"><em>Laurence Thievin<br \/>\n<\/em><\/span><strong><span class=\"s3\"><span style=\"color: #f56f0b;\">16:00<\/span> <\/span><\/strong>Le merveilleux pouvoir de votre inconscient<span class=\"Apple-converted-space\"> &#8211;\u00a0<\/span><span style=\"color: #999999;\"><em>Lionel Agullo<br \/>\n<\/em><\/span><strong><span class=\"s5\" style=\"color: #d82f89;\">16:00 <\/span><\/strong>Apprendre \u00e0 s\u2019all\u00e9ger pour mieux vivre<span class=\"Apple-converted-space\"> &#8211;\u00a0<\/span><span style=\"color: #999999;\"><em>Aline Pradeau<br \/>\n<\/em><\/span><span style=\"color: #55a932;\"><strong><span class=\"s1\">16:30 <\/span><\/strong><\/span>Les algues marines, aliments complets, alcalins, \u00e9purateurs et une solution \u00e0 l&#8217;acidit\u00e9 humorale et organique<span class=\"Apple-converted-space\"> &#8211; <span style=\"color: #999999;\"><em>Dr <\/em><\/span><\/span><span style=\"color: #999999;\"><em>Luc Le M\u00e9tayer Landr\u00e9<br \/>\n<\/em><\/span><strong><span class=\"s4\" style=\"color: #00a6e2;\">17:00 <\/span><\/strong>Comment convertir la pollution technologique moderne en \u00e9nergie b\u00e9n\u00e9fique pour le vivant gr\u00e2ce aux ondes scalaires<span class=\"Apple-converted-space\"> &#8211;\u00a0<\/span><span style=\"color: #999999;\"><em>Hubert Mauerer<br \/>\n<\/em><\/span><strong><span class=\"s3\" style=\"color: #f56f0b;\">17:00 <\/span><\/strong>Se d\u00e9couvrir et d\u00e9ployer son potentiel avec l&#8217;art-th\u00e9rapie \u00e9volutive<span class=\"Apple-converted-space\"> &#8211;\u00a0<\/span><span style=\"color: #999999;\"><em>Sophie Latron<br \/>\n<\/em><\/span><strong><span class=\"s5\" style=\"color: #d82f89;\">17:00 <\/span><\/strong>Les Constellations Familiales : sortir des r\u00e9p\u00e9titions et blocages, trouver la paix en soi et avec les autres<span class=\"Apple-converted-space\"> &#8211;\u00a0<\/span><span style=\"color: #999999;\"><em>Isabelle Horellou<br \/>\n<\/em><\/span><strong><span class=\"s4\" style=\"color: #00a6e2;\">18:00 <\/span><\/strong>Comment retrouver la joie de vivre dans un corps qui fonctionne bien ? <span style=\"color: #999999;\"><em>Nat&#8217; El Z\u00e9ar<br \/>\n<\/em><\/span><strong><span class=\"s3\" style=\"color: #f56f0b;\">18:00 <\/span><\/strong>L\u2019accompagnement th\u00e9rapeutique en Ma\u00efeusth\u00e9sie\u2026 D\u00e9licatesse et pertinence d&#8217;une nouvelle vision<span class=\"Apple-converted-space\"> &#8211;\u00a0<\/span><em><span style=\"color: #999999;\">Jean Christophe Benas<\/span><br \/>\n<\/em><strong><span class=\"s5\" style=\"color: #d82f89;\">18:00 <\/span><\/strong>Rena\u00eetre \u00e0 sa f\u00e9minit\u00e9 en posant un beau regard sur soi<span class=\"Apple-converted-space\"> &#8211;\u00a0<\/span><span style=\"color: #999999;\"><em>Evelyne Braud<\/em><\/span><\/p>\n<h2 class=\"p1\"><strong>SAMEDI 22 F\u00c9VRIER 2020<\/strong><\/h2>\n<p class=\"p1\"><strong><span class=\"s1\" style=\"color: #55a932;\">10:30 <\/span><\/strong>P\u00e9rin\u00e9e et Mouvement\u00ae<span class=\"Apple-converted-space\"> &#8211;\u00a0<\/span><span style=\"color: #999999;\"><em>Marie-No\u00eblle Vansteene<br \/>\n<\/em><\/span><span style=\"color: #00a6e2;\"><strong><span class=\"s4\">11:00 <\/span><\/strong><\/span>Neurop\u00e9dagogie visuelle<span class=\"Apple-converted-space\"> &#8211;\u00a0<\/span><span style=\"color: #999999;\"><em>R\u00e9gis Megnegneau<br \/>\n<\/em><\/span><strong><span class=\"s3\" style=\"color: #f56f0b;\">11:00 <\/span><\/strong>Comment optimiser notre \u00e9nergie et celle de notre habitat<span class=\"Apple-converted-space\"> &#8211;\u00a0<\/span><span style=\"color: #999999;\"><em>Serge Moinet<br \/>\n<\/em><\/span><strong><span class=\"s1\" style=\"color: #00a6e2;\">12:00 <\/span><\/strong>Orgonites, protection des ondes \u00e9lectromagn\u00e9tiques et g\u00e9obiologie<span class=\"Apple-converted-space\"> &#8211;\u00a0<\/span><span style=\"color: #999999;\"><em>Thiery Hermann<br \/>\n<\/em><\/span><strong><span class=\"s2\" style=\"color: #f56f0b;\">12:00 <\/span><\/strong>Les 3 cl\u00e9s du succ\u00e8s pour cr\u00e9er la vie que vous d\u00e9sirez vraiment<span class=\"Apple-converted-space\"> &#8211;\u00a0<\/span><span style=\"color: #999999;\"><em>Laurence Arpi<br \/>\n<\/em><\/span><strong><span class=\"s3\" style=\"color: #55a932;\">13:00 <\/span><\/strong>Les min\u00e9raux : origines &#8211; vertus &#8211; utilisations<span class=\"Apple-converted-space\"> &#8211;\u00a0<\/span><span style=\"color: #999999;\"><em>Jean-Claude Kennedec<br \/>\n<\/em><\/span><strong><span class=\"s1\" style=\"color: #00a6e2;\">13:00 <\/span><\/strong>L&#8217;approche naturopathique et holistique de la sant\u00e9<span class=\"Apple-converted-space\"> &#8211;\u00a0<\/span><span style=\"color: #999999;\"><em>Philippe Cleyet Merle<br \/>\n<\/em><\/span><strong><span class=\"s2\" style=\"color: #f56f0b;\">13:00 <\/span><\/strong>R\u00eaves lucides et voyage astral<span class=\"Apple-converted-space\"> &#8211;\u00a0<\/span><span style=\"color: #999999;\"><em>Gilles Le Picard<br \/>\n<\/em><\/span><strong><span class=\"s3\" style=\"color: #55a932;\">14:00 <\/span><\/strong>Que manger pour rester en bonne sant\u00e9, et surtout en coh\u00e9rence avec notre physio-anatomie<span class=\"Apple-converted-space\">\u00a0&#8211; <span style=\"color: #999999;\"><em>Dr <\/em><\/span><\/span><span style=\"color: #999999;\"><em>Luc Le M\u00e9tayer Landr\u00e9<br \/>\n<\/em><\/span><strong><span class=\"s1\" style=\"color: #00a6e2;\">14:00 <\/span><\/strong>Lithoth\u00e9rapie: comment b\u00e9n\u00e9ficier de l&#8217;action \u00e9nerg\u00e9tique des min\u00e9raux<span class=\"Apple-converted-space\"> &#8211;\u00a0<\/span><span style=\"color: #999999;\"><em>Herv\u00e9 Rouch\u00e9<br \/>\n<\/em><\/span><strong><span class=\"s2\" style=\"color: #f56f0b;\">14:00 <\/span><\/strong>Les \u00e9nergies Arc en Ciel de 5\u00e8me dimension<span class=\"Apple-converted-space\"> &#8211;\u00a0<\/span><span style=\"color: #999999;\"><em>Carole Priol<br \/>\n<\/em><\/span><strong><span class=\"s4\" style=\"color: #d82f89;\">14:00 <\/span><\/strong>Le merveilleux pouvoir de votre inconscient<span class=\"Apple-converted-space\"> &#8211;\u00a0<\/span><span style=\"color: #999999;\"><em>Lionel Agullo<br \/>\n<\/em><\/span><strong><span class=\"s1\" style=\"color: #00a6e2;\">15:00 <\/span><\/strong>La Num\u00e9rologie Cr\u00e9ative\u00ae pour accompagner les transitions de vie<span class=\"Apple-converted-space\"> &#8211;\u00a0<\/span><span style=\"color: #999999;\"><em>Laurence Thievin<br \/>\n<\/em><\/span><strong><span class=\"s2\" style=\"color: #f56f0b;\">15:00 <\/span><\/strong>Le th\u00e8me de cristal: notre carte d&#8217;identit\u00e9 min\u00e9rale<span class=\"Apple-converted-space\"> &#8211;\u00a0<\/span><span style=\"color: #999999;\"><em>Wydiane Khaoua<br \/>\n<\/em><\/span><strong><span class=\"s4\"><span style=\"color: #d82f89;\">15:00<\/span> <\/span><\/strong>L&#8217;hygi\u00e8ne intestinale : une cl\u00e9 pour la sant\u00e9<span class=\"Apple-converted-space\"> &#8211;\u00a0<\/span><span style=\"color: #999999;\"><em>Marie-Pascale Cretin Lutz<br \/>\n<\/em><\/span><span class=\"s1\" style=\"color: #00a6e2;\"><strong>16:00<\/strong> <\/span>Retrouver une bonne vue<em><span class=\"Apple-converted-space\"> &#8211;\u00a0<\/span><span style=\"color: #999999;\">Danielle Cesbron<br \/>\n<\/span><\/em><strong><span class=\"s2\" style=\"color: #f56f0b;\">16:00 <\/span><\/strong>Comment convertir la pollution technologique moderne en \u00e9nergie b\u00e9n\u00e9fique pour le vivant gr\u00e2ce aux ondes scalaires<span class=\"Apple-converted-space\"> &#8211;\u00a0<\/span><span style=\"color: #999999;\"><em>Hubert Mauerer<br \/>\n<\/em><\/span><strong><span class=\"s4\" style=\"color: #d82f89;\">16:00 <\/span><\/strong>Le corps et le psychisme : une longue histoire<span class=\"Apple-converted-space\"> &#8211;\u00a0<\/span><span style=\"color: #999999;\"><em>Nat&#8217; El Z\u00e9ar<br \/>\n<\/em><\/span><strong><span class=\"s3\" style=\"color: #55a932;\">16:30 <\/span><\/strong>Axe cerveau-intestin au centre de nos \u00e9motions et de la douleur<span class=\"Apple-converted-space\"> &#8211;\u00a0<\/span><span style=\"color: #999999;\"><em>Patricia Paisant<br \/>\n<\/em><\/span><strong><span class=\"s1\" style=\"color: #00a6e2;\">17:00 <\/span><\/strong>Le r\u00f4le du chamane aujourd&#8217;hui<span class=\"Apple-converted-space\"> &#8211;\u00a0<\/span><span style=\"color: #999999;\"><em>Karine Laillier<br \/>\n<\/em><\/span><strong><span class=\"s2\" style=\"color: #f56f0b;\">17:00 <\/span><\/strong>La num\u00e9rologie : une aide pour le quotidien<span class=\"Apple-converted-space\"> &#8211;\u00a0<\/span><span style=\"color: #999999;\"><em>Marie Wecxsteen<br \/>\n<\/em><\/span><strong><span class=\"s4\"><span style=\"color: #d82f89;\">17:00<\/span> <\/span><\/strong>Je suis responsable de l&#8217;eau que je bois<span class=\"Apple-converted-space\"> &#8211;\u00a0<\/span><span style=\"color: #999999;\"><em>Thibault Geluyckens<br \/>\n<\/em><\/span><strong><span class=\"s1\" style=\"color: #00a6e2;\">18:00 <\/span><\/strong>Manque de confiance : origines et lib\u00e9ration<span class=\"Apple-converted-space\"> &#8211;\u00a0<\/span><span style=\"color: #999999;\"><em>Edwige Machelard et Erwann Cl\u00e9ment<br \/>\n<\/em><\/span><strong><span class=\"s2\" style=\"color: #f56f0b;\">18:00 <\/span><\/strong>G\u00e9obiologie scientifique et ondes \u00e9lectromagn\u00e9tiques<span class=\"Apple-converted-space\"> &#8211;\u00a0<\/span><span style=\"color: #999999;\"><em>David Averty<br \/>\n<\/em><\/span><strong><span class=\"s4\" style=\"color: #d82f89;\">18:00 <\/span><\/strong>Comment se forme un blocage ? Comment d\u00e9passer nos peurs ? <span style=\"color: #999999;\"><em>Karine Le Dour<\/em><\/span><\/p>\n<h2 class=\"p1\"><strong>DIMANCHE 23 F\u00c9VRIER 2020<\/strong><\/h2>\n<p class=\"p1\"><strong><span class=\"s3\" style=\"color: #55a932;\">10:30 <\/span><\/strong>Equilibre acide-base et d\u00e9tox. Quelles r\u00e9formes alimentaires ? <span style=\"color: #999999;\"><em>Patricia Paisant<br \/>\n<\/em><\/span><strong><span class=\"s1\" style=\"color: #00a6e2;\">11:00 <\/span><\/strong>S\u00e9niors et Mouvement\u00ae : Conserver et am\u00e9liorer ses capacit\u00e9s de mobilit\u00e9s dans la vie au quotidien<span class=\"Apple-converted-space\"> &#8211;\u00a0<\/span><span style=\"color: #999999;\"><em>Marie-No\u00eblle Vansteene<br \/>\n<\/em><\/span><strong><span class=\"s2\" style=\"color: #f56f0b;\">11:00 <\/span><\/strong>Il \u00e9tait une fois\u2026 le P.A.R.A.D.I.S (Pouvoir Accueillir sa R\u00e9alit\u00e9 et Accepter D&#8217;\u00eatre Int\u00e9rieurement Soi)<span class=\"Apple-converted-space\"> &#8211;\u00a0<\/span><span style=\"color: #999999;\"><em>Christine Catrouillet<br \/>\n<\/em><\/span><strong><span class=\"s1\" style=\"color: #00a6e2;\">12:00 <\/span><\/strong>Diff\u00e9rents, hypersensibles, spirituels ? D\u00e9ployez vos potentiels<span class=\"Apple-converted-space\"> &#8211;\u00a0<\/span><span style=\"color: #999999;\"><em>Edwige Machelard et Erwann Cl\u00e9ment<br \/>\n<\/em><\/span><strong><span class=\"s2\" style=\"color: #f56f0b;\">12:00 <\/span><\/strong>R\u00e9ussir ses projets avec la Num\u00e9rologie Cr\u00e9ative\u00ae<span class=\"Apple-converted-space\"> &#8211;\u00a0<\/span><span style=\"color: #999999;\"><em>Laurence Thievin<br \/>\n<\/em><\/span><strong><span class=\"s3\" style=\"color: #55a932;\">13:00 <\/span><\/strong>La sophrologie : authenticit\u00e9 et id\u00e9es re\u00e7ues<span class=\"Apple-converted-space\"> &#8211;\u00a0<\/span><span style=\"color: #999999;\"><em>Lionel Moal<br \/>\n<\/em><\/span><strong><span class=\"s1\" style=\"color: #00a6e2;\">13:00 <\/span><\/strong>D\u00e9velopper son intuition et ses perceptions avec les min\u00e9raux<span class=\"Apple-converted-space\"> &#8211;\u00a0<\/span><span style=\"color: #999999;\"><em>Herv\u00e9 Rouch\u00e9<br \/>\n<\/em><\/span><strong><span class=\"s2\" style=\"color: #f56f0b;\">13:00 <\/span><\/strong>Les Bols tib\u00e9tains<span class=\"Apple-converted-space\"> &#8211;\u00a0<\/span><span style=\"color: #999999;\"><em>Alain M\u00e9traux<br \/>\n<\/em><\/span><strong><span class=\"s3\" style=\"color: #55a932;\">14:00 <\/span><\/strong>L&#8217;approche naturopathique et holistique de la sant\u00e9<span class=\"Apple-converted-space\"> &#8211;\u00a0<\/span><span style=\"color: #999999;\"><em>Philippe Cleyet Merle<br \/>\n<\/em><\/span><strong><span class=\"s1\" style=\"color: #00a6e2;\">14:00 <\/span><\/strong>D\u00e9couvrez les pouvoirs anti-\u00e2ge de la lumi\u00e8re rouge<span class=\"Apple-converted-space\"> &#8211;\u00a0<\/span><span style=\"color: #999999;\"><em>Chantal Joye<br \/>\n<\/em><\/span><strong><span class=\"s2\"><span style=\"color: #f56f0b;\">14:00<\/span> <\/span><\/strong>Le th\u00e8me de cristal: notre carte d&#8217;identit\u00e9 min\u00e9rale<span class=\"Apple-converted-space\"> &#8211;\u00a0<\/span><span style=\"color: #999999;\"><em>Wydiane Khaoua<br \/>\n<\/em><\/span><strong><span class=\"s4\" style=\"color: #d82f89;\">14:00 <\/span><\/strong>Comment optimiser notre \u00e9nergie et celle de notre habitat<span class=\"Apple-converted-space\"> &#8211;\u00a0<\/span><span style=\"color: #999999;\"><em>Serge Moinet<br \/>\n<\/em><\/span><strong><span class=\"s1\" style=\"color: #00a6e2;\">15:00 <\/span><\/strong>Le r\u00f4le du chamane aujourd&#8217;hui<span class=\"Apple-converted-space\"> &#8211;\u00a0<\/span><span style=\"color: #999999;\"><em>Karine Laillier<br \/>\n<\/em><\/span><strong><span class=\"s2\" style=\"color: #f56f0b;\">15:00 <\/span><\/strong>Orgonites, protection des ondes \u00e9lectromagn\u00e9tiques et g\u00e9obiologie<span class=\"Apple-converted-space\"> &#8211;\u00a0<\/span><span style=\"color: #999999;\"><em>Thiery Hermann<br \/>\n<\/em><\/span><strong><span class=\"s4\" style=\"color: #d82f89;\">15:00 <\/span><\/strong>Comment utiliser le Beurre de karit\u00e9 Gastronomique<span class=\"Apple-converted-space\"> &#8211;\u00a0<\/span><span style=\"color: #999999;\"><em>Z\u00e9na Barry Sapin et Franck Sapin<br \/>\n<\/em><\/span><strong><span class=\"s1\" style=\"color: #00a6e2;\">16:00 <\/span><\/strong>Retrouver une bonne vue<span class=\"Apple-converted-space\"> &#8211;\u00a0<\/span><span style=\"color: #999999;\"><em>Danielle Cesbron<br \/>\n<\/em><\/span><strong><span class=\"s2\" style=\"color: #f56f0b;\">16:00 <\/span><\/strong>Vous sentir plus libre enfin ! <span style=\"color: #999999;\"><em>Karine Le Dour<br \/>\n<\/em><\/span><strong><span class=\"s4\" style=\"color: #d82f89;\">16:00 <\/span><\/strong>Comment convertir la pollution technologique moderne en \u00e9nergie b\u00e9n\u00e9fique pour le vivant gr\u00e2ce aux ondes scalaires<span class=\"Apple-converted-space\"> &#8211;\u00a0<\/span><span style=\"color: #999999;\"><em>Hubert Mauerer<br \/>\n<\/em><\/span><strong><span class=\"s1\" style=\"color: #55a932;\">16:30 <\/span><\/strong>Les 3 cl\u00e9s du succ\u00e8s pour cr\u00e9er la vie que vous d\u00e9sirez vraiment<span class=\"Apple-converted-space\"> &#8211;\u00a0<\/span><span style=\"color: #999999;\"><em>Laurence Arpi<br \/>\n<\/em><\/span><strong><span class=\"s2\" style=\"color: #00a6e2;\">17:00 <\/span><\/strong>Le merveilleux pouvoir de votre inconscient<span class=\"Apple-converted-space\"> &#8211;\u00a0<\/span><span style=\"color: #999999;\"><em>Lionel Agullo<br \/>\n<\/em><\/span><strong><span class=\"s3\" style=\"color: #f56f0b;\">17:00 <\/span><\/strong>Les m\u00e9taux lourds : origines, incidences, mesures et solutions<span class=\"Apple-converted-space\"> &#8211;\u00a0<\/span><span style=\"color: #999999;\"><em>Armand Bensemhoun<br \/>\n<\/em><\/span><strong><span class=\"s4\" style=\"color: #d82f89;\">17:00 <\/span><\/strong>En quoi la Bio \u00e9nergie va-t-elle vous aider sur votre cheminement ?\u00a0<span style=\"color: #999999;\"><em>Nicolas Dubois<br \/>\n<\/em><\/span><strong><span class=\"s2\" style=\"color: #00a6e2;\">18:00 <\/span><\/strong>Le je\u00fbne et ses bienfaits<span class=\"Apple-converted-space\"> &#8211;\u00a0<\/span><span style=\"color: #999999;\"><em>Manon Limosin<br \/>\n<\/em><\/span><strong><span class=\"s3\" style=\"color: #f56f0b;\">18:00 <\/span><\/strong>La cryoth\u00e9rapie, effet de mode ou rem\u00e8de miracle ?\u00a0<span style=\"color: #999999;\"><em>Val\u00e9rie Georges<br \/>\n<\/em><\/span><strong><span class=\"s4\" style=\"color: #d82f89;\">18:00 <\/span><\/strong>Se lib\u00e9rer avec l&#8217;Epikinergy<span class=\"Apple-converted-space\"> &#8211;\u00a0<\/span><span style=\"color: #999999;\"><em>Fabrice Thier\u00e9<\/em><\/span><\/p>\n","protected":false},"excerpt":{"rendered":"<p>Les conf\u00e9rences se tiennent dans les salles suivantes Salle VILAINE Salle SAINTE-ANNE Salle THABOR Salle LIBERT\u00c9 Rep\u00e9rez votre salle avec la couleur de l&#8217;horaire VENDREDI 21 F\u00c9VRIER 2020 10:30 P\u00e9rin\u00e9e et Mouvement\u00ae &#8211;\u00a0Marie-No\u00eblle Vansteene 11:00 Les Bols de cristal &#8211;\u00a0Alain M\u00e9traux 11:00 De l&#8217;art, de l&#8217;art pour se refaire une sant\u00e9\u00a0&#8211;\u00a0Claire Nicolas 12:00 La jungle&hellip; <\/p>\n","protected":false},"author":1,"featured_media":0,"parent":0,"menu_order":0,"comment_status":"closed","ping_status":"closed","template":"","meta":{"_monsterinsights_skip_tracking":false,"_monsterinsights_sitenote_active":false,"_monsterinsights_sitenote_note":"","_monsterinsights_sitenote_category":0,"footnotes":""},"class_list":["post-7773","page","type-page","status-publish","hentry"],"yoast_head":"<!-- This site is optimized with the Yoast SEO plugin v27.3 - https:\/\/yoast.com\/product\/yoast-seo-wordpress\/ -->\n<title>Conf\u00e9rences 2020 - Respire La Vie Rennes<\/title>\n<meta name=\"robots\" content=\"index, follow, max-snippet:-1, max-image-preview:large, max-video-preview:-1\" \/>\n<link rel=\"canonical\" href=\"https:\/\/www.respirelavie.fr\/rennes\/conferences-2020\/\" \/>\n<meta property=\"og:locale\" content=\"fr_FR\" \/>\n<meta property=\"og:type\" content=\"article\" \/>\n<meta property=\"og:title\" content=\"Conf\u00e9rences 2020 - Respire La Vie Rennes\" \/>\n<meta property=\"og:description\" content=\"Les conf\u00e9rences se tiennent dans les salles suivantes Salle VILAINE Salle SAINTE-ANNE Salle THABOR Salle LIBERT\u00c9 Rep\u00e9rez votre salle avec la couleur de l&#8217;horaire VENDREDI 21 F\u00c9VRIER 2020 10:30 P\u00e9rin\u00e9e et Mouvement\u00ae &#8211;\u00a0Marie-No\u00eblle Vansteene 11:00 Les Bols de cristal &#8211;\u00a0Alain M\u00e9traux 11:00 De l&#8217;art, de l&#8217;art pour se refaire une sant\u00e9\u00a0&#8211;\u00a0Claire Nicolas 12:00 La jungle&hellip;\" \/>\n<meta property=\"og:url\" content=\"https:\/\/www.respirelavie.fr\/rennes\/conferences-2020\/\" \/>\n<meta property=\"og:site_name\" content=\"Respire La Vie Rennes\" \/>\n<meta name=\"twitter:card\" content=\"summary_large_image\" \/>\n<meta name=\"twitter:label1\" content=\"Dur\u00e9e de lecture estim\u00e9e\" \/>\n\t<meta name=\"twitter:data1\" content=\"5 minutes\" \/>\n<script type=\"application\/ld+json\" class=\"yoast-schema-graph\">{\"@context\":\"https:\\\/\\\/schema.org\",\"@graph\":[{\"@type\":\"WebPage\",\"@id\":\"https:\\\/\\\/www.respirelavie.fr\\\/rennes\\\/conferences-2020\\\/\",\"url\":\"https:\\\/\\\/www.respirelavie.fr\\\/rennes\\\/conferences-2020\\\/\",\"name\":\"Conf\u00e9rences 2020 - Respire La Vie Rennes\",\"isPartOf\":{\"@id\":\"https:\\\/\\\/www.respirelavie.fr\\\/rennes\\\/#website\"},\"datePublished\":\"2020-04-30T08:17:43+00:00\",\"breadcrumb\":{\"@id\":\"https:\\\/\\\/www.respirelavie.fr\\\/rennes\\\/conferences-2020\\\/#breadcrumb\"},\"inLanguage\":\"fr-FR\",\"potentialAction\":[{\"@type\":\"ReadAction\",\"target\":[\"https:\\\/\\\/www.respirelavie.fr\\\/rennes\\\/conferences-2020\\\/\"]}]},{\"@type\":\"BreadcrumbList\",\"@id\":\"https:\\\/\\\/www.respirelavie.fr\\\/rennes\\\/conferences-2020\\\/#breadcrumb\",\"itemListElement\":[{\"@type\":\"ListItem\",\"position\":1,\"name\":\"Accueil\",\"item\":\"https:\\\/\\\/www.respirelavie.fr\\\/rennes\\\/\"},{\"@type\":\"ListItem\",\"position\":2,\"name\":\"Conf\u00e9rences 2020\"}]},{\"@type\":\"WebSite\",\"@id\":\"https:\\\/\\\/www.respirelavie.fr\\\/rennes\\\/#website\",\"url\":\"https:\\\/\\\/www.respirelavie.fr\\\/rennes\\\/\",\"name\":\"Respire La Vie Rennes\",\"description\":\"Respire La Vie Rennes : votre salon \u00e9colo, bio, bien-\u00eatre et habitat sain \u00e0 Rennes\",\"publisher\":{\"@id\":\"https:\\\/\\\/www.respirelavie.fr\\\/rennes\\\/#organization\"},\"potentialAction\":[{\"@type\":\"SearchAction\",\"target\":{\"@type\":\"EntryPoint\",\"urlTemplate\":\"https:\\\/\\\/www.respirelavie.fr\\\/rennes\\\/?s={search_term_string}\"},\"query-input\":{\"@type\":\"PropertyValueSpecification\",\"valueRequired\":true,\"valueName\":\"search_term_string\"}}],\"inLanguage\":\"fr-FR\"},{\"@type\":\"Organization\",\"@id\":\"https:\\\/\\\/www.respirelavie.fr\\\/rennes\\\/#organization\",\"name\":\"Respire La Vie Rennes\",\"url\":\"https:\\\/\\\/www.respirelavie.fr\\\/rennes\\\/\",\"logo\":{\"@type\":\"ImageObject\",\"inLanguage\":\"fr-FR\",\"@id\":\"https:\\\/\\\/www.respirelavie.fr\\\/rennes\\\/#\\\/schema\\\/logo\\\/image\\\/\",\"url\":\"https:\\\/\\\/www.respirelavie.fr\\\/rennes\\\/wp-content\\\/uploads\\\/sites\\\/5\\\/2025\\\/11\\\/cropped-Logo-RESPIRE-rennes-2026.png\",\"contentUrl\":\"https:\\\/\\\/www.respirelavie.fr\\\/rennes\\\/wp-content\\\/uploads\\\/sites\\\/5\\\/2025\\\/11\\\/cropped-Logo-RESPIRE-rennes-2026.png\",\"width\":921,\"height\":255,\"caption\":\"Respire La Vie Rennes\"},\"image\":{\"@id\":\"https:\\\/\\\/www.respirelavie.fr\\\/rennes\\\/#\\\/schema\\\/logo\\\/image\\\/\"}}]}<\/script>\n<!-- \/ Yoast SEO plugin. -->","yoast_head_json":{"title":"Conf\u00e9rences 2020 - Respire La Vie Rennes","robots":{"index":"index","follow":"follow","max-snippet":"max-snippet:-1","max-image-preview":"max-image-preview:large","max-video-preview":"max-video-preview:-1"},"canonical":"https:\/\/www.respirelavie.fr\/rennes\/conferences-2020\/","og_locale":"fr_FR","og_type":"article","og_title":"Conf\u00e9rences 2020 - Respire La Vie Rennes","og_description":"Les conf\u00e9rences se tiennent dans les salles suivantes Salle VILAINE Salle SAINTE-ANNE Salle THABOR Salle LIBERT\u00c9 Rep\u00e9rez votre salle avec la couleur de l&#8217;horaire VENDREDI 21 F\u00c9VRIER 2020 10:30 P\u00e9rin\u00e9e et Mouvement\u00ae &#8211;\u00a0Marie-No\u00eblle Vansteene 11:00 Les Bols de cristal &#8211;\u00a0Alain M\u00e9traux 11:00 De l&#8217;art, de l&#8217;art pour se refaire une sant\u00e9\u00a0&#8211;\u00a0Claire Nicolas 12:00 La jungle&hellip;","og_url":"https:\/\/www.respirelavie.fr\/rennes\/conferences-2020\/","og_site_name":"Respire La Vie Rennes","twitter_card":"summary_large_image","twitter_misc":{"Dur\u00e9e de lecture estim\u00e9e":"5 minutes"},"schema":{"@context":"https:\/\/schema.org","@graph":[{"@type":"WebPage","@id":"https:\/\/www.respirelavie.fr\/rennes\/conferences-2020\/","url":"https:\/\/www.respirelavie.fr\/rennes\/conferences-2020\/","name":"Conf\u00e9rences 2020 - Respire La Vie Rennes","isPartOf":{"@id":"https:\/\/www.respirelavie.fr\/rennes\/#website"},"datePublished":"2020-04-30T08:17:43+00:00","breadcrumb":{"@id":"https:\/\/www.respirelavie.fr\/rennes\/conferences-2020\/#breadcrumb"},"inLanguage":"fr-FR","potentialAction":[{"@type":"ReadAction","target":["https:\/\/www.respirelavie.fr\/rennes\/conferences-2020\/"]}]},{"@type":"BreadcrumbList","@id":"https:\/\/www.respirelavie.fr\/rennes\/conferences-2020\/#breadcrumb","itemListElement":[{"@type":"ListItem","position":1,"name":"Accueil","item":"https:\/\/www.respirelavie.fr\/rennes\/"},{"@type":"ListItem","position":2,"name":"Conf\u00e9rences 2020"}]},{"@type":"WebSite","@id":"https:\/\/www.respirelavie.fr\/rennes\/#website","url":"https:\/\/www.respirelavie.fr\/rennes\/","name":"Respire La Vie Rennes","description":"Respire La Vie Rennes : votre salon \u00e9colo, bio, bien-\u00eatre et habitat sain \u00e0 Rennes","publisher":{"@id":"https:\/\/www.respirelavie.fr\/rennes\/#organization"},"potentialAction":[{"@type":"SearchAction","target":{"@type":"EntryPoint","urlTemplate":"https:\/\/www.respirelavie.fr\/rennes\/?s={search_term_string}"},"query-input":{"@type":"PropertyValueSpecification","valueRequired":true,"valueName":"search_term_string"}}],"inLanguage":"fr-FR"},{"@type":"Organization","@id":"https:\/\/www.respirelavie.fr\/rennes\/#organization","name":"Respire La Vie Rennes","url":"https:\/\/www.respirelavie.fr\/rennes\/","logo":{"@type":"ImageObject","inLanguage":"fr-FR","@id":"https:\/\/www.respirelavie.fr\/rennes\/#\/schema\/logo\/image\/","url":"https:\/\/www.respirelavie.fr\/rennes\/wp-content\/uploads\/sites\/5\/2025\/11\/cropped-Logo-RESPIRE-rennes-2026.png","contentUrl":"https:\/\/www.respirelavie.fr\/rennes\/wp-content\/uploads\/sites\/5\/2025\/11\/cropped-Logo-RESPIRE-rennes-2026.png","width":921,"height":255,"caption":"Respire La Vie Rennes"},"image":{"@id":"https:\/\/www.respirelavie.fr\/rennes\/#\/schema\/logo\/image\/"}}]}},"_links":{"self":[{"href":"https:\/\/www.respirelavie.fr\/rennes\/wp-json\/wp\/v2\/pages\/7773","targetHints":{"allow":["GET"]}}],"collection":[{"href":"https:\/\/www.respirelavie.fr\/rennes\/wp-json\/wp\/v2\/pages"}],"about":[{"href":"https:\/\/www.respirelavie.fr\/rennes\/wp-json\/wp\/v2\/types\/page"}],"author":[{"embeddable":true,"href":"https:\/\/www.respirelavie.fr\/rennes\/wp-json\/wp\/v2\/users\/1"}],"replies":[{"embeddable":true,"href":"https:\/\/www.respirelavie.fr\/rennes\/wp-json\/wp\/v2\/comments?post=7773"}],"version-history":[{"count":1,"href":"https:\/\/www.respirelavie.fr\/rennes\/wp-json\/wp\/v2\/pages\/7773\/revisions"}],"predecessor-version":[{"id":7774,"href":"https:\/\/www.respirelavie.fr\/rennes\/wp-json\/wp\/v2\/pages\/7773\/revisions\/7774"}],"wp:attachment":[{"href":"https:\/\/www.respirelavie.fr\/rennes\/wp-json\/wp\/v2\/media?parent=7773"}],"curies":[{"name":"wp","href":"https:\/\/api.w.org\/{rel}","templated":true}]}}