{"version":"1.0","provider_name":"RESPIRE VANNES","provider_url":"https:\/\/www.respirelavie.fr\/vannes","author_name":"admin","author_url":"https:\/\/www.respirelavie.fr\/vannes\/blog\/author\/admin\/","title":"Conf\u00e9rences experts 2019 - RESPIRE VANNES","type":"rich","width":600,"height":338,"html":"<blockquote class=\"wp-embedded-content\" data-secret=\"pX8hiOsXJK\"><a href=\"https:\/\/www.respirelavie.fr\/vannes\/conferences-experts-2019\/\">Conf\u00e9rences experts 2019<\/a><\/blockquote><iframe sandbox=\"allow-scripts\" security=\"restricted\" src=\"https:\/\/www.respirelavie.fr\/vannes\/conferences-experts-2019\/embed\/#?secret=pX8hiOsXJK\" width=\"600\" height=\"338\" title=\"\u00ab\u00a0Conf\u00e9rences experts 2019\u00a0\u00bb &#8212; RESPIRE VANNES\" data-secret=\"pX8hiOsXJK\" frameborder=\"0\" marginwidth=\"0\" marginheight=\"0\" scrolling=\"no\" class=\"wp-embedded-content\"><\/iframe><script type=\"text\/javascript\">\n\/* <![CDATA[ *\/\n\/*! This file is auto-generated *\/\n!function(d,l){\"use strict\";l.querySelector&&d.addEventListener&&\"undefined\"!=typeof URL&&(d.wp=d.wp||{},d.wp.receiveEmbedMessage||(d.wp.receiveEmbedMessage=function(e){var t=e.data;if((t||t.secret||t.message||t.value)&&!\/[^a-zA-Z0-9]\/.test(t.secret)){for(var s,r,n,a=l.querySelectorAll('iframe[data-secret=\"'+t.secret+'\"]'),o=l.querySelectorAll('blockquote[data-secret=\"'+t.secret+'\"]'),c=new RegExp(\"^https?:$\",\"i\"),i=0;i<o.length;i++)o[i].style.display=\"none\";for(i=0;i<a.length;i++)s=a[i],e.source===s.contentWindow&&(s.removeAttribute(\"style\"),\"height\"===t.message?(1e3<(r=parseInt(t.value,10))?r=1e3:~~r<200&&(r=200),s.height=r):\"link\"===t.message&&(r=new URL(s.getAttribute(\"src\")),n=new URL(t.value),c.test(n.protocol))&&n.host===r.host&&l.activeElement===s&&(d.top.location.href=t.value))}},d.addEventListener(\"message\",d.wp.receiveEmbedMessage,!1),l.addEventListener(\"DOMContentLoaded\",function(){for(var e,t,s=l.querySelectorAll(\"iframe.wp-embedded-content\"),r=0;r<s.length;r++)(t=(e=s[r]).getAttribute(\"data-secret\"))||(t=Math.random().toString(36).substring(2,12),e.src+=\"#?secret=\"+t,e.setAttribute(\"data-secret\",t)),e.contentWindow.postMessage({message:\"ready\",secret:t},\"*\")},!1)))}(window,document);\n\/\/# sourceURL=https:\/\/www.respirelavie.fr\/vannes\/wp-includes\/js\/wp-embed.min.js\n\/* ]]> *\/\n<\/script>\n","description":"Vendredi 18 Janvier 2019 :\u00a0Sant\u00e9 12:00 Comment \u00e9liminer l\u2019\u00e9tat inflammatoire chronique bas, responsable des maladies d\u00e9g\u00e9n\u00e9ratives ? France Guillain Depuis 2008 la Recherche internationale s\u2019inqui\u00e8te de la multiplication de l\u2019ensemble des maladies d\u00e9g\u00e9n\u00e9ratives li\u00e9es \u00e0 l\u2019\u00e9tat inflammatoire qui se d\u00e9tecte \u00e0 la temp\u00e9rature interne moyenne qui doit \u00eatre de 36\u00b06, alors qu\u2019elle est pass\u00e9e \u00e0&hellip;","thumbnail_url":"https:\/\/www.respirelavie.fr\/vannes\/wp-content\/uploads\/sites\/4\/2018\/12\/France-Guillain-150x150.jpg"}