{"id":2458,"date":"2017-01-24T14:19:20","date_gmt":"2017-01-24T13:19:20","guid":{"rendered":"http:\/\/localhost:8888\/zen\/?page_id=2458"},"modified":"2023-12-11T10:39:52","modified_gmt":"2023-12-11T09:39:52","slug":"presse","status":"publish","type":"page","link":"https:\/\/www.respirelavie.fr\/vannes\/presse\/presse\/","title":{"rendered":"Espace presse"},"content":{"rendered":"<p><em><strong>Acc\u00e8s uniquement r\u00e9serv\u00e9 aux journalistes.<\/strong><\/em><\/p>\n<h1>Bienvenue dans l&#8217;espace presse du salon Respire La Vie Vannes<\/h1>\n<p>Ici vous pouvez t\u00e9l\u00e9charger les documents presse, logos et visuels en haute d\u00e9finition pour vos usages d\u2019impression et de communication.<\/p>\n<p><a href=\"https:\/\/www.salon-zenetbio.com\/le-reseau\/comment-inserer-le-visuel-et-le-lien-sur-vos-supports\/\" target=\"_blank\" rel=\"noopener\">Cliquez ici<\/a> pour savoir comment ajouter le visuel et le lien de l\u2019entr\u00e9e gratuite du salon \u00e0 vos supports gr\u00e2ce \u00e0 l&#8217;exemple du salon Zen &amp; Bio Angers.<\/p>\n<hr \/>\n<h2><strong>Documents presse<\/strong><\/h2>\n<p><em><a href=\"http:\/\/www.respirelavie.fr\/vannes\/archives-presse\/\" target=\"_blank\" rel=\"noopener noreferrer\">Consultez les archives presse du salon<\/a><\/em><\/p>\n<hr \/>\n<h2><strong>Les outils de communication<\/strong><\/h2>\n<h3><strong>Le logo du salon<\/strong><\/h3>\n<p style=\"text-align: left;\">\u00a0 \u00a0 \u00a0 \u00a0 \u00a0 \u00a0 \u00a0 \u00a0 \u00a0<a href=\"https:\/\/www.salon-zenetbio.com\/le-reseau\/wp-content\/uploads\/sites\/6\/2018\/07\/RESPIRELAVIE_baseline.jpg\" target=\"_blank\" rel=\"noopener\">Le logo<\/a><br \/>\n<strong><a href=\"https:\/\/www.salon-zenetbio.com\/le-reseau\/wp-content\/uploads\/sites\/6\/2018\/07\/RESPIRELAVIE_baseline.jpg\" target=\"_blank\" rel=\"noopener noreferrer\"><img decoding=\"async\" class=\"alignleft wp-image-4146\" src=\"https:\/\/www.salon-zenetbio.com\/le-reseau\/wp-content\/uploads\/sites\/6\/2018\/07\/RESPIRELAVIE_baseline.jpg\" sizes=\"(max-width: 263px) 100vw, 263px\" srcset=\"https:\/\/www.salon-zenetbio.com\/le-reseau\/wp-content\/uploads\/sites\/6\/2018\/07\/RESPIRELAVIE_baseline.jpg 2161w, https:\/\/www.salon-zenetbio.com\/le-reseau\/wp-content\/uploads\/sites\/6\/2018\/07\/RESPIRELAVIE_baseline-300x88.jpg 300w, https:\/\/www.salon-zenetbio.com\/le-reseau\/wp-content\/uploads\/sites\/6\/2018\/07\/RESPIRELAVIE_baseline-768x225.jpg 768w, https:\/\/www.salon-zenetbio.com\/le-reseau\/wp-content\/uploads\/sites\/6\/2018\/07\/RESPIRELAVIE_baseline-1024x299.jpg 1024w\" alt=\"\" width=\"222\" height=\"65\" \/><\/a><\/strong><\/p>\n<p>&nbsp;<\/p>\n<p>&nbsp;<\/p>\n<p>&nbsp;<\/p>\n<h3><strong>Les affichages du salon<\/strong><\/h3>\n<p><a href=\"https:\/\/www.respirelavie.fr\/vannes\/wp-content\/uploads\/sites\/4\/2023\/12\/Affiche-A4-2022_01.png\" target=\"_blank\" rel=\"noopener\">Affiche A4<\/a><\/p>\n<p><img fetchpriority=\"high\" decoding=\"async\" class=\"alignnone wp-image-8221 size-medium\" src=\"https:\/\/www.respirelavie.fr\/vannes\/wp-content\/uploads\/sites\/4\/2023\/12\/Affiche-A4-2022_01-212x300.png\" alt=\"\" width=\"212\" height=\"300\" srcset=\"https:\/\/www.respirelavie.fr\/vannes\/wp-content\/uploads\/sites\/4\/2023\/12\/Affiche-A4-2022_01-212x300.png 212w, https:\/\/www.respirelavie.fr\/vannes\/wp-content\/uploads\/sites\/4\/2023\/12\/Affiche-A4-2022_01-723x1024.png 723w, https:\/\/www.respirelavie.fr\/vannes\/wp-content\/uploads\/sites\/4\/2023\/12\/Affiche-A4-2022_01-768x1088.png 768w, https:\/\/www.respirelavie.fr\/vannes\/wp-content\/uploads\/sites\/4\/2023\/12\/Affiche-A4-2022_01-1084x1536.png 1084w, https:\/\/www.respirelavie.fr\/vannes\/wp-content\/uploads\/sites\/4\/2023\/12\/Affiche-A4-2022_01-1446x2048.png 1446w, https:\/\/www.respirelavie.fr\/vannes\/wp-content\/uploads\/sites\/4\/2023\/12\/Affiche-A4-2022_01-150x212.png 150w, https:\/\/www.respirelavie.fr\/vannes\/wp-content\/uploads\/sites\/4\/2023\/12\/Affiche-A4-2022_01-353x500.png 353w\" sizes=\"(max-width: 212px) 100vw, 212px\" \/><\/p>\n<h3><strong>Les banni\u00e8res du salon<\/strong><\/h3>\n<table style=\"border-collapse: collapse; width: 100%; height: 634px;\">\n<tbody>\n<tr>\n<td style=\"width: 100%; text-align: center; vertical-align: middle;\" colspan=\"2\"><a href=\"https:\/\/www.respirelavie.fr\/vannes\/wp-content\/uploads\/sites\/4\/2023\/12\/BANNIERE-RLV-VANNES-24-820x312px-SANS-CTA.jpg\" target=\"_blank\" rel=\"noopener\">Banni\u00e8re Respire La Vie Vannes<\/a><\/td>\n<\/tr>\n<tr>\n<td style=\"text-align: center; vertical-align: middle;\" colspan=\"2\"><img decoding=\"async\" class=\"alignnone wp-image-8218 size-medium\" src=\"https:\/\/www.respirelavie.fr\/vannes\/wp-content\/uploads\/sites\/4\/2023\/12\/BANNIERE-RLV-VANNES-24-820x312px-SANS-CTA-300x114.jpg\" alt=\"\" width=\"300\" height=\"114\" srcset=\"https:\/\/www.respirelavie.fr\/vannes\/wp-content\/uploads\/sites\/4\/2023\/12\/BANNIERE-RLV-VANNES-24-820x312px-SANS-CTA-300x114.jpg 300w, https:\/\/www.respirelavie.fr\/vannes\/wp-content\/uploads\/sites\/4\/2023\/12\/BANNIERE-RLV-VANNES-24-820x312px-SANS-CTA-768x292.jpg 768w, https:\/\/www.respirelavie.fr\/vannes\/wp-content\/uploads\/sites\/4\/2023\/12\/BANNIERE-RLV-VANNES-24-820x312px-SANS-CTA-150x57.jpg 150w, https:\/\/www.respirelavie.fr\/vannes\/wp-content\/uploads\/sites\/4\/2023\/12\/BANNIERE-RLV-VANNES-24-820x312px-SANS-CTA-500x190.jpg 500w, https:\/\/www.respirelavie.fr\/vannes\/wp-content\/uploads\/sites\/4\/2023\/12\/BANNIERE-RLV-VANNES-24-820x312px-SANS-CTA.jpg 820w\" sizes=\"(max-width: 300px) 100vw, 300px\" \/><\/td>\n<\/tr>\n<tr>\n<td style=\"width: 50%; text-align: center; vertical-align: middle;\"><\/td>\n<td style=\"width: 50%; text-align: center; vertical-align: middle;\"><\/td>\n<\/tr>\n<tr style=\"height: 28px;\">\n<td style=\"width: 50%; height: 28px; text-align: center; vertical-align: middle;\"><a href=\"https:\/\/www.respirelavie.fr\/vannes\/wp-content\/uploads\/sites\/4\/2023\/12\/BANNIERE-RLV-VANNES-24-580x250px.jpg\" target=\"_blank\" rel=\"noopener\">Banni\u00e8re emailing<\/a><\/td>\n<td style=\"width: 50%; height: 28px; text-align: center; vertical-align: middle;\"><a href=\"https:\/\/www.respirelavie.fr\/vannes\/wp-content\/uploads\/sites\/4\/2023\/12\/BANNIERE-RLV-VANNES-24-300x250px-CTA-ENTREE-GRATUITE.jpg\" target=\"_blank\" rel=\"noopener\">Banni\u00e8re &#8220;ici votre entr\u00e9e gratuite&#8221;<\/a><\/td>\n<\/tr>\n<tr style=\"height: 148px;\">\n<td style=\"width: 50%; height: 148px; text-align: center; vertical-align: middle;\"><img loading=\"lazy\" decoding=\"async\" class=\"alignnone size-medium wp-image-8161\" src=\"https:\/\/www.respirelavie.fr\/vannes\/wp-content\/uploads\/sites\/4\/2023\/12\/BANNIERE-RLV-VANNES-24-580x250px-300x129.jpg\" alt=\"\" width=\"300\" height=\"129\" srcset=\"https:\/\/www.respirelavie.fr\/vannes\/wp-content\/uploads\/sites\/4\/2023\/12\/BANNIERE-RLV-VANNES-24-580x250px-300x129.jpg 300w, https:\/\/www.respirelavie.fr\/vannes\/wp-content\/uploads\/sites\/4\/2023\/12\/BANNIERE-RLV-VANNES-24-580x250px-150x65.jpg 150w, https:\/\/www.respirelavie.fr\/vannes\/wp-content\/uploads\/sites\/4\/2023\/12\/BANNIERE-RLV-VANNES-24-580x250px-500x216.jpg 500w, https:\/\/www.respirelavie.fr\/vannes\/wp-content\/uploads\/sites\/4\/2023\/12\/BANNIERE-RLV-VANNES-24-580x250px.jpg 580w\" sizes=\"(max-width: 300px) 100vw, 300px\" \/><\/td>\n<td style=\"width: 50%; height: 148px; text-align: center; vertical-align: middle;\"><img loading=\"lazy\" decoding=\"async\" class=\"alignnone size-full wp-image-8162\" src=\"https:\/\/www.respirelavie.fr\/vannes\/wp-content\/uploads\/sites\/4\/2023\/12\/BANNIERE-RLV-VANNES-24-300x250px-CTA-ENTREE-GRATUITE.jpg\" alt=\"\" width=\"300\" height=\"250\" srcset=\"https:\/\/www.respirelavie.fr\/vannes\/wp-content\/uploads\/sites\/4\/2023\/12\/BANNIERE-RLV-VANNES-24-300x250px-CTA-ENTREE-GRATUITE.jpg 300w, https:\/\/www.respirelavie.fr\/vannes\/wp-content\/uploads\/sites\/4\/2023\/12\/BANNIERE-RLV-VANNES-24-300x250px-CTA-ENTREE-GRATUITE-150x125.jpg 150w\" sizes=\"(max-width: 300px) 100vw, 300px\" \/><\/td>\n<\/tr>\n<tr style=\"height: 28px;\">\n<td style=\"width: 50%; height: 28px; text-align: center; vertical-align: middle;\"><\/td>\n<td style=\"width: 50%; height: 28px; text-align: center; vertical-align: middle;\"><\/td>\n<\/tr>\n<tr style=\"height: 28px;\">\n<td style=\"width: 50%; height: 28px; text-align: center; vertical-align: middle;\"><a href=\"https:\/\/www.respirelavie.fr\/vannes\/wp-content\/uploads\/sites\/4\/2023\/12\/BANNIERE-RLV-VANNES-24-300x600px-CTA-ENTREE-GRATUITE.jpg\" target=\"_blank\" rel=\"noopener\">Banni\u00e8re &#8220;ici votre entr\u00e9e gratuite&#8221;<\/a><\/td>\n<td style=\"width: 50%; height: 28px; text-align: center; vertical-align: middle;\"><a href=\"https:\/\/www.respirelavie.fr\/vannes\/wp-content\/uploads\/sites\/4\/2023\/12\/BANNIERE-RLV-VANNES-24-728x90px-CTA-ENTREE-GRATUITE.jpg\" target=\"_blank\" rel=\"noopener\">Banni\u00e8re &#8220;ici votre entr\u00e9e gratuite&#8221;<\/a><\/td>\n<\/tr>\n<tr style=\"height: 300px;\">\n<td style=\"width: 50%; height: 300px; text-align: center; vertical-align: middle;\"><img loading=\"lazy\" decoding=\"async\" class=\"alignnone size-medium wp-image-8163\" src=\"https:\/\/www.respirelavie.fr\/vannes\/wp-content\/uploads\/sites\/4\/2023\/12\/BANNIERE-RLV-VANNES-24-300x600px-CTA-ENTREE-GRATUITE-150x300.jpg\" alt=\"\" width=\"150\" height=\"300\" srcset=\"https:\/\/www.respirelavie.fr\/vannes\/wp-content\/uploads\/sites\/4\/2023\/12\/BANNIERE-RLV-VANNES-24-300x600px-CTA-ENTREE-GRATUITE-150x300.jpg 150w, https:\/\/www.respirelavie.fr\/vannes\/wp-content\/uploads\/sites\/4\/2023\/12\/BANNIERE-RLV-VANNES-24-300x600px-CTA-ENTREE-GRATUITE-250x500.jpg 250w, https:\/\/www.respirelavie.fr\/vannes\/wp-content\/uploads\/sites\/4\/2023\/12\/BANNIERE-RLV-VANNES-24-300x600px-CTA-ENTREE-GRATUITE.jpg 300w\" sizes=\"(max-width: 150px) 100vw, 150px\" \/><\/td>\n<td style=\"width: 50%; height: 300px; text-align: center; vertical-align: middle;\"><img loading=\"lazy\" decoding=\"async\" class=\"alignnone wp-image-8164 size-full\" src=\"https:\/\/www.respirelavie.fr\/vannes\/wp-content\/uploads\/sites\/4\/2023\/12\/BANNIERE-RLV-VANNES-24-728x90px-CTA-ENTREE-GRATUITE.jpg\" alt=\"\" width=\"728\" height=\"90\" srcset=\"https:\/\/www.respirelavie.fr\/vannes\/wp-content\/uploads\/sites\/4\/2023\/12\/BANNIERE-RLV-VANNES-24-728x90px-CTA-ENTREE-GRATUITE.jpg 728w, https:\/\/www.respirelavie.fr\/vannes\/wp-content\/uploads\/sites\/4\/2023\/12\/BANNIERE-RLV-VANNES-24-728x90px-CTA-ENTREE-GRATUITE-300x37.jpg 300w, https:\/\/www.respirelavie.fr\/vannes\/wp-content\/uploads\/sites\/4\/2023\/12\/BANNIERE-RLV-VANNES-24-728x90px-CTA-ENTREE-GRATUITE-150x19.jpg 150w, https:\/\/www.respirelavie.fr\/vannes\/wp-content\/uploads\/sites\/4\/2023\/12\/BANNIERE-RLV-VANNES-24-728x90px-CTA-ENTREE-GRATUITE-500x62.jpg 500w\" sizes=\"(max-width: 728px) 100vw, 728px\" \/><\/td>\n<\/tr>\n<tr style=\"height: 28px;\">\n<td style=\"width: 50%; height: 28px; text-align: center; vertical-align: middle;\"><\/td>\n<td style=\"width: 50%; height: 28px; text-align: center; vertical-align: middle;\"><\/td>\n<\/tr>\n<tr style=\"height: 28px;\">\n<td style=\"width: 50%; height: 28px; text-align: center; vertical-align: middle;\"><a href=\"https:\/\/www.respirelavie.fr\/vannes\/wp-content\/uploads\/sites\/4\/2023\/12\/BANNIERE-RLV-VANNES-24-628x1200px-ON-Y-SERA-ET-VOUS.png\" target=\"_blank\" rel=\"noopener\">Banni\u00e8re &#8220;on y sera et vous&#8221;<\/a><\/td>\n<td style=\"width: 50%; height: 28px; text-align: center; vertical-align: middle;\"><a href=\"https:\/\/www.respirelavie.fr\/vannes\/wp-content\/uploads\/sites\/4\/2023\/12\/BANNIERE-RLV-VANNES-24-628x1200px-ON-Y-SERA-ET-VOUS.png\" target=\"_blank\" rel=\"noopener\">Banni\u00e8re &#8220;on y sera et vous&#8221;<\/a><\/td>\n<\/tr>\n<tr style=\"height: 46px;\">\n<td style=\"width: 50%; height: 46px; text-align: center; vertical-align: middle;\"><img loading=\"lazy\" decoding=\"async\" class=\"alignnone size-medium wp-image-8167\" src=\"https:\/\/www.respirelavie.fr\/vannes\/wp-content\/uploads\/sites\/4\/2023\/12\/BANNIERE-RLV-VANNES-24-628x1200px-ON-Y-SERA-ET-VOUS-300x157.png\" alt=\"\" width=\"300\" height=\"157\" srcset=\"https:\/\/www.respirelavie.fr\/vannes\/wp-content\/uploads\/sites\/4\/2023\/12\/BANNIERE-RLV-VANNES-24-628x1200px-ON-Y-SERA-ET-VOUS-300x157.png 300w, https:\/\/www.respirelavie.fr\/vannes\/wp-content\/uploads\/sites\/4\/2023\/12\/BANNIERE-RLV-VANNES-24-628x1200px-ON-Y-SERA-ET-VOUS-1024x536.png 1024w, https:\/\/www.respirelavie.fr\/vannes\/wp-content\/uploads\/sites\/4\/2023\/12\/BANNIERE-RLV-VANNES-24-628x1200px-ON-Y-SERA-ET-VOUS-768x402.png 768w, https:\/\/www.respirelavie.fr\/vannes\/wp-content\/uploads\/sites\/4\/2023\/12\/BANNIERE-RLV-VANNES-24-628x1200px-ON-Y-SERA-ET-VOUS-1536x804.png 1536w, https:\/\/www.respirelavie.fr\/vannes\/wp-content\/uploads\/sites\/4\/2023\/12\/BANNIERE-RLV-VANNES-24-628x1200px-ON-Y-SERA-ET-VOUS-150x79.png 150w, https:\/\/www.respirelavie.fr\/vannes\/wp-content\/uploads\/sites\/4\/2023\/12\/BANNIERE-RLV-VANNES-24-628x1200px-ON-Y-SERA-ET-VOUS-500x262.png 500w, https:\/\/www.respirelavie.fr\/vannes\/wp-content\/uploads\/sites\/4\/2023\/12\/BANNIERE-RLV-VANNES-24-628x1200px-ON-Y-SERA-ET-VOUS.png 2000w\" sizes=\"(max-width: 300px) 100vw, 300px\" \/><\/td>\n<td style=\"width: 50%; height: 46px; text-align: center; vertical-align: middle;\"><img loading=\"lazy\" decoding=\"async\" class=\"alignnone size-medium wp-image-8168\" src=\"https:\/\/www.respirelavie.fr\/vannes\/wp-content\/uploads\/sites\/4\/2023\/12\/BANNIERE-RLV-VANNES-24-788x940px-ON-Y-SERA-ET-VOUS-300x252.png\" alt=\"\" width=\"300\" height=\"252\" srcset=\"https:\/\/www.respirelavie.fr\/vannes\/wp-content\/uploads\/sites\/4\/2023\/12\/BANNIERE-RLV-VANNES-24-788x940px-ON-Y-SERA-ET-VOUS-300x252.png 300w, https:\/\/www.respirelavie.fr\/vannes\/wp-content\/uploads\/sites\/4\/2023\/12\/BANNIERE-RLV-VANNES-24-788x940px-ON-Y-SERA-ET-VOUS-1024x859.png 1024w, https:\/\/www.respirelavie.fr\/vannes\/wp-content\/uploads\/sites\/4\/2023\/12\/BANNIERE-RLV-VANNES-24-788x940px-ON-Y-SERA-ET-VOUS-768x644.png 768w, https:\/\/www.respirelavie.fr\/vannes\/wp-content\/uploads\/sites\/4\/2023\/12\/BANNIERE-RLV-VANNES-24-788x940px-ON-Y-SERA-ET-VOUS-1536x1288.png 1536w, https:\/\/www.respirelavie.fr\/vannes\/wp-content\/uploads\/sites\/4\/2023\/12\/BANNIERE-RLV-VANNES-24-788x940px-ON-Y-SERA-ET-VOUS-150x126.png 150w, https:\/\/www.respirelavie.fr\/vannes\/wp-content\/uploads\/sites\/4\/2023\/12\/BANNIERE-RLV-VANNES-24-788x940px-ON-Y-SERA-ET-VOUS-500x419.png 500w, https:\/\/www.respirelavie.fr\/vannes\/wp-content\/uploads\/sites\/4\/2023\/12\/BANNIERE-RLV-VANNES-24-788x940px-ON-Y-SERA-ET-VOUS.png 2000w\" sizes=\"(max-width: 300px) 100vw, 300px\" \/><\/td>\n<\/tr>\n<\/tbody>\n<\/table>\n<p>&nbsp;<\/p>\n<h3><strong>Les r\u00e9seaux sociaux<\/strong><\/h3>\n<p>Retrouvez-nous sur <a href=\"https:\/\/www.facebook.com\/SalonsRespire\/\" target=\"_blank\" rel=\"noopener\">Facebook<\/a> et <a href=\"https:\/\/www.linkedin.com\/showcase\/r%C3%A9seau-zen-bio\/?viewAsMember=true\" target=\"_blank\" rel=\"noopener\">Linkedin<\/a> !<br \/>\n#RespireLaVie<br \/>\n#RespireLaVieVannes<br \/>\n@SalonsRespire<br \/>\n@R\u00e9seau des salons Zen &amp; Bio<\/p>\n<hr \/>\n<h2 style=\"text-align: left;\">CONTACT PRESSE<\/h2>\n<p><strong>H\u00e9lo\u00efse SALGUES<\/strong><br \/>\n01 77 37 63 55<br \/>\nhsalgues@spas-expo.com<\/p>\n","protected":false},"excerpt":{"rendered":"<p>Acc\u00e8s uniquement r\u00e9serv\u00e9 aux journalistes. Bienvenue dans l&#8217;espace presse du salon Respire La Vie Vannes Ici vous pouvez t\u00e9l\u00e9charger les documents presse, logos et visuels en haute d\u00e9finition pour vos usages d\u2019impression et de communication. Cliquez ici pour savoir comment ajouter le visuel et le lien de l\u2019entr\u00e9e gratuite du salon \u00e0 vos supports gr\u00e2ce&hellip; <\/p>\n","protected":false},"author":1,"featured_media":0,"parent":2091,"menu_order":1,"comment_status":"closed","ping_status":"closed","template":"","meta":{"_monsterinsights_skip_tracking":false,"_monsterinsights_sitenote_active":false,"_monsterinsights_sitenote_note":"","_monsterinsights_sitenote_category":0,"footnotes":""},"class_list":["post-2458","page","type-page","status-publish","hentry"],"yoast_head":"<!-- This site is optimized with the Yoast SEO plugin v27.3 - https:\/\/yoast.com\/product\/yoast-seo-wordpress\/ -->\n<title>Espace presse - RESPIRE VANNES<\/title>\n<meta name=\"robots\" content=\"index, follow, max-snippet:-1, max-image-preview:large, max-video-preview:-1\" \/>\n<link rel=\"canonical\" href=\"https:\/\/www.respirelavie.fr\/vannes\/presse\/presse\/\" \/>\n<meta property=\"og:locale\" content=\"fr_FR\" \/>\n<meta property=\"og:type\" content=\"article\" \/>\n<meta property=\"og:title\" content=\"Espace presse - RESPIRE VANNES\" \/>\n<meta property=\"og:description\" content=\"Acc\u00e8s uniquement r\u00e9serv\u00e9 aux journalistes. Bienvenue dans l&#8217;espace presse du salon Respire La Vie Vannes Ici vous pouvez t\u00e9l\u00e9charger les documents presse, logos et visuels en haute d\u00e9finition pour vos usages d\u2019impression et de communication. Cliquez ici pour savoir comment ajouter le visuel et le lien de l\u2019entr\u00e9e gratuite du salon \u00e0 vos supports gr\u00e2ce&hellip;\" \/>\n<meta property=\"og:url\" content=\"https:\/\/www.respirelavie.fr\/vannes\/presse\/presse\/\" \/>\n<meta property=\"og:site_name\" content=\"RESPIRE VANNES\" \/>\n<meta property=\"article:modified_time\" content=\"2023-12-11T09:39:52+00:00\" \/>\n<meta property=\"og:image\" content=\"https:\/\/www.salon-zenetbio.com\/le-reseau\/wp-content\/uploads\/sites\/6\/2018\/07\/RESPIRELAVIE_baseline.jpg\" \/>\n<meta name=\"twitter:card\" content=\"summary_large_image\" \/>\n<meta name=\"twitter:label1\" content=\"Dur\u00e9e de lecture estim\u00e9e\" \/>\n\t<meta name=\"twitter:data1\" content=\"3 minutes\" \/>\n<script type=\"application\/ld+json\" class=\"yoast-schema-graph\">{\"@context\":\"https:\\\/\\\/schema.org\",\"@graph\":[{\"@type\":\"WebPage\",\"@id\":\"https:\\\/\\\/www.respirelavie.fr\\\/vannes\\\/presse\\\/presse\\\/\",\"url\":\"https:\\\/\\\/www.respirelavie.fr\\\/vannes\\\/presse\\\/presse\\\/\",\"name\":\"Espace presse - RESPIRE VANNES\",\"isPartOf\":{\"@id\":\"http:\\\/\\\/www.respirelavie.fr\\\/vannes\\\/#website\"},\"primaryImageOfPage\":{\"@id\":\"https:\\\/\\\/www.respirelavie.fr\\\/vannes\\\/presse\\\/presse\\\/#primaryimage\"},\"image\":{\"@id\":\"https:\\\/\\\/www.respirelavie.fr\\\/vannes\\\/presse\\\/presse\\\/#primaryimage\"},\"thumbnailUrl\":\"https:\\\/\\\/www.salon-zenetbio.com\\\/le-reseau\\\/wp-content\\\/uploads\\\/sites\\\/6\\\/2018\\\/07\\\/RESPIRELAVIE_baseline.jpg\",\"datePublished\":\"2017-01-24T13:19:20+00:00\",\"dateModified\":\"2023-12-11T09:39:52+00:00\",\"breadcrumb\":{\"@id\":\"https:\\\/\\\/www.respirelavie.fr\\\/vannes\\\/presse\\\/presse\\\/#breadcrumb\"},\"inLanguage\":\"fr-FR\",\"potentialAction\":[{\"@type\":\"ReadAction\",\"target\":[\"https:\\\/\\\/www.respirelavie.fr\\\/vannes\\\/presse\\\/presse\\\/\"]}]},{\"@type\":\"ImageObject\",\"inLanguage\":\"fr-FR\",\"@id\":\"https:\\\/\\\/www.respirelavie.fr\\\/vannes\\\/presse\\\/presse\\\/#primaryimage\",\"url\":\"https:\\\/\\\/www.salon-zenetbio.com\\\/le-reseau\\\/wp-content\\\/uploads\\\/sites\\\/6\\\/2018\\\/07\\\/RESPIRELAVIE_baseline.jpg\",\"contentUrl\":\"https:\\\/\\\/www.salon-zenetbio.com\\\/le-reseau\\\/wp-content\\\/uploads\\\/sites\\\/6\\\/2018\\\/07\\\/RESPIRELAVIE_baseline.jpg\"},{\"@type\":\"BreadcrumbList\",\"@id\":\"https:\\\/\\\/www.respirelavie.fr\\\/vannes\\\/presse\\\/presse\\\/#breadcrumb\",\"itemListElement\":[{\"@type\":\"ListItem\",\"position\":1,\"name\":\"Accueil\",\"item\":\"http:\\\/\\\/www.respirelavie.fr\\\/vannes\\\/\"},{\"@type\":\"ListItem\",\"position\":2,\"name\":\"Presse\\\/partenaires\",\"item\":\"https:\\\/\\\/www.respirelavie.fr\\\/vannes\\\/presse\\\/\"},{\"@type\":\"ListItem\",\"position\":3,\"name\":\"Espace presse\"}]},{\"@type\":\"WebSite\",\"@id\":\"http:\\\/\\\/www.respirelavie.fr\\\/vannes\\\/#website\",\"url\":\"http:\\\/\\\/www.respirelavie.fr\\\/vannes\\\/\",\"name\":\"RESPIRE VANNES\",\"description\":\"RESPIRE : votre salon bio, bien-\u00eatre et habitat sain \u00e0 Vannes\",\"publisher\":{\"@id\":\"http:\\\/\\\/www.respirelavie.fr\\\/vannes\\\/#organization\"},\"potentialAction\":[{\"@type\":\"SearchAction\",\"target\":{\"@type\":\"EntryPoint\",\"urlTemplate\":\"http:\\\/\\\/www.respirelavie.fr\\\/vannes\\\/?s={search_term_string}\"},\"query-input\":{\"@type\":\"PropertyValueSpecification\",\"valueRequired\":true,\"valueName\":\"search_term_string\"}}],\"inLanguage\":\"fr-FR\"},{\"@type\":\"Organization\",\"@id\":\"http:\\\/\\\/www.respirelavie.fr\\\/vannes\\\/#organization\",\"name\":\"RESPIRE VANNES\",\"url\":\"http:\\\/\\\/www.respirelavie.fr\\\/vannes\\\/\",\"logo\":{\"@type\":\"ImageObject\",\"inLanguage\":\"fr-FR\",\"@id\":\"http:\\\/\\\/www.respirelavie.fr\\\/vannes\\\/#\\\/schema\\\/logo\\\/image\\\/\",\"url\":\"https:\\\/\\\/www.respirelavie.fr\\\/vannes\\\/wp-content\\\/uploads\\\/sites\\\/4\\\/2024\\\/10\\\/cropped-cropped-cropped-Logo-RESPIRE-vannes-2025-1-1.png\",\"contentUrl\":\"https:\\\/\\\/www.respirelavie.fr\\\/vannes\\\/wp-content\\\/uploads\\\/sites\\\/4\\\/2024\\\/10\\\/cropped-cropped-cropped-Logo-RESPIRE-vannes-2025-1-1.png\",\"width\":797,\"height\":145,\"caption\":\"RESPIRE VANNES\"},\"image\":{\"@id\":\"http:\\\/\\\/www.respirelavie.fr\\\/vannes\\\/#\\\/schema\\\/logo\\\/image\\\/\"}}]}<\/script>\n<!-- \/ Yoast SEO plugin. -->","yoast_head_json":{"title":"Espace presse - RESPIRE VANNES","robots":{"index":"index","follow":"follow","max-snippet":"max-snippet:-1","max-image-preview":"max-image-preview:large","max-video-preview":"max-video-preview:-1"},"canonical":"https:\/\/www.respirelavie.fr\/vannes\/presse\/presse\/","og_locale":"fr_FR","og_type":"article","og_title":"Espace presse - RESPIRE VANNES","og_description":"Acc\u00e8s uniquement r\u00e9serv\u00e9 aux journalistes. Bienvenue dans l&#8217;espace presse du salon Respire La Vie Vannes Ici vous pouvez t\u00e9l\u00e9charger les documents presse, logos et visuels en haute d\u00e9finition pour vos usages d\u2019impression et de communication. Cliquez ici pour savoir comment ajouter le visuel et le lien de l\u2019entr\u00e9e gratuite du salon \u00e0 vos supports gr\u00e2ce&hellip;","og_url":"https:\/\/www.respirelavie.fr\/vannes\/presse\/presse\/","og_site_name":"RESPIRE VANNES","article_modified_time":"2023-12-11T09:39:52+00:00","og_image":[{"url":"https:\/\/www.salon-zenetbio.com\/le-reseau\/wp-content\/uploads\/sites\/6\/2018\/07\/RESPIRELAVIE_baseline.jpg","type":"","width":"","height":""}],"twitter_card":"summary_large_image","twitter_misc":{"Dur\u00e9e de lecture estim\u00e9e":"3 minutes"},"schema":{"@context":"https:\/\/schema.org","@graph":[{"@type":"WebPage","@id":"https:\/\/www.respirelavie.fr\/vannes\/presse\/presse\/","url":"https:\/\/www.respirelavie.fr\/vannes\/presse\/presse\/","name":"Espace presse - RESPIRE VANNES","isPartOf":{"@id":"http:\/\/www.respirelavie.fr\/vannes\/#website"},"primaryImageOfPage":{"@id":"https:\/\/www.respirelavie.fr\/vannes\/presse\/presse\/#primaryimage"},"image":{"@id":"https:\/\/www.respirelavie.fr\/vannes\/presse\/presse\/#primaryimage"},"thumbnailUrl":"https:\/\/www.salon-zenetbio.com\/le-reseau\/wp-content\/uploads\/sites\/6\/2018\/07\/RESPIRELAVIE_baseline.jpg","datePublished":"2017-01-24T13:19:20+00:00","dateModified":"2023-12-11T09:39:52+00:00","breadcrumb":{"@id":"https:\/\/www.respirelavie.fr\/vannes\/presse\/presse\/#breadcrumb"},"inLanguage":"fr-FR","potentialAction":[{"@type":"ReadAction","target":["https:\/\/www.respirelavie.fr\/vannes\/presse\/presse\/"]}]},{"@type":"ImageObject","inLanguage":"fr-FR","@id":"https:\/\/www.respirelavie.fr\/vannes\/presse\/presse\/#primaryimage","url":"https:\/\/www.salon-zenetbio.com\/le-reseau\/wp-content\/uploads\/sites\/6\/2018\/07\/RESPIRELAVIE_baseline.jpg","contentUrl":"https:\/\/www.salon-zenetbio.com\/le-reseau\/wp-content\/uploads\/sites\/6\/2018\/07\/RESPIRELAVIE_baseline.jpg"},{"@type":"BreadcrumbList","@id":"https:\/\/www.respirelavie.fr\/vannes\/presse\/presse\/#breadcrumb","itemListElement":[{"@type":"ListItem","position":1,"name":"Accueil","item":"http:\/\/www.respirelavie.fr\/vannes\/"},{"@type":"ListItem","position":2,"name":"Presse\/partenaires","item":"https:\/\/www.respirelavie.fr\/vannes\/presse\/"},{"@type":"ListItem","position":3,"name":"Espace presse"}]},{"@type":"WebSite","@id":"http:\/\/www.respirelavie.fr\/vannes\/#website","url":"http:\/\/www.respirelavie.fr\/vannes\/","name":"RESPIRE VANNES","description":"RESPIRE : votre salon bio, bien-\u00eatre et habitat sain \u00e0 Vannes","publisher":{"@id":"http:\/\/www.respirelavie.fr\/vannes\/#organization"},"potentialAction":[{"@type":"SearchAction","target":{"@type":"EntryPoint","urlTemplate":"http:\/\/www.respirelavie.fr\/vannes\/?s={search_term_string}"},"query-input":{"@type":"PropertyValueSpecification","valueRequired":true,"valueName":"search_term_string"}}],"inLanguage":"fr-FR"},{"@type":"Organization","@id":"http:\/\/www.respirelavie.fr\/vannes\/#organization","name":"RESPIRE VANNES","url":"http:\/\/www.respirelavie.fr\/vannes\/","logo":{"@type":"ImageObject","inLanguage":"fr-FR","@id":"http:\/\/www.respirelavie.fr\/vannes\/#\/schema\/logo\/image\/","url":"https:\/\/www.respirelavie.fr\/vannes\/wp-content\/uploads\/sites\/4\/2024\/10\/cropped-cropped-cropped-Logo-RESPIRE-vannes-2025-1-1.png","contentUrl":"https:\/\/www.respirelavie.fr\/vannes\/wp-content\/uploads\/sites\/4\/2024\/10\/cropped-cropped-cropped-Logo-RESPIRE-vannes-2025-1-1.png","width":797,"height":145,"caption":"RESPIRE VANNES"},"image":{"@id":"http:\/\/www.respirelavie.fr\/vannes\/#\/schema\/logo\/image\/"}}]}},"_links":{"self":[{"href":"https:\/\/www.respirelavie.fr\/vannes\/wp-json\/wp\/v2\/pages\/2458","targetHints":{"allow":["GET"]}}],"collection":[{"href":"https:\/\/www.respirelavie.fr\/vannes\/wp-json\/wp\/v2\/pages"}],"about":[{"href":"https:\/\/www.respirelavie.fr\/vannes\/wp-json\/wp\/v2\/types\/page"}],"author":[{"embeddable":true,"href":"https:\/\/www.respirelavie.fr\/vannes\/wp-json\/wp\/v2\/users\/1"}],"replies":[{"embeddable":true,"href":"https:\/\/www.respirelavie.fr\/vannes\/wp-json\/wp\/v2\/comments?post=2458"}],"version-history":[{"count":63,"href":"https:\/\/www.respirelavie.fr\/vannes\/wp-json\/wp\/v2\/pages\/2458\/revisions"}],"predecessor-version":[{"id":8222,"href":"https:\/\/www.respirelavie.fr\/vannes\/wp-json\/wp\/v2\/pages\/2458\/revisions\/8222"}],"up":[{"embeddable":true,"href":"https:\/\/www.respirelavie.fr\/vannes\/wp-json\/wp\/v2\/pages\/2091"}],"wp:attachment":[{"href":"https:\/\/www.respirelavie.fr\/vannes\/wp-json\/wp\/v2\/media?parent=2458"}],"curies":[{"name":"wp","href":"https:\/\/api.w.org\/{rel}","templated":true}]}}