{"id":3811,"date":"2017-04-13T16:43:12","date_gmt":"2017-04-13T14:43:12","guid":{"rendered":"https:\/\/www.salon-zenetbio.com\/?page_id=3811"},"modified":"2023-12-07T17:58:20","modified_gmt":"2023-12-07T16:58:20","slug":"la-maison-ecologique","status":"publish","type":"page","link":"https:\/\/www.respirelavie.fr\/vannes\/presse\/nos-partenaires\/la-maison-ecologique\/","title":{"rendered":"La Maison \u00c9cologique"},"content":{"rendered":"<p><img decoding=\"async\" class=\"size-medium wp-image-8194 aligncenter\" src=\"https:\/\/www.respirelavie.fr\/vannes\/wp-content\/uploads\/sites\/4\/2023\/12\/new-logo-1-300x97.png\" alt=\"\" width=\"300\" height=\"97\" srcset=\"https:\/\/www.respirelavie.fr\/vannes\/wp-content\/uploads\/sites\/4\/2023\/12\/new-logo-1-300x97.png 300w, https:\/\/www.respirelavie.fr\/vannes\/wp-content\/uploads\/sites\/4\/2023\/12\/new-logo-1-150x49.png 150w, https:\/\/www.respirelavie.fr\/vannes\/wp-content\/uploads\/sites\/4\/2023\/12\/new-logo-1.png 469w\" sizes=\"(max-width: 300px) 100vw, 300px\" \/><\/p>\n<p style=\"text-align: justify;\">La Maison \u00e9cologique est un magazine bimestriel 100 % ind\u00e9pendant. Pionnier dans son domaine il est devenu la r\u00e9f\u00e9rence en termes de construction \u00e9cologique et saine, d\u2019\u00e9conomie d\u2019\u00e9nergie, de gestion des \u00e9nergies renouvelables (solaire, \u00e9olien, bois\u2026).<\/p>\n<p style=\"text-align: justify;\">Essentiellement pratique et concret, ce magazine s\u2019adresse aux particuliers d\u00e9sirant construire, r\u00e9nover ou encore am\u00e9nager leur habitation.<\/p>\n<p>Site internet : \u00a0<a href=\"http:\/\/www.lamaisonecologique.com\/\">http:\/\/www.lamaisonecologique.com<\/a><\/p>\n","protected":false},"excerpt":{"rendered":"<p>La Maison \u00e9cologique est un magazine bimestriel 100 % ind\u00e9pendant. Pionnier dans son domaine il est devenu la r\u00e9f\u00e9rence en termes de construction \u00e9cologique et saine, d\u2019\u00e9conomie d\u2019\u00e9nergie, de gestion des \u00e9nergies renouvelables (solaire, \u00e9olien, bois\u2026). Essentiellement pratique et concret, ce magazine s\u2019adresse aux particuliers d\u00e9sirant construire, r\u00e9nover ou encore am\u00e9nager leur habitation. Site internet&hellip; <\/p>\n","protected":false},"author":1,"featured_media":0,"parent":2456,"menu_order":0,"comment_status":"closed","ping_status":"closed","template":"","meta":{"_monsterinsights_skip_tracking":false,"_monsterinsights_sitenote_active":false,"_monsterinsights_sitenote_note":"","_monsterinsights_sitenote_category":0,"footnotes":""},"class_list":["post-3811","page","type-page","status-publish","hentry"],"yoast_head":"<!-- This site is optimized with the Yoast SEO plugin v27.3 - https:\/\/yoast.com\/product\/yoast-seo-wordpress\/ -->\n<title>La Maison \u00c9cologique - RESPIRE VANNES<\/title>\n<meta name=\"robots\" content=\"index, follow, max-snippet:-1, max-image-preview:large, max-video-preview:-1\" \/>\n<link rel=\"canonical\" href=\"https:\/\/www.respirelavie.fr\/vannes\/presse\/nos-partenaires\/la-maison-ecologique\/\" \/>\n<meta property=\"og:locale\" content=\"fr_FR\" \/>\n<meta property=\"og:type\" content=\"article\" \/>\n<meta property=\"og:title\" content=\"La Maison \u00c9cologique - RESPIRE VANNES\" \/>\n<meta property=\"og:description\" content=\"La Maison \u00e9cologique est un magazine bimestriel 100 % ind\u00e9pendant. Pionnier dans son domaine il est devenu la r\u00e9f\u00e9rence en termes de construction \u00e9cologique et saine, d\u2019\u00e9conomie d\u2019\u00e9nergie, de gestion des \u00e9nergies renouvelables (solaire, \u00e9olien, bois\u2026). Essentiellement pratique et concret, ce magazine s\u2019adresse aux particuliers d\u00e9sirant construire, r\u00e9nover ou encore am\u00e9nager leur habitation. Site internet&hellip;\" \/>\n<meta property=\"og:url\" content=\"https:\/\/www.respirelavie.fr\/vannes\/presse\/nos-partenaires\/la-maison-ecologique\/\" \/>\n<meta property=\"og:site_name\" content=\"RESPIRE VANNES\" \/>\n<meta property=\"article:modified_time\" content=\"2023-12-07T16:58:20+00:00\" \/>\n<meta property=\"og:image\" content=\"https:\/\/www.respirelavie.fr\/vannes\/wp-content\/uploads\/sites\/4\/2023\/12\/new-logo-1-300x97.png\" \/>\n<meta name=\"twitter:card\" content=\"summary_large_image\" \/>\n<meta name=\"twitter:label1\" content=\"Dur\u00e9e de lecture estim\u00e9e\" \/>\n\t<meta name=\"twitter:data1\" content=\"1 minute\" \/>\n<script type=\"application\/ld+json\" class=\"yoast-schema-graph\">{\"@context\":\"https:\\\/\\\/schema.org\",\"@graph\":[{\"@type\":\"WebPage\",\"@id\":\"https:\\\/\\\/www.respirelavie.fr\\\/vannes\\\/presse\\\/nos-partenaires\\\/la-maison-ecologique\\\/\",\"url\":\"https:\\\/\\\/www.respirelavie.fr\\\/vannes\\\/presse\\\/nos-partenaires\\\/la-maison-ecologique\\\/\",\"name\":\"La Maison \u00c9cologique - RESPIRE VANNES\",\"isPartOf\":{\"@id\":\"http:\\\/\\\/www.respirelavie.fr\\\/vannes\\\/#website\"},\"primaryImageOfPage\":{\"@id\":\"https:\\\/\\\/www.respirelavie.fr\\\/vannes\\\/presse\\\/nos-partenaires\\\/la-maison-ecologique\\\/#primaryimage\"},\"image\":{\"@id\":\"https:\\\/\\\/www.respirelavie.fr\\\/vannes\\\/presse\\\/nos-partenaires\\\/la-maison-ecologique\\\/#primaryimage\"},\"thumbnailUrl\":\"https:\\\/\\\/www.respirelavie.fr\\\/vannes\\\/wp-content\\\/uploads\\\/sites\\\/4\\\/2023\\\/12\\\/new-logo-1-300x97.png\",\"datePublished\":\"2017-04-13T14:43:12+00:00\",\"dateModified\":\"2023-12-07T16:58:20+00:00\",\"breadcrumb\":{\"@id\":\"https:\\\/\\\/www.respirelavie.fr\\\/vannes\\\/presse\\\/nos-partenaires\\\/la-maison-ecologique\\\/#breadcrumb\"},\"inLanguage\":\"fr-FR\",\"potentialAction\":[{\"@type\":\"ReadAction\",\"target\":[\"https:\\\/\\\/www.respirelavie.fr\\\/vannes\\\/presse\\\/nos-partenaires\\\/la-maison-ecologique\\\/\"]}]},{\"@type\":\"ImageObject\",\"inLanguage\":\"fr-FR\",\"@id\":\"https:\\\/\\\/www.respirelavie.fr\\\/vannes\\\/presse\\\/nos-partenaires\\\/la-maison-ecologique\\\/#primaryimage\",\"url\":\"https:\\\/\\\/www.respirelavie.fr\\\/vannes\\\/wp-content\\\/uploads\\\/sites\\\/4\\\/2023\\\/12\\\/new-logo-1.png\",\"contentUrl\":\"https:\\\/\\\/www.respirelavie.fr\\\/vannes\\\/wp-content\\\/uploads\\\/sites\\\/4\\\/2023\\\/12\\\/new-logo-1.png\",\"width\":469,\"height\":152},{\"@type\":\"BreadcrumbList\",\"@id\":\"https:\\\/\\\/www.respirelavie.fr\\\/vannes\\\/presse\\\/nos-partenaires\\\/la-maison-ecologique\\\/#breadcrumb\",\"itemListElement\":[{\"@type\":\"ListItem\",\"position\":1,\"name\":\"Accueil\",\"item\":\"http:\\\/\\\/www.respirelavie.fr\\\/vannes\\\/\"},{\"@type\":\"ListItem\",\"position\":2,\"name\":\"Presse\\\/partenaires\",\"item\":\"https:\\\/\\\/www.respirelavie.fr\\\/vannes\\\/presse\\\/\"},{\"@type\":\"ListItem\",\"position\":3,\"name\":\"Nos partenaires\",\"item\":\"https:\\\/\\\/www.respirelavie.fr\\\/vannes\\\/presse\\\/nos-partenaires\\\/\"},{\"@type\":\"ListItem\",\"position\":4,\"name\":\"La Maison \u00c9cologique\"}]},{\"@type\":\"WebSite\",\"@id\":\"http:\\\/\\\/www.respirelavie.fr\\\/vannes\\\/#website\",\"url\":\"http:\\\/\\\/www.respirelavie.fr\\\/vannes\\\/\",\"name\":\"RESPIRE VANNES\",\"description\":\"RESPIRE : votre salon bio, bien-\u00eatre et habitat sain \u00e0 Vannes\",\"publisher\":{\"@id\":\"http:\\\/\\\/www.respirelavie.fr\\\/vannes\\\/#organization\"},\"potentialAction\":[{\"@type\":\"SearchAction\",\"target\":{\"@type\":\"EntryPoint\",\"urlTemplate\":\"http:\\\/\\\/www.respirelavie.fr\\\/vannes\\\/?s={search_term_string}\"},\"query-input\":{\"@type\":\"PropertyValueSpecification\",\"valueRequired\":true,\"valueName\":\"search_term_string\"}}],\"inLanguage\":\"fr-FR\"},{\"@type\":\"Organization\",\"@id\":\"http:\\\/\\\/www.respirelavie.fr\\\/vannes\\\/#organization\",\"name\":\"RESPIRE VANNES\",\"url\":\"http:\\\/\\\/www.respirelavie.fr\\\/vannes\\\/\",\"logo\":{\"@type\":\"ImageObject\",\"inLanguage\":\"fr-FR\",\"@id\":\"http:\\\/\\\/www.respirelavie.fr\\\/vannes\\\/#\\\/schema\\\/logo\\\/image\\\/\",\"url\":\"https:\\\/\\\/www.respirelavie.fr\\\/vannes\\\/wp-content\\\/uploads\\\/sites\\\/4\\\/2024\\\/10\\\/cropped-cropped-cropped-Logo-RESPIRE-vannes-2025-1-1.png\",\"contentUrl\":\"https:\\\/\\\/www.respirelavie.fr\\\/vannes\\\/wp-content\\\/uploads\\\/sites\\\/4\\\/2024\\\/10\\\/cropped-cropped-cropped-Logo-RESPIRE-vannes-2025-1-1.png\",\"width\":797,\"height\":145,\"caption\":\"RESPIRE VANNES\"},\"image\":{\"@id\":\"http:\\\/\\\/www.respirelavie.fr\\\/vannes\\\/#\\\/schema\\\/logo\\\/image\\\/\"}}]}<\/script>\n<!-- \/ Yoast SEO plugin. -->","yoast_head_json":{"title":"La Maison \u00c9cologique - RESPIRE VANNES","robots":{"index":"index","follow":"follow","max-snippet":"max-snippet:-1","max-image-preview":"max-image-preview:large","max-video-preview":"max-video-preview:-1"},"canonical":"https:\/\/www.respirelavie.fr\/vannes\/presse\/nos-partenaires\/la-maison-ecologique\/","og_locale":"fr_FR","og_type":"article","og_title":"La Maison \u00c9cologique - RESPIRE VANNES","og_description":"La Maison \u00e9cologique est un magazine bimestriel 100 % ind\u00e9pendant. Pionnier dans son domaine il est devenu la r\u00e9f\u00e9rence en termes de construction \u00e9cologique et saine, d\u2019\u00e9conomie d\u2019\u00e9nergie, de gestion des \u00e9nergies renouvelables (solaire, \u00e9olien, bois\u2026). Essentiellement pratique et concret, ce magazine s\u2019adresse aux particuliers d\u00e9sirant construire, r\u00e9nover ou encore am\u00e9nager leur habitation. Site internet&hellip;","og_url":"https:\/\/www.respirelavie.fr\/vannes\/presse\/nos-partenaires\/la-maison-ecologique\/","og_site_name":"RESPIRE VANNES","article_modified_time":"2023-12-07T16:58:20+00:00","og_image":[{"url":"https:\/\/www.respirelavie.fr\/vannes\/wp-content\/uploads\/sites\/4\/2023\/12\/new-logo-1-300x97.png","type":"","width":"","height":""}],"twitter_card":"summary_large_image","twitter_misc":{"Dur\u00e9e de lecture estim\u00e9e":"1 minute"},"schema":{"@context":"https:\/\/schema.org","@graph":[{"@type":"WebPage","@id":"https:\/\/www.respirelavie.fr\/vannes\/presse\/nos-partenaires\/la-maison-ecologique\/","url":"https:\/\/www.respirelavie.fr\/vannes\/presse\/nos-partenaires\/la-maison-ecologique\/","name":"La Maison \u00c9cologique - RESPIRE VANNES","isPartOf":{"@id":"http:\/\/www.respirelavie.fr\/vannes\/#website"},"primaryImageOfPage":{"@id":"https:\/\/www.respirelavie.fr\/vannes\/presse\/nos-partenaires\/la-maison-ecologique\/#primaryimage"},"image":{"@id":"https:\/\/www.respirelavie.fr\/vannes\/presse\/nos-partenaires\/la-maison-ecologique\/#primaryimage"},"thumbnailUrl":"https:\/\/www.respirelavie.fr\/vannes\/wp-content\/uploads\/sites\/4\/2023\/12\/new-logo-1-300x97.png","datePublished":"2017-04-13T14:43:12+00:00","dateModified":"2023-12-07T16:58:20+00:00","breadcrumb":{"@id":"https:\/\/www.respirelavie.fr\/vannes\/presse\/nos-partenaires\/la-maison-ecologique\/#breadcrumb"},"inLanguage":"fr-FR","potentialAction":[{"@type":"ReadAction","target":["https:\/\/www.respirelavie.fr\/vannes\/presse\/nos-partenaires\/la-maison-ecologique\/"]}]},{"@type":"ImageObject","inLanguage":"fr-FR","@id":"https:\/\/www.respirelavie.fr\/vannes\/presse\/nos-partenaires\/la-maison-ecologique\/#primaryimage","url":"https:\/\/www.respirelavie.fr\/vannes\/wp-content\/uploads\/sites\/4\/2023\/12\/new-logo-1.png","contentUrl":"https:\/\/www.respirelavie.fr\/vannes\/wp-content\/uploads\/sites\/4\/2023\/12\/new-logo-1.png","width":469,"height":152},{"@type":"BreadcrumbList","@id":"https:\/\/www.respirelavie.fr\/vannes\/presse\/nos-partenaires\/la-maison-ecologique\/#breadcrumb","itemListElement":[{"@type":"ListItem","position":1,"name":"Accueil","item":"http:\/\/www.respirelavie.fr\/vannes\/"},{"@type":"ListItem","position":2,"name":"Presse\/partenaires","item":"https:\/\/www.respirelavie.fr\/vannes\/presse\/"},{"@type":"ListItem","position":3,"name":"Nos partenaires","item":"https:\/\/www.respirelavie.fr\/vannes\/presse\/nos-partenaires\/"},{"@type":"ListItem","position":4,"name":"La Maison \u00c9cologique"}]},{"@type":"WebSite","@id":"http:\/\/www.respirelavie.fr\/vannes\/#website","url":"http:\/\/www.respirelavie.fr\/vannes\/","name":"RESPIRE VANNES","description":"RESPIRE : votre salon bio, bien-\u00eatre et habitat sain \u00e0 Vannes","publisher":{"@id":"http:\/\/www.respirelavie.fr\/vannes\/#organization"},"potentialAction":[{"@type":"SearchAction","target":{"@type":"EntryPoint","urlTemplate":"http:\/\/www.respirelavie.fr\/vannes\/?s={search_term_string}"},"query-input":{"@type":"PropertyValueSpecification","valueRequired":true,"valueName":"search_term_string"}}],"inLanguage":"fr-FR"},{"@type":"Organization","@id":"http:\/\/www.respirelavie.fr\/vannes\/#organization","name":"RESPIRE VANNES","url":"http:\/\/www.respirelavie.fr\/vannes\/","logo":{"@type":"ImageObject","inLanguage":"fr-FR","@id":"http:\/\/www.respirelavie.fr\/vannes\/#\/schema\/logo\/image\/","url":"https:\/\/www.respirelavie.fr\/vannes\/wp-content\/uploads\/sites\/4\/2024\/10\/cropped-cropped-cropped-Logo-RESPIRE-vannes-2025-1-1.png","contentUrl":"https:\/\/www.respirelavie.fr\/vannes\/wp-content\/uploads\/sites\/4\/2024\/10\/cropped-cropped-cropped-Logo-RESPIRE-vannes-2025-1-1.png","width":797,"height":145,"caption":"RESPIRE VANNES"},"image":{"@id":"http:\/\/www.respirelavie.fr\/vannes\/#\/schema\/logo\/image\/"}}]}},"_links":{"self":[{"href":"https:\/\/www.respirelavie.fr\/vannes\/wp-json\/wp\/v2\/pages\/3811","targetHints":{"allow":["GET"]}}],"collection":[{"href":"https:\/\/www.respirelavie.fr\/vannes\/wp-json\/wp\/v2\/pages"}],"about":[{"href":"https:\/\/www.respirelavie.fr\/vannes\/wp-json\/wp\/v2\/types\/page"}],"author":[{"embeddable":true,"href":"https:\/\/www.respirelavie.fr\/vannes\/wp-json\/wp\/v2\/users\/1"}],"replies":[{"embeddable":true,"href":"https:\/\/www.respirelavie.fr\/vannes\/wp-json\/wp\/v2\/comments?post=3811"}],"version-history":[{"count":4,"href":"https:\/\/www.respirelavie.fr\/vannes\/wp-json\/wp\/v2\/pages\/3811\/revisions"}],"predecessor-version":[{"id":8195,"href":"https:\/\/www.respirelavie.fr\/vannes\/wp-json\/wp\/v2\/pages\/3811\/revisions\/8195"}],"up":[{"embeddable":true,"href":"https:\/\/www.respirelavie.fr\/vannes\/wp-json\/wp\/v2\/pages\/2456"}],"wp:attachment":[{"href":"https:\/\/www.respirelavie.fr\/vannes\/wp-json\/wp\/v2\/media?parent=3811"}],"curies":[{"name":"wp","href":"https:\/\/api.w.org\/{rel}","templated":true}]}}