{"id":5595,"date":"2019-11-21T14:55:58","date_gmt":"2019-11-21T13:55:58","guid":{"rendered":"https:\/\/www.respirelavie.fr\/vannes\/?page_id=5595"},"modified":"2019-11-21T14:55:58","modified_gmt":"2019-11-21T13:55:58","slug":"conferences-experts-2019","status":"publish","type":"page","link":"https:\/\/www.respirelavie.fr\/vannes\/conferences-experts-2019\/","title":{"rendered":"Conf\u00e9rences experts 2019"},"content":{"rendered":"<h2>Vendredi 18 Janvier 2019 :\u00a0Sant\u00e9<\/h2>\n<h3><strong>12:00<\/strong> Comment \u00e9liminer l\u2019\u00e9tat inflammatoire chronique bas, responsable des maladies<br \/>\nd\u00e9g\u00e9n\u00e9ratives ? <strong>France Guillain<\/strong><\/h3>\n<p>Depuis 2008 la Recherche internationale s\u2019inqui\u00e8te de la multiplication de l\u2019ensemble des maladies d\u00e9g\u00e9n\u00e9ratives li\u00e9es \u00e0 l\u2019\u00e9tat inflammatoire qui se d\u00e9tecte \u00e0 la temp\u00e9rature interne moyenne qui doit \u00eatre de 36\u00b06, alors qu\u2019elle est pass\u00e9e \u00e0 37\u00b02 chez tous les occidentalis\u00e9s de tous pays. Les causes en sont diverses : alimentation, mode vestimentaire, s\u00e9dentarit\u00e9, stress, etc. Il existe pourtant des moyens simples, ancestraux et naturels pour l\u2019\u00e9liminer.<\/p>\n<p><em><span style=\"color: #808080; font-size: 12pt;\"><img decoding=\"async\" class=\"alignleft wp-image-4777 size-thumbnail\" src=\"https:\/\/www.respirelavie.fr\/vannes\/wp-content\/uploads\/sites\/4\/2018\/12\/France-Guillain-150x150.jpg\" alt=\"\" width=\"150\" height=\"150\" srcset=\"https:\/\/www.respirelavie.fr\/vannes\/wp-content\/uploads\/sites\/4\/2018\/12\/France-Guillain-150x150.jpg 150w, https:\/\/www.respirelavie.fr\/vannes\/wp-content\/uploads\/sites\/4\/2018\/12\/France-Guillain-300x300.jpg 300w, https:\/\/www.respirelavie.fr\/vannes\/wp-content\/uploads\/sites\/4\/2018\/12\/France-Guillain-50x50.jpg 50w, https:\/\/www.respirelavie.fr\/vannes\/wp-content\/uploads\/sites\/4\/2018\/12\/France-Guillain-45x45.jpg 45w\" sizes=\"(max-width: 150px) 100vw, 150px\" \/>France Guillain travaille sur la sant\u00e9 depuis plus de trente ans. Ancienne navigatrice autour du monde, auteure de nombreux long-sellers, de \u00ab Bonheur sur la Mer \u00bb aux \u00e9ditions R. Laffont, et de nombreux ouvrages, articles de presse et conf\u00e9rences sur le Bain d\u00e9rivatif et sur l\u2019alimentation, titulaire entre autres d\u2019un D.E. de di\u00e9t\u00e9tique, elle participe r\u00e9guli\u00e8rement \u00e0 de nombreuses \u00e9missions t\u00e9l\u00e9 et radio, sans oublier son billet d\u2019humeur sur l\u2019\u00c9colomag. www.bainsderivatifs.fr<br \/>\n<\/span><\/em><\/p>\n<p>&nbsp;<\/p>\n<h3><strong>15:30<\/strong> La m\u00e9decine chinoise, prenez soin de vous pour faire le plein d\u2019\u00e9nergie &#8211; <strong>Martine Bosc<\/strong><\/h3>\n<p>Comment prendre soin de soi gr\u00e2ce \u00e0 la M\u00e9decine Traditionnelle Chinoise, faire le plein d\u2019\u00e9nergie pour aller vers plus de sant\u00e9, de bien-\u00eatre et de long\u00e9vit\u00e9.<\/p>\n<p><span style=\"color: #808080; font-size: 12pt;\"><em><img decoding=\"async\" class=\"alignleft wp-image-4778 size-thumbnail\" src=\"https:\/\/www.respirelavie.fr\/vannes\/wp-content\/uploads\/sites\/4\/2018\/12\/Martine-Bosc-150x150.jpg\" alt=\"\" width=\"150\" height=\"150\" srcset=\"https:\/\/www.respirelavie.fr\/vannes\/wp-content\/uploads\/sites\/4\/2018\/12\/Martine-Bosc-150x150.jpg 150w, https:\/\/www.respirelavie.fr\/vannes\/wp-content\/uploads\/sites\/4\/2018\/12\/Martine-Bosc-300x300.jpg 300w, https:\/\/www.respirelavie.fr\/vannes\/wp-content\/uploads\/sites\/4\/2018\/12\/Martine-Bosc-50x50.jpg 50w, https:\/\/www.respirelavie.fr\/vannes\/wp-content\/uploads\/sites\/4\/2018\/12\/Martine-Bosc-45x45.jpg 45w\" sizes=\"(max-width: 150px) 100vw, 150px\" \/>Martine Bosc est kin\u00e9sith\u00e9rapeute, ost\u00e9opathe et praticienne de M\u00e9decine chinoise, elle est aussi coach et formatrice dans le domaine de la sant\u00e9 et du bien-\u00eatre. Attir\u00e9e par l\u2019Asie depuis de tr\u00e8s nombreuses ann\u00e9es, elle pratique le Tai Chi Chuan et se forme \u00e0 la M\u00e9decine Chinoise et \u00e0 l\u2019acupuncture avec Robert Courbon, puis avec un m\u00e9decin chinois. Voyageant plusieurs fois en Chine, en Tha\u00eflande et diff\u00e9rents pays d\u2019Asie, elle acquiert de nouveaux savoirs et techniques de soin. Aujourd\u2019hui, elle pratique la M\u00e9decine Traditionnelle Chinoise dans le Finist\u00e8re Sud et anime des cours, ateliers et s\u00e9jours de Qi Gong. www.eqilibreandco.com<\/em><\/span><\/p>\n<h2>Samedi 19 Janvier 2019: D\u00e9veloppement personnel<\/h2>\n<h3><strong>12:00<\/strong> Le burnout : l\u2019esprit \u00e0 bout de souffle &#8211; <strong>Arlette Janssens<\/strong><\/h3>\n<p>D\u00e9tectez pr\u00e9cocement les signes avant-coureurs du burn-out. L&#8217;OMS pr\u00e9voit qu&#8217;en 2020 la d\u00e9pression sera la principale cause d&#8217;incapacit\u00e9 de travail et classe la France au 3\u00e8me rang mondial des d\u00e9pressions li\u00e9es au travail. Le Bureau International du Travail indique que 24% de la population active est en phase de pr\u00e9-burnout, c\u2019est \u00e0 dire en situation de stress \u00e9lev\u00e9 dangereux pour la sant\u00e9. Comment en sommes-nous arriv\u00e9s l\u00e0 ? Le burnout ne vous tombe pas dessus du jour au lendemain, \u00e7a arrive petit \u00e0 petit, comme une bombe \u00e0 retardement. Arlette Janssens propose des pistes pour faire autrement, pour trouver un apaisement et une joie de vivre.<\/p>\n<p><span style=\"font-size: 12pt;\"><img decoding=\"async\" class=\"alignleft wp-image-5166 size-thumbnail\" src=\"https:\/\/www.respirelavie.fr\/vannes\/wp-content\/uploads\/sites\/4\/2019\/01\/photo-arlette-150x150.png\" alt=\"\" width=\"150\" height=\"150\" srcset=\"https:\/\/www.respirelavie.fr\/vannes\/wp-content\/uploads\/sites\/4\/2019\/01\/photo-arlette-150x150.png 150w, https:\/\/www.respirelavie.fr\/vannes\/wp-content\/uploads\/sites\/4\/2019\/01\/photo-arlette-300x300.png 300w, https:\/\/www.respirelavie.fr\/vannes\/wp-content\/uploads\/sites\/4\/2019\/01\/photo-arlette-50x50.png 50w, https:\/\/www.respirelavie.fr\/vannes\/wp-content\/uploads\/sites\/4\/2019\/01\/photo-arlette-45x45.png 45w\" sizes=\"(max-width: 150px) 100vw, 150px\" \/><span style=\"color: #808080; font-size: 12pt;\"><em>Directrice g\u00e9rante de Janssens Training and Coaching, formatrice, coach certifi\u00e9e, Arlette Janssens est sp\u00e9cialis\u00e9e en Psychologie du Travail. Elle con\u00e7oit et anime des interventions aupr\u00e8s de grands groupes et accompagne des cadres\/dirigeants en France et \u00e0 l\u2019\u00e9tranger. Aujourd\u2019hui, elle utilise un mod\u00e8le d\u2019intervention qui int\u00e8gre les th\u00e9rapies br\u00e8ves issues de l\u2019Ecole de Palo Alto, l\u2019hypnose th\u00e9rapeutique, l\u2019hypnose ericksonnienne et le mouvement oculaire alternatif (HTSMA) pour aider les gens et leur permettre de se r\u00e9approprier leur existence. Auteure des livres \u00ab Comment accompagner l\u2019entreprise dans sa d\u00e9marche humaniste \u00bb aux Editions Vie.<br \/>\n<\/em><\/span><\/span><em><span style=\"color: #808080;\">www.janssens-coaching.com<\/span><\/em><\/p>\n<p>&nbsp;<\/p>\n<h3><strong>15:30<\/strong> Se lib\u00e9rer du regard des autres &#8211; <strong>Edith Rosset<\/strong><\/h3>\n<p>Ressentez-vous un ras-le-bol de perdre pieds face aux jugements, aux critiques, aux prises de parole en public ? Si votre r\u00e9ponse est oui, alors je vous propose 5 \u00e9tapes \u00ab F \u00bb pour vous lib\u00e9rer de la peur du regard des autres : Fragilit\u00e9, Forme, Force, Flexibilit\u00e9 et Fluidit\u00e9, pour une transformation de soi bienveillante, ouverte, ludique et engag\u00e9e. Vous pouvez atteindre ces 4 vertus gr\u00e2ce \u00e0 4 savoirs essentiels \u00e0 votre croissance, \u00e0 votre confiance et \u00e0 votre estime personnelle : savoir-exprimer, savoir-faire, savoir-\u00eatre et savoir-vivre ensemble.<\/p>\n<p><span style=\"color: #808080;\"><em><span style=\"font-size: 12pt;\"><img loading=\"lazy\" decoding=\"async\" class=\"wp-image-4780 size-thumbnail alignleft\" src=\"https:\/\/www.respirelavie.fr\/vannes\/wp-content\/uploads\/sites\/4\/2018\/12\/Edith-Rosset-150x150.jpeg\" alt=\"\" width=\"150\" height=\"150\" srcset=\"https:\/\/www.respirelavie.fr\/vannes\/wp-content\/uploads\/sites\/4\/2018\/12\/Edith-Rosset-150x150.jpeg 150w, https:\/\/www.respirelavie.fr\/vannes\/wp-content\/uploads\/sites\/4\/2018\/12\/Edith-Rosset-300x300.jpeg 300w, https:\/\/www.respirelavie.fr\/vannes\/wp-content\/uploads\/sites\/4\/2018\/12\/Edith-Rosset-50x50.jpeg 50w, https:\/\/www.respirelavie.fr\/vannes\/wp-content\/uploads\/sites\/4\/2018\/12\/Edith-Rosset-45x45.jpeg 45w\" sizes=\"(max-width: 150px) 100vw, 150px\" \/>Psychologue et sophrologue, \u00c9dith Rosset s\u2019est form\u00e9e \u00e0 la neuropsychologie. Depuis dix ans, elle pratique les th\u00e9rapies comportementales et cognitives, orient\u00e9es actuellement vers l\u2019approche d\u2019acceptation et d\u2019engagement (ACT). Elle accompagne des adultes, des couples et des organisations professionnelles. Elle propose des diagnostics, des soins th\u00e9rapeutiques, des ateliers, des conf\u00e9rences et des formations pour r\u00e9duire leurs blocages et renforcer leurs potentiels.<\/span><\/em><\/span><\/p>\n<p>&nbsp;<\/p>\n<h2>Dimanche 20 Janvier 2019 : Alimentation &#8211; L\u2019Inde \u00e0 notre table<\/h2>\n<h3><strong>12:00<\/strong> S\u2019alimenter selon la m\u00e9decine ayurv\u00e9dique &#8211; <strong>Anne S\u00e9guis<\/strong><\/h3>\n<p>Reconnue par l\u2019OMS, l\u2019Ayurv\u00e9da est une m\u00e9decine ancienne originaire du sud de l\u2019Inde. En sanskrit le mot Ayurv\u00e9da est une association de \u00ab Ayur \u00bb qui signifie vie et \u00ab V\u00e9da \u00bb signifiant science. En m\u00e9decine Ayurv\u00e9dique, les trois doshas vata (vent), pitta (feu), kapha (eau) sont un ensemble de qualit\u00e9s qui d\u00e9termine l\u2019individu d\u2019un point de vue physique, mental et \u00e9motionnel. L\u2019Ayurveda enseigne l\u2019art de s\u2019alimenter en fonction de son dosha, afin de pr\u00e9server, r\u00e9\u00e9quilibrer ou am\u00e9liorer sa sant\u00e9.<\/p>\n<p><span style=\"color: #808080; font-size: 12pt;\"><em><img loading=\"lazy\" decoding=\"async\" class=\"wp-image-4781 size-thumbnail alignleft\" src=\"https:\/\/www.respirelavie.fr\/vannes\/wp-content\/uploads\/sites\/4\/2018\/12\/Anne-Se\u0301guis-150x150.jpg\" alt=\"\" width=\"150\" height=\"150\" srcset=\"https:\/\/www.respirelavie.fr\/vannes\/wp-content\/uploads\/sites\/4\/2018\/12\/Anne-Se\u0301guis-150x150.jpg 150w, https:\/\/www.respirelavie.fr\/vannes\/wp-content\/uploads\/sites\/4\/2018\/12\/Anne-Se\u0301guis-300x300.jpg 300w, https:\/\/www.respirelavie.fr\/vannes\/wp-content\/uploads\/sites\/4\/2018\/12\/Anne-Se\u0301guis-50x50.jpg 50w, https:\/\/www.respirelavie.fr\/vannes\/wp-content\/uploads\/sites\/4\/2018\/12\/Anne-Se\u0301guis-45x45.jpg 45w\" sizes=\"(max-width: 150px) 100vw, 150px\" \/><\/em><\/span><\/p>\n<p><span style=\"color: #808080; font-size: 12pt;\"><em>Praticienne de sant\u00e9, naturopathe depuis plus de 20 ans, et th\u00e9rapeute ayurv\u00e9dique dipl\u00f4m\u00e9e en 2012 de IEEV Institut Europ\u00e9en d\u2019\u00c9tudes V\u00e9diques, Anne S\u00e9guis conseille et guide en mati\u00e8re d&#8217;alimentation, d&#8217;hygi\u00e8ne de vie et de soins, dans son cabinet \u00e0 Vannes. www.naturopathe-vannes.fr<br \/>\n<\/em><\/span><\/p>\n<p>&nbsp;<\/p>\n<p>&nbsp;<\/p>\n<h3><strong>15:30<\/strong> Des \u00e9pices dans notre cuisine : c\u2019est bon pour la sant\u00e9 !\u00a0<strong>Genevi\u00e8ve Martin-Call\u00e8de<\/strong><\/h3>\n<p>Nous connaissons tous le go\u00fbt, les couleurs et les parfums des \u00e9pices, mais souvent celles-ci restent dans nos placards. Que savons-nous vraiment de leurs utilisations de leurs bienfaits sur notre sant\u00e9 ? \u00ab La moiti\u00e9 de la pharmacie est dans la cuisine et l&#8217;autre moiti\u00e9 est dans le jardin. \u00bb dit un dicton ayurv\u00e9dique. Chaque \u00e9pice a une histoire, des traditions, des vertus, et diff\u00e9rents usages. Comment les utiliser ? Infusion, d\u00e9coction, \u00e0 m\u00e2cher, en poudre, en pommade, et bien s\u00fbr en cuisine, les \u00e9pices apportant go\u00fbt et saveur aux plats en plus d\u2019une bonne digestion. Elles stimulent l&#8217;odorat, rehaussent le go\u00fbt des aliments, aiguisent l&#8217;app\u00e9tit, et ont aussi un r\u00f4le essentiel dans la conservation des aliments par leur action antiseptique.<\/p>\n<p><span style=\"color: #808080; font-size: 12pt;\"><em><img loading=\"lazy\" decoding=\"async\" class=\"wp-image-4782 size-thumbnail alignleft\" src=\"https:\/\/www.respirelavie.fr\/vannes\/wp-content\/uploads\/sites\/4\/2018\/12\/Genevie\u0300ve-Martin-150x150.png\" alt=\"\" width=\"150\" height=\"150\" srcset=\"https:\/\/www.respirelavie.fr\/vannes\/wp-content\/uploads\/sites\/4\/2018\/12\/Genevie\u0300ve-Martin-150x150.png 150w, https:\/\/www.respirelavie.fr\/vannes\/wp-content\/uploads\/sites\/4\/2018\/12\/Genevie\u0300ve-Martin-300x300.png 300w, https:\/\/www.respirelavie.fr\/vannes\/wp-content\/uploads\/sites\/4\/2018\/12\/Genevie\u0300ve-Martin-50x50.png 50w, https:\/\/www.respirelavie.fr\/vannes\/wp-content\/uploads\/sites\/4\/2018\/12\/Genevie\u0300ve-Martin-45x45.png 45w\" sizes=\"(max-width: 150px) 100vw, 150px\" \/>Infirmi\u00e8re, Genevi\u00e8ve Martin-Call\u00e8de est \u00e9galement consultante en Ayurv\u00e9da \u00e0 Chemill\u00e9. Form\u00e9e en Inde aupr\u00e8s de sp\u00e9cialistes, elle prodigue ses soins et conseils en consultations et conf\u00e9rences.<br \/>\n<\/em><\/span><\/p>\n<p>&nbsp;<\/p>\n<p>&nbsp;<\/p>\n","protected":false},"excerpt":{"rendered":"<p>Vendredi 18 Janvier 2019 :\u00a0Sant\u00e9 12:00 Comment \u00e9liminer l\u2019\u00e9tat inflammatoire chronique bas, responsable des maladies d\u00e9g\u00e9n\u00e9ratives ? France Guillain Depuis 2008 la Recherche internationale s\u2019inqui\u00e8te de la multiplication de l\u2019ensemble des maladies d\u00e9g\u00e9n\u00e9ratives li\u00e9es \u00e0 l\u2019\u00e9tat inflammatoire qui se d\u00e9tecte \u00e0 la temp\u00e9rature interne moyenne qui doit \u00eatre de 36\u00b06, alors qu\u2019elle est pass\u00e9e \u00e0&hellip; <\/p>\n","protected":false},"author":1,"featured_media":0,"parent":0,"menu_order":0,"comment_status":"closed","ping_status":"closed","template":"","meta":{"_monsterinsights_skip_tracking":false,"_monsterinsights_sitenote_active":false,"_monsterinsights_sitenote_note":"","_monsterinsights_sitenote_category":0,"footnotes":""},"class_list":["post-5595","page","type-page","status-publish","hentry"],"yoast_head":"<!-- This site is optimized with the Yoast SEO plugin v27.3 - https:\/\/yoast.com\/product\/yoast-seo-wordpress\/ -->\n<title>Conf\u00e9rences experts 2019 - RESPIRE VANNES<\/title>\n<meta name=\"robots\" content=\"index, follow, max-snippet:-1, max-image-preview:large, max-video-preview:-1\" \/>\n<link rel=\"canonical\" href=\"https:\/\/www.respirelavie.fr\/vannes\/conferences-experts-2019\/\" \/>\n<meta property=\"og:locale\" content=\"fr_FR\" \/>\n<meta property=\"og:type\" content=\"article\" \/>\n<meta property=\"og:title\" content=\"Conf\u00e9rences experts 2019 - RESPIRE VANNES\" \/>\n<meta property=\"og:description\" content=\"Vendredi 18 Janvier 2019 :\u00a0Sant\u00e9 12:00 Comment \u00e9liminer l\u2019\u00e9tat inflammatoire chronique bas, responsable des maladies d\u00e9g\u00e9n\u00e9ratives ? France Guillain Depuis 2008 la Recherche internationale s\u2019inqui\u00e8te de la multiplication de l\u2019ensemble des maladies d\u00e9g\u00e9n\u00e9ratives li\u00e9es \u00e0 l\u2019\u00e9tat inflammatoire qui se d\u00e9tecte \u00e0 la temp\u00e9rature interne moyenne qui doit \u00eatre de 36\u00b06, alors qu\u2019elle est pass\u00e9e \u00e0&hellip;\" \/>\n<meta property=\"og:url\" content=\"https:\/\/www.respirelavie.fr\/vannes\/conferences-experts-2019\/\" \/>\n<meta property=\"og:site_name\" content=\"RESPIRE VANNES\" \/>\n<meta property=\"og:image\" content=\"https:\/\/www.respirelavie.fr\/vannes\/wp-content\/uploads\/sites\/4\/2018\/12\/France-Guillain-150x150.jpg\" \/>\n<meta name=\"twitter:card\" content=\"summary_large_image\" \/>\n<meta name=\"twitter:label1\" content=\"Dur\u00e9e de lecture estim\u00e9e\" \/>\n\t<meta name=\"twitter:data1\" content=\"5 minutes\" \/>\n<script type=\"application\/ld+json\" class=\"yoast-schema-graph\">{\"@context\":\"https:\\\/\\\/schema.org\",\"@graph\":[{\"@type\":\"WebPage\",\"@id\":\"https:\\\/\\\/www.respirelavie.fr\\\/vannes\\\/conferences-experts-2019\\\/\",\"url\":\"https:\\\/\\\/www.respirelavie.fr\\\/vannes\\\/conferences-experts-2019\\\/\",\"name\":\"Conf\u00e9rences experts 2019 - RESPIRE VANNES\",\"isPartOf\":{\"@id\":\"http:\\\/\\\/www.respirelavie.fr\\\/vannes\\\/#website\"},\"primaryImageOfPage\":{\"@id\":\"https:\\\/\\\/www.respirelavie.fr\\\/vannes\\\/conferences-experts-2019\\\/#primaryimage\"},\"image\":{\"@id\":\"https:\\\/\\\/www.respirelavie.fr\\\/vannes\\\/conferences-experts-2019\\\/#primaryimage\"},\"thumbnailUrl\":\"https:\\\/\\\/www.respirelavie.fr\\\/vannes\\\/wp-content\\\/uploads\\\/sites\\\/4\\\/2018\\\/12\\\/France-Guillain-150x150.jpg\",\"datePublished\":\"2019-11-21T13:55:58+00:00\",\"breadcrumb\":{\"@id\":\"https:\\\/\\\/www.respirelavie.fr\\\/vannes\\\/conferences-experts-2019\\\/#breadcrumb\"},\"inLanguage\":\"fr-FR\",\"potentialAction\":[{\"@type\":\"ReadAction\",\"target\":[\"https:\\\/\\\/www.respirelavie.fr\\\/vannes\\\/conferences-experts-2019\\\/\"]}]},{\"@type\":\"ImageObject\",\"inLanguage\":\"fr-FR\",\"@id\":\"https:\\\/\\\/www.respirelavie.fr\\\/vannes\\\/conferences-experts-2019\\\/#primaryimage\",\"url\":\"https:\\\/\\\/www.respirelavie.fr\\\/vannes\\\/wp-content\\\/uploads\\\/sites\\\/4\\\/2018\\\/12\\\/France-Guillain-150x150.jpg\",\"contentUrl\":\"https:\\\/\\\/www.respirelavie.fr\\\/vannes\\\/wp-content\\\/uploads\\\/sites\\\/4\\\/2018\\\/12\\\/France-Guillain-150x150.jpg\"},{\"@type\":\"BreadcrumbList\",\"@id\":\"https:\\\/\\\/www.respirelavie.fr\\\/vannes\\\/conferences-experts-2019\\\/#breadcrumb\",\"itemListElement\":[{\"@type\":\"ListItem\",\"position\":1,\"name\":\"Accueil\",\"item\":\"http:\\\/\\\/www.respirelavie.fr\\\/vannes\\\/\"},{\"@type\":\"ListItem\",\"position\":2,\"name\":\"Conf\u00e9rences experts 2019\"}]},{\"@type\":\"WebSite\",\"@id\":\"http:\\\/\\\/www.respirelavie.fr\\\/vannes\\\/#website\",\"url\":\"http:\\\/\\\/www.respirelavie.fr\\\/vannes\\\/\",\"name\":\"RESPIRE VANNES\",\"description\":\"RESPIRE : votre salon bio, bien-\u00eatre et habitat sain \u00e0 Vannes\",\"publisher\":{\"@id\":\"http:\\\/\\\/www.respirelavie.fr\\\/vannes\\\/#organization\"},\"potentialAction\":[{\"@type\":\"SearchAction\",\"target\":{\"@type\":\"EntryPoint\",\"urlTemplate\":\"http:\\\/\\\/www.respirelavie.fr\\\/vannes\\\/?s={search_term_string}\"},\"query-input\":{\"@type\":\"PropertyValueSpecification\",\"valueRequired\":true,\"valueName\":\"search_term_string\"}}],\"inLanguage\":\"fr-FR\"},{\"@type\":\"Organization\",\"@id\":\"http:\\\/\\\/www.respirelavie.fr\\\/vannes\\\/#organization\",\"name\":\"RESPIRE VANNES\",\"url\":\"http:\\\/\\\/www.respirelavie.fr\\\/vannes\\\/\",\"logo\":{\"@type\":\"ImageObject\",\"inLanguage\":\"fr-FR\",\"@id\":\"http:\\\/\\\/www.respirelavie.fr\\\/vannes\\\/#\\\/schema\\\/logo\\\/image\\\/\",\"url\":\"https:\\\/\\\/www.respirelavie.fr\\\/vannes\\\/wp-content\\\/uploads\\\/sites\\\/4\\\/2024\\\/10\\\/cropped-cropped-cropped-Logo-RESPIRE-vannes-2025-1-1.png\",\"contentUrl\":\"https:\\\/\\\/www.respirelavie.fr\\\/vannes\\\/wp-content\\\/uploads\\\/sites\\\/4\\\/2024\\\/10\\\/cropped-cropped-cropped-Logo-RESPIRE-vannes-2025-1-1.png\",\"width\":797,\"height\":145,\"caption\":\"RESPIRE VANNES\"},\"image\":{\"@id\":\"http:\\\/\\\/www.respirelavie.fr\\\/vannes\\\/#\\\/schema\\\/logo\\\/image\\\/\"}}]}<\/script>\n<!-- \/ Yoast SEO plugin. -->","yoast_head_json":{"title":"Conf\u00e9rences experts 2019 - RESPIRE VANNES","robots":{"index":"index","follow":"follow","max-snippet":"max-snippet:-1","max-image-preview":"max-image-preview:large","max-video-preview":"max-video-preview:-1"},"canonical":"https:\/\/www.respirelavie.fr\/vannes\/conferences-experts-2019\/","og_locale":"fr_FR","og_type":"article","og_title":"Conf\u00e9rences experts 2019 - RESPIRE VANNES","og_description":"Vendredi 18 Janvier 2019 :\u00a0Sant\u00e9 12:00 Comment \u00e9liminer l\u2019\u00e9tat inflammatoire chronique bas, responsable des maladies d\u00e9g\u00e9n\u00e9ratives ? France Guillain Depuis 2008 la Recherche internationale s\u2019inqui\u00e8te de la multiplication de l\u2019ensemble des maladies d\u00e9g\u00e9n\u00e9ratives li\u00e9es \u00e0 l\u2019\u00e9tat inflammatoire qui se d\u00e9tecte \u00e0 la temp\u00e9rature interne moyenne qui doit \u00eatre de 36\u00b06, alors qu\u2019elle est pass\u00e9e \u00e0&hellip;","og_url":"https:\/\/www.respirelavie.fr\/vannes\/conferences-experts-2019\/","og_site_name":"RESPIRE VANNES","og_image":[{"url":"https:\/\/www.respirelavie.fr\/vannes\/wp-content\/uploads\/sites\/4\/2018\/12\/France-Guillain-150x150.jpg","type":"","width":"","height":""}],"twitter_card":"summary_large_image","twitter_misc":{"Dur\u00e9e de lecture estim\u00e9e":"5 minutes"},"schema":{"@context":"https:\/\/schema.org","@graph":[{"@type":"WebPage","@id":"https:\/\/www.respirelavie.fr\/vannes\/conferences-experts-2019\/","url":"https:\/\/www.respirelavie.fr\/vannes\/conferences-experts-2019\/","name":"Conf\u00e9rences experts 2019 - RESPIRE VANNES","isPartOf":{"@id":"http:\/\/www.respirelavie.fr\/vannes\/#website"},"primaryImageOfPage":{"@id":"https:\/\/www.respirelavie.fr\/vannes\/conferences-experts-2019\/#primaryimage"},"image":{"@id":"https:\/\/www.respirelavie.fr\/vannes\/conferences-experts-2019\/#primaryimage"},"thumbnailUrl":"https:\/\/www.respirelavie.fr\/vannes\/wp-content\/uploads\/sites\/4\/2018\/12\/France-Guillain-150x150.jpg","datePublished":"2019-11-21T13:55:58+00:00","breadcrumb":{"@id":"https:\/\/www.respirelavie.fr\/vannes\/conferences-experts-2019\/#breadcrumb"},"inLanguage":"fr-FR","potentialAction":[{"@type":"ReadAction","target":["https:\/\/www.respirelavie.fr\/vannes\/conferences-experts-2019\/"]}]},{"@type":"ImageObject","inLanguage":"fr-FR","@id":"https:\/\/www.respirelavie.fr\/vannes\/conferences-experts-2019\/#primaryimage","url":"https:\/\/www.respirelavie.fr\/vannes\/wp-content\/uploads\/sites\/4\/2018\/12\/France-Guillain-150x150.jpg","contentUrl":"https:\/\/www.respirelavie.fr\/vannes\/wp-content\/uploads\/sites\/4\/2018\/12\/France-Guillain-150x150.jpg"},{"@type":"BreadcrumbList","@id":"https:\/\/www.respirelavie.fr\/vannes\/conferences-experts-2019\/#breadcrumb","itemListElement":[{"@type":"ListItem","position":1,"name":"Accueil","item":"http:\/\/www.respirelavie.fr\/vannes\/"},{"@type":"ListItem","position":2,"name":"Conf\u00e9rences experts 2019"}]},{"@type":"WebSite","@id":"http:\/\/www.respirelavie.fr\/vannes\/#website","url":"http:\/\/www.respirelavie.fr\/vannes\/","name":"RESPIRE VANNES","description":"RESPIRE : votre salon bio, bien-\u00eatre et habitat sain \u00e0 Vannes","publisher":{"@id":"http:\/\/www.respirelavie.fr\/vannes\/#organization"},"potentialAction":[{"@type":"SearchAction","target":{"@type":"EntryPoint","urlTemplate":"http:\/\/www.respirelavie.fr\/vannes\/?s={search_term_string}"},"query-input":{"@type":"PropertyValueSpecification","valueRequired":true,"valueName":"search_term_string"}}],"inLanguage":"fr-FR"},{"@type":"Organization","@id":"http:\/\/www.respirelavie.fr\/vannes\/#organization","name":"RESPIRE VANNES","url":"http:\/\/www.respirelavie.fr\/vannes\/","logo":{"@type":"ImageObject","inLanguage":"fr-FR","@id":"http:\/\/www.respirelavie.fr\/vannes\/#\/schema\/logo\/image\/","url":"https:\/\/www.respirelavie.fr\/vannes\/wp-content\/uploads\/sites\/4\/2024\/10\/cropped-cropped-cropped-Logo-RESPIRE-vannes-2025-1-1.png","contentUrl":"https:\/\/www.respirelavie.fr\/vannes\/wp-content\/uploads\/sites\/4\/2024\/10\/cropped-cropped-cropped-Logo-RESPIRE-vannes-2025-1-1.png","width":797,"height":145,"caption":"RESPIRE VANNES"},"image":{"@id":"http:\/\/www.respirelavie.fr\/vannes\/#\/schema\/logo\/image\/"}}]}},"_links":{"self":[{"href":"https:\/\/www.respirelavie.fr\/vannes\/wp-json\/wp\/v2\/pages\/5595","targetHints":{"allow":["GET"]}}],"collection":[{"href":"https:\/\/www.respirelavie.fr\/vannes\/wp-json\/wp\/v2\/pages"}],"about":[{"href":"https:\/\/www.respirelavie.fr\/vannes\/wp-json\/wp\/v2\/types\/page"}],"author":[{"embeddable":true,"href":"https:\/\/www.respirelavie.fr\/vannes\/wp-json\/wp\/v2\/users\/1"}],"replies":[{"embeddable":true,"href":"https:\/\/www.respirelavie.fr\/vannes\/wp-json\/wp\/v2\/comments?post=5595"}],"version-history":[{"count":1,"href":"https:\/\/www.respirelavie.fr\/vannes\/wp-json\/wp\/v2\/pages\/5595\/revisions"}],"predecessor-version":[{"id":5596,"href":"https:\/\/www.respirelavie.fr\/vannes\/wp-json\/wp\/v2\/pages\/5595\/revisions\/5596"}],"wp:attachment":[{"href":"https:\/\/www.respirelavie.fr\/vannes\/wp-json\/wp\/v2\/media?parent=5595"}],"curies":[{"name":"wp","href":"https:\/\/api.w.org\/{rel}","templated":true}]}}