{"id":6295,"date":"2020-04-16T11:19:20","date_gmt":"2020-04-16T09:19:20","guid":{"rendered":"https:\/\/www.respirelavie.fr\/vannes\/?page_id=6295"},"modified":"2020-04-16T11:19:20","modified_gmt":"2020-04-16T09:19:20","slug":"conferences-experts-2020","status":"publish","type":"page","link":"https:\/\/www.respirelavie.fr\/vannes\/conferences-experts-2020\/","title":{"rendered":"Conf\u00e9rences experts 2020"},"content":{"rendered":"<h2><strong>VENDREDI 17 JANVIER 2020<\/strong><\/h2>\n<h3 style=\"text-align: justify;\"><strong>12h00 All\u00e9gez votre charge mentale &#8211; Christ\u00e8le Rakotondrainy<\/strong><\/h3>\n<p style=\"text-align: justify;\">Que ce soit dans un cadre priv\u00e9 ou professionnel, tout le monde peut \u00eatre confront\u00e9 \u00e0 une surcharge mentale. Devoir penser \u00e0 tout et tout le temps est \u00e9puisant, non valorisant, et cela affecte notre charge \u00e9motionnelle. Quelles solutions pour r\u00e9duire sa charge mentale, d\u00e9velopper une meilleure qualit\u00e9 de vie, renforcer son estime de soi et apprendre \u00e0 anticiper positivement ?<\/p>\n<p><img decoding=\"async\" class=\"alignleft size-thumbnail wp-image-5671\" src=\"https:\/\/www.respirelavie.fr\/vannes\/wp-content\/uploads\/sites\/4\/2019\/12\/ChrysteleRakotondrainy-150x150.png\" alt=\"\" width=\"150\" height=\"150\" srcset=\"https:\/\/www.respirelavie.fr\/vannes\/wp-content\/uploads\/sites\/4\/2019\/12\/ChrysteleRakotondrainy-150x150.png 150w, https:\/\/www.respirelavie.fr\/vannes\/wp-content\/uploads\/sites\/4\/2019\/12\/ChrysteleRakotondrainy-300x300.png 300w, https:\/\/www.respirelavie.fr\/vannes\/wp-content\/uploads\/sites\/4\/2019\/12\/ChrysteleRakotondrainy-768x766.png 768w, https:\/\/www.respirelavie.fr\/vannes\/wp-content\/uploads\/sites\/4\/2019\/12\/ChrysteleRakotondrainy-1024x1021.png 1024w, https:\/\/www.respirelavie.fr\/vannes\/wp-content\/uploads\/sites\/4\/2019\/12\/ChrysteleRakotondrainy-500x500.png 500w, https:\/\/www.respirelavie.fr\/vannes\/wp-content\/uploads\/sites\/4\/2019\/12\/ChrysteleRakotondrainy-50x50.png 50w, https:\/\/www.respirelavie.fr\/vannes\/wp-content\/uploads\/sites\/4\/2019\/12\/ChrysteleRakotondrainy-45x45.png 45w, https:\/\/www.respirelavie.fr\/vannes\/wp-content\/uploads\/sites\/4\/2019\/12\/ChrysteleRakotondrainy.png 1354w\" sizes=\"(max-width: 150px) 100vw, 150px\" \/><\/p>\n<p>&nbsp;<\/p>\n<p style=\"text-align: justify;\">Membre de l\u2019Acad\u00e9mie Internationale de Sophrologie, Christ\u00e8le Rakotondrainy est sophrologue Cayc\u00e9dienne, formatrice en sophrologie, conf\u00e9renci\u00e8re et auteure de \u00ab All\u00e9gez votre charge mentale \u00bb chez InterEditions. <a href=\"http:\/\/www.sophrologie-andullation.fr\">www.sophrologie-andullation.fr<\/a><em>\u00a0<\/em><\/p>\n<p>&nbsp;<\/p>\n<h3><\/h3>\n<h3><strong>15h30 Comment d\u00e9crocher des sucres &#8211; Myriam Michel<\/strong><\/h3>\n<p style=\"text-align: justify;\">Le sucre est un puissant addictif qui peut provoquer des sautes d&#8217;humeur, de la somnolence postprandiale, de la fatigue, des signes d&#8217;inflammation chronique, l&#8217;augmentation des triglyc\u00e9rides etc&#8230;\u00a0 Et chaque jour votre vitalit\u00e9 va diminuer. Pour r\u00e9pondre \u00e0 cette probl\u00e9matique, il est possible de mettre en place un accompagnement personnalis\u00e9 en privil\u00e9giant des aliments \u00e0 haute valeur nutritionnelle (graines germ\u00e9es, algues, jus verts&#8230;).<\/p>\n<p style=\"text-align: justify;\"><img decoding=\"async\" class=\"alignleft wp-image-5674 size-thumbnail\" src=\"https:\/\/www.respirelavie.fr\/vannes\/wp-content\/uploads\/sites\/4\/2019\/12\/MyriamMichel-150x150.jpg\" alt=\"\" width=\"150\" height=\"150\" srcset=\"https:\/\/www.respirelavie.fr\/vannes\/wp-content\/uploads\/sites\/4\/2019\/12\/MyriamMichel-150x150.jpg 150w, https:\/\/www.respirelavie.fr\/vannes\/wp-content\/uploads\/sites\/4\/2019\/12\/MyriamMichel-300x300.jpg 300w, https:\/\/www.respirelavie.fr\/vannes\/wp-content\/uploads\/sites\/4\/2019\/12\/MyriamMichel-50x50.jpg 50w, https:\/\/www.respirelavie.fr\/vannes\/wp-content\/uploads\/sites\/4\/2019\/12\/MyriamMichel-45x45.jpg 45w\" sizes=\"(max-width: 150px) 100vw, 150px\" \/><\/p>\n<p>&nbsp;<\/p>\n<p style=\"text-align: justify;\">De formation infirmi\u00e8re anesth\u00e9siste, Myriam Michel est devenue Heilpraktiker (naturopathe) puis s\u2019est form\u00e9e en nutrition. Praticienne LineQuartz et instructrice en Marche Afghane, elle accompagne en individuel ou en cours collectif toute personne d\u00e9sireuse de retrouver \u00e9nergie, sant\u00e9 et joie de vivre. <a href=\"http:\/\/www.sante-vitalite.net\">www.sante-vitalite.net<\/a><\/p>\n<p>&nbsp;<\/p>\n<h2><\/h2>\n<h2><strong>SAMEDI 18 JANVIER 2020<\/strong><\/h2>\n<h3><strong>12h00 Oser prendre la parole &#8211; Aurore Debierre<\/strong><\/h3>\n<p style=\"text-align: justify;\">Trouver sa voix, s\u2019autoriser \u00e0 la faire entendre, c\u2019est prendre sa place au monde. En sortant du silence dans lequel on nous a progressivement confin\u00e9, o\u00f9 parfois nous nous sommes aussi r\u00e9fugi\u00e9s, nous permettons au petit enfant qui devait surtout se taire, de grandir et prendre enfin sa stature d\u2019adulte, capable d\u2019exprimer ses \u00e9motions, ses opinions.<\/p>\n<p><img decoding=\"async\" class=\"alignleft size-thumbnail wp-image-5670\" src=\"https:\/\/www.respirelavie.fr\/vannes\/wp-content\/uploads\/sites\/4\/2019\/12\/Aurore-Debierre-150x150.jpg\" alt=\"\" width=\"150\" height=\"150\" srcset=\"https:\/\/www.respirelavie.fr\/vannes\/wp-content\/uploads\/sites\/4\/2019\/12\/Aurore-Debierre-150x150.jpg 150w, https:\/\/www.respirelavie.fr\/vannes\/wp-content\/uploads\/sites\/4\/2019\/12\/Aurore-Debierre-300x300.jpg 300w, https:\/\/www.respirelavie.fr\/vannes\/wp-content\/uploads\/sites\/4\/2019\/12\/Aurore-Debierre-50x50.jpg 50w, https:\/\/www.respirelavie.fr\/vannes\/wp-content\/uploads\/sites\/4\/2019\/12\/Aurore-Debierre-45x45.jpg 45w\" sizes=\"(max-width: 150px) 100vw, 150px\" \/><\/p>\n<p>&nbsp;<\/p>\n<p style=\"text-align: justify;\">Aurore Debierre est professeur d&#8217;anglais. Entre deux cours, elle organise et anime des actions culturelles, d\u00e9mocratiques et participatives. Elle a co\u00e9crit, avec Pome Bernos, Les Winners c&#8217;est juste des losers qui s&#8217;acharnent (Ratures, 2015).<\/p>\n<p>&nbsp;<\/p>\n<h3><\/h3>\n<h3><strong>15h30 Vous avez dit flexitarien ? Karinne Aurousseau<\/strong><\/h3>\n<p style=\"text-align: justify;\">Vous souhaitez rendre votre alimentation plus saine, plus \u00e9quilibr\u00e9e avec des prot\u00e9ines v\u00e9g\u00e9tales et moins de produits animaux ? Sain, zen, responsable et gourmand, le r\u00e9gime flexitarien pr\u00e9sent\u00e9 ici est fait pour vous ! \u00c9cologique, bon pour la sant\u00e9, plus souple que le v\u00e9g\u00e9tarisme, il pr\u00e9sente beaucoup d&#8217;avantages m\u00e9connus. V\u00e9ritable guide, cet ouvrage vous indique comment \u00e9viter les carences et vous accompagne pendant quatre semaines \u00e0 l&#8217;aide de menus progressifs et \u00e9quilibr\u00e9s, et de recettes. Pour aider votre corps \u00e0 passer en douceur \u00e0 ce nouveau type d&#8217;alimentation, les diff\u00e9rentes \u00e9tapes sont suivies de conseils pratiques et d&#8217;exercices de sophrologie pour gagner en apaisement et vitalit\u00e9.<\/p>\n<p><img loading=\"lazy\" decoding=\"async\" class=\"alignleft size-thumbnail wp-image-5673\" src=\"https:\/\/www.respirelavie.fr\/vannes\/wp-content\/uploads\/sites\/4\/2019\/12\/Karinne-Aurousseau-Sevin-150x150.jpg\" alt=\"\" width=\"150\" height=\"150\" srcset=\"https:\/\/www.respirelavie.fr\/vannes\/wp-content\/uploads\/sites\/4\/2019\/12\/Karinne-Aurousseau-Sevin-150x150.jpg 150w, https:\/\/www.respirelavie.fr\/vannes\/wp-content\/uploads\/sites\/4\/2019\/12\/Karinne-Aurousseau-Sevin-300x300.jpg 300w, https:\/\/www.respirelavie.fr\/vannes\/wp-content\/uploads\/sites\/4\/2019\/12\/Karinne-Aurousseau-Sevin-50x50.jpg 50w, https:\/\/www.respirelavie.fr\/vannes\/wp-content\/uploads\/sites\/4\/2019\/12\/Karinne-Aurousseau-Sevin-45x45.jpg 45w\" sizes=\"(max-width: 150px) 100vw, 150px\" \/><\/p>\n<p>&nbsp;<\/p>\n<p style=\"text-align: justify;\">Sophrologue, membre de la F\u00e9d\u00e9ration Fran\u00e7aise de Sophrologie, Karinne Aurousseau Sevin est experte en gestion du stress, du sommeil et des troubles du comportement alimentaire.<\/p>\n<p>&nbsp;<\/p>\n<h2><\/h2>\n<p>&nbsp;<\/p>\n<h2><strong>DIMANCHE 19 JANVIER 2020<\/strong><\/h2>\n<h3><strong>12h00 Le go\u00fbt silencieux, la pratique zen de la nourriture &#8211; Val\u00e9rie Duvauchelle<\/strong><\/h3>\n<p style=\"text-align: justify;\">Inspir\u00e9e de la tradition zen de la Chine et du Japon, la \u00ab cuisine de la bienveillance \u00bb (sh\u00f4jin ry\u00f4ri) permet de renforcer son lien \u00e0 la nourriture, retrouver son espace int\u00e9rieur et contribuer \u00e0 la gu\u00e9rison du monde. C\u2019est une invitation \u00e0 repenser la fa\u00e7on de nous alimenter, \u00e0 agir avec bon sens. R\u00e9veiller le corps de la Terre en nous, retrouver le lien \u00e0 la nourriture et ressentir que chaque bouch\u00e9e a le go\u00fbt des \u00e9toiles, des lacs, de nos anc\u00eatres, se reconnecter \u00e0 la r\u00e9alit\u00e9 profonde de l\u2019alimentation pour enfin manger et vivre pleinement est la r\u00e9ponse de la sh\u00f4jin ry\u00f4ri \u00e0 la situation de notre monde en transition.<\/p>\n<p><img loading=\"lazy\" decoding=\"async\" class=\"alignleft size-thumbnail wp-image-5675\" src=\"https:\/\/www.respirelavie.fr\/vannes\/wp-content\/uploads\/sites\/4\/2019\/12\/Vale\u0301rieDuvauchelle-150x150.jpg\" alt=\"\" width=\"150\" height=\"150\" srcset=\"https:\/\/www.respirelavie.fr\/vannes\/wp-content\/uploads\/sites\/4\/2019\/12\/Vale\u0301rieDuvauchelle-150x150.jpg 150w, https:\/\/www.respirelavie.fr\/vannes\/wp-content\/uploads\/sites\/4\/2019\/12\/Vale\u0301rieDuvauchelle-300x300.jpg 300w, https:\/\/www.respirelavie.fr\/vannes\/wp-content\/uploads\/sites\/4\/2019\/12\/Vale\u0301rieDuvauchelle-50x50.jpg 50w, https:\/\/www.respirelavie.fr\/vannes\/wp-content\/uploads\/sites\/4\/2019\/12\/Vale\u0301rieDuvauchelle-45x45.jpg 45w\" sizes=\"(max-width: 150px) 100vw, 150px\" \/><\/p>\n<p style=\"text-align: justify;\">C&#8217;est au Japon, o\u00f9 elle a v\u00e9cu une douzaine d&#8217;ann\u00e9es, que Val\u00e9rie Duvauchelle s&#8217;initie \u00e0 la pratique du bouddhisme zen. \u00c0 l&#8217;occasion de sa premi\u00e8re retraite, elle d\u00e9couvre la pratique de la shojin ry\u00f4ri, ou &#8220;cuisine de l&#8217;enthousiasme&#8221;, qui transforme profond\u00e9ment sa vie. Elle interrompt son travail de promotrice de cin\u00e9ma pour se consacrer enti\u00e8rement \u00e0 cette pratique et se former aupr\u00e8s de diff\u00e9rents ma\u00eetres. Puis, elle cr\u00e9e la cuisine de la bienveillance \u00e0 son retour en France. <em><a href=\"https:\/\/www.lacuisinedelabienveillance.org\/\" target=\"_blank\" rel=\"noopener noreferrer\">www.lacuisinedelabienveillance.org<\/a><\/em><\/p>\n<h3><\/h3>\n<h3><\/h3>\n<h3><strong>15h30 J\u2019am\u00e9liore mon alimentation &#8211; Danielle Guesnet<\/strong><\/h3>\n<p style=\"text-align: justify;\">28 jours pour renouer avec une alimentation saine. Il est temps d\u2019interroger ce que vous savez ou croyez savoir sur l\u2019alimentation, pour revenir \u00e0 une bio-logique naturelle. \u00c9coutez vos sensations corporelles et laissez-vous guider dans vos choix ! Vous \u00eates invit\u00e9 \u00e0 vous observer et \u00e0 mieux vous conna\u00eetre en remettant en question quelques \u00ab \u00e9vidences \u00bb alimentaires. D\u00e9couvrez comment apprendre \u00e0 manger ce qui est bon pour vous et ressentir la satisfaction d\u2019un besoin naturel correctement nourri.<\/p>\n<p><img loading=\"lazy\" decoding=\"async\" class=\"alignleft size-thumbnail wp-image-5672\" src=\"https:\/\/www.respirelavie.fr\/vannes\/wp-content\/uploads\/sites\/4\/2019\/12\/DanielleGuesnet-150x150.jpg\" alt=\"\" width=\"150\" height=\"150\" srcset=\"https:\/\/www.respirelavie.fr\/vannes\/wp-content\/uploads\/sites\/4\/2019\/12\/DanielleGuesnet-150x150.jpg 150w, https:\/\/www.respirelavie.fr\/vannes\/wp-content\/uploads\/sites\/4\/2019\/12\/DanielleGuesnet-300x300.jpg 300w, https:\/\/www.respirelavie.fr\/vannes\/wp-content\/uploads\/sites\/4\/2019\/12\/DanielleGuesnet-50x50.jpg 50w, https:\/\/www.respirelavie.fr\/vannes\/wp-content\/uploads\/sites\/4\/2019\/12\/DanielleGuesnet-45x45.jpg 45w\" sizes=\"(max-width: 150px) 100vw, 150px\" \/><\/p>\n<p>&nbsp;<\/p>\n<p style=\"text-align: justify;\">Danielle Guesnet est dot\u00e9e d\u2019une dense formation en sciences humaines et sociales et a \u00e9t\u00e9 initi\u00e9e tr\u00e8s t\u00f4t \u00e0 l\u2019\u00e9quilibre alimentaire appliqu\u00e9. Elle cr\u00e9e et utilise des outils d\u2019accompagnement au changement et est animatrice en m\u00e9thodes graphorales.<\/p>\n","protected":false},"excerpt":{"rendered":"<p>VENDREDI 17 JANVIER 2020 12h00 All\u00e9gez votre charge mentale &#8211; Christ\u00e8le Rakotondrainy Que ce soit dans un cadre priv\u00e9 ou professionnel, tout le monde peut \u00eatre confront\u00e9 \u00e0 une surcharge mentale. Devoir penser \u00e0 tout et tout le temps est \u00e9puisant, non valorisant, et cela affecte notre charge \u00e9motionnelle. Quelles solutions pour r\u00e9duire sa charge&hellip; <\/p>\n","protected":false},"author":1,"featured_media":0,"parent":0,"menu_order":0,"comment_status":"closed","ping_status":"closed","template":"","meta":{"_monsterinsights_skip_tracking":false,"_monsterinsights_sitenote_active":false,"_monsterinsights_sitenote_note":"","_monsterinsights_sitenote_category":0,"footnotes":""},"class_list":["post-6295","page","type-page","status-publish","hentry"],"yoast_head":"<!-- This site is optimized with the Yoast SEO plugin v27.3 - https:\/\/yoast.com\/product\/yoast-seo-wordpress\/ -->\n<title>Conf\u00e9rences experts 2020 - RESPIRE VANNES<\/title>\n<meta name=\"robots\" content=\"index, follow, max-snippet:-1, max-image-preview:large, max-video-preview:-1\" \/>\n<link rel=\"canonical\" href=\"https:\/\/www.respirelavie.fr\/vannes\/conferences-experts-2020\/\" \/>\n<meta property=\"og:locale\" content=\"fr_FR\" \/>\n<meta property=\"og:type\" content=\"article\" \/>\n<meta property=\"og:title\" content=\"Conf\u00e9rences experts 2020 - RESPIRE VANNES\" \/>\n<meta property=\"og:description\" content=\"VENDREDI 17 JANVIER 2020 12h00 All\u00e9gez votre charge mentale &#8211; Christ\u00e8le Rakotondrainy Que ce soit dans un cadre priv\u00e9 ou professionnel, tout le monde peut \u00eatre confront\u00e9 \u00e0 une surcharge mentale. Devoir penser \u00e0 tout et tout le temps est \u00e9puisant, non valorisant, et cela affecte notre charge \u00e9motionnelle. Quelles solutions pour r\u00e9duire sa charge&hellip;\" \/>\n<meta property=\"og:url\" content=\"https:\/\/www.respirelavie.fr\/vannes\/conferences-experts-2020\/\" \/>\n<meta property=\"og:site_name\" content=\"RESPIRE VANNES\" \/>\n<meta property=\"og:image\" content=\"https:\/\/www.respirelavie.fr\/vannes\/wp-content\/uploads\/sites\/4\/2019\/12\/ChrysteleRakotondrainy-150x150.png\" \/>\n<meta name=\"twitter:card\" content=\"summary_large_image\" \/>\n<meta name=\"twitter:label1\" content=\"Dur\u00e9e de lecture estim\u00e9e\" \/>\n\t<meta name=\"twitter:data1\" content=\"4 minutes\" \/>\n<script type=\"application\/ld+json\" class=\"yoast-schema-graph\">{\"@context\":\"https:\\\/\\\/schema.org\",\"@graph\":[{\"@type\":\"WebPage\",\"@id\":\"https:\\\/\\\/www.respirelavie.fr\\\/vannes\\\/conferences-experts-2020\\\/\",\"url\":\"https:\\\/\\\/www.respirelavie.fr\\\/vannes\\\/conferences-experts-2020\\\/\",\"name\":\"Conf\u00e9rences experts 2020 - RESPIRE VANNES\",\"isPartOf\":{\"@id\":\"http:\\\/\\\/www.respirelavie.fr\\\/vannes\\\/#website\"},\"primaryImageOfPage\":{\"@id\":\"https:\\\/\\\/www.respirelavie.fr\\\/vannes\\\/conferences-experts-2020\\\/#primaryimage\"},\"image\":{\"@id\":\"https:\\\/\\\/www.respirelavie.fr\\\/vannes\\\/conferences-experts-2020\\\/#primaryimage\"},\"thumbnailUrl\":\"https:\\\/\\\/www.respirelavie.fr\\\/vannes\\\/wp-content\\\/uploads\\\/sites\\\/4\\\/2019\\\/12\\\/ChrysteleRakotondrainy-150x150.png\",\"datePublished\":\"2020-04-16T09:19:20+00:00\",\"breadcrumb\":{\"@id\":\"https:\\\/\\\/www.respirelavie.fr\\\/vannes\\\/conferences-experts-2020\\\/#breadcrumb\"},\"inLanguage\":\"fr-FR\",\"potentialAction\":[{\"@type\":\"ReadAction\",\"target\":[\"https:\\\/\\\/www.respirelavie.fr\\\/vannes\\\/conferences-experts-2020\\\/\"]}]},{\"@type\":\"ImageObject\",\"inLanguage\":\"fr-FR\",\"@id\":\"https:\\\/\\\/www.respirelavie.fr\\\/vannes\\\/conferences-experts-2020\\\/#primaryimage\",\"url\":\"https:\\\/\\\/www.respirelavie.fr\\\/vannes\\\/wp-content\\\/uploads\\\/sites\\\/4\\\/2019\\\/12\\\/ChrysteleRakotondrainy-150x150.png\",\"contentUrl\":\"https:\\\/\\\/www.respirelavie.fr\\\/vannes\\\/wp-content\\\/uploads\\\/sites\\\/4\\\/2019\\\/12\\\/ChrysteleRakotondrainy-150x150.png\"},{\"@type\":\"BreadcrumbList\",\"@id\":\"https:\\\/\\\/www.respirelavie.fr\\\/vannes\\\/conferences-experts-2020\\\/#breadcrumb\",\"itemListElement\":[{\"@type\":\"ListItem\",\"position\":1,\"name\":\"Accueil\",\"item\":\"http:\\\/\\\/www.respirelavie.fr\\\/vannes\\\/\"},{\"@type\":\"ListItem\",\"position\":2,\"name\":\"Conf\u00e9rences experts 2020\"}]},{\"@type\":\"WebSite\",\"@id\":\"http:\\\/\\\/www.respirelavie.fr\\\/vannes\\\/#website\",\"url\":\"http:\\\/\\\/www.respirelavie.fr\\\/vannes\\\/\",\"name\":\"RESPIRE VANNES\",\"description\":\"RESPIRE : votre salon bio, bien-\u00eatre et habitat sain \u00e0 Vannes\",\"publisher\":{\"@id\":\"http:\\\/\\\/www.respirelavie.fr\\\/vannes\\\/#organization\"},\"potentialAction\":[{\"@type\":\"SearchAction\",\"target\":{\"@type\":\"EntryPoint\",\"urlTemplate\":\"http:\\\/\\\/www.respirelavie.fr\\\/vannes\\\/?s={search_term_string}\"},\"query-input\":{\"@type\":\"PropertyValueSpecification\",\"valueRequired\":true,\"valueName\":\"search_term_string\"}}],\"inLanguage\":\"fr-FR\"},{\"@type\":\"Organization\",\"@id\":\"http:\\\/\\\/www.respirelavie.fr\\\/vannes\\\/#organization\",\"name\":\"RESPIRE VANNES\",\"url\":\"http:\\\/\\\/www.respirelavie.fr\\\/vannes\\\/\",\"logo\":{\"@type\":\"ImageObject\",\"inLanguage\":\"fr-FR\",\"@id\":\"http:\\\/\\\/www.respirelavie.fr\\\/vannes\\\/#\\\/schema\\\/logo\\\/image\\\/\",\"url\":\"https:\\\/\\\/www.respirelavie.fr\\\/vannes\\\/wp-content\\\/uploads\\\/sites\\\/4\\\/2024\\\/10\\\/cropped-cropped-cropped-Logo-RESPIRE-vannes-2025-1-1.png\",\"contentUrl\":\"https:\\\/\\\/www.respirelavie.fr\\\/vannes\\\/wp-content\\\/uploads\\\/sites\\\/4\\\/2024\\\/10\\\/cropped-cropped-cropped-Logo-RESPIRE-vannes-2025-1-1.png\",\"width\":797,\"height\":145,\"caption\":\"RESPIRE VANNES\"},\"image\":{\"@id\":\"http:\\\/\\\/www.respirelavie.fr\\\/vannes\\\/#\\\/schema\\\/logo\\\/image\\\/\"}}]}<\/script>\n<!-- \/ Yoast SEO plugin. -->","yoast_head_json":{"title":"Conf\u00e9rences experts 2020 - RESPIRE VANNES","robots":{"index":"index","follow":"follow","max-snippet":"max-snippet:-1","max-image-preview":"max-image-preview:large","max-video-preview":"max-video-preview:-1"},"canonical":"https:\/\/www.respirelavie.fr\/vannes\/conferences-experts-2020\/","og_locale":"fr_FR","og_type":"article","og_title":"Conf\u00e9rences experts 2020 - RESPIRE VANNES","og_description":"VENDREDI 17 JANVIER 2020 12h00 All\u00e9gez votre charge mentale &#8211; Christ\u00e8le Rakotondrainy Que ce soit dans un cadre priv\u00e9 ou professionnel, tout le monde peut \u00eatre confront\u00e9 \u00e0 une surcharge mentale. Devoir penser \u00e0 tout et tout le temps est \u00e9puisant, non valorisant, et cela affecte notre charge \u00e9motionnelle. Quelles solutions pour r\u00e9duire sa charge&hellip;","og_url":"https:\/\/www.respirelavie.fr\/vannes\/conferences-experts-2020\/","og_site_name":"RESPIRE VANNES","og_image":[{"url":"https:\/\/www.respirelavie.fr\/vannes\/wp-content\/uploads\/sites\/4\/2019\/12\/ChrysteleRakotondrainy-150x150.png","type":"","width":"","height":""}],"twitter_card":"summary_large_image","twitter_misc":{"Dur\u00e9e de lecture estim\u00e9e":"4 minutes"},"schema":{"@context":"https:\/\/schema.org","@graph":[{"@type":"WebPage","@id":"https:\/\/www.respirelavie.fr\/vannes\/conferences-experts-2020\/","url":"https:\/\/www.respirelavie.fr\/vannes\/conferences-experts-2020\/","name":"Conf\u00e9rences experts 2020 - RESPIRE VANNES","isPartOf":{"@id":"http:\/\/www.respirelavie.fr\/vannes\/#website"},"primaryImageOfPage":{"@id":"https:\/\/www.respirelavie.fr\/vannes\/conferences-experts-2020\/#primaryimage"},"image":{"@id":"https:\/\/www.respirelavie.fr\/vannes\/conferences-experts-2020\/#primaryimage"},"thumbnailUrl":"https:\/\/www.respirelavie.fr\/vannes\/wp-content\/uploads\/sites\/4\/2019\/12\/ChrysteleRakotondrainy-150x150.png","datePublished":"2020-04-16T09:19:20+00:00","breadcrumb":{"@id":"https:\/\/www.respirelavie.fr\/vannes\/conferences-experts-2020\/#breadcrumb"},"inLanguage":"fr-FR","potentialAction":[{"@type":"ReadAction","target":["https:\/\/www.respirelavie.fr\/vannes\/conferences-experts-2020\/"]}]},{"@type":"ImageObject","inLanguage":"fr-FR","@id":"https:\/\/www.respirelavie.fr\/vannes\/conferences-experts-2020\/#primaryimage","url":"https:\/\/www.respirelavie.fr\/vannes\/wp-content\/uploads\/sites\/4\/2019\/12\/ChrysteleRakotondrainy-150x150.png","contentUrl":"https:\/\/www.respirelavie.fr\/vannes\/wp-content\/uploads\/sites\/4\/2019\/12\/ChrysteleRakotondrainy-150x150.png"},{"@type":"BreadcrumbList","@id":"https:\/\/www.respirelavie.fr\/vannes\/conferences-experts-2020\/#breadcrumb","itemListElement":[{"@type":"ListItem","position":1,"name":"Accueil","item":"http:\/\/www.respirelavie.fr\/vannes\/"},{"@type":"ListItem","position":2,"name":"Conf\u00e9rences experts 2020"}]},{"@type":"WebSite","@id":"http:\/\/www.respirelavie.fr\/vannes\/#website","url":"http:\/\/www.respirelavie.fr\/vannes\/","name":"RESPIRE VANNES","description":"RESPIRE : votre salon bio, bien-\u00eatre et habitat sain \u00e0 Vannes","publisher":{"@id":"http:\/\/www.respirelavie.fr\/vannes\/#organization"},"potentialAction":[{"@type":"SearchAction","target":{"@type":"EntryPoint","urlTemplate":"http:\/\/www.respirelavie.fr\/vannes\/?s={search_term_string}"},"query-input":{"@type":"PropertyValueSpecification","valueRequired":true,"valueName":"search_term_string"}}],"inLanguage":"fr-FR"},{"@type":"Organization","@id":"http:\/\/www.respirelavie.fr\/vannes\/#organization","name":"RESPIRE VANNES","url":"http:\/\/www.respirelavie.fr\/vannes\/","logo":{"@type":"ImageObject","inLanguage":"fr-FR","@id":"http:\/\/www.respirelavie.fr\/vannes\/#\/schema\/logo\/image\/","url":"https:\/\/www.respirelavie.fr\/vannes\/wp-content\/uploads\/sites\/4\/2024\/10\/cropped-cropped-cropped-Logo-RESPIRE-vannes-2025-1-1.png","contentUrl":"https:\/\/www.respirelavie.fr\/vannes\/wp-content\/uploads\/sites\/4\/2024\/10\/cropped-cropped-cropped-Logo-RESPIRE-vannes-2025-1-1.png","width":797,"height":145,"caption":"RESPIRE VANNES"},"image":{"@id":"http:\/\/www.respirelavie.fr\/vannes\/#\/schema\/logo\/image\/"}}]}},"_links":{"self":[{"href":"https:\/\/www.respirelavie.fr\/vannes\/wp-json\/wp\/v2\/pages\/6295","targetHints":{"allow":["GET"]}}],"collection":[{"href":"https:\/\/www.respirelavie.fr\/vannes\/wp-json\/wp\/v2\/pages"}],"about":[{"href":"https:\/\/www.respirelavie.fr\/vannes\/wp-json\/wp\/v2\/types\/page"}],"author":[{"embeddable":true,"href":"https:\/\/www.respirelavie.fr\/vannes\/wp-json\/wp\/v2\/users\/1"}],"replies":[{"embeddable":true,"href":"https:\/\/www.respirelavie.fr\/vannes\/wp-json\/wp\/v2\/comments?post=6295"}],"version-history":[{"count":2,"href":"https:\/\/www.respirelavie.fr\/vannes\/wp-json\/wp\/v2\/pages\/6295\/revisions"}],"predecessor-version":[{"id":6974,"href":"https:\/\/www.respirelavie.fr\/vannes\/wp-json\/wp\/v2\/pages\/6295\/revisions\/6974"}],"wp:attachment":[{"href":"https:\/\/www.respirelavie.fr\/vannes\/wp-json\/wp\/v2\/media?parent=6295"}],"curies":[{"name":"wp","href":"https:\/\/api.w.org\/{rel}","templated":true}]}}