{"id":7215,"date":"2022-08-16T17:40:21","date_gmt":"2022-08-16T15:40:21","guid":{"rendered":"https:\/\/www.respirelavie.fr\/vannes\/?page_id=7215"},"modified":"2022-08-17T14:20:32","modified_gmt":"2022-08-17T12:20:32","slug":"conferences-experts-2022-annulees","status":"publish","type":"page","link":"https:\/\/www.respirelavie.fr\/vannes\/conferences-experts-2022-annulees\/","title":{"rendered":"Conf\u00e9rences experts 2022"},"content":{"rendered":"<h2><strong>VENDREDI 21 JANVIER 2022<\/strong><\/h2>\n<h3 style=\"text-align: justify;\"><strong>12h00 Attention ! Un bonheur peut en cacher un autre, le saisir, l\u2019appr\u00e9cier &#8211; Joseph Triscari<\/strong><\/h3>\n<p style=\"text-align: justify;\">Un partage d\u2019expe\u0301riences et notamment transformer nos e\u0301checs en force. Joseph Triscari nous interpelle sur des questions directes afin de nous permettre de relativiser, de prendre du recul et ainsi de prendre son temps et changer sa fac\u0327on d\u2019analyser les e\u0301ve\u0300nements.<\/p>\n<p>Il s\u2019adresse a\u0300 tous ceux qui face a\u0300 un e\u0301ve\u0301nement de vie difficile, voire traumatique, ont l\u2019impression que tout est fini et que rien de bon et de beau ne peut plus leur arriver.<\/p>\n<p><img decoding=\"async\" class=\"size-thumbnail wp-image-6995 alignleft\" src=\"https:\/\/www.respirelavie.fr\/vannes\/wp-content\/uploads\/sites\/4\/2021\/12\/Sans-titre-1-150x150.jpg\" alt=\"Joseph TRISCARI\" width=\"150\" height=\"150\" srcset=\"https:\/\/www.respirelavie.fr\/vannes\/wp-content\/uploads\/sites\/4\/2021\/12\/Sans-titre-1-150x150.jpg 150w, https:\/\/www.respirelavie.fr\/vannes\/wp-content\/uploads\/sites\/4\/2021\/12\/Sans-titre-1-300x300.jpg 300w, https:\/\/www.respirelavie.fr\/vannes\/wp-content\/uploads\/sites\/4\/2021\/12\/Sans-titre-1-1024x1021.jpg 1024w, https:\/\/www.respirelavie.fr\/vannes\/wp-content\/uploads\/sites\/4\/2021\/12\/Sans-titre-1-768x766.jpg 768w, https:\/\/www.respirelavie.fr\/vannes\/wp-content\/uploads\/sites\/4\/2021\/12\/Sans-titre-1-500x500.jpg 500w, https:\/\/www.respirelavie.fr\/vannes\/wp-content\/uploads\/sites\/4\/2021\/12\/Sans-titre-1-45x45.jpg 45w, https:\/\/www.respirelavie.fr\/vannes\/wp-content\/uploads\/sites\/4\/2021\/12\/Sans-titre-1.jpg 1354w\" sizes=\"(max-width: 150px) 100vw, 150px\" \/>Joseph Triscari est psychologue clinicien psychoth\u00e9rapeute. Docteur en psychocriminologie, il est diplo\u0302me\u0301 en victimologie et en the\u0301rapie-cognitivo-comportementale (TCC) et exerce en tant que psychologue, clinicien et psychothe\u0301rapeute en milieu hospitalier. Il est, entre autres, l\u2019auteur de <em>Attention! Un bonheur peut en cacher un autre, le saisir, l<\/em><em>\u2019<\/em><em>appr<\/em><em>\u00e9cier<\/em>\u00a0, \u00e9ditions du Dauphin.<\/p>\n<p>&nbsp;<\/p>\n<h3><strong>15h30 R\u00e9sister \u00e0 la 5G et \u00e0 ses cons\u00e9quences\u2014 Stephen Kerckhove<\/strong><\/h3>\n<p style=\"text-align: justify;\">Selon Emmanuel Macron, s\u2019opposer au d\u00e9ploiement de la cinqui\u00e8me g\u00e9n\u00e9ration de t\u00e9l\u00e9phonie mobile nous conduirait tout droit au pays des amish, adeptes du retour \u00e0 la lampe \u00e0 huile. Derri\u00e8re ce m\u00e9pris mal plac\u00e9, n\u2019y aurait-il pas une peur panique d\u2019ouvrir la controverse autour du type de soci\u00e9t\u00e9 que dessine la 5G ? Un monde fait d\u2019algorithmes, de profilages et de surveillance ; un monde o\u00f9 les rapports humains sont conditionn\u00e9s \u00e0 l\u2019omnipr\u00e9sence de proth\u00e8ses communicantes, o\u00f9 les stimuli publicitaires permanents ne laissent aucun r\u00e9pit, \u00e9piant nos moindres faits et gestes, scrutant nos r\u00e9actions pavloviennes pour mieux nous emprisonner dans un e-monde extatique\u2026<\/p>\n<p>Depuis de nombreuses ann\u00e9es, la t\u00e9l\u00e9phonie mobile et plus g\u00e9n\u00e9ralement les innovations technologiques sont consid\u00e9r\u00e9es comme un sujet \u00ab ad\u00e9mocratique \u00bb. Seule une poign\u00e9e d\u2019ing\u00e9nieurs t\u00e9l\u00e9com, informaticiens et investisseurs sont admis \u00e0 penser ces innovations qui, pas-\u00e0-pas, engendrent un bouleversement profond de notre relation au monde. Le choix de soci\u00e9t\u00e9 induit par la 5G n\u00e9cessiterait au minimum un d\u00e9bat public pluraliste, contradictoire et transparent.<\/p>\n<p>Selon<img decoding=\"async\" class=\"wp-image-6975 alignleft\" src=\"https:\/\/www.respirelavie.fr\/vannes\/wp-content\/uploads\/sites\/4\/2021\/12\/Sans-titre-300x300.png\" alt=\"\" width=\"180\" height=\"180\" srcset=\"https:\/\/www.respirelavie.fr\/vannes\/wp-content\/uploads\/sites\/4\/2021\/12\/Sans-titre-300x300.png 300w, https:\/\/www.respirelavie.fr\/vannes\/wp-content\/uploads\/sites\/4\/2021\/12\/Sans-titre-1024x1021.png 1024w, https:\/\/www.respirelavie.fr\/vannes\/wp-content\/uploads\/sites\/4\/2021\/12\/Sans-titre-150x150.png 150w, https:\/\/www.respirelavie.fr\/vannes\/wp-content\/uploads\/sites\/4\/2021\/12\/Sans-titre-768x766.png 768w, https:\/\/www.respirelavie.fr\/vannes\/wp-content\/uploads\/sites\/4\/2021\/12\/Sans-titre-500x500.png 500w, https:\/\/www.respirelavie.fr\/vannes\/wp-content\/uploads\/sites\/4\/2021\/12\/Sans-titre-45x45.png 45w, https:\/\/www.respirelavie.fr\/vannes\/wp-content\/uploads\/sites\/4\/2021\/12\/Sans-titre.png 1354w\" sizes=\"(max-width: 180px) 100vw, 180px\" \/>\u00a0St\u00e9phen Kerckhove, directeur g\u00e9n\u00e9ral d\u2019Agir pour l\u2019Environnement, l\u2019heure est venue de refuser avec d\u00e9termination cette fuite vers l\u2019ab\u00eeme. En rejoignant les associations mobilis\u00e9es, en interpellant les \u00e9lus locaux, en organisant des blocages de chantiers ou encore en participant activement \u00e0 une campagne de boycott de la 5G afin d\u2019obtenir ce qui nous est d\u00fb : une plan\u00e8te soutenable !<\/p>\n<p>Stephen Kerckhove, d\u00e9l\u00e9gu\u00e9 g\u00e9n\u00e9ral d\u2019Agir pour l\u2019Environnement, association fran\u00e7aise de mobilisation citoyenne en faveur de la protection de l\u2019environnement. Militant \u00e9cologiste, il organise des campagnes de mobilisation citoyenne ciblant les responsables politiques et d\u00e9cideurs \u00e9conomiques, alliant happening et lobbying plus institutionnel. Il est l\u2019auteur de nombreux livres dont <em>Le meilleur des e mondes. R<\/em><em>\u00e9sister <\/em><em>\u00e0<\/em><em> la 5G et <\/em><em>\u00e0<\/em><em> ses cons<\/em><em>\u00e9quences<\/em>\u00a0, \u00e9ditions Rue de l\u2019\u00e9chiquier.<\/p>\n<h2><\/h2>\n<p>&nbsp;<\/p>\n<h2><strong>SAMEDI 22 JANVIER 2022<\/strong><\/h2>\n<h3><strong>12h00 Etre en bonne sant\u00e9 gr\u00e2ce au nerf vague &#8211; Jean-Marie Defossez<\/strong><\/h3>\n<p style=\"text-align: justify;\">40 outils de coach-respiration pour restaurer les capacit\u00e9s naturelles de r\u00e9paration de votre corps gr\u00e2ce \u00e0 une approche scientifique de gestion des stress bas\u00e9e sur une attention \u00e0 la respiration et au nerf vague, ces deux chefs d\u2019orchestre de notre sant\u00e9 et de notre rapport \u00e0 la vie.<\/p>\n<p><img decoding=\"async\" class=\"wp-image-6976 alignleft\" src=\"https:\/\/www.respirelavie.fr\/vannes\/wp-content\/uploads\/sites\/4\/2021\/12\/Sans-titre-1-300x300.png\" alt=\"\" width=\"176\" height=\"192\" \/><\/p>\n<p>Jean-Marie Defossez est titulaire d\u2019un doctorat en sciences zoologiques, sp\u00e9cialis\u00e9 en physiologie des stress et fondateur de lacoach-respiration\u00ae. Il a d\u00e9j\u00e0 publi\u00e9 aux \u00c9ditions Jouvence : <em>En finir avec la sous-respiration<\/em>, <em>Se prot\u00e9ger des stress, inflammations chroniques et maladies chroniques, gr\u00e2ce au nerf vague<\/em> et<br \/>\n<em>Sylvoth\u00e9rapie : le pouvoir bienfaisant des arbres<\/em>.<\/p>\n<p>En savoir plus www.coach-respiration.com et <a href=\"mailto:contact@coach-respiration.com\">contact@coach-respiration.com<\/a><\/p>\n<h3><\/h3>\n<h3><\/h3>\n<h3><\/h3>\n<h3><strong>15h30 R\u00e9v\u00e9lez votre f\u00e9minit\u00e9 sacr\u00e9e &#8211; Daisy et Julie Bodin<\/strong><\/h3>\n<p style=\"text-align: justify;\">Red\u00e9couvrez votre essence f\u00e9minine ! \u00catre femme, c\u2019est vivre sa f\u00e9minit\u00e9, sa douceur, son \u00e9motionnel. C\u2019est aussi accueillir son rythme, ses besoins sp\u00e9cifiques, ses aspirations, tout en participant \u00e0 la vie avec bienveillance et affirmation. Se reconnecter \u00e0 son f\u00e9minin sacr\u00e9, c\u2019est finalement se laisser traverser par la vie en toute conscience. En tant que femme, nous avons toutes cette p\u00e9pite en nous, cet amour universel, simple et g\u00e9n\u00e9reux, cette bienveillance envers autrui, inscrite au plus profond de notre \u00eatre et de mani\u00e8re inn\u00e9e. Nous ne sommes pas que des enveloppes biologiques qui interagissent ensemble : une \u00e9nergie plus forte nous relie les unes aux autres. Laissez-vous porter par les pages de ce voyage spirituel et accueillez l\u2019enchantement au coeur de votre f\u00e9minit\u00e9 jusqu\u2019au bout de votre sixi\u00e8me sens.<\/p>\n<p><img loading=\"lazy\" decoding=\"async\" class=\"wp-image-6977 alignleft\" src=\"https:\/\/www.respirelavie.fr\/vannes\/wp-content\/uploads\/sites\/4\/2021\/12\/Sans-titre-copie-300x300.png\" alt=\"\" width=\"183\" height=\"195\" \/><\/p>\n<p>Daisy Bodin \u2013 Vers la V\u00e9rit\u00e9 pure<\/p>\n<p>Investie dans le soin \u00e9nergique, Daisy d\u00e9veloppe ses capacit\u00e9s de gu\u00e9risseuse, revit ses vies karmiques, s\u2019essaie aux voyages chamaniques et se reconnecte avec ses m\u00e9moires akashiques. Elle reprend pleinement sa f\u00e9minit\u00e9 sacr\u00e9e et ses pouvoirs de gu\u00e9risseuses. Daisy anime des cercles de femmes et des ateliers de m\u00e9ditation. <a href=\"http:\/\/www.plumesdegaia.com\">www.plumesdegaia.com<\/a>. Co autrice avec Julie Bodin de nombreux ouvrages dont <em>Les rituels d<\/em><em>\u2019\u00e9<\/em><em>veil de la femme sacr<\/em><em>\u00e9<\/em><em>e, Les flammes jumelles en route vers soi,<\/em> \u00e9ditions Eyrolles.<\/p>\n<p>&nbsp;<\/p>\n<p><img loading=\"lazy\" decoding=\"async\" class=\"wp-image-6978 alignleft\" src=\"https:\/\/www.respirelavie.fr\/vannes\/wp-content\/uploads\/sites\/4\/2021\/12\/Sans-titre-copie-2-300x300.png\" alt=\"\" width=\"176\" height=\"203\" \/><\/p>\n<p>Julie Bodin \u2013 Tel un phoenix<\/p>\n<p>Apr\u00e8s 15 ans dans les services marketing, fi\u00e8re de montrer sa capacit\u00e9 \u00e0 relever les d\u00e9fis et \u00e0 r\u00e9pondre aux exigences de son m\u00e9tier, elle brave la vie \u00e0 la recherche de la perfection et entre dans le costume de quelqu\u2019un d\u2019autre. Apr\u00e8s un burn-out, les questions se bousculent : qui suis-je, que vais-je faire ? L\u2019opportunit\u00e9 d\u2019envisager sa vie de femme, autrement, s\u2019est impos\u00e9e, la plongeant dans l\u2019univers de la femme amazone. <a href=\"http:\/\/www.plumesdegaia.com\">www.plumesdegaia.com<\/a>. Co autrice avec Daisy Bodin de nombreux ouvrages dont <em>Les rituels d<\/em><em>\u2019\u00e9<\/em><em>veil de la femme sacr<\/em><em>\u00e9<\/em><em>e, Les flammes jumelles en route vers soi,<\/em> \u00e9ditions Eyrolles.<\/p>\n<h2><\/h2>\n<h2><\/h2>\n<h2><strong>DIMANCHE 23 JANVIER 2022<\/strong><\/h2>\n<h3><strong>12h00 Nos voies de r\u00e9silience, traverser les effondrements\u00a0&#8211; Flora Clodic-Tanguy<\/strong><\/h3>\n<p style=\"text-align: justify;\">En 2015, l\u2019ann\u00e9e des attentats de Charlie Hebdo et de la COP21, Flora Clodic-Tanguy, journaliste \u00e0 Paris, traverse une grave crise existentielle. Face aux d\u00e9fis \u00e9cologiques, aux instabilit\u00e9s politiques, aux troubles de notre \u00e9poque qui se conjuguent, quel sens donner \u00e0 sa vie ? Comment \u00eatre et s\u2019\u00e9panouir dans un monde qui s\u2019effondre ? Et comment trouver le courage d\u2019agir ? Ces questionnements la poussent \u00e0 tout quitter, ce qu\u2019elle raconte dans un premier temps, pour transformer son existence, mais aussi \u00e0 enqu\u00eater : elle part \u00e0 la rencontre de personnalit\u00e9s atypiques qui s\u2019engagent aujourd\u2019hui pour cr\u00e9er en conscience le monde de demain, plus \u00e9galitaire et plus \u00e9cologique. Elle dresse ainsi leurs portraits, sensibles et vivants, et nous d\u00e9montre, que chacun peut trouver sa voie de r\u00e9silience<\/p>\n<p><img loading=\"lazy\" decoding=\"async\" class=\"wp-image-6979 alignleft\" src=\"https:\/\/www.respirelavie.fr\/vannes\/wp-content\/uploads\/sites\/4\/2021\/12\/Sans-titre-copie-3-300x300.png\" alt=\"\" width=\"165\" height=\"165\" srcset=\"https:\/\/www.respirelavie.fr\/vannes\/wp-content\/uploads\/sites\/4\/2021\/12\/Sans-titre-copie-3-300x300.png 300w, https:\/\/www.respirelavie.fr\/vannes\/wp-content\/uploads\/sites\/4\/2021\/12\/Sans-titre-copie-3-1024x1021.png 1024w, https:\/\/www.respirelavie.fr\/vannes\/wp-content\/uploads\/sites\/4\/2021\/12\/Sans-titre-copie-3-150x150.png 150w, https:\/\/www.respirelavie.fr\/vannes\/wp-content\/uploads\/sites\/4\/2021\/12\/Sans-titre-copie-3-768x766.png 768w, https:\/\/www.respirelavie.fr\/vannes\/wp-content\/uploads\/sites\/4\/2021\/12\/Sans-titre-copie-3-500x500.png 500w, https:\/\/www.respirelavie.fr\/vannes\/wp-content\/uploads\/sites\/4\/2021\/12\/Sans-titre-copie-3-45x45.png 45w, https:\/\/www.respirelavie.fr\/vannes\/wp-content\/uploads\/sites\/4\/2021\/12\/Sans-titre-copie-3.png 1354w\" sizes=\"(max-width: 165px) 100vw, 165px\" \/><\/p>\n<p style=\"text-align: left;\">Flora Clodic-Tanguy, journaliste ind\u00e9pendante et plume, collaborait r\u00e9guli\u00e8rement au magazine Yggdrasil. Elle accompagne aussi des porteurs de projets engag\u00e9s dans leur communication, \u00e0 travers des campagnes de financement participatif (So good, La D\u00e9ferlante\u2026). Elle a co anim\u00e9 des stages sur la permaculture et l\u2019autonomie, au sein de Prise de Terre. Elle est l\u2019autrice de <em>Nos voies de r<\/em><em>\u00e9<\/em><em>silience, traverser les effondrements, <\/em>\u00a0\u00e9ditions Massot.<\/p>\n<h3><\/h3>\n<h3><\/h3>\n<h3><strong><br \/>\n15h30 Prot\u00e9ines : priorit\u00e9 au v\u00e9g\u00e9tal &#8211; Dr Lylian Le Goff<\/strong><\/h3>\n<p>Il est aujourd\u2019hui essentiel de r\u00e9duire notre consommation de viande afin de prot\u00e9ger notre sant\u00e9 et la plan\u00e8te. Le Dr Lylian Le Goff propose de (re)d\u00e9couvrir les prot\u00e9ines d\u2019origine v\u00e9g\u00e9tale (c\u00e9r\u00e9ales, l\u00e9gumineuses, fruits \u00e0 coque, etc.). En plus d\u2019\u00eatre \u00e9conomiques, elles sont indispensables \u00e0 une alimentation saine, \u00e9quilibr\u00e9e, vari\u00e9e, riche en nutriments protecteurs, tout en \u00e9tant \u00e0 la port\u00e9e de tous car tr\u00e8s \u00e9conomiques. En s\u2019appuyant notamment sur les r\u00e9gimes cr\u00e9tois ou m\u00e9diterran\u00e9en, il renoue avec le bon sens et le fruit de l\u2019exp\u00e9rience.<\/p>\n<p><img loading=\"lazy\" decoding=\"async\" class=\"wp-image-6980 alignleft\" src=\"https:\/\/www.respirelavie.fr\/vannes\/wp-content\/uploads\/sites\/4\/2021\/12\/Sans-titre-copie-4-300x300.png\" alt=\"\" width=\"178\" height=\"178\" srcset=\"https:\/\/www.respirelavie.fr\/vannes\/wp-content\/uploads\/sites\/4\/2021\/12\/Sans-titre-copie-4-300x300.png 300w, https:\/\/www.respirelavie.fr\/vannes\/wp-content\/uploads\/sites\/4\/2021\/12\/Sans-titre-copie-4-1024x1021.png 1024w, https:\/\/www.respirelavie.fr\/vannes\/wp-content\/uploads\/sites\/4\/2021\/12\/Sans-titre-copie-4-150x150.png 150w, https:\/\/www.respirelavie.fr\/vannes\/wp-content\/uploads\/sites\/4\/2021\/12\/Sans-titre-copie-4-768x766.png 768w, https:\/\/www.respirelavie.fr\/vannes\/wp-content\/uploads\/sites\/4\/2021\/12\/Sans-titre-copie-4-500x500.png 500w, https:\/\/www.respirelavie.fr\/vannes\/wp-content\/uploads\/sites\/4\/2021\/12\/Sans-titre-copie-4-45x45.png 45w, https:\/\/www.respirelavie.fr\/vannes\/wp-content\/uploads\/sites\/4\/2021\/12\/Sans-titre-copie-4.png 1354w\" sizes=\"(max-width: 178px) 100vw, 178px\" \/><\/p>\n<p>Dr Lylian Le Goff est m\u00e9decin, environnementaliste, auteur et formateur. Il est l\u2019un des pionniers de la restauration collective bio sans surco\u00fbt. Il est impliqu\u00e9 dans l\u2019av\u00e8nement d\u2019un d\u00e9veloppement soutenable en faisant valoir les relations entre l\u2019environnement, la sant\u00e9 et une alimentation \u00e9quilibr\u00e9e de qualit\u00e9 pour tous. Il est l\u2019auteur, entre autres, de <em>Manger bio, c\u2019est pas du luxe <\/em>\u00a0et <em>Prot\u00e9ines : priorit\u00e9 au v\u00e9g\u00e9tal, <\/em>\u00e9ditions Terre Vivante.<\/p>\n","protected":false},"excerpt":{"rendered":"<p>VENDREDI 21 JANVIER 2022 12h00 Attention ! Un bonheur peut en cacher un autre, le saisir, l\u2019appr\u00e9cier &#8211; Joseph Triscari Un partage d\u2019expe\u0301riences et notamment transformer nos e\u0301checs en force. Joseph Triscari nous interpelle sur des questions directes afin de nous permettre de relativiser, de prendre du recul et ainsi de prendre son temps et&hellip; <\/p>\n","protected":false},"author":7,"featured_media":0,"parent":0,"menu_order":0,"comment_status":"closed","ping_status":"closed","template":"","meta":{"_monsterinsights_skip_tracking":false,"_monsterinsights_sitenote_active":false,"_monsterinsights_sitenote_note":"","_monsterinsights_sitenote_category":0,"footnotes":""},"class_list":["post-7215","page","type-page","status-publish","hentry"],"yoast_head":"<!-- This site is optimized with the Yoast SEO plugin v27.3 - https:\/\/yoast.com\/product\/yoast-seo-wordpress\/ -->\n<title>Conf\u00e9rences experts 2022 - RESPIRE VANNES<\/title>\n<meta name=\"robots\" content=\"index, follow, max-snippet:-1, max-image-preview:large, max-video-preview:-1\" \/>\n<link rel=\"canonical\" href=\"https:\/\/www.respirelavie.fr\/vannes\/conferences-experts-2022-annulees\/\" \/>\n<meta property=\"og:locale\" content=\"fr_FR\" \/>\n<meta property=\"og:type\" content=\"article\" \/>\n<meta property=\"og:title\" content=\"Conf\u00e9rences experts 2022 - RESPIRE VANNES\" \/>\n<meta property=\"og:description\" content=\"VENDREDI 21 JANVIER 2022 12h00 Attention ! Un bonheur peut en cacher un autre, le saisir, l\u2019appr\u00e9cier &#8211; Joseph Triscari Un partage d\u2019expe\u0301riences et notamment transformer nos e\u0301checs en force. Joseph Triscari nous interpelle sur des questions directes afin de nous permettre de relativiser, de prendre du recul et ainsi de prendre son temps et&hellip;\" \/>\n<meta property=\"og:url\" content=\"https:\/\/www.respirelavie.fr\/vannes\/conferences-experts-2022-annulees\/\" \/>\n<meta property=\"og:site_name\" content=\"RESPIRE VANNES\" \/>\n<meta property=\"article:modified_time\" content=\"2022-08-17T12:20:32+00:00\" \/>\n<meta property=\"og:image\" content=\"https:\/\/www.respirelavie.fr\/vannes\/wp-content\/uploads\/sites\/4\/2021\/12\/Sans-titre-1-150x150.jpg\" \/>\n<meta name=\"twitter:card\" content=\"summary_large_image\" \/>\n<meta name=\"twitter:label1\" content=\"Dur\u00e9e de lecture estim\u00e9e\" \/>\n\t<meta name=\"twitter:data1\" content=\"7 minutes\" \/>\n<script type=\"application\/ld+json\" class=\"yoast-schema-graph\">{\"@context\":\"https:\\\/\\\/schema.org\",\"@graph\":[{\"@type\":\"WebPage\",\"@id\":\"https:\\\/\\\/www.respirelavie.fr\\\/vannes\\\/conferences-experts-2022-annulees\\\/\",\"url\":\"https:\\\/\\\/www.respirelavie.fr\\\/vannes\\\/conferences-experts-2022-annulees\\\/\",\"name\":\"Conf\u00e9rences experts 2022 - RESPIRE VANNES\",\"isPartOf\":{\"@id\":\"http:\\\/\\\/www.respirelavie.fr\\\/vannes\\\/#website\"},\"primaryImageOfPage\":{\"@id\":\"https:\\\/\\\/www.respirelavie.fr\\\/vannes\\\/conferences-experts-2022-annulees\\\/#primaryimage\"},\"image\":{\"@id\":\"https:\\\/\\\/www.respirelavie.fr\\\/vannes\\\/conferences-experts-2022-annulees\\\/#primaryimage\"},\"thumbnailUrl\":\"https:\\\/\\\/www.respirelavie.fr\\\/vannes\\\/wp-content\\\/uploads\\\/sites\\\/4\\\/2021\\\/12\\\/Sans-titre-1-150x150.jpg\",\"datePublished\":\"2022-08-16T15:40:21+00:00\",\"dateModified\":\"2022-08-17T12:20:32+00:00\",\"breadcrumb\":{\"@id\":\"https:\\\/\\\/www.respirelavie.fr\\\/vannes\\\/conferences-experts-2022-annulees\\\/#breadcrumb\"},\"inLanguage\":\"fr-FR\",\"potentialAction\":[{\"@type\":\"ReadAction\",\"target\":[\"https:\\\/\\\/www.respirelavie.fr\\\/vannes\\\/conferences-experts-2022-annulees\\\/\"]}]},{\"@type\":\"ImageObject\",\"inLanguage\":\"fr-FR\",\"@id\":\"https:\\\/\\\/www.respirelavie.fr\\\/vannes\\\/conferences-experts-2022-annulees\\\/#primaryimage\",\"url\":\"https:\\\/\\\/www.respirelavie.fr\\\/vannes\\\/wp-content\\\/uploads\\\/sites\\\/4\\\/2021\\\/12\\\/Sans-titre-1.jpg\",\"contentUrl\":\"https:\\\/\\\/www.respirelavie.fr\\\/vannes\\\/wp-content\\\/uploads\\\/sites\\\/4\\\/2021\\\/12\\\/Sans-titre-1.jpg\",\"width\":1354,\"height\":1350,\"caption\":\"Joseph TRISCARI\"},{\"@type\":\"BreadcrumbList\",\"@id\":\"https:\\\/\\\/www.respirelavie.fr\\\/vannes\\\/conferences-experts-2022-annulees\\\/#breadcrumb\",\"itemListElement\":[{\"@type\":\"ListItem\",\"position\":1,\"name\":\"Accueil\",\"item\":\"http:\\\/\\\/www.respirelavie.fr\\\/vannes\\\/\"},{\"@type\":\"ListItem\",\"position\":2,\"name\":\"Conf\u00e9rences experts 2022\"}]},{\"@type\":\"WebSite\",\"@id\":\"http:\\\/\\\/www.respirelavie.fr\\\/vannes\\\/#website\",\"url\":\"http:\\\/\\\/www.respirelavie.fr\\\/vannes\\\/\",\"name\":\"RESPIRE VANNES\",\"description\":\"RESPIRE : votre salon bio, bien-\u00eatre et habitat sain \u00e0 Vannes\",\"publisher\":{\"@id\":\"http:\\\/\\\/www.respirelavie.fr\\\/vannes\\\/#organization\"},\"potentialAction\":[{\"@type\":\"SearchAction\",\"target\":{\"@type\":\"EntryPoint\",\"urlTemplate\":\"http:\\\/\\\/www.respirelavie.fr\\\/vannes\\\/?s={search_term_string}\"},\"query-input\":{\"@type\":\"PropertyValueSpecification\",\"valueRequired\":true,\"valueName\":\"search_term_string\"}}],\"inLanguage\":\"fr-FR\"},{\"@type\":\"Organization\",\"@id\":\"http:\\\/\\\/www.respirelavie.fr\\\/vannes\\\/#organization\",\"name\":\"RESPIRE VANNES\",\"url\":\"http:\\\/\\\/www.respirelavie.fr\\\/vannes\\\/\",\"logo\":{\"@type\":\"ImageObject\",\"inLanguage\":\"fr-FR\",\"@id\":\"http:\\\/\\\/www.respirelavie.fr\\\/vannes\\\/#\\\/schema\\\/logo\\\/image\\\/\",\"url\":\"https:\\\/\\\/www.respirelavie.fr\\\/vannes\\\/wp-content\\\/uploads\\\/sites\\\/4\\\/2024\\\/10\\\/cropped-cropped-cropped-Logo-RESPIRE-vannes-2025-1-1.png\",\"contentUrl\":\"https:\\\/\\\/www.respirelavie.fr\\\/vannes\\\/wp-content\\\/uploads\\\/sites\\\/4\\\/2024\\\/10\\\/cropped-cropped-cropped-Logo-RESPIRE-vannes-2025-1-1.png\",\"width\":797,\"height\":145,\"caption\":\"RESPIRE VANNES\"},\"image\":{\"@id\":\"http:\\\/\\\/www.respirelavie.fr\\\/vannes\\\/#\\\/schema\\\/logo\\\/image\\\/\"}}]}<\/script>\n<!-- \/ Yoast SEO plugin. -->","yoast_head_json":{"title":"Conf\u00e9rences experts 2022 - RESPIRE VANNES","robots":{"index":"index","follow":"follow","max-snippet":"max-snippet:-1","max-image-preview":"max-image-preview:large","max-video-preview":"max-video-preview:-1"},"canonical":"https:\/\/www.respirelavie.fr\/vannes\/conferences-experts-2022-annulees\/","og_locale":"fr_FR","og_type":"article","og_title":"Conf\u00e9rences experts 2022 - RESPIRE VANNES","og_description":"VENDREDI 21 JANVIER 2022 12h00 Attention ! Un bonheur peut en cacher un autre, le saisir, l\u2019appr\u00e9cier &#8211; Joseph Triscari Un partage d\u2019expe\u0301riences et notamment transformer nos e\u0301checs en force. Joseph Triscari nous interpelle sur des questions directes afin de nous permettre de relativiser, de prendre du recul et ainsi de prendre son temps et&hellip;","og_url":"https:\/\/www.respirelavie.fr\/vannes\/conferences-experts-2022-annulees\/","og_site_name":"RESPIRE VANNES","article_modified_time":"2022-08-17T12:20:32+00:00","og_image":[{"url":"https:\/\/www.respirelavie.fr\/vannes\/wp-content\/uploads\/sites\/4\/2021\/12\/Sans-titre-1-150x150.jpg","type":"","width":"","height":""}],"twitter_card":"summary_large_image","twitter_misc":{"Dur\u00e9e de lecture estim\u00e9e":"7 minutes"},"schema":{"@context":"https:\/\/schema.org","@graph":[{"@type":"WebPage","@id":"https:\/\/www.respirelavie.fr\/vannes\/conferences-experts-2022-annulees\/","url":"https:\/\/www.respirelavie.fr\/vannes\/conferences-experts-2022-annulees\/","name":"Conf\u00e9rences experts 2022 - RESPIRE VANNES","isPartOf":{"@id":"http:\/\/www.respirelavie.fr\/vannes\/#website"},"primaryImageOfPage":{"@id":"https:\/\/www.respirelavie.fr\/vannes\/conferences-experts-2022-annulees\/#primaryimage"},"image":{"@id":"https:\/\/www.respirelavie.fr\/vannes\/conferences-experts-2022-annulees\/#primaryimage"},"thumbnailUrl":"https:\/\/www.respirelavie.fr\/vannes\/wp-content\/uploads\/sites\/4\/2021\/12\/Sans-titre-1-150x150.jpg","datePublished":"2022-08-16T15:40:21+00:00","dateModified":"2022-08-17T12:20:32+00:00","breadcrumb":{"@id":"https:\/\/www.respirelavie.fr\/vannes\/conferences-experts-2022-annulees\/#breadcrumb"},"inLanguage":"fr-FR","potentialAction":[{"@type":"ReadAction","target":["https:\/\/www.respirelavie.fr\/vannes\/conferences-experts-2022-annulees\/"]}]},{"@type":"ImageObject","inLanguage":"fr-FR","@id":"https:\/\/www.respirelavie.fr\/vannes\/conferences-experts-2022-annulees\/#primaryimage","url":"https:\/\/www.respirelavie.fr\/vannes\/wp-content\/uploads\/sites\/4\/2021\/12\/Sans-titre-1.jpg","contentUrl":"https:\/\/www.respirelavie.fr\/vannes\/wp-content\/uploads\/sites\/4\/2021\/12\/Sans-titre-1.jpg","width":1354,"height":1350,"caption":"Joseph TRISCARI"},{"@type":"BreadcrumbList","@id":"https:\/\/www.respirelavie.fr\/vannes\/conferences-experts-2022-annulees\/#breadcrumb","itemListElement":[{"@type":"ListItem","position":1,"name":"Accueil","item":"http:\/\/www.respirelavie.fr\/vannes\/"},{"@type":"ListItem","position":2,"name":"Conf\u00e9rences experts 2022"}]},{"@type":"WebSite","@id":"http:\/\/www.respirelavie.fr\/vannes\/#website","url":"http:\/\/www.respirelavie.fr\/vannes\/","name":"RESPIRE VANNES","description":"RESPIRE : votre salon bio, bien-\u00eatre et habitat sain \u00e0 Vannes","publisher":{"@id":"http:\/\/www.respirelavie.fr\/vannes\/#organization"},"potentialAction":[{"@type":"SearchAction","target":{"@type":"EntryPoint","urlTemplate":"http:\/\/www.respirelavie.fr\/vannes\/?s={search_term_string}"},"query-input":{"@type":"PropertyValueSpecification","valueRequired":true,"valueName":"search_term_string"}}],"inLanguage":"fr-FR"},{"@type":"Organization","@id":"http:\/\/www.respirelavie.fr\/vannes\/#organization","name":"RESPIRE VANNES","url":"http:\/\/www.respirelavie.fr\/vannes\/","logo":{"@type":"ImageObject","inLanguage":"fr-FR","@id":"http:\/\/www.respirelavie.fr\/vannes\/#\/schema\/logo\/image\/","url":"https:\/\/www.respirelavie.fr\/vannes\/wp-content\/uploads\/sites\/4\/2024\/10\/cropped-cropped-cropped-Logo-RESPIRE-vannes-2025-1-1.png","contentUrl":"https:\/\/www.respirelavie.fr\/vannes\/wp-content\/uploads\/sites\/4\/2024\/10\/cropped-cropped-cropped-Logo-RESPIRE-vannes-2025-1-1.png","width":797,"height":145,"caption":"RESPIRE VANNES"},"image":{"@id":"http:\/\/www.respirelavie.fr\/vannes\/#\/schema\/logo\/image\/"}}]}},"_links":{"self":[{"href":"https:\/\/www.respirelavie.fr\/vannes\/wp-json\/wp\/v2\/pages\/7215","targetHints":{"allow":["GET"]}}],"collection":[{"href":"https:\/\/www.respirelavie.fr\/vannes\/wp-json\/wp\/v2\/pages"}],"about":[{"href":"https:\/\/www.respirelavie.fr\/vannes\/wp-json\/wp\/v2\/types\/page"}],"author":[{"embeddable":true,"href":"https:\/\/www.respirelavie.fr\/vannes\/wp-json\/wp\/v2\/users\/7"}],"replies":[{"embeddable":true,"href":"https:\/\/www.respirelavie.fr\/vannes\/wp-json\/wp\/v2\/comments?post=7215"}],"version-history":[{"count":2,"href":"https:\/\/www.respirelavie.fr\/vannes\/wp-json\/wp\/v2\/pages\/7215\/revisions"}],"predecessor-version":[{"id":7238,"href":"https:\/\/www.respirelavie.fr\/vannes\/wp-json\/wp\/v2\/pages\/7215\/revisions\/7238"}],"wp:attachment":[{"href":"https:\/\/www.respirelavie.fr\/vannes\/wp-json\/wp\/v2\/media?parent=7215"}],"curies":[{"name":"wp","href":"https:\/\/api.w.org\/{rel}","templated":true}]}}