{"id":7246,"date":"2022-08-17T14:24:27","date_gmt":"2022-08-17T12:24:27","guid":{"rendered":"https:\/\/www.respirelavie.fr\/vannes\/?page_id=7246"},"modified":"2022-08-17T14:24:27","modified_gmt":"2022-08-17T12:24:27","slug":"animations-speciales-2022","status":"publish","type":"page","link":"https:\/\/www.respirelavie.fr\/vannes\/animations-speciales-2022\/","title":{"rendered":"Animations sp\u00e9ciales 2022"},"content":{"rendered":"<p><strong><span style=\"font-size: 12pt;\"><a id=\"parentalite\"><\/a><a href=\"#parentalite\">ESPACE PARENTALIT\u00c9<\/a><br \/>\n<a href=\"#ecologique\">ESPACE HABITAT \u00c9COLOGIQUE<\/a><br \/>\n<a href=\"#detente\">ESPACE D\u00c9TENTE<\/a><br \/>\n<a href=\"#enfants\">LE COIN DES ENFANTS<\/a><br \/>\n<a href=\"#chamanique\">CONCERT CHAMANIQUE<\/a><\/span><\/strong><\/p>\n<h2><\/h2>\n<h2><strong>ESPACE PARENTALIT\u00c9<\/strong><\/h2>\n<p>Espace anim\u00e9 par l\u2019association Passerelles 56 autour de la parentalit\u00e9 et l\u2019accompagnement de la femme et des familles dans la p\u00e9riode p\u00e9rinatale. Dans un esprit de transmission, de mise en lien de femmes \u00e0 femmes, parents \u00e0 parents, parents \u00e0 professionnels\u2026<\/p>\n<p><img decoding=\"async\" class=\"size-medium wp-image-5171 alignleft\" src=\"https:\/\/www.respirelavie.fr\/vannes\/wp-content\/uploads\/sites\/4\/2019\/01\/image001-300x162.png\" alt=\"\" width=\"300\" height=\"162\" srcset=\"https:\/\/www.respirelavie.fr\/vannes\/wp-content\/uploads\/sites\/4\/2019\/01\/image001-300x162.png 300w, https:\/\/www.respirelavie.fr\/vannes\/wp-content\/uploads\/sites\/4\/2019\/01\/image001-500x271.png 500w, https:\/\/www.respirelavie.fr\/vannes\/wp-content\/uploads\/sites\/4\/2019\/01\/image001-150x81.png 150w, https:\/\/www.respirelavie.fr\/vannes\/wp-content\/uploads\/sites\/4\/2019\/01\/image001.png 554w\" sizes=\"(max-width: 300px) 100vw, 300px\" \/><\/p>\n<p>&nbsp;<\/p>\n<p>L\u2019association <strong>PasserElles 56<\/strong> s\u2019implique dans le soutien aux parents et futurs parents de la pr\u00e9conception aux premiers mois de l\u2019enfant, en passant par le deuil et autres moments de passages.<\/p>\n<p>Nous d\u00e9sirons faire d\u00e9couvrir l\u2019activit\u00e9 d\u2019accompagnante \u00e0 la naissance (doula), encore m\u00e9connu, autant aux parents qui peuvent avoir besoin d\u2019informations, d\u2019\u00e9coute et de relais, qu\u2019aux professionnels de l\u2019accompagnement p\u00e9rinatal du secteur, afin de travailler en r\u00e9seau.<\/p>\n<p>Pour cela, nous proposons diff\u00e9rents \u00e9v\u00e9nements :<\/p>\n<ul>\n<li>Des sessions de formations : \u00ab Accompagner la vie \u00bb I. CHALLUT, \u00ab Accompagner le d\u00e9sir d\u2019Enfant \u00bb 1001 f\u00e9condit\u00e9s.<\/li>\n<li>Des temps de rencontre lors de salons : Respire la vie de Vannes, Le cri du Coquelicot \u00e0 Camors, La petite Graine \u00e0 Erdeven<\/li>\n<li>Des moments d\u2019\u00e9changes : conf\u00e9rence \u00ab A la d\u00e9couverte de la Naissance gr\u00e2ce aux mythes et aux rituels \u00bb par Isabelle CHALLUT et Odile TRESCH \u00e0 St Gildas de Rhuys, projection\/d\u00e9bat du film \u00ab Accoucher autrement \u00bb au cin\u00e9ma Ti Hanok d\u2019Auray, ateliers \u00ab Maman papote \u00bb \u00e0 Arradon, atelier \u00ab Couches lavables \u00bb au Centre bien-\u00eatre \u00e0 la Source de Baud, \u00ab Caf\u00e9 Pousette\u00bb \u00e0 l\u2019Espace associatif de Carnac la Maison SAGET.<\/li>\n<\/ul>\n<p>Ainsi que la pi\u00e8ce de th\u00e9\u00e2tre \u00ab Au bonheur des femmes \u00bb par la troupe d\u2019Arts en Sc\u00e8ne. Car la question de la f\u00e9minit\u00e9 et la place de la femme dans notre soci\u00e9t\u00e9 nous touche \u00e9galement beaucoup.<\/p>\n<p><strong><em>A propos de l\u2019association<\/em><\/strong><br \/>\nCr\u00e9\u00e9e en 2018 par 3 accompagnantes \u00e0 la naissance, issues de 3 formations diff\u00e9rentes, l\u2019\u00e9quipe s\u2019\u00e9toffe de nouvelles accompagnantes p\u00e9rinatales et d\u2019autres professionnelles de l\u2019accompagnement ayant des propositions sp\u00e9cifiques.<\/p>\n<p><em><strong>A propos de l\u2019\u00e9quipe\u00a0<\/strong><\/em><\/p>\n<ul>\n<li>Catherine MISSOTTE \u2013 Accompagnante (Formation Ecole Darg\u00e8re) de Camors<\/li>\n<li>C\u00e9line El FOUNI \u2013 Accompagnante (Formation Centre Pleine Lune) d\u2019Arradon<\/li>\n<li>Caroline COTTALORDA &#8211; Accompagnante (Formation Doulas de France) d\u2019Erdeven<a id=\"ecologique\"><\/a><\/li>\n<li>Gwen MASSOT &#8211; Accompagnante (Formation Doulas de France) d\u2019Auray<\/li>\n<li>Val\u00e9rie HESTERS \u2013 Accompagnante (Formation Centre Pleine Lune), de Lorient<\/li>\n<li>Marie-Pierre FERLAND &#8211; Praticienne Shiatsu, massage, ATMA femmes enceintes, \u00e0 Auray<em>Plus d\u2019informations sur le <a href=\"http:\/\/www.passerelles56.com\/\" target=\"_blank\" rel=\"noopener noreferrer\">site internet<\/a> et la page Association PasserElles 56<\/em><\/li>\n<\/ul>\n<h2><\/h2>\n<p>&nbsp;<\/p>\n<h2><strong>ESPACE HABITAT \u00c9COLOGIQUE<\/strong><\/h2>\n<p><img decoding=\"async\" class=\" wp-image-6969 alignleft\" src=\"https:\/\/www.respirelavie.fr\/vannes\/wp-content\/uploads\/sites\/4\/2021\/12\/po\u0302le-habitat-e\u0301cologiquepng-268x300.png\" alt=\"\" width=\"200\" height=\"224\" srcset=\"https:\/\/www.respirelavie.fr\/vannes\/wp-content\/uploads\/sites\/4\/2021\/12\/po\u0302le-habitat-e\u0301cologiquepng-268x300.png 268w, https:\/\/www.respirelavie.fr\/vannes\/wp-content\/uploads\/sites\/4\/2021\/12\/po\u0302le-habitat-e\u0301cologiquepng-150x168.png 150w, https:\/\/www.respirelavie.fr\/vannes\/wp-content\/uploads\/sites\/4\/2021\/12\/po\u0302le-habitat-e\u0301cologiquepng.png 322w\" sizes=\"(max-width: 200px) 100vw, 200px\" \/><\/p>\n<p>&nbsp;<\/p>\n<p>D\u00e9monstration de finitions d\u00e9coratives avec des mat\u00e9riaux Biosourc\u00e9s par le P\u00f4le Habitat \u00c9cologique : r\u00e9alisation de fresques, utilisation d&#8217;un enduit \u00e0 l&#8217;argile et d&#8217;un enduit \u00e0 la chaux. <em>Tous les jours en continu sur le stand.<br \/>\n<\/em><\/p>\n<p>&nbsp;<\/p>\n<p>&nbsp;<\/p>\n<p>Vendredi : premi\u00e8re passe de pr\u00e9paration des supports<\/p>\n<p>Samedi\u00a0: r\u00e9alisation de deux effets de mati\u00e8re pour la r\u00e9alisation d\u2019un Marmorino et<a id=\"detente\"><\/a> d\u2019un Travertino<\/p>\n<p>Dimanche\u00a0: r\u00e9alisation d\u2019une fresque<\/p>\n<p>Conf\u00e9rences\u00a0: les finitions d\u00e9coratives \u00e0 l\u2019argile (date et heure \u00e0 confirmer) et l\u2019isolation des b\u00e2timents en pierres (avant-guerre) (date et heure \u00e0 confirmer)<\/p>\n<p>&nbsp;<\/p>\n<h2><strong>ESPACE D\u00c9TENTE<a id=\"enfants\"><\/a><\/strong><\/h2>\n<p><img fetchpriority=\"high\" decoding=\"async\" class=\"wp-image-6463 alignleft lazyloaded\" src=\"https:\/\/www.salon-naturabio.com\/wp-content\/uploads\/2019\/09\/SIEGE.jpg\" alt=\"\" width=\"201\" height=\"292\" data-lazy-src=\"https:\/\/www.salon-naturabio.com\/wp-content\/uploads\/2019\/09\/SIEGE.jpg\" data-was-processed=\"true\" \/><\/p>\n<p>&nbsp;<\/p>\n<p>&nbsp;<\/p>\n<p>Venez-vous relaxer chez <strong><em>Bois et Forme<\/em><\/strong>, un mobilier au plus proche de l\u2019arbre par ses courbes et ses mouvements.<\/p>\n<p>&nbsp;<\/p>\n<p>&nbsp;<\/p>\n<h2><\/h2>\n<h2><\/h2>\n<p>&nbsp;<\/p>\n<h2><strong>LE COIN DES ENFANTS<a id=\"chamanique\"><\/a><\/strong><\/h2>\n<p><img decoding=\"async\" class=\"alignleft\" src=\"https:\/\/www.respirelavie.fr\/poitiers\/wp-content\/uploads\/sites\/3\/2019\/09\/le-coin-des-enfants-300x200.jpg\" \/><\/p>\n<p><strong>Anim\u00e9 par la T\u00eate et Les Mains<\/strong><\/p>\n<p>Animations cr\u00e9atives et bricolages nature \u00e0 base de mat\u00e9riaux de r\u00e9cup\u00e9ration. Samedi et dimanche, \u00e0 partir de 3 ans.<\/p>\n<p>&nbsp;<\/p>\n<p>&nbsp;<\/p>\n<p>&nbsp;<\/p>\n<h2><strong>CONCERT CHAMANIQUE<\/strong><\/h2>\n<p><img loading=\"lazy\" decoding=\"async\" class=\"size-medium wp-image-6999 alignleft\" src=\"https:\/\/www.respirelavie.fr\/vannes\/wp-content\/uploads\/sites\/4\/2021\/12\/image1-300x265.jpeg\" alt=\"\" width=\"300\" height=\"265\" srcset=\"https:\/\/www.respirelavie.fr\/vannes\/wp-content\/uploads\/sites\/4\/2021\/12\/image1-300x265.jpeg 300w, https:\/\/www.respirelavie.fr\/vannes\/wp-content\/uploads\/sites\/4\/2021\/12\/image1-1024x905.jpeg 1024w, https:\/\/www.respirelavie.fr\/vannes\/wp-content\/uploads\/sites\/4\/2021\/12\/image1-768x679.jpeg 768w, https:\/\/www.respirelavie.fr\/vannes\/wp-content\/uploads\/sites\/4\/2021\/12\/image1-1536x1357.jpeg 1536w, https:\/\/www.respirelavie.fr\/vannes\/wp-content\/uploads\/sites\/4\/2021\/12\/image1-150x133.jpeg 150w, https:\/\/www.respirelavie.fr\/vannes\/wp-content\/uploads\/sites\/4\/2021\/12\/image1-500x442.jpeg 500w, https:\/\/www.respirelavie.fr\/vannes\/wp-content\/uploads\/sites\/4\/2021\/12\/image1.jpeg 1711w\" sizes=\"(max-width: 300px) 100vw, 300px\" \/><\/p>\n<p>&nbsp;<\/p>\n<p><strong>Anim\u00e9 par Oowake<\/strong><\/p>\n<p>Venez accompagner le dragon Ildanav \u00e0 la rencontre des hommes.<\/p>\n<p>&nbsp;<\/p>\n<p>&nbsp;<\/p>\n<p>&nbsp;<\/p>\n<p>&nbsp;<\/p>\n","protected":false},"excerpt":{"rendered":"<p>ESPACE PARENTALIT\u00c9 ESPACE HABITAT \u00c9COLOGIQUE ESPACE D\u00c9TENTE LE COIN DES ENFANTS CONCERT CHAMANIQUE ESPACE PARENTALIT\u00c9 Espace anim\u00e9 par l\u2019association Passerelles 56 autour de la parentalit\u00e9 et l\u2019accompagnement de la femme et des familles dans la p\u00e9riode p\u00e9rinatale. Dans un esprit de transmission, de mise en lien de femmes \u00e0 femmes, parents \u00e0 parents, parents \u00e0&hellip; <\/p>\n","protected":false},"author":7,"featured_media":0,"parent":0,"menu_order":0,"comment_status":"closed","ping_status":"closed","template":"","meta":{"_monsterinsights_skip_tracking":false,"_monsterinsights_sitenote_active":false,"_monsterinsights_sitenote_note":"","_monsterinsights_sitenote_category":0,"footnotes":""},"class_list":["post-7246","page","type-page","status-publish","hentry"],"yoast_head":"<!-- This site is optimized with the Yoast SEO plugin v27.3 - https:\/\/yoast.com\/product\/yoast-seo-wordpress\/ -->\n<title>Animations sp\u00e9ciales 2022 - RESPIRE VANNES<\/title>\n<meta name=\"robots\" content=\"index, follow, max-snippet:-1, max-image-preview:large, max-video-preview:-1\" \/>\n<link rel=\"canonical\" href=\"https:\/\/www.respirelavie.fr\/vannes\/animations-speciales-2022\/\" \/>\n<meta property=\"og:locale\" content=\"fr_FR\" \/>\n<meta property=\"og:type\" content=\"article\" \/>\n<meta property=\"og:title\" content=\"Animations sp\u00e9ciales 2022 - RESPIRE VANNES\" \/>\n<meta property=\"og:description\" content=\"ESPACE PARENTALIT\u00c9 ESPACE HABITAT \u00c9COLOGIQUE ESPACE D\u00c9TENTE LE COIN DES ENFANTS CONCERT CHAMANIQUE ESPACE PARENTALIT\u00c9 Espace anim\u00e9 par l\u2019association Passerelles 56 autour de la parentalit\u00e9 et l\u2019accompagnement de la femme et des familles dans la p\u00e9riode p\u00e9rinatale. Dans un esprit de transmission, de mise en lien de femmes \u00e0 femmes, parents \u00e0 parents, parents \u00e0&hellip;\" \/>\n<meta property=\"og:url\" content=\"https:\/\/www.respirelavie.fr\/vannes\/animations-speciales-2022\/\" \/>\n<meta property=\"og:site_name\" content=\"RESPIRE VANNES\" \/>\n<meta property=\"og:image\" content=\"https:\/\/www.respirelavie.fr\/vannes\/wp-content\/uploads\/sites\/4\/2019\/01\/image001-300x162.png\" \/>\n<meta name=\"twitter:card\" content=\"summary_large_image\" \/>\n<meta name=\"twitter:label1\" content=\"Dur\u00e9e de lecture estim\u00e9e\" \/>\n\t<meta name=\"twitter:data1\" content=\"3 minutes\" \/>\n<script type=\"application\/ld+json\" class=\"yoast-schema-graph\">{\"@context\":\"https:\\\/\\\/schema.org\",\"@graph\":[{\"@type\":\"WebPage\",\"@id\":\"https:\\\/\\\/www.respirelavie.fr\\\/vannes\\\/animations-speciales-2022\\\/\",\"url\":\"https:\\\/\\\/www.respirelavie.fr\\\/vannes\\\/animations-speciales-2022\\\/\",\"name\":\"Animations sp\u00e9ciales 2022 - RESPIRE VANNES\",\"isPartOf\":{\"@id\":\"http:\\\/\\\/www.respirelavie.fr\\\/vannes\\\/#website\"},\"primaryImageOfPage\":{\"@id\":\"https:\\\/\\\/www.respirelavie.fr\\\/vannes\\\/animations-speciales-2022\\\/#primaryimage\"},\"image\":{\"@id\":\"https:\\\/\\\/www.respirelavie.fr\\\/vannes\\\/animations-speciales-2022\\\/#primaryimage\"},\"thumbnailUrl\":\"https:\\\/\\\/www.respirelavie.fr\\\/vannes\\\/wp-content\\\/uploads\\\/sites\\\/4\\\/2019\\\/01\\\/image001-300x162.png\",\"datePublished\":\"2022-08-17T12:24:27+00:00\",\"breadcrumb\":{\"@id\":\"https:\\\/\\\/www.respirelavie.fr\\\/vannes\\\/animations-speciales-2022\\\/#breadcrumb\"},\"inLanguage\":\"fr-FR\",\"potentialAction\":[{\"@type\":\"ReadAction\",\"target\":[\"https:\\\/\\\/www.respirelavie.fr\\\/vannes\\\/animations-speciales-2022\\\/\"]}]},{\"@type\":\"ImageObject\",\"inLanguage\":\"fr-FR\",\"@id\":\"https:\\\/\\\/www.respirelavie.fr\\\/vannes\\\/animations-speciales-2022\\\/#primaryimage\",\"url\":\"https:\\\/\\\/www.respirelavie.fr\\\/vannes\\\/wp-content\\\/uploads\\\/sites\\\/4\\\/2019\\\/01\\\/image001.png\",\"contentUrl\":\"https:\\\/\\\/www.respirelavie.fr\\\/vannes\\\/wp-content\\\/uploads\\\/sites\\\/4\\\/2019\\\/01\\\/image001.png\",\"width\":554,\"height\":300},{\"@type\":\"BreadcrumbList\",\"@id\":\"https:\\\/\\\/www.respirelavie.fr\\\/vannes\\\/animations-speciales-2022\\\/#breadcrumb\",\"itemListElement\":[{\"@type\":\"ListItem\",\"position\":1,\"name\":\"Accueil\",\"item\":\"http:\\\/\\\/www.respirelavie.fr\\\/vannes\\\/\"},{\"@type\":\"ListItem\",\"position\":2,\"name\":\"Animations sp\u00e9ciales 2022\"}]},{\"@type\":\"WebSite\",\"@id\":\"http:\\\/\\\/www.respirelavie.fr\\\/vannes\\\/#website\",\"url\":\"http:\\\/\\\/www.respirelavie.fr\\\/vannes\\\/\",\"name\":\"RESPIRE VANNES\",\"description\":\"RESPIRE : votre salon bio, bien-\u00eatre et habitat sain \u00e0 Vannes\",\"publisher\":{\"@id\":\"http:\\\/\\\/www.respirelavie.fr\\\/vannes\\\/#organization\"},\"potentialAction\":[{\"@type\":\"SearchAction\",\"target\":{\"@type\":\"EntryPoint\",\"urlTemplate\":\"http:\\\/\\\/www.respirelavie.fr\\\/vannes\\\/?s={search_term_string}\"},\"query-input\":{\"@type\":\"PropertyValueSpecification\",\"valueRequired\":true,\"valueName\":\"search_term_string\"}}],\"inLanguage\":\"fr-FR\"},{\"@type\":\"Organization\",\"@id\":\"http:\\\/\\\/www.respirelavie.fr\\\/vannes\\\/#organization\",\"name\":\"RESPIRE VANNES\",\"url\":\"http:\\\/\\\/www.respirelavie.fr\\\/vannes\\\/\",\"logo\":{\"@type\":\"ImageObject\",\"inLanguage\":\"fr-FR\",\"@id\":\"http:\\\/\\\/www.respirelavie.fr\\\/vannes\\\/#\\\/schema\\\/logo\\\/image\\\/\",\"url\":\"https:\\\/\\\/www.respirelavie.fr\\\/vannes\\\/wp-content\\\/uploads\\\/sites\\\/4\\\/2024\\\/10\\\/cropped-cropped-cropped-Logo-RESPIRE-vannes-2025-1-1.png\",\"contentUrl\":\"https:\\\/\\\/www.respirelavie.fr\\\/vannes\\\/wp-content\\\/uploads\\\/sites\\\/4\\\/2024\\\/10\\\/cropped-cropped-cropped-Logo-RESPIRE-vannes-2025-1-1.png\",\"width\":797,\"height\":145,\"caption\":\"RESPIRE VANNES\"},\"image\":{\"@id\":\"http:\\\/\\\/www.respirelavie.fr\\\/vannes\\\/#\\\/schema\\\/logo\\\/image\\\/\"}}]}<\/script>\n<!-- \/ Yoast SEO plugin. -->","yoast_head_json":{"title":"Animations sp\u00e9ciales 2022 - RESPIRE VANNES","robots":{"index":"index","follow":"follow","max-snippet":"max-snippet:-1","max-image-preview":"max-image-preview:large","max-video-preview":"max-video-preview:-1"},"canonical":"https:\/\/www.respirelavie.fr\/vannes\/animations-speciales-2022\/","og_locale":"fr_FR","og_type":"article","og_title":"Animations sp\u00e9ciales 2022 - RESPIRE VANNES","og_description":"ESPACE PARENTALIT\u00c9 ESPACE HABITAT \u00c9COLOGIQUE ESPACE D\u00c9TENTE LE COIN DES ENFANTS CONCERT CHAMANIQUE ESPACE PARENTALIT\u00c9 Espace anim\u00e9 par l\u2019association Passerelles 56 autour de la parentalit\u00e9 et l\u2019accompagnement de la femme et des familles dans la p\u00e9riode p\u00e9rinatale. Dans un esprit de transmission, de mise en lien de femmes \u00e0 femmes, parents \u00e0 parents, parents \u00e0&hellip;","og_url":"https:\/\/www.respirelavie.fr\/vannes\/animations-speciales-2022\/","og_site_name":"RESPIRE VANNES","og_image":[{"url":"https:\/\/www.respirelavie.fr\/vannes\/wp-content\/uploads\/sites\/4\/2019\/01\/image001-300x162.png","type":"","width":"","height":""}],"twitter_card":"summary_large_image","twitter_misc":{"Dur\u00e9e de lecture estim\u00e9e":"3 minutes"},"schema":{"@context":"https:\/\/schema.org","@graph":[{"@type":"WebPage","@id":"https:\/\/www.respirelavie.fr\/vannes\/animations-speciales-2022\/","url":"https:\/\/www.respirelavie.fr\/vannes\/animations-speciales-2022\/","name":"Animations sp\u00e9ciales 2022 - RESPIRE VANNES","isPartOf":{"@id":"http:\/\/www.respirelavie.fr\/vannes\/#website"},"primaryImageOfPage":{"@id":"https:\/\/www.respirelavie.fr\/vannes\/animations-speciales-2022\/#primaryimage"},"image":{"@id":"https:\/\/www.respirelavie.fr\/vannes\/animations-speciales-2022\/#primaryimage"},"thumbnailUrl":"https:\/\/www.respirelavie.fr\/vannes\/wp-content\/uploads\/sites\/4\/2019\/01\/image001-300x162.png","datePublished":"2022-08-17T12:24:27+00:00","breadcrumb":{"@id":"https:\/\/www.respirelavie.fr\/vannes\/animations-speciales-2022\/#breadcrumb"},"inLanguage":"fr-FR","potentialAction":[{"@type":"ReadAction","target":["https:\/\/www.respirelavie.fr\/vannes\/animations-speciales-2022\/"]}]},{"@type":"ImageObject","inLanguage":"fr-FR","@id":"https:\/\/www.respirelavie.fr\/vannes\/animations-speciales-2022\/#primaryimage","url":"https:\/\/www.respirelavie.fr\/vannes\/wp-content\/uploads\/sites\/4\/2019\/01\/image001.png","contentUrl":"https:\/\/www.respirelavie.fr\/vannes\/wp-content\/uploads\/sites\/4\/2019\/01\/image001.png","width":554,"height":300},{"@type":"BreadcrumbList","@id":"https:\/\/www.respirelavie.fr\/vannes\/animations-speciales-2022\/#breadcrumb","itemListElement":[{"@type":"ListItem","position":1,"name":"Accueil","item":"http:\/\/www.respirelavie.fr\/vannes\/"},{"@type":"ListItem","position":2,"name":"Animations sp\u00e9ciales 2022"}]},{"@type":"WebSite","@id":"http:\/\/www.respirelavie.fr\/vannes\/#website","url":"http:\/\/www.respirelavie.fr\/vannes\/","name":"RESPIRE VANNES","description":"RESPIRE : votre salon bio, bien-\u00eatre et habitat sain \u00e0 Vannes","publisher":{"@id":"http:\/\/www.respirelavie.fr\/vannes\/#organization"},"potentialAction":[{"@type":"SearchAction","target":{"@type":"EntryPoint","urlTemplate":"http:\/\/www.respirelavie.fr\/vannes\/?s={search_term_string}"},"query-input":{"@type":"PropertyValueSpecification","valueRequired":true,"valueName":"search_term_string"}}],"inLanguage":"fr-FR"},{"@type":"Organization","@id":"http:\/\/www.respirelavie.fr\/vannes\/#organization","name":"RESPIRE VANNES","url":"http:\/\/www.respirelavie.fr\/vannes\/","logo":{"@type":"ImageObject","inLanguage":"fr-FR","@id":"http:\/\/www.respirelavie.fr\/vannes\/#\/schema\/logo\/image\/","url":"https:\/\/www.respirelavie.fr\/vannes\/wp-content\/uploads\/sites\/4\/2024\/10\/cropped-cropped-cropped-Logo-RESPIRE-vannes-2025-1-1.png","contentUrl":"https:\/\/www.respirelavie.fr\/vannes\/wp-content\/uploads\/sites\/4\/2024\/10\/cropped-cropped-cropped-Logo-RESPIRE-vannes-2025-1-1.png","width":797,"height":145,"caption":"RESPIRE VANNES"},"image":{"@id":"http:\/\/www.respirelavie.fr\/vannes\/#\/schema\/logo\/image\/"}}]}},"_links":{"self":[{"href":"https:\/\/www.respirelavie.fr\/vannes\/wp-json\/wp\/v2\/pages\/7246","targetHints":{"allow":["GET"]}}],"collection":[{"href":"https:\/\/www.respirelavie.fr\/vannes\/wp-json\/wp\/v2\/pages"}],"about":[{"href":"https:\/\/www.respirelavie.fr\/vannes\/wp-json\/wp\/v2\/types\/page"}],"author":[{"embeddable":true,"href":"https:\/\/www.respirelavie.fr\/vannes\/wp-json\/wp\/v2\/users\/7"}],"replies":[{"embeddable":true,"href":"https:\/\/www.respirelavie.fr\/vannes\/wp-json\/wp\/v2\/comments?post=7246"}],"version-history":[{"count":1,"href":"https:\/\/www.respirelavie.fr\/vannes\/wp-json\/wp\/v2\/pages\/7246\/revisions"}],"predecessor-version":[{"id":7247,"href":"https:\/\/www.respirelavie.fr\/vannes\/wp-json\/wp\/v2\/pages\/7246\/revisions\/7247"}],"wp:attachment":[{"href":"https:\/\/www.respirelavie.fr\/vannes\/wp-json\/wp\/v2\/media?parent=7246"}],"curies":[{"name":"wp","href":"https:\/\/api.w.org\/{rel}","templated":true}]}}