{"id":9049,"date":"2024-11-18T09:44:56","date_gmt":"2024-11-18T08:44:56","guid":{"rendered":"https:\/\/www.respirelavie.fr\/vannes\/?page_id=9049"},"modified":"2024-11-18T09:45:30","modified_gmt":"2024-11-18T08:45:30","slug":"9049-2","status":"publish","type":"page","link":"https:\/\/www.respirelavie.fr\/vannes\/9049-2\/","title":{"rendered":"Conf\u00e9rences experts"},"content":{"rendered":"<h2><strong>Vendredi 19 Janvier<\/strong><\/h2>\n<h3><strong>15h30 <\/strong><strong>Voyage personnel \u00e0 travers l\u2019autohypnose- Isabelle Robineau et Julien Lachaume<\/strong><\/h3>\n<p>Isabelle et julien vous plongent dans le fascinant domaine de l&#8217;autohypnose, une technique permettant d&#8217;explorer et d&#8217;influencer votre propre esprit. Au cours de cette conf\u00e9rence, vous prendrez conscience du potentiel transformateur de l&#8217;autohypnose. Vous explorerez comment cette pratique peut \u00eatre int\u00e9gr\u00e9e dans votre vie quotidienne pour favoriser l\u2019\u00e9panouissement personnel, la r\u00e9silience \u00e9motionnelle et le bien \u00eatre global.<\/p>\n<p><strong><img decoding=\"async\" class=\" wp-image-8149 alignleft\" src=\"https:\/\/www.respirelavie.fr\/vannes\/wp-content\/uploads\/sites\/4\/2023\/12\/IsabelleRobineau-1-300x300.jpeg\" alt=\"\" width=\"180\" height=\"180\" srcset=\"https:\/\/www.respirelavie.fr\/vannes\/wp-content\/uploads\/sites\/4\/2023\/12\/IsabelleRobineau-1-300x300.jpeg 300w, https:\/\/www.respirelavie.fr\/vannes\/wp-content\/uploads\/sites\/4\/2023\/12\/IsabelleRobineau-1-150x150.jpeg 150w, https:\/\/www.respirelavie.fr\/vannes\/wp-content\/uploads\/sites\/4\/2023\/12\/IsabelleRobineau-1-45x45.jpeg 45w, https:\/\/www.respirelavie.fr\/vannes\/wp-content\/uploads\/sites\/4\/2023\/12\/IsabelleRobineau-1.jpeg 480w\" sizes=\"(max-width: 180px) 100vw, 180px\" \/>Robineau Isabelle <\/strong>est p\u00e9dicure podologue depuis une vingtaine d\u2019ann\u00e9es. Elle vit et travaille au Mans. Titulaire d\u2019un dipl\u00f4me de praticien et ma\u00eetre praticien en hypnose, cette pratique est un outil suppl\u00e9mentaire pour les soins et le bien-\u00eatre de ses patients. Elle est l\u2019auteure du livre <em>L\u2019autohypnose adapt\u00e9e \u00e0 mes besoins, 64 audios pour r\u00e9ussir<\/em>, \u00e9ditions du Dauphin\u00a0avec<\/p>\n<p><img decoding=\"async\" class=\"alignright wp-image-8150 \" src=\"https:\/\/www.respirelavie.fr\/vannes\/wp-content\/uploads\/sites\/4\/2023\/12\/Julien-Lachaume-1-scaled-e1701859920132.jpg\" alt=\"\" width=\"213\" height=\"191\" srcset=\"https:\/\/www.respirelavie.fr\/vannes\/wp-content\/uploads\/sites\/4\/2023\/12\/Julien-Lachaume-1-scaled-e1701859920132.jpg 1548w, https:\/\/www.respirelavie.fr\/vannes\/wp-content\/uploads\/sites\/4\/2023\/12\/Julien-Lachaume-1-scaled-e1701859920132-300x269.jpg 300w, https:\/\/www.respirelavie.fr\/vannes\/wp-content\/uploads\/sites\/4\/2023\/12\/Julien-Lachaume-1-scaled-e1701859920132-1024x917.jpg 1024w, https:\/\/www.respirelavie.fr\/vannes\/wp-content\/uploads\/sites\/4\/2023\/12\/Julien-Lachaume-1-scaled-e1701859920132-768x688.jpg 768w, https:\/\/www.respirelavie.fr\/vannes\/wp-content\/uploads\/sites\/4\/2023\/12\/Julien-Lachaume-1-scaled-e1701859920132-1536x1375.jpg 1536w, https:\/\/www.respirelavie.fr\/vannes\/wp-content\/uploads\/sites\/4\/2023\/12\/Julien-Lachaume-1-scaled-e1701859920132-150x134.jpg 150w, https:\/\/www.respirelavie.fr\/vannes\/wp-content\/uploads\/sites\/4\/2023\/12\/Julien-Lachaume-1-scaled-e1701859920132-500x448.jpg 500w\" sizes=\"(max-width: 213px) 100vw, 213px\" \/><\/p>\n<p><strong>Julien <\/strong><strong>Lachaume<\/strong>, kin\u00e9sith\u00e9rapeute et ost\u00e9opathe depuis une dizaine d\u2019ann\u00e9es. Il vit et travaille pr\u00e8s de Poitiers. Aujourd\u2019hui, titulaire d\u2019un dipl\u00f4me de praticien et ma\u00eetre praticien en hypnose, cette pratique est un outil suppl\u00e9mentaire pour les soins et le bien-\u00eatre de ses patients.<\/p>\n<p>&nbsp;<\/p>\n<p>&nbsp;<\/p>\n<p>Ils ont eu l\u2019inspiration d\u2019\u00e9crire ce livre en observant l\u2019int\u00e9gration r\u00e9ussie de l\u2019autohypnose dans leur pratique m\u00e9dicale, ainsi que son appropriation par leurs patients pour soulager leurs maux eux-m\u00eames. Leur objectif en \u00e9crivant ce livre est avant tout de donner les outils n\u00e9cessaires aux lecteurs pour leur permettre d\u2019atteindre leurs objectifs de bien-\u00eatre de mani\u00e8re autonome.<\/p>\n<p>&nbsp;<\/p>\n<h2><strong>Samedi 20 Janvier<\/strong><\/h2>\n<h3><strong>11h30 Un outil pratique et objectif pour faire des choix et prendre les meilleures d\u00e9cisions, pour vous accompagner au quotidien et vous guider dans l<\/strong><strong>\u2019<\/strong><strong>accomplissement de vos projets &#8211; Sylvia Cordonnier<\/strong><\/h3>\n<p>Le Qi Men Dun Jia est une technique utilis\u00e9e en Asie et qui a de multiples fonctions\u00a0: aide \u00e0 la prise de d\u00e9cisions, connaissance de soi et de nos freins, utilisation de notre type d\u2019intuition pour atteindre notre raison d\u2019\u00eatre, exp\u00e9riences de vie et strat\u00e9gies pour atteindre nos objectifs.<\/p>\n<p><img decoding=\"async\" class=\"wp-image-8151 alignleft\" src=\"https:\/\/www.respirelavie.fr\/vannes\/wp-content\/uploads\/sites\/4\/2023\/12\/SylviaCordonnier-9-scaled-e1701860031995.jpg\" alt=\"\" width=\"182\" height=\"196\" srcset=\"https:\/\/www.respirelavie.fr\/vannes\/wp-content\/uploads\/sites\/4\/2023\/12\/SylviaCordonnier-9-scaled-e1701860031995.jpg 1770w, https:\/\/www.respirelavie.fr\/vannes\/wp-content\/uploads\/sites\/4\/2023\/12\/SylviaCordonnier-9-scaled-e1701860031995-278x300.jpg 278w, https:\/\/www.respirelavie.fr\/vannes\/wp-content\/uploads\/sites\/4\/2023\/12\/SylviaCordonnier-9-scaled-e1701860031995-950x1024.jpg 950w, https:\/\/www.respirelavie.fr\/vannes\/wp-content\/uploads\/sites\/4\/2023\/12\/SylviaCordonnier-9-scaled-e1701860031995-768x827.jpg 768w, https:\/\/www.respirelavie.fr\/vannes\/wp-content\/uploads\/sites\/4\/2023\/12\/SylviaCordonnier-9-scaled-e1701860031995-1426x1536.jpg 1426w, https:\/\/www.respirelavie.fr\/vannes\/wp-content\/uploads\/sites\/4\/2023\/12\/SylviaCordonnier-9-scaled-e1701860031995-150x162.jpg 150w, https:\/\/www.respirelavie.fr\/vannes\/wp-content\/uploads\/sites\/4\/2023\/12\/SylviaCordonnier-9-scaled-e1701860031995-464x500.jpg 464w\" sizes=\"(max-width: 182px) 100vw, 182px\" \/>Form\u00e9e par Joey Yap,\u00a0<strong>Sylvia\u00a0Cordonnier\u00a0<\/strong>est aujourd\u2019hui consultante et formatrice en Feng Shui, mais aussi dans une toute nouvelle discipline, \u00e9mergente en France : le Qi Men Dun Jia.\u00a0Professionnels, d\u00e9butants, hommes d\u2019affaires, dirigeants, coachs, pratiquants en sciences m\u00e9taphysiques chinoises ou Yi King, elle donne des formations tous niveaux partout en France et dans le monde pour d\u00e9couvrir et pratiquer cet outil. Elle est l\u2019autrice du livre <em>Initiation au Qi Men Dun Jia, <\/em>\u00e9ditions du Dauphin.<\/p>\n<p>&nbsp;<\/p>\n<p><a href=\"http:\/\/www.evolution-fengshui.fr\/\" target=\"_blank\" rel=\"noopener\">Site internet Feng-Shui\u00a0<\/a>&#8211;\u00a0<a href=\"https:\/\/www.qimendunjia.fr\/\" target=\"_blank\" rel=\"noopener\">Site internet Qi Men Dun Jia<\/a> &#8211;\u00a0<a href=\"https:\/\/www.formationqimen.com\/\" target=\"_blank\" rel=\"noopener\">Formations<\/a> &#8211;\u00a0<a href=\"https:\/\/www.qimendunjia.fr\/livre\" target=\"_blank\" rel=\"noopener\">Livre : Initiation au Qi Men Dun Jia\u00a0<\/a><\/p>\n<p>&nbsp;<\/p>\n<h2><strong>Samedi 20 Janvier<\/strong><\/h2>\n<h3><strong>15h Vos 4 dimensions \u00e9nerg\u00e9tiques et leur implication dans votre vie quotidienne &#8211; Mary Laure Teyssedre<\/strong><\/h3>\n<p><strong>\u00a0<\/strong>Durant cette conf\u00e9rence, Mary Laure Teyssedre, autrice de &#8220;L&#8217;ancrage \u00e9nerg\u00e9tique&#8221; et &#8220;Alignement Centrage Ancrage Enracinement&#8221; vous fera d\u00e9couvrir que vous \u00eates bien plus que qui vous croyez \u00eatre, et vous pr\u00e9sentera pourquoi et comment l&#8217;approche \u00e9nerg\u00e9tique peut changer votre vie au quotidien.<\/p>\n<p><strong><img loading=\"lazy\" decoding=\"async\" class=\" wp-image-8152 alignleft\" src=\"https:\/\/www.respirelavie.fr\/vannes\/wp-content\/uploads\/sites\/4\/2023\/12\/photo-mary-laure-detouree-cercle-corrigee-e1701860102306-300x292.jpg\" alt=\"\" width=\"184\" height=\"179\" srcset=\"https:\/\/www.respirelavie.fr\/vannes\/wp-content\/uploads\/sites\/4\/2023\/12\/photo-mary-laure-detouree-cercle-corrigee-e1701860102306-300x292.jpg 300w, https:\/\/www.respirelavie.fr\/vannes\/wp-content\/uploads\/sites\/4\/2023\/12\/photo-mary-laure-detouree-cercle-corrigee-e1701860102306-1024x996.jpg 1024w, https:\/\/www.respirelavie.fr\/vannes\/wp-content\/uploads\/sites\/4\/2023\/12\/photo-mary-laure-detouree-cercle-corrigee-e1701860102306-768x747.jpg 768w, https:\/\/www.respirelavie.fr\/vannes\/wp-content\/uploads\/sites\/4\/2023\/12\/photo-mary-laure-detouree-cercle-corrigee-e1701860102306-150x146.jpg 150w, https:\/\/www.respirelavie.fr\/vannes\/wp-content\/uploads\/sites\/4\/2023\/12\/photo-mary-laure-detouree-cercle-corrigee-e1701860102306-500x486.jpg 500w, https:\/\/www.respirelavie.fr\/vannes\/wp-content\/uploads\/sites\/4\/2023\/12\/photo-mary-laure-detouree-cercle-corrigee-e1701860102306-45x45.jpg 45w, https:\/\/www.respirelavie.fr\/vannes\/wp-content\/uploads\/sites\/4\/2023\/12\/photo-mary-laure-detouree-cercle-corrigee-e1701860102306.jpg 1131w\" sizes=\"(max-width: 184px) 100vw, 184px\" \/>Mary Laure Teyssedre<\/strong> est romanci\u00e8re et autrice de d\u00e9veloppement personnel et \u00e9nerg\u00e9tique. (+ de 110 000 lecteurs). Psycho-\u00e9nerg\u00e9ticienne durant plus de 20 ans, elle est dipl\u00f4m\u00e9e de l\u2019Ecole de Barbara Ann Brennan School of Healing\u00ae. Elle est aussi conf\u00e9renci\u00e8re et formatrice. Autrice aux \u00e9ditions Jouvence de\u00a0<em>Alignement, Centrage Ancrage Enracinement<\/em>,\u00a0<em>L<\/em><em>\u2019<\/em><em>ancrage<\/em><em>\u00a0\u00e9nerg\u00e9tique\u00a0<\/em>et\u00a0<em>Sur le chemin du coeur<\/em>, son premier roman, qui illustre parfaitement ces concepts.<\/p>\n<p>&nbsp;<\/p>\n<p><a href=\"http:\/\/www.marylaure-teyssedre.com\" target=\"_blank\" rel=\"noopener\">Site internet<\/a> &#8211;\u00a0@marylaureteyssedre<\/p>\n<h2><strong>Dimanche 21<\/strong><strong> Janvier<\/strong><\/h2>\n<h3><strong>11h30 <\/strong><strong>L<\/strong><strong>\u2019<\/strong><strong>Art du Yoga, un voyage du corps physique aux dimensions subtiles &#8211; Sreemati<\/strong><\/h3>\n<p><strong>\u00a0<\/strong>\u00c0 travers les douze salutations aux plan\u00e8tes de l&#8217;Integral Vinyasa Yoga,\u00a0Sreemati\u00a0explore les \u00e9tapes qui jalonnent le chemin d&#8217;un yoga profond et complet. Chaque salutation, en lien avec la symbolique des plan\u00e8tes, est une porte d&#8217;entr\u00e9e vers une compr\u00e9hension plus profonde de soi et de l&#8217;univers qui nous entoure. Cette approche novatrice permet d&#8217;appr\u00e9hender le yoga dans sa dimension physique, \u00e0 travers les postures, tout en explorant des plans plus subtils avec les exercices de respiration, de concentration et de m\u00e9ditation. Elle offre une perspective unique sur la pratique du yoga, invitant chacun \u00e0 embrasser une v\u00e9ritable transformation.<\/p>\n<p><strong><img loading=\"lazy\" decoding=\"async\" class=\" wp-image-8154 alignleft\" src=\"https:\/\/www.respirelavie.fr\/vannes\/wp-content\/uploads\/sites\/4\/2023\/12\/Photo-Sreemati-2-c-Sebastien-Dolidon-e1701860191927-300x293.jpg\" alt=\"\" width=\"185\" height=\"181\" srcset=\"https:\/\/www.respirelavie.fr\/vannes\/wp-content\/uploads\/sites\/4\/2023\/12\/Photo-Sreemati-2-c-Sebastien-Dolidon-e1701860191927-300x293.jpg 300w, https:\/\/www.respirelavie.fr\/vannes\/wp-content\/uploads\/sites\/4\/2023\/12\/Photo-Sreemati-2-c-Sebastien-Dolidon-e1701860191927-150x147.jpg 150w, https:\/\/www.respirelavie.fr\/vannes\/wp-content\/uploads\/sites\/4\/2023\/12\/Photo-Sreemati-2-c-Sebastien-Dolidon-e1701860191927-500x489.jpg 500w, https:\/\/www.respirelavie.fr\/vannes\/wp-content\/uploads\/sites\/4\/2023\/12\/Photo-Sreemati-2-c-Sebastien-Dolidon-e1701860191927-45x45.jpg 45w, https:\/\/www.respirelavie.fr\/vannes\/wp-content\/uploads\/sites\/4\/2023\/12\/Photo-Sreemati-2-c-Sebastien-Dolidon-e1701860191927.jpg 671w\" sizes=\"(max-width: 185px) 100vw, 185px\" \/>Sreemati <\/strong>a commenc\u00e9 le Yoga en 1987 et enseigne depuis 1995. Elle a d\u00e9velopp\u00e9 la m\u00e9thode \u00a0Integral Vinyasa Yoga<strong>\u00a0<\/strong>\u00a0(Yoga IVY). Cette approche est le fruit de nombreuses ann\u00e9es de pratique dans diff\u00e9rents styles de yoga, ainsi que de recherches approfondies dans d&#8217;autres disciplines. Ses s\u00e9jours en Inde, aux c\u00f4t\u00e9s d&#8217;Amma, grande figure spirituelle contemporaine, ont contribu\u00e9 \u00e0 enrichir sa compr\u00e9hension et son enseignement du Yoga.<\/p>\n<p>&nbsp;<\/p>\n<p>En parall\u00e8le, Sreemati a \u00e9tudi\u00e9 l&#8217;astrologie humaniste qu\u2019elle utilise comme outil d&#8217;\u00e9volution et de connaissance de soi. Elle joue \u00e9galement un r\u00f4le dans la formation de futurs enseignants de yoga.<\/p>\n<p>Pendant dix ans , elle a \u00e9t\u00e9 \u00e9ditrice du magazine Esprit Yoga et a dirig\u00e9 le studio de Yoga Espace Sattva \u00e0 Paris. Aujourd&#8217;hui, elle est install\u00e9e dans le Morbihan, o\u00f9 elle a r\u00e9cemment ouvert un lieu d\u00e9di\u00e9 au Yoga, \u00e0 la formation, aux cures d\u00e9tox et aux je\u00fbnes. Elle est l\u2019autrice du livre <em>Le grand livre des salutations<\/em>, \u00e9ditions La Plage.<\/p>\n<p>sreemati.yoga<br \/>\nLetempsestvenu.eu<br \/>\nInstagram : yogasreemati<\/p>\n<h3><strong>15h Vivre avec l\u2019\u00e9co-lucidit\u00e9<\/strong><strong> &#8211; <\/strong><strong>\u00a0Or\u00e9gane Plailly et Tanguy Descamps<\/strong><\/h3>\n<p>\u201cNous sommes \u00e9co-lucides, politico-anxieux et ultra-motiv\u00e9s\u201d : tel est le message de<\/p>\n<p>Tanguy Descamps, Maxime Ollivier et Or\u00e9gane Plailly qui d\u00e9cortiquent ici le ph\u00e9nom\u00e8ne de l\u2019\u00e9co-anxi\u00e9t\u00e9 \u2013 ce sentiment de peur face \u00e0 l\u2019urgence du d\u00e9r\u00e8glement climatique \u2013 et partagent leur exp\u00e9rience pour mieux le vivre. Face au portrait, parfois r\u00e9ducteur, dress\u00e9 par les m\u00e9dias d\u2019une \u201cg\u00e9n\u00e9ration \u00e9co-anxieuse\u201d, l\u2019\u00e9co-lucidit\u00e9 permet de sortir de la pathologisation d\u2019une r\u00e9action tout \u00e0 fait l\u00e9gitime \u00e0 la situation \u00e9cologique alarmante que nous vivons.<\/p>\n<p>Il s\u2019agit de politiser la source de cette inqui\u00e9tude : la faiblesse du pouvoir politique actuel pour enrayer, att\u00e9nuer et s\u2019adapter \u00e0 la crise du vivant. Ainsi red\u00e9finie, la politico-anxi\u00e9t\u00e9 nous lib\u00e8re du sentiment d\u2019impuissance pour engager des actions collectives ambitieuses. L\u2019\u00e9co-lucidit\u00e9 est un signal favorable \u00e0 l\u2019engagement ; une source d\u2019\u00e9panouissement d\u00e8s lors que la crainte de l\u2019avenir est comprise et transform\u00e9e en d\u00e9sir d\u2019agir.<\/p>\n<p>Pour tous les \u00e9co-anxieux, ceux qui en connaissent ou ceux qui ne savent pas encore qu\u2019ils traversent cet \u00e9tat, cet \u00e9change favorisera le sentiment d\u2019appartenance \u00e0 la communaut\u00e9 radicale, raisonnable, cr\u00e9ative et joyeuse des \u00e9co-lucides.<\/p>\n<p><strong><img loading=\"lazy\" decoding=\"async\" class=\" wp-image-8155 alignleft\" src=\"https:\/\/www.respirelavie.fr\/vannes\/wp-content\/uploads\/sites\/4\/2023\/12\/Tanguy-Descamps-e1701860266146-235x300.jpg\" alt=\"\" width=\"183\" height=\"234\" srcset=\"https:\/\/www.respirelavie.fr\/vannes\/wp-content\/uploads\/sites\/4\/2023\/12\/Tanguy-Descamps-e1701860266146-235x300.jpg 235w, https:\/\/www.respirelavie.fr\/vannes\/wp-content\/uploads\/sites\/4\/2023\/12\/Tanguy-Descamps-e1701860266146-150x191.jpg 150w, https:\/\/www.respirelavie.fr\/vannes\/wp-content\/uploads\/sites\/4\/2023\/12\/Tanguy-Descamps-e1701860266146-392x500.jpg 392w, https:\/\/www.respirelavie.fr\/vannes\/wp-content\/uploads\/sites\/4\/2023\/12\/Tanguy-Descamps-e1701860266146.jpg 493w\" sizes=\"(max-width: 183px) 100vw, 183px\" \/>Tanguy Descamps<\/strong> partage son temps entre l\u2019enseignement (limites plan\u00e9taires, bascule \u00e9cologique, art et \u00e9cologie), l\u2019\u00e9criture et la photographie. Riche de son exp\u00e9rience au sein de La Bascule, il a codirig\u00e9, avec Maxime Olliver, le recueil de t\u00e9moignages militants <em>Basculons !<\/em> (Actes Sud, 2022). Il a co \u00e9crit le livre <em>Vivre avec <\/em><em>l\u2019\u00e9co-anxi\u00e9t\u00e9 <\/em><em>l\u2019\u00e9co-lucidit\u00e9, <\/em>collection Je Passe A l\u2019Acte, \u00e9ditions Actes Sud.<\/p>\n<p>&nbsp;<\/p>\n<p>&nbsp;<\/p>\n<p>&nbsp;<\/p>\n<p><strong><img loading=\"lazy\" decoding=\"async\" class=\" wp-image-8156 alignleft\" src=\"https:\/\/www.respirelavie.fr\/vannes\/wp-content\/uploads\/sites\/4\/2023\/12\/OreganePlailly-scaled-e1701860316567-259x300.jpg\" alt=\"\" width=\"181\" height=\"210\" srcset=\"https:\/\/www.respirelavie.fr\/vannes\/wp-content\/uploads\/sites\/4\/2023\/12\/OreganePlailly-scaled-e1701860316567-259x300.jpg 259w, https:\/\/www.respirelavie.fr\/vannes\/wp-content\/uploads\/sites\/4\/2023\/12\/OreganePlailly-scaled-e1701860316567-884x1024.jpg 884w, https:\/\/www.respirelavie.fr\/vannes\/wp-content\/uploads\/sites\/4\/2023\/12\/OreganePlailly-scaled-e1701860316567-768x890.jpg 768w, https:\/\/www.respirelavie.fr\/vannes\/wp-content\/uploads\/sites\/4\/2023\/12\/OreganePlailly-scaled-e1701860316567-1326x1536.jpg 1326w, https:\/\/www.respirelavie.fr\/vannes\/wp-content\/uploads\/sites\/4\/2023\/12\/OreganePlailly-scaled-e1701860316567-150x174.jpg 150w, https:\/\/www.respirelavie.fr\/vannes\/wp-content\/uploads\/sites\/4\/2023\/12\/OreganePlailly-scaled-e1701860316567-432x500.jpg 432w, https:\/\/www.respirelavie.fr\/vannes\/wp-content\/uploads\/sites\/4\/2023\/12\/OreganePlailly-scaled-e1701860316567.jpg 1484w\" sizes=\"(max-width: 181px) 100vw, 181px\" \/>Or\u00e9gane Plailly <\/strong>manie le crayon depuis toujours. Historienne de l\u2019art, elle valorise le patrimoine vivant et oriente ses illustrations vers un avenir plus d\u00e9sirable. Avec ses deux amis Tanguy Descamps et Maxime Ollivier, elle a illustr\u00e9 le livre <em>Vivre avec <\/em><em>l\u2019\u00e9co-anxi\u00e9t\u00e9 <\/em><em>l\u2019\u00e9co-lucidit\u00e9<\/em>, collection Je Passe A l\u2019Acte, \u00e9ditions Actes Sud.<\/p>\n<p>&nbsp;<\/p>\n<p>&nbsp;<\/p>\n","protected":false},"excerpt":{"rendered":"<p>Vendredi 19 Janvier 15h30 Voyage personnel \u00e0 travers l\u2019autohypnose- Isabelle Robineau et Julien Lachaume Isabelle et julien vous plongent dans le fascinant domaine de l&#8217;autohypnose, une technique permettant d&#8217;explorer et d&#8217;influencer votre propre esprit. Au cours de cette conf\u00e9rence, vous prendrez conscience du potentiel transformateur de l&#8217;autohypnose. Vous explorerez comment cette pratique peut \u00eatre int\u00e9gr\u00e9e&hellip; <\/p>\n","protected":false},"author":5,"featured_media":0,"parent":0,"menu_order":0,"comment_status":"closed","ping_status":"closed","template":"","meta":{"_monsterinsights_skip_tracking":false,"_monsterinsights_sitenote_active":false,"_monsterinsights_sitenote_note":"","_monsterinsights_sitenote_category":0,"footnotes":""},"class_list":["post-9049","page","type-page","status-publish","hentry"],"yoast_head":"<!-- This site is optimized with the Yoast SEO plugin v27.3 - https:\/\/yoast.com\/product\/yoast-seo-wordpress\/ -->\n<title>Conf\u00e9rences experts - RESPIRE VANNES<\/title>\n<meta name=\"robots\" content=\"index, follow, max-snippet:-1, max-image-preview:large, max-video-preview:-1\" \/>\n<link rel=\"canonical\" href=\"https:\/\/www.respirelavie.fr\/vannes\/9049-2\/\" \/>\n<meta property=\"og:locale\" content=\"fr_FR\" \/>\n<meta property=\"og:type\" content=\"article\" \/>\n<meta property=\"og:title\" content=\"Conf\u00e9rences experts - RESPIRE VANNES\" \/>\n<meta property=\"og:description\" content=\"Vendredi 19 Janvier 15h30 Voyage personnel \u00e0 travers l\u2019autohypnose- Isabelle Robineau et Julien Lachaume Isabelle et julien vous plongent dans le fascinant domaine de l&#8217;autohypnose, une technique permettant d&#8217;explorer et d&#8217;influencer votre propre esprit. Au cours de cette conf\u00e9rence, vous prendrez conscience du potentiel transformateur de l&#8217;autohypnose. Vous explorerez comment cette pratique peut \u00eatre int\u00e9gr\u00e9e&hellip;\" \/>\n<meta property=\"og:url\" content=\"https:\/\/www.respirelavie.fr\/vannes\/9049-2\/\" \/>\n<meta property=\"og:site_name\" content=\"RESPIRE VANNES\" \/>\n<meta property=\"article:modified_time\" content=\"2024-11-18T08:45:30+00:00\" \/>\n<meta property=\"og:image\" content=\"https:\/\/www.respirelavie.fr\/vannes\/wp-content\/uploads\/sites\/4\/2023\/12\/IsabelleRobineau-1-300x300.jpeg\" \/>\n<meta name=\"twitter:card\" content=\"summary_large_image\" \/>\n<meta name=\"twitter:label1\" content=\"Dur\u00e9e de lecture estim\u00e9e\" \/>\n\t<meta name=\"twitter:data1\" content=\"8 minutes\" \/>\n<script type=\"application\/ld+json\" class=\"yoast-schema-graph\">{\"@context\":\"https:\\\/\\\/schema.org\",\"@graph\":[{\"@type\":\"WebPage\",\"@id\":\"https:\\\/\\\/www.respirelavie.fr\\\/vannes\\\/9049-2\\\/\",\"url\":\"https:\\\/\\\/www.respirelavie.fr\\\/vannes\\\/9049-2\\\/\",\"name\":\"Conf\u00e9rences experts - RESPIRE VANNES\",\"isPartOf\":{\"@id\":\"http:\\\/\\\/www.respirelavie.fr\\\/vannes\\\/#website\"},\"primaryImageOfPage\":{\"@id\":\"https:\\\/\\\/www.respirelavie.fr\\\/vannes\\\/9049-2\\\/#primaryimage\"},\"image\":{\"@id\":\"https:\\\/\\\/www.respirelavie.fr\\\/vannes\\\/9049-2\\\/#primaryimage\"},\"thumbnailUrl\":\"https:\\\/\\\/www.respirelavie.fr\\\/vannes\\\/wp-content\\\/uploads\\\/sites\\\/4\\\/2023\\\/12\\\/IsabelleRobineau-1-300x300.jpeg\",\"datePublished\":\"2024-11-18T08:44:56+00:00\",\"dateModified\":\"2024-11-18T08:45:30+00:00\",\"breadcrumb\":{\"@id\":\"https:\\\/\\\/www.respirelavie.fr\\\/vannes\\\/9049-2\\\/#breadcrumb\"},\"inLanguage\":\"fr-FR\",\"potentialAction\":[{\"@type\":\"ReadAction\",\"target\":[\"https:\\\/\\\/www.respirelavie.fr\\\/vannes\\\/9049-2\\\/\"]}]},{\"@type\":\"ImageObject\",\"inLanguage\":\"fr-FR\",\"@id\":\"https:\\\/\\\/www.respirelavie.fr\\\/vannes\\\/9049-2\\\/#primaryimage\",\"url\":\"https:\\\/\\\/www.respirelavie.fr\\\/vannes\\\/wp-content\\\/uploads\\\/sites\\\/4\\\/2023\\\/12\\\/IsabelleRobineau-1.jpeg\",\"contentUrl\":\"https:\\\/\\\/www.respirelavie.fr\\\/vannes\\\/wp-content\\\/uploads\\\/sites\\\/4\\\/2023\\\/12\\\/IsabelleRobineau-1.jpeg\",\"width\":480,\"height\":480},{\"@type\":\"BreadcrumbList\",\"@id\":\"https:\\\/\\\/www.respirelavie.fr\\\/vannes\\\/9049-2\\\/#breadcrumb\",\"itemListElement\":[{\"@type\":\"ListItem\",\"position\":1,\"name\":\"Accueil\",\"item\":\"http:\\\/\\\/www.respirelavie.fr\\\/vannes\\\/\"},{\"@type\":\"ListItem\",\"position\":2,\"name\":\"Conf\u00e9rences experts\"}]},{\"@type\":\"WebSite\",\"@id\":\"http:\\\/\\\/www.respirelavie.fr\\\/vannes\\\/#website\",\"url\":\"http:\\\/\\\/www.respirelavie.fr\\\/vannes\\\/\",\"name\":\"RESPIRE VANNES\",\"description\":\"RESPIRE : votre salon bio, bien-\u00eatre et habitat sain \u00e0 Vannes\",\"publisher\":{\"@id\":\"http:\\\/\\\/www.respirelavie.fr\\\/vannes\\\/#organization\"},\"potentialAction\":[{\"@type\":\"SearchAction\",\"target\":{\"@type\":\"EntryPoint\",\"urlTemplate\":\"http:\\\/\\\/www.respirelavie.fr\\\/vannes\\\/?s={search_term_string}\"},\"query-input\":{\"@type\":\"PropertyValueSpecification\",\"valueRequired\":true,\"valueName\":\"search_term_string\"}}],\"inLanguage\":\"fr-FR\"},{\"@type\":\"Organization\",\"@id\":\"http:\\\/\\\/www.respirelavie.fr\\\/vannes\\\/#organization\",\"name\":\"RESPIRE VANNES\",\"url\":\"http:\\\/\\\/www.respirelavie.fr\\\/vannes\\\/\",\"logo\":{\"@type\":\"ImageObject\",\"inLanguage\":\"fr-FR\",\"@id\":\"http:\\\/\\\/www.respirelavie.fr\\\/vannes\\\/#\\\/schema\\\/logo\\\/image\\\/\",\"url\":\"https:\\\/\\\/www.respirelavie.fr\\\/vannes\\\/wp-content\\\/uploads\\\/sites\\\/4\\\/2024\\\/10\\\/cropped-cropped-cropped-Logo-RESPIRE-vannes-2025-1-1.png\",\"contentUrl\":\"https:\\\/\\\/www.respirelavie.fr\\\/vannes\\\/wp-content\\\/uploads\\\/sites\\\/4\\\/2024\\\/10\\\/cropped-cropped-cropped-Logo-RESPIRE-vannes-2025-1-1.png\",\"width\":797,\"height\":145,\"caption\":\"RESPIRE VANNES\"},\"image\":{\"@id\":\"http:\\\/\\\/www.respirelavie.fr\\\/vannes\\\/#\\\/schema\\\/logo\\\/image\\\/\"}}]}<\/script>\n<!-- \/ Yoast SEO plugin. -->","yoast_head_json":{"title":"Conf\u00e9rences experts - RESPIRE VANNES","robots":{"index":"index","follow":"follow","max-snippet":"max-snippet:-1","max-image-preview":"max-image-preview:large","max-video-preview":"max-video-preview:-1"},"canonical":"https:\/\/www.respirelavie.fr\/vannes\/9049-2\/","og_locale":"fr_FR","og_type":"article","og_title":"Conf\u00e9rences experts - RESPIRE VANNES","og_description":"Vendredi 19 Janvier 15h30 Voyage personnel \u00e0 travers l\u2019autohypnose- Isabelle Robineau et Julien Lachaume Isabelle et julien vous plongent dans le fascinant domaine de l&#8217;autohypnose, une technique permettant d&#8217;explorer et d&#8217;influencer votre propre esprit. Au cours de cette conf\u00e9rence, vous prendrez conscience du potentiel transformateur de l&#8217;autohypnose. Vous explorerez comment cette pratique peut \u00eatre int\u00e9gr\u00e9e&hellip;","og_url":"https:\/\/www.respirelavie.fr\/vannes\/9049-2\/","og_site_name":"RESPIRE VANNES","article_modified_time":"2024-11-18T08:45:30+00:00","og_image":[{"url":"https:\/\/www.respirelavie.fr\/vannes\/wp-content\/uploads\/sites\/4\/2023\/12\/IsabelleRobineau-1-300x300.jpeg","type":"","width":"","height":""}],"twitter_card":"summary_large_image","twitter_misc":{"Dur\u00e9e de lecture estim\u00e9e":"8 minutes"},"schema":{"@context":"https:\/\/schema.org","@graph":[{"@type":"WebPage","@id":"https:\/\/www.respirelavie.fr\/vannes\/9049-2\/","url":"https:\/\/www.respirelavie.fr\/vannes\/9049-2\/","name":"Conf\u00e9rences experts - RESPIRE VANNES","isPartOf":{"@id":"http:\/\/www.respirelavie.fr\/vannes\/#website"},"primaryImageOfPage":{"@id":"https:\/\/www.respirelavie.fr\/vannes\/9049-2\/#primaryimage"},"image":{"@id":"https:\/\/www.respirelavie.fr\/vannes\/9049-2\/#primaryimage"},"thumbnailUrl":"https:\/\/www.respirelavie.fr\/vannes\/wp-content\/uploads\/sites\/4\/2023\/12\/IsabelleRobineau-1-300x300.jpeg","datePublished":"2024-11-18T08:44:56+00:00","dateModified":"2024-11-18T08:45:30+00:00","breadcrumb":{"@id":"https:\/\/www.respirelavie.fr\/vannes\/9049-2\/#breadcrumb"},"inLanguage":"fr-FR","potentialAction":[{"@type":"ReadAction","target":["https:\/\/www.respirelavie.fr\/vannes\/9049-2\/"]}]},{"@type":"ImageObject","inLanguage":"fr-FR","@id":"https:\/\/www.respirelavie.fr\/vannes\/9049-2\/#primaryimage","url":"https:\/\/www.respirelavie.fr\/vannes\/wp-content\/uploads\/sites\/4\/2023\/12\/IsabelleRobineau-1.jpeg","contentUrl":"https:\/\/www.respirelavie.fr\/vannes\/wp-content\/uploads\/sites\/4\/2023\/12\/IsabelleRobineau-1.jpeg","width":480,"height":480},{"@type":"BreadcrumbList","@id":"https:\/\/www.respirelavie.fr\/vannes\/9049-2\/#breadcrumb","itemListElement":[{"@type":"ListItem","position":1,"name":"Accueil","item":"http:\/\/www.respirelavie.fr\/vannes\/"},{"@type":"ListItem","position":2,"name":"Conf\u00e9rences experts"}]},{"@type":"WebSite","@id":"http:\/\/www.respirelavie.fr\/vannes\/#website","url":"http:\/\/www.respirelavie.fr\/vannes\/","name":"RESPIRE VANNES","description":"RESPIRE : votre salon bio, bien-\u00eatre et habitat sain \u00e0 Vannes","publisher":{"@id":"http:\/\/www.respirelavie.fr\/vannes\/#organization"},"potentialAction":[{"@type":"SearchAction","target":{"@type":"EntryPoint","urlTemplate":"http:\/\/www.respirelavie.fr\/vannes\/?s={search_term_string}"},"query-input":{"@type":"PropertyValueSpecification","valueRequired":true,"valueName":"search_term_string"}}],"inLanguage":"fr-FR"},{"@type":"Organization","@id":"http:\/\/www.respirelavie.fr\/vannes\/#organization","name":"RESPIRE VANNES","url":"http:\/\/www.respirelavie.fr\/vannes\/","logo":{"@type":"ImageObject","inLanguage":"fr-FR","@id":"http:\/\/www.respirelavie.fr\/vannes\/#\/schema\/logo\/image\/","url":"https:\/\/www.respirelavie.fr\/vannes\/wp-content\/uploads\/sites\/4\/2024\/10\/cropped-cropped-cropped-Logo-RESPIRE-vannes-2025-1-1.png","contentUrl":"https:\/\/www.respirelavie.fr\/vannes\/wp-content\/uploads\/sites\/4\/2024\/10\/cropped-cropped-cropped-Logo-RESPIRE-vannes-2025-1-1.png","width":797,"height":145,"caption":"RESPIRE VANNES"},"image":{"@id":"http:\/\/www.respirelavie.fr\/vannes\/#\/schema\/logo\/image\/"}}]}},"_links":{"self":[{"href":"https:\/\/www.respirelavie.fr\/vannes\/wp-json\/wp\/v2\/pages\/9049","targetHints":{"allow":["GET"]}}],"collection":[{"href":"https:\/\/www.respirelavie.fr\/vannes\/wp-json\/wp\/v2\/pages"}],"about":[{"href":"https:\/\/www.respirelavie.fr\/vannes\/wp-json\/wp\/v2\/types\/page"}],"author":[{"embeddable":true,"href":"https:\/\/www.respirelavie.fr\/vannes\/wp-json\/wp\/v2\/users\/5"}],"replies":[{"embeddable":true,"href":"https:\/\/www.respirelavie.fr\/vannes\/wp-json\/wp\/v2\/comments?post=9049"}],"version-history":[{"count":2,"href":"https:\/\/www.respirelavie.fr\/vannes\/wp-json\/wp\/v2\/pages\/9049\/revisions"}],"predecessor-version":[{"id":9052,"href":"https:\/\/www.respirelavie.fr\/vannes\/wp-json\/wp\/v2\/pages\/9049\/revisions\/9052"}],"wp:attachment":[{"href":"https:\/\/www.respirelavie.fr\/vannes\/wp-json\/wp\/v2\/media?parent=9049"}],"curies":[{"name":"wp","href":"https:\/\/api.w.org\/{rel}","templated":true}]}}